{"id":3744,"date":"2014-01-03T14:24:36","date_gmt":"2014-01-03T14:24:36","guid":{"rendered":"http:\/\/www.galerie-schmalfuss.de\/?page_id=3744"},"modified":"2022-08-18T20:58:20","modified_gmt":"2022-08-18T20:58:20","slug":"thomas-jessen","status":"publish","type":"page","link":"https:\/\/www.galerie-schmalfuss.de\/index.php\/kuenstler\/thomas-jessen\/","title":{"rendered":"THOMAS JESSEN"},"content":{"rendered":"\t\t<div data-elementor-type=\"wp-post\" data-elementor-id=\"3744\" class=\"elementor elementor-3744\" data-elementor-post-type=\"page\">\n\t\t\t\t\t\t<section class=\"elementor-section elementor-top-section elementor-element elementor-element-d42ab09 elementor-section-boxed elementor-section-height-default elementor-section-height-default\" data-id=\"d42ab09\" data-element_type=\"section\">\n\t\t\t\t\t\t<div class=\"elementor-container elementor-column-gap-default\">\n\t\t\t\t\t<div class=\"elementor-column elementor-col-100 elementor-top-column elementor-element elementor-element-bbeb879\" data-id=\"bbeb879\" data-element_type=\"column\">\n\t\t\t<div class=\"elementor-widget-wrap elementor-element-populated\">\n\t\t\t\t\t\t<div class=\"elementor-element elementor-element-e8d6fb0 elementor-tabs-view-horizontal elementor-widget elementor-widget-tabs\" data-id=\"e8d6fb0\" data-element_type=\"widget\" data-widget_type=\"tabs.default\">\n\t\t\t\t<div class=\"elementor-widget-container\">\n\t\t\t\t\t\t\t<div class=\"elementor-tabs\">\n\t\t\t<div class=\"elementor-tabs-wrapper\" role=\"tablist\" >\n\t\t\t\t\t\t\t\t\t<div id=\"elementor-tab-title-2441\" class=\"elementor-tab-title elementor-tab-desktop-title\" aria-selected=\"true\" data-tab=\"1\" role=\"tab\" tabindex=\"0\" aria-controls=\"elementor-tab-content-2441\" aria-expanded=\"false\">WERK<\/div>\n\t\t\t\t\t\t\t\t\t<div id=\"elementor-tab-title-2442\" class=\"elementor-tab-title elementor-tab-desktop-title\" aria-selected=\"false\" data-tab=\"2\" role=\"tab\" tabindex=\"-1\" aria-controls=\"elementor-tab-content-2442\" aria-expanded=\"false\">INFO<\/div>\n\t\t\t\t\t\t\t<\/div>\n\t\t\t<div class=\"elementor-tabs-content-wrapper\" role=\"tablist\" aria-orientation=\"vertical\">\n\t\t\t\t\t\t\t\t\t<div class=\"elementor-tab-title elementor-tab-mobile-title\" aria-selected=\"true\" data-tab=\"1\" role=\"tab\" tabindex=\"0\" aria-controls=\"elementor-tab-content-2441\" aria-expanded=\"false\">WERK<\/div>\n\t\t\t\t\t<div id=\"elementor-tab-content-2441\" class=\"elementor-tab-content elementor-clearfix\" data-tab=\"1\" role=\"tabpanel\" aria-labelledby=\"elementor-tab-title-2441\" tabindex=\"0\" hidden=\"false\"><div><div class=\"n2-section-smartslider fitvidsignore \" data-ssid=\"3\" tabindex=\"0\" role=\"region\" aria-label=\"Slider\"><div id=\"n2-ss-3-align\" class=\"n2-ss-align\"><div class=\"n2-padding\"><div id=\"n2-ss-3\" data-creator=\"Smart Slider 3\" data-responsive=\"auto\" class=\"n2-ss-slider n2-ow n2-has-hover n2notransition  \">\n\n\n\n\n\n\n\n\n\n\n\n\n\n\n\n\n\n\n\n\n\n\n\n<div class=\"n2-ss-slider-wrapper-outside\" style=\"grid-template-rows:1fr auto\"><div class=\"n2-ss-slider-wrapper-inside\">\n        <div class=\"n2-ss-slider-1 n2_ss__touch_element n2-ow\">\n            <div class=\"n2-ss-slider-2 n2-ow\">\n                                                    <div class=\"n2-ss-background-animation n2-ow\"><\/div>\n                                <div class=\"n2-ss-slider-3 n2-ow\">\n\n                    <div class=\"n2-ss-slide-backgrounds n2-ow-all\"><div class=\"n2-ss-slide-background\" data-public-id=\"1\" data-mode=\"fit\"><div class=\"n2-ss-slide-background-image\" data-blur=\"0\" data-opacity=\"100\" data-x=\"50\" data-y=\"50\" data-alt=\"\" data-title=\"\"><picture class=\"skip-lazy\" data-skip-lazy=\"1\"><img decoding=\"async\" src=\"\/\/www.galerie-schmalfuss.de\/wp-content\/uploads\/2014\/01\/Thomas-Jessen-10-2013_001.jpg\" alt=\"\" title=\"\" loading=\"lazy\" class=\"skip-lazy\" data-skip-lazy=\"1\"><\/picture><\/div><div data-color=\"RGBA(255,255,255,0)\" style=\"background-color: RGBA(255,255,255,0);\" class=\"n2-ss-slide-background-color\"><\/div><\/div><div class=\"n2-ss-slide-background\" data-public-id=\"2\" data-mode=\"fit\" aria-hidden=\"true\"><div class=\"n2-ss-slide-background-image\" data-blur=\"0\" data-opacity=\"100\" data-x=\"50\" data-y=\"50\" data-alt=\"\" data-title=\"\"><picture class=\"skip-lazy\" data-skip-lazy=\"1\"><img decoding=\"async\" src=\"\/\/www.galerie-schmalfuss.de\/wp-content\/uploads\/2014\/01\/Thomas-Jessen-10-2013_003.jpg\" alt=\"\" title=\"\" loading=\"lazy\" class=\"skip-lazy\" data-skip-lazy=\"1\"><\/picture><\/div><div data-color=\"RGBA(255,255,255,0)\" style=\"background-color: RGBA(255,255,255,0);\" class=\"n2-ss-slide-background-color\"><\/div><\/div><div class=\"n2-ss-slide-background\" data-public-id=\"3\" data-mode=\"fit\" aria-hidden=\"true\"><div class=\"n2-ss-slide-background-image\" data-blur=\"0\" data-opacity=\"100\" data-x=\"50\" data-y=\"50\" data-alt=\"\" data-title=\"\"><picture class=\"skip-lazy\" data-skip-lazy=\"1\"><img decoding=\"async\" src=\"\/\/www.galerie-schmalfuss.de\/wp-content\/uploads\/2014\/01\/Thomas-Jessen-10-2013_004.jpg\" alt=\"\" title=\"\" loading=\"lazy\" class=\"skip-lazy\" data-skip-lazy=\"1\"><\/picture><\/div><div data-color=\"RGBA(255,255,255,0)\" style=\"background-color: RGBA(255,255,255,0);\" class=\"n2-ss-slide-background-color\"><\/div><\/div><div class=\"n2-ss-slide-background\" data-public-id=\"4\" data-mode=\"fit\" aria-hidden=\"true\"><div class=\"n2-ss-slide-background-image\" data-blur=\"0\" data-opacity=\"100\" data-x=\"50\" data-y=\"50\" data-alt=\"\" data-title=\"\"><picture class=\"skip-lazy\" data-skip-lazy=\"1\"><img decoding=\"async\" src=\"\/\/www.galerie-schmalfuss.de\/wp-content\/uploads\/2014\/01\/Thomas-Jessen-10-2013_006.jpg\" alt=\"\" title=\"\" loading=\"lazy\" class=\"skip-lazy\" data-skip-lazy=\"1\"><\/picture><\/div><div data-color=\"RGBA(255,255,255,0)\" style=\"background-color: RGBA(255,255,255,0);\" class=\"n2-ss-slide-background-color\"><\/div><\/div><div class=\"n2-ss-slide-background\" data-public-id=\"5\" data-mode=\"fit\" aria-hidden=\"true\"><div class=\"n2-ss-slide-background-image\" data-blur=\"0\" data-opacity=\"100\" data-x=\"50\" data-y=\"50\" data-alt=\"\" data-title=\"\"><picture class=\"skip-lazy\" data-skip-lazy=\"1\"><img decoding=\"async\" src=\"\/\/www.galerie-schmalfuss.de\/wp-content\/uploads\/2014\/01\/Thomas-Jessen-10-2013_014.jpg\" alt=\"\" title=\"\" loading=\"lazy\" class=\"skip-lazy\" data-skip-lazy=\"1\"><\/picture><\/div><div data-color=\"RGBA(255,255,255,0)\" style=\"background-color: RGBA(255,255,255,0);\" class=\"n2-ss-slide-background-color\"><\/div><\/div><div class=\"n2-ss-slide-background\" data-public-id=\"6\" data-mode=\"fit\" aria-hidden=\"true\"><div class=\"n2-ss-slide-background-image\" data-blur=\"0\" data-opacity=\"100\" data-x=\"50\" data-y=\"50\" data-alt=\"\" data-title=\"\"><picture class=\"skip-lazy\" data-skip-lazy=\"1\"><img decoding=\"async\" src=\"\/\/www.galerie-schmalfuss.de\/wp-content\/uploads\/2014\/01\/Thomas-Jessen-10-2013_008.jpg\" alt=\"\" title=\"\" loading=\"lazy\" class=\"skip-lazy\" data-skip-lazy=\"1\"><\/picture><\/div><div data-color=\"RGBA(255,255,255,0)\" style=\"background-color: RGBA(255,255,255,0);\" class=\"n2-ss-slide-background-color\"><\/div><\/div><div class=\"n2-ss-slide-background\" data-public-id=\"7\" data-mode=\"fit\" aria-hidden=\"true\"><div class=\"n2-ss-slide-background-image\" data-blur=\"0\" data-opacity=\"100\" data-x=\"50\" data-y=\"50\" data-alt=\"\" data-title=\"\"><picture class=\"skip-lazy\" data-skip-lazy=\"1\"><img decoding=\"async\" src=\"\/\/www.galerie-schmalfuss.de\/wp-content\/uploads\/2014\/01\/Thomas-Jessen-10-2013_012.jpg\" alt=\"\" title=\"\" loading=\"lazy\" class=\"skip-lazy\" data-skip-lazy=\"1\"><\/picture><\/div><div data-color=\"RGBA(255,255,255,0)\" style=\"background-color: RGBA(255,255,255,0);\" class=\"n2-ss-slide-background-color\"><\/div><\/div><div class=\"n2-ss-slide-background\" data-public-id=\"8\" data-mode=\"fit\" aria-hidden=\"true\"><div class=\"n2-ss-slide-background-image\" data-blur=\"0\" data-opacity=\"100\" data-x=\"50\" data-y=\"50\" data-alt=\"\" data-title=\"\"><picture class=\"skip-lazy\" data-skip-lazy=\"1\"><img decoding=\"async\" src=\"\/\/www.galerie-schmalfuss.de\/wp-content\/uploads\/2014\/01\/Thomas-Jessen-10-2013_011.jpg\" alt=\"\" title=\"\" loading=\"lazy\" class=\"skip-lazy\" data-skip-lazy=\"1\"><\/picture><\/div><div data-color=\"RGBA(255,255,255,0)\" style=\"background-color: RGBA(255,255,255,0);\" class=\"n2-ss-slide-background-color\"><\/div><\/div><div class=\"n2-ss-slide-background\" data-public-id=\"9\" data-mode=\"fit\" aria-hidden=\"true\"><div class=\"n2-ss-slide-background-image\" data-blur=\"0\" data-opacity=\"100\" data-x=\"50\" data-y=\"50\" data-alt=\"\" data-title=\"\"><picture class=\"skip-lazy\" data-skip-lazy=\"1\"><img decoding=\"async\" src=\"\/\/www.galerie-schmalfuss.de\/wp-content\/uploads\/2014\/01\/Thomas-Jessen-10-2013_023.jpg\" alt=\"\" title=\"\" loading=\"lazy\" class=\"skip-lazy\" data-skip-lazy=\"1\"><\/picture><\/div><div data-color=\"RGBA(255,255,255,0)\" style=\"background-color: RGBA(255,255,255,0);\" class=\"n2-ss-slide-background-color\"><\/div><\/div><div class=\"n2-ss-slide-background\" data-public-id=\"10\" data-mode=\"fit\" aria-hidden=\"true\"><div class=\"n2-ss-slide-background-image\" data-blur=\"0\" data-opacity=\"100\" data-x=\"50\" data-y=\"50\" data-alt=\"\" data-title=\"\"><picture class=\"skip-lazy\" data-skip-lazy=\"1\"><img decoding=\"async\" src=\"\/\/www.galerie-schmalfuss.de\/wp-content\/uploads\/2014\/01\/Thomas-Jessen-10-2013_021.jpg\" alt=\"\" title=\"\" loading=\"lazy\" class=\"skip-lazy\" data-skip-lazy=\"1\"><\/picture><\/div><div data-color=\"RGBA(255,255,255,0)\" style=\"background-color: RGBA(255,255,255,0);\" class=\"n2-ss-slide-background-color\"><\/div><\/div><div class=\"n2-ss-slide-background\" data-public-id=\"11\" data-mode=\"fit\" aria-hidden=\"true\"><div class=\"n2-ss-slide-background-image\" data-blur=\"0\" data-opacity=\"100\" data-x=\"50\" data-y=\"50\" data-alt=\"\" data-title=\"\"><picture class=\"skip-lazy\" data-skip-lazy=\"1\"><img decoding=\"async\" src=\"\/\/www.galerie-schmalfuss.de\/wp-content\/uploads\/2014\/01\/Thomas-Jessen-10-2013_024.jpg\" alt=\"\" title=\"\" loading=\"lazy\" class=\"skip-lazy\" data-skip-lazy=\"1\"><\/picture><\/div><div data-color=\"RGBA(255,255,255,0)\" style=\"background-color: RGBA(255,255,255,0);\" class=\"n2-ss-slide-background-color\"><\/div><\/div><\/div>                    <div class=\"n2-ss-slider-4 n2-ow\">\n                        <svg xmlns=\"http:\/\/www.w3.org\/2000\/svg\" viewBox=\"0 0 1200 800\" data-related-device=\"desktopPortrait\" class=\"n2-ow n2-ss-preserve-size n2-ss-preserve-size--slider n2-ss-slide-limiter\"><\/svg><div data-first=\"1\" data-slide-duration=\"0\" data-id=\"39\" data-slide-public-id=\"1\" data-title=\"Frau Schmid\" data-description=\"2013&lt;br&gt;150 x 340 cm&lt;br&gt; \u00d6l auf Leinwand\" class=\"n2-ss-slide n2-ow  n2-ss-slide-39\"><div role=\"note\" class=\"n2-ss-slide--focus\" tabindex=\"-1\">Frau Schmid<\/div><div class=\"n2-ss-layers-container n2-ss-slide-limiter n2-ow\"><div class=\"n2-ss-layer n2-ow n-uc-ZLCQzeYMEv0H\" data-sstype=\"slide\" data-pm=\"default\"><\/div><\/div><\/div><div data-slide-duration=\"0\" data-id=\"40\" data-slide-public-id=\"2\" aria-hidden=\"true\" data-title=\"Der Probst\" data-description=\"2013&lt;br&gt;150 x 340 cm&lt;br&gt; \u00d6l auf Leinwand\" class=\"n2-ss-slide n2-ow  n2-ss-slide-40\"><div role=\"note\" class=\"n2-ss-slide--focus\" tabindex=\"-1\">Der Probst<\/div><div class=\"n2-ss-layers-container n2-ss-slide-limiter n2-ow\"><div class=\"n2-ss-layer n2-ow n-uc-YYFiDoVY5jKD\" data-sstype=\"slide\" data-pm=\"default\"><\/div><\/div><\/div><div data-slide-duration=\"0\" data-id=\"41\" data-slide-public-id=\"3\" aria-hidden=\"true\" data-title=\"Thomas\" data-description=\"2013&lt;br&gt;150 x 340 cm&lt;br&gt; \u00d6l auf Leinwand\" class=\"n2-ss-slide n2-ow  n2-ss-slide-41\"><div role=\"note\" class=\"n2-ss-slide--focus\" tabindex=\"-1\">Thomas<\/div><div class=\"n2-ss-layers-container n2-ss-slide-limiter n2-ow\"><div class=\"n2-ss-layer n2-ow n-uc-az85MRIec2FN\" data-sstype=\"slide\" data-pm=\"default\"><\/div><\/div><\/div><div data-slide-duration=\"0\" data-id=\"42\" data-slide-public-id=\"4\" aria-hidden=\"true\" data-title=\"M\u00e4nnerrute\" data-description=\"2013&lt;br&gt;200 x 130 cm&lt;br&gt; \u00d6l auf Leinwand\" class=\"n2-ss-slide n2-ow  n2-ss-slide-42\"><div role=\"note\" class=\"n2-ss-slide--focus\" tabindex=\"-1\">M\u00e4nnerrute<\/div><div class=\"n2-ss-layers-container n2-ss-slide-limiter n2-ow\"><div class=\"n2-ss-layer n2-ow n-uc-QExVInexsCeW\" data-sstype=\"slide\" data-pm=\"default\"><\/div><\/div><\/div><div data-slide-duration=\"0\" data-id=\"43\" data-slide-public-id=\"5\" aria-hidden=\"true\" data-title=\"Helle Br\u00fccke\" data-description=\"2013&lt;br&gt;200 x 40 cm&lt;br&gt; \u00d6l auf Leinwand\" class=\"n2-ss-slide n2-ow  n2-ss-slide-43\"><div role=\"note\" class=\"n2-ss-slide--focus\" tabindex=\"-1\">Helle Br\u00fccke<\/div><div class=\"n2-ss-layers-container n2-ss-slide-limiter n2-ow\"><div class=\"n2-ss-layer n2-ow n-uc-OmAJK1HBvc4W\" data-sstype=\"slide\" data-pm=\"default\"><\/div><\/div><\/div><div data-slide-duration=\"0\" data-id=\"44\" data-slide-public-id=\"6\" aria-hidden=\"true\" data-title=\"Helle Br\u00fccke\" data-description=\"2013&lt;br&gt;120 x 40 cm&lt;br&gt; \u00d6l auf Leinwand\" class=\"n2-ss-slide n2-ow  n2-ss-slide-44\"><div role=\"note\" class=\"n2-ss-slide--focus\" tabindex=\"-1\">Helle Br\u00fccke<\/div><div class=\"n2-ss-layers-container n2-ss-slide-limiter n2-ow\"><div class=\"n2-ss-layer n2-ow n-uc-hgkPBz6Rjplu\" data-sstype=\"slide\" data-pm=\"default\"><\/div><\/div><\/div><div data-slide-duration=\"0\" data-id=\"45\" data-slide-public-id=\"7\" aria-hidden=\"true\" data-title=\"Helle Br\u00fccke\" data-description=\"2013&lt;br&gt;120 x 40 cm&lt;br&gt; \u00d6l auf Leinwand\" class=\"n2-ss-slide n2-ow  n2-ss-slide-45\"><div role=\"note\" class=\"n2-ss-slide--focus\" tabindex=\"-1\">Helle Br\u00fccke<\/div><div class=\"n2-ss-layers-container n2-ss-slide-limiter n2-ow\"><div class=\"n2-ss-layer n2-ow n-uc-ptHaqaxGP5zL\" data-sstype=\"slide\" data-pm=\"default\"><\/div><\/div><\/div><div data-slide-duration=\"0\" data-id=\"46\" data-slide-public-id=\"8\" aria-hidden=\"true\" data-title=\"Helle Br\u00fccke\" data-description=\"2013&lt;br&gt;120 x 40 cm&lt;br&gt; \u00d6l auf Leinwand\" class=\"n2-ss-slide n2-ow  n2-ss-slide-46\"><div role=\"note\" class=\"n2-ss-slide--focus\" tabindex=\"-1\">Helle Br\u00fccke<\/div><div class=\"n2-ss-layers-container n2-ss-slide-limiter n2-ow\"><div class=\"n2-ss-layer n2-ow n-uc-4qx9fU3i1Gqs\" data-sstype=\"slide\" data-pm=\"default\"><\/div><\/div><\/div><div data-slide-duration=\"0\" data-id=\"47\" data-slide-public-id=\"9\" aria-hidden=\"true\" data-title=\"Christus\" data-description=\"2013&lt;br&gt;60 x 40 cm&lt;br&gt; \u00d6l auf Leinwand\" class=\"n2-ss-slide n2-ow  n2-ss-slide-47\"><div role=\"note\" class=\"n2-ss-slide--focus\" tabindex=\"-1\">Christus<\/div><div class=\"n2-ss-layers-container n2-ss-slide-limiter n2-ow\"><div class=\"n2-ss-layer n2-ow n-uc-rA2lKx5VLxOa\" data-sstype=\"slide\" data-pm=\"default\"><\/div><\/div><\/div><div data-slide-duration=\"0\" data-id=\"48\" data-slide-public-id=\"10\" aria-hidden=\"true\" data-title=\"Christus\" data-description=\"2013&lt;br&gt;60 x 40 cm&lt;br&gt; \u00d6l auf Leinwand\" class=\"n2-ss-slide n2-ow  n2-ss-slide-48\"><div role=\"note\" class=\"n2-ss-slide--focus\" tabindex=\"-1\">Christus<\/div><div class=\"n2-ss-layers-container n2-ss-slide-limiter n2-ow\"><div class=\"n2-ss-layer n2-ow n-uc-Zo5i6Ty5c1un\" data-sstype=\"slide\" data-pm=\"default\"><\/div><\/div><\/div><div data-slide-duration=\"0\" data-id=\"49\" data-slide-public-id=\"11\" aria-hidden=\"true\" data-title=\"Christus\" data-description=\"2013&lt;br&gt;60 x 40 cm&lt;br&gt; \u00d6l auf Leinwand\" class=\"n2-ss-slide n2-ow  n2-ss-slide-49\"><div role=\"note\" class=\"n2-ss-slide--focus\" tabindex=\"-1\">Christus<\/div><div class=\"n2-ss-layers-container n2-ss-slide-limiter n2-ow\"><div class=\"n2-ss-layer n2-ow n-uc-mhOEM0yQFgY2\" data-sstype=\"slide\" data-pm=\"default\"><\/div><\/div><\/div>                    <\/div>\n\n                                    <\/div>\n            <\/div>\n        <\/div>\n        <div class=\"n2-ss-slider-controls n2-ss-slider-controls-absolute-left-center\"><div style=\"--widget-offset:15px;\" class=\"n2-ss-widget n2-style-041670f7df29ffb4048fc6d85d61d1ee-heading nextend-arrow n2-ow-all nextend-arrow-previous  nextend-arrow-animated-fade\" data-hide-mobileportrait=\"1\" id=\"n2-ss-3-arrow-previous\" role=\"button\" aria-label=\"previous arrow\" tabindex=\"0\"><img decoding=\"async\" width=\"32\" height=\"32\" class=\"skip-lazy\" data-skip-lazy=\"1\" src=\"data:image\/svg+xml;base64,PHN2ZyB4bWxucz0iaHR0cDovL3d3dy53My5vcmcvMjAwMC9zdmciIHdpZHRoPSIzMiIgaGVpZ2h0PSIzMiIgdmlld0JveD0iMCAwIDMyIDMyIj4KICAgIDxwYXRoIGZpbGw9IiNmZmZmZmYiIG9wYWNpdHk9IjAuOCIgZmlsbC1ydWxlPSJldmVub2RkIgogICAgICAgICAgZD0iTTE4Ljk5NTggOC45OTA3YzAtLjQyNC0uMjA0LS43MjMtLjYxLS44OTgtLjQwOS0uMTczLS43NzItLjEwNC0xLjA5My4yMDlsLTcuMDA2IDYuOTc1Yy0uMjAxLjE5OS0uMjk3LjQzNy0uMjg2LjcxNiAwIC4yNjcuMDk2LjQ5OC4yODYuNjg5bDcuMDA2IDcuMDAxYy4zMjEuMzIxLjY4NC4zODkgMS4wOTMuMjA5LjQwNi0uMTc0LjYxLS40ODIuNjEtLjkyMlY4Ljk5MDd6Ii8+Cjwvc3ZnPg==\" alt=\"previous arrow\" title=\"\"><\/div><\/div><div class=\"n2-ss-slider-controls n2-ss-slider-controls-absolute-right-center\"><div style=\"--widget-offset:15px;\" class=\"n2-ss-widget n2-style-041670f7df29ffb4048fc6d85d61d1ee-heading nextend-arrow n2-ow-all nextend-arrow-next  nextend-arrow-animated-fade\" data-hide-mobileportrait=\"1\" id=\"n2-ss-3-arrow-next\" role=\"button\" aria-label=\"next arrow\" tabindex=\"0\"><img decoding=\"async\" width=\"32\" height=\"32\" class=\"skip-lazy\" data-skip-lazy=\"1\" src=\"data:image\/svg+xml;base64,PHN2ZyB3aWR0aD0iMzIiIGhlaWdodD0iMzIiIHZpZXdCb3g9IjAgMCAzMiAzMiIgeG1sbnM9Imh0dHA6Ly93d3cudzMub3JnLzIwMDAvc3ZnIj4KICAgIDxwYXRoIGQ9Ik0xMiA4Ljk5YzAtLjQyMy4yMDQtLjcyMi42MS0uODk3LjQwOC0uMTczLjc3Mi0uMTA0IDEuMDkyLjIxbDcuMDA2IDYuOTc0Yy4yMDIuMi4yOTguNDM3LjI4Ny43MTYgMCAuMjY3LS4wOTYuNDk4LS4yODcuNjlsLTcuMDA2IDdjLS4zMi4zMi0uNjg0LjM5LTEuMDkyLjIxLS40MDYtLjE3NS0uNjEtLjQ4My0uNjEtLjkyM1Y4Ljk5eiIKICAgICAgICAgIGZpbGw9IiNmZmZmZmYiIG9wYWNpdHk9IjAuOCIgZmlsbC1ydWxlPSJldmVub2RkIi8+Cjwvc3ZnPg==\" alt=\"next arrow\" title=\"\"><\/div><\/div><\/div><div class=\"n2-ss-slider-controls n2-ss-slider-controls-below\"><div class=\"n2-ss-widget nextend-bar nextend-bar-horizontal n2-ss-widget-hidden n2-ow-all\" style=\"text-align: left;width:100%;\"><div class=\"n2-style-1b3b0b26e4e995bc76516f476918c4ab-simple \"><span class=\"n2-font-fcce1fddc1d903b911854dc0cbaed59a-simple \">&nbsp;<\/span><\/div><\/div><div data-width-percent=\"100\" class=\"n2-ss-widget nextend-thumbnail nextend-thumbnail-default nextend-thumbnail-horizontal n2-ow-all\" data-hide-mobileportrait=\"1\" style=\"width:100%;\" data-has-next=\"0\" data-has-previous=\"0\"><div class=\"nextend-thumbnail-inner n2-style-df32cb3742fdac43eb0251df7d67c185-simple \"><div class=\"nextend-thumbnail-scroller n2-align-content-start\" style=\"grid-template-rows:repeat(1, 1fr)\"><div class=\"n2-thumbnail-dot n2-style-462cb0983aca6cda3fc34a0feea6024b-dot \" data-slide-public-id=\"1\" role=\"button\" aria-label=\"Frau Schmid\" tabindex=\"0\"><picture class=\"skip-lazy\" data-skip-lazy=\"1\"><img loading=\"lazy\" decoding=\"async\" alt=\"Frau Schmid\" src=\"\/\/www.galerie-schmalfuss.de\/wp-content\/uploads\/2014\/01\/Thomas-Jessen-10-2013_001.jpg\" width=\"100\" height=\"60\" loading=\"lazy\" class=\"skip-lazy\" data-skip-lazy=\"1\" title=\"\"><\/picture><\/div><div class=\"n2-thumbnail-dot n2-style-462cb0983aca6cda3fc34a0feea6024b-dot \" data-slide-public-id=\"2\" role=\"button\" aria-label=\"Der Probst\" tabindex=\"0\"><picture class=\"skip-lazy\" data-skip-lazy=\"1\"><img loading=\"lazy\" decoding=\"async\" alt=\"Der Probst\" src=\"\/\/www.galerie-schmalfuss.de\/wp-content\/uploads\/2014\/01\/Thomas-Jessen-10-2013_003.jpg\" width=\"100\" height=\"60\" loading=\"lazy\" class=\"skip-lazy\" data-skip-lazy=\"1\" title=\"\"><\/picture><\/div><div class=\"n2-thumbnail-dot n2-style-462cb0983aca6cda3fc34a0feea6024b-dot \" data-slide-public-id=\"3\" role=\"button\" aria-label=\"Thomas\" tabindex=\"0\"><picture class=\"skip-lazy\" data-skip-lazy=\"1\"><img loading=\"lazy\" decoding=\"async\" alt=\"Thomas\" src=\"\/\/www.galerie-schmalfuss.de\/wp-content\/uploads\/2014\/01\/Thomas-Jessen-10-2013_004.jpg\" width=\"100\" height=\"60\" loading=\"lazy\" class=\"skip-lazy\" data-skip-lazy=\"1\" title=\"\"><\/picture><\/div><div class=\"n2-thumbnail-dot n2-style-462cb0983aca6cda3fc34a0feea6024b-dot \" data-slide-public-id=\"4\" role=\"button\" aria-label=\"M\u00e4nnerrute\" tabindex=\"0\"><picture class=\"skip-lazy\" data-skip-lazy=\"1\"><img loading=\"lazy\" decoding=\"async\" alt=\"M\u00e4nnerrute\" src=\"\/\/www.galerie-schmalfuss.de\/wp-content\/uploads\/2014\/01\/Thomas-Jessen-10-2013_006.jpg\" width=\"100\" height=\"60\" loading=\"lazy\" class=\"skip-lazy\" data-skip-lazy=\"1\" title=\"\"><\/picture><\/div><div class=\"n2-thumbnail-dot n2-style-462cb0983aca6cda3fc34a0feea6024b-dot \" data-slide-public-id=\"5\" role=\"button\" aria-label=\"Helle Br\u00fccke\" tabindex=\"0\"><picture class=\"skip-lazy\" data-skip-lazy=\"1\"><img loading=\"lazy\" decoding=\"async\" alt=\"Helle Br\u00fccke\" src=\"\/\/www.galerie-schmalfuss.de\/wp-content\/uploads\/2014\/01\/Thomas-Jessen-10-2013_014.jpg\" width=\"100\" height=\"60\" loading=\"lazy\" class=\"skip-lazy\" data-skip-lazy=\"1\" title=\"\"><\/picture><\/div><div class=\"n2-thumbnail-dot n2-style-462cb0983aca6cda3fc34a0feea6024b-dot \" data-slide-public-id=\"6\" role=\"button\" aria-label=\"Helle Br\u00fccke\" tabindex=\"0\"><picture class=\"skip-lazy\" data-skip-lazy=\"1\"><img loading=\"lazy\" decoding=\"async\" alt=\"Helle Br\u00fccke\" src=\"\/\/www.galerie-schmalfuss.de\/wp-content\/uploads\/2014\/01\/Thomas-Jessen-10-2013_008.jpg\" width=\"100\" height=\"60\" loading=\"lazy\" class=\"skip-lazy\" data-skip-lazy=\"1\" title=\"\"><\/picture><\/div><div class=\"n2-thumbnail-dot n2-style-462cb0983aca6cda3fc34a0feea6024b-dot \" data-slide-public-id=\"7\" role=\"button\" aria-label=\"Helle Br\u00fccke\" tabindex=\"0\"><picture class=\"skip-lazy\" data-skip-lazy=\"1\"><img loading=\"lazy\" decoding=\"async\" alt=\"Helle Br\u00fccke\" src=\"\/\/www.galerie-schmalfuss.de\/wp-content\/uploads\/2014\/01\/Thomas-Jessen-10-2013_012.jpg\" width=\"100\" height=\"60\" loading=\"lazy\" class=\"skip-lazy\" data-skip-lazy=\"1\" title=\"\"><\/picture><\/div><div class=\"n2-thumbnail-dot n2-style-462cb0983aca6cda3fc34a0feea6024b-dot \" data-slide-public-id=\"8\" role=\"button\" aria-label=\"Helle Br\u00fccke\" tabindex=\"0\"><picture class=\"skip-lazy\" data-skip-lazy=\"1\"><img loading=\"lazy\" decoding=\"async\" alt=\"Helle Br\u00fccke\" src=\"\/\/www.galerie-schmalfuss.de\/wp-content\/uploads\/2014\/01\/Thomas-Jessen-10-2013_011.jpg\" width=\"100\" height=\"60\" loading=\"lazy\" class=\"skip-lazy\" data-skip-lazy=\"1\" title=\"\"><\/picture><\/div><div class=\"n2-thumbnail-dot n2-style-462cb0983aca6cda3fc34a0feea6024b-dot \" data-slide-public-id=\"9\" role=\"button\" aria-label=\"Christus\" tabindex=\"0\"><picture class=\"skip-lazy\" data-skip-lazy=\"1\"><img loading=\"lazy\" decoding=\"async\" alt=\"Christus\" src=\"\/\/www.galerie-schmalfuss.de\/wp-content\/uploads\/2014\/01\/Thomas-Jessen-10-2013_023.jpg\" width=\"100\" height=\"60\" loading=\"lazy\" class=\"skip-lazy\" data-skip-lazy=\"1\" title=\"\"><\/picture><\/div><div class=\"n2-thumbnail-dot n2-style-462cb0983aca6cda3fc34a0feea6024b-dot \" data-slide-public-id=\"10\" role=\"button\" aria-label=\"Christus\" tabindex=\"0\"><picture class=\"skip-lazy\" data-skip-lazy=\"1\"><img loading=\"lazy\" decoding=\"async\" alt=\"Christus\" src=\"\/\/www.galerie-schmalfuss.de\/wp-content\/uploads\/2014\/01\/Thomas-Jessen-10-2013_021.jpg\" width=\"100\" height=\"60\" loading=\"lazy\" class=\"skip-lazy\" data-skip-lazy=\"1\" title=\"\"><\/picture><\/div><div class=\"n2-thumbnail-dot n2-style-462cb0983aca6cda3fc34a0feea6024b-dot \" data-slide-public-id=\"11\" role=\"button\" aria-label=\"Christus\" tabindex=\"0\"><picture class=\"skip-lazy\" data-skip-lazy=\"1\"><img loading=\"lazy\" decoding=\"async\" alt=\"Christus\" src=\"\/\/www.galerie-schmalfuss.de\/wp-content\/uploads\/2014\/01\/Thomas-Jessen-10-2013_024.jpg\" width=\"100\" height=\"60\" loading=\"lazy\" class=\"skip-lazy\" data-skip-lazy=\"1\" title=\"\"><\/picture><\/div><\/div><\/div><div class=\"nextend-thumbnail-button nextend-thumbnail-previous\"><img loading=\"lazy\" decoding=\"async\" width=\"26\" height=\"26\" style=\"width:26px;transform:rotateZ(-90deg);\" loading=\"lazy\" class=\"skip-lazy\" data-skip-lazy=\"1\" src=\"data:image\/svg+xml;base64,PHN2ZyB3aWR0aD0iMjYiIGhlaWdodD0iMjYiIHhtbG5zPSJodHRwOi8vd3d3LnczLm9yZy8yMDAwL3N2ZyI+CiAgICA8ZyBmaWxsPSJub25lIiBmaWxsLXJ1bGU9ImV2ZW5vZGQiPgogICAgICAgIDxjaXJjbGUgc3Ryb2tlPSIjZmZmIiBzdHJva2Utd2lkdGg9IjIiIG9wYWNpdHk9Ii41IiBmaWxsPSIjMDAwIiBjeD0iMTMiIGN5PSIxMyIgcj0iMTIiLz4KICAgICAgICA8cGF0aCBkPSJNMTMuNDM1IDkuMTc4Yy0uMTI2LS4xMjEtLjI3LS4xODItLjQzNi0uMTgyLS4xNjQgMC0uMzA2LjA2MS0uNDI4LjE4MmwtNC4zOCA0LjE3NWMtLjEyNi4xMjEtLjE4OC4yNjItLjE4OC40MjQgMCAuMTYxLjA2Mi4zMDIuMTg4LjQyM2wuNjUuNjIyYy4xMjYuMTIxLjI3My4xODIuNDQxLjE4Mi4xNyAwIC4zMTQtLjA2MS40MzYtLjE4MmwzLjMxNC0zLjE2MSAzLjI0OSAzLjE2MWMuMTI2LjEyMS4yNjkuMTgyLjQzMi4xODIuMTY0IDAgLjMwNy0uMDYxLjQzMy0uMTgybC42NjItLjYyMmMuMTI2LS4xMjEuMTg5LS4yNjIuMTg5LS40MjMgMC0uMTYyLS4wNjMtLjMwMy0uMTg5LS40MjRsLTQuMzczLTQuMTc1eiIKICAgICAgICAgICAgICBmaWxsPSIjZmZmIi8+CiAgICA8L2c+Cjwvc3ZnPg==\" alt=\"previous arrow\" title=\"\"><\/div><div class=\"nextend-thumbnail-button nextend-thumbnail-next\"><img loading=\"lazy\" decoding=\"async\" width=\"26\" height=\"26\" style=\"width:26px;transform:rotateZ(-90deg);\" loading=\"lazy\" class=\"skip-lazy\" data-skip-lazy=\"1\" src=\"data:image\/svg+xml;base64,PHN2ZyB4bWxucz0iaHR0cDovL3d3dy53My5vcmcvMjAwMC9zdmciIHdpZHRoPSIyNiIgaGVpZ2h0PSIyNiI+CiAgICA8ZyBmaWxsPSJub25lIj4KICAgICAgICA8Y2lyY2xlIGN4PSIxMyIgY3k9IjEzIiByPSIxMiIgZmlsbD0iIzAwMCIgc3Ryb2tlPSIjZmZmIiBzdHJva2Utd2lkdGg9IjIiIG9wYWNpdHk9Ii41Ii8+CiAgICAgICAgPHBhdGggZmlsbD0iI2ZmZiIKICAgICAgICAgICAgICBkPSJNMTIuNTY1IDE2LjgyMmMuMTI2LjEyLjI3LjE4Mi40MzYuMTgyLjE2OCAwIC4zMS0uMDYuNDMtLjE4Mmw0LjM4LTQuMTc1Yy4xMjgtLjEyLjE5LS4yNjIuMTktLjQyNCAwLS4xNi0uMDYyLS4zMDItLjE5LS40MjNsLS42NS0uNjIyYy0uMTI1LS4xMi0uMjcyLS4xODItLjQ0LS4xODItLjE3IDAtLjMxNC4wNi0uNDM2LjE4MmwtMy4zMTQgMy4xNi0zLjI1LTMuMTZjLS4xMjYtLjEyLS4yNy0uMTgyLS40My0uMTgyLS4xNjYgMC0uMzEuMDYtLjQzNS4xODJsLS42NjIuNjIyYy0uMTI2LjEyLS4xOS4yNjItLjE5LjQyMyAwIC4xNjIuMDY0LjMwMy4xOS40MjRsNC4zNzMgNC4xNzV6Ii8+CiAgICA8L2c+Cjwvc3ZnPg==\" alt=\"next arrow\" title=\"\"><\/div><\/div><div class=\"n2-ss-widget nextend-shadow n2-ow-all\"><img loading=\"lazy\" decoding=\"async\" width=\"1120\" height=\"50\" style=\"display: block; width:100%;max-width:none;\" class=\"nextend-shadow-image skip-lazy\" loading=\"lazy\" data-skip-lazy=\"1\" src=\"https:\/\/www.galerie-schmalfuss.de\/wp-content\/plugins\/smart-slider-3\/Public\/SmartSlider3\/Widget\/Shadow\/ShadowImage\/Assets\/shadow\/dark.png\" alt=\"Shadow\" title=\"\"><\/div><\/div><\/div><\/div><ss3-loader><\/ss3-loader><\/div><\/div><div class=\"n2_clear\"><\/div><\/div><\/div><\/div>\n\t\t\t\t\t\t\t\t\t<div class=\"elementor-tab-title elementor-tab-mobile-title\" aria-selected=\"false\" data-tab=\"2\" role=\"tab\" tabindex=\"-1\" aria-controls=\"elementor-tab-content-2442\" aria-expanded=\"false\">INFO<\/div>\n\t\t\t\t\t<div id=\"elementor-tab-content-2442\" class=\"elementor-tab-content elementor-clearfix\" data-tab=\"2\" role=\"tabpanel\" aria-labelledby=\"elementor-tab-title-2442\" tabindex=\"0\" hidden=\"hidden\"><table border=\"0\"><tbody style=\"background: transparent; border: 0px; margin: 0px; padding: 0px; vertical-align: baseline;\"><tr style=\"background: transparent; border: 0px; margin: 0px; padding: 0px; vertical-align: baseline;\"><td style=\"background: transparent; border-width: 0px; border-style: initial; margin: 0px; padding: 0px 24px 6px 0px; vertical-align: baseline; width: 70px;\">\u00a0<\/td><td style=\"background: transparent; border-width: 0px; border-style: initial; margin: 0px; padding: 0px 24px 6px 0px; vertical-align: baseline;\">VITA THOMAS JESSEN<\/td><\/tr><tr style=\"background: transparent; border: 0px; margin: 0px; padding: 0px; vertical-align: baseline;\"><td style=\"background: transparent; border-width: 0px; border-style: initial; margin: 0px; padding: 0px 24px 6px 0px; vertical-align: baseline;\">\u00a0<\/td><td style=\"background: transparent; border-width: 0px; border-style: initial; margin: 0px; padding: 0px 24px 6px 0px; vertical-align: baseline;\">\u00a0<\/td><\/tr><tr style=\"background: transparent; border: 0px; margin: 0px; padding: 0px; vertical-align: baseline;\"><td style=\"background: transparent; border-width: 0px; border-style: initial; margin: 0px; padding: 0px 24px 6px 0px; vertical-align: baseline;\">1958<\/td><td style=\"background: transparent; border-width: 0px; border-style: initial; margin: 0px; padding: 0px 24px 6px 0px; vertical-align: baseline;\">geboren in L\u00fcbbecke\/ Westfalen<\/td><\/tr><tr style=\"background: transparent; border: 0px; margin: 0px; padding: 0px; vertical-align: baseline;\"><td style=\"background: transparent; border-width: 0px; border-style: initial; margin: 0px; padding: 0px 24px 6px 0px; vertical-align: baseline;\">1980-86<\/td><td style=\"background: transparent; border-width: 0px; border-style: initial; margin: 0px; padding: 0px 24px 6px 0px; vertical-align: baseline;\">Kunstakademie D\u00fcsseldorf<\/td><\/tr><tr style=\"background: transparent; border: 0px; margin: 0px; padding: 0px; vertical-align: baseline;\"><td style=\"background: transparent; border-width: 0px; border-style: initial; margin: 0px; padding: 0px 24px 6px 0px; vertical-align: baseline;\">1985<\/td><td style=\"background: transparent; border-width: 0px; border-style: initial; margin: 0px; padding: 0px 24px 6px 0px; vertical-align: baseline;\">Meistersch\u00fcler von Alfonso H\u00fcppi<\/td><\/tr><tr style=\"background: transparent; border: 0px; margin: 0px; padding: 0px; vertical-align: baseline;\"><td style=\"background: transparent; border-width: 0px; border-style: initial; margin: 0px; padding: 0px 24px 6px 0px; vertical-align: baseline;\">\u00a0<\/td><td style=\"background: transparent; border-width: 0px; border-style: initial; margin: 0px; padding: 0px 24px 6px 0px; vertical-align: baseline;\">Parisstipendium des Landes NRWAufenthalt in der Cit\u00e9 des Arts, Paris<\/td><\/tr><tr style=\"background: transparent; border: 0px; margin: 0px; padding: 0px; vertical-align: baseline;\"><td style=\"background: transparent; border-width: 0px; border-style: initial; margin: 0px; padding: 0px 24px 6px 0px; vertical-align: baseline;\">\u00a0<\/td><td style=\"background: transparent; border-width: 0px; border-style: initial; margin: 0px; padding: 0px 24px 6px 0px; vertical-align: baseline;\">\u00a0<\/td><\/tr><tr style=\"background: transparent; border: 0px; margin: 0px; padding: 0px; vertical-align: baseline;\"><td style=\"background: transparent; border-width: 0px; border-style: initial; margin: 0px; padding: 0px 24px 6px 0px; vertical-align: baseline;\">\u00a0<\/td><td style=\"background: transparent; border-width: 0px; border-style: initial; margin: 0px; padding: 0px 24px 6px 0px; vertical-align: baseline;\">Der K\u00fcnstler lebt und arbeitet in Eslohe\/ Sauerland<\/td><\/tr><tr style=\"background: transparent; border: 0px; margin: 0px; padding: 0px; vertical-align: baseline;\"><td style=\"background: transparent; border-width: 0px; border-style: initial; margin: 0px; padding: 0px 24px 6px 0px; vertical-align: baseline;\">\u00a0<\/td><td style=\"background: transparent; border-width: 0px; border-style: initial; margin: 0px; padding: 0px 24px 6px 0px; vertical-align: baseline;\">\u00a0<\/td><\/tr><tr style=\"background: transparent; border: 0px; margin: 0px; padding: 0px; vertical-align: baseline;\"><td style=\"background: transparent; border-width: 0px; border-style: initial; margin: 0px; padding: 0px 24px 6px 0px; vertical-align: baseline;\">\u00a0<\/td><td style=\"background: transparent; border-width: 0px; border-style: initial; margin: 0px; padding: 0px 24px 6px 0px; vertical-align: baseline;\">\u00a0<\/td><\/tr><tr style=\"background: transparent; border: 0px; margin: 0px; padding: 0px; vertical-align: baseline;\"><td style=\"background: transparent; border-width: 0px; border-style: initial; margin: 0px; padding: 0px 24px 6px 0px; vertical-align: baseline;\">\u00a0<\/td><td style=\"background: transparent; border-width: 0px; border-style: initial; margin: 0px; padding: 0px 24px 6px 0px; vertical-align: baseline;\">Einzelausstellungen\/ Projekte<\/td><\/tr><tr style=\"background: transparent; border: 0px; margin: 0px; padding: 0px; vertical-align: baseline;\"><td style=\"background: transparent; border-width: 0px; border-style: initial; margin: 0px; padding: 0px 24px 6px 0px; vertical-align: baseline;\">\u00a0<\/td><td style=\"background: transparent; border-width: 0px; border-style: initial; margin: 0px; padding: 0px 24px 6px 0px; vertical-align: baseline;\">\u00a0<\/td><\/tr><tr style=\"background: transparent; border: 0px; margin: 0px; padding: 0px; vertical-align: baseline;\"><td style=\"background: transparent; border-width: 0px; border-style: initial; margin: 0px; padding: 0px 24px 6px 0px; vertical-align: baseline;\">2014<\/td><td style=\"background: transparent; border-width: 0px; border-style: initial; margin: 0px; padding: 0px 24px 6px 0px; vertical-align: baseline;\">Galerie Michael W. Schmalfuss, Marburg<\/td><\/tr><tr style=\"background: transparent; border: 0px; margin: 0px; padding: 0px; vertical-align: baseline;\"><td style=\"background: transparent; border-width: 0px; border-style: initial; margin: 0px; padding: 0px 24px 6px 0px; vertical-align: baseline;\">\u00a0<\/td><td style=\"background: transparent; border-width: 0px; border-style: initial; margin: 0px; padding: 0px 24px 6px 0px; vertical-align: baseline;\">SCHMALFUSS BERLIN, Berlin<\/td><\/tr><tr style=\"background: transparent; border: 0px; margin: 0px; padding: 0px; vertical-align: baseline;\"><td style=\"background: transparent; border-width: 0px; border-style: initial; margin: 0px; padding: 0px 24px 6px 0px; vertical-align: baseline;\">2013-2014<\/td><td style=\"background: transparent; border-width: 0px; border-style: initial; margin: 0px; padding: 0px 24px 6px 0px; vertical-align: baseline;\">Museum W\u00fcrth, La Rioja, Sapnien<\/td><\/tr><tr style=\"background: transparent; border: 0px; margin: 0px; padding: 0px; vertical-align: baseline;\"><td style=\"background: transparent; border-width: 0px; border-style: initial; margin: 0px; padding: 0px 24px 6px 0px; vertical-align: baseline;\">2013<\/td><td style=\"background: transparent; border-width: 0px; border-style: initial; margin: 0px; padding: 0px 24px 6px 0px; vertical-align: baseline;\">Die Br\u00fccke\u201c, Kunstraum, ArnsbergKunst am Bau, Fenster,Wandmalerei, Kapelle P.Braun-Haus, Lindlar\u201eOffene Kanzel\u201c, Kunstkirche Christk\u00f6nig Bochum<\/td><\/tr><tr style=\"background: transparent; border: 0px; margin: 0px; padding: 0px; vertical-align: baseline;\"><td style=\"background: transparent; border-width: 0px; border-style: initial; margin: 0px; padding: 0px 24px 6px 0px; vertical-align: baseline;\">2012<\/td><td style=\"background: transparent; border-width: 0px; border-style: initial; margin: 0px; padding: 0px 24px 6px 0px; vertical-align: baseline;\">\u201ePictor Verus\u201c, Galerie Johnssen, M\u00fcnchenDie Bischofsgalerie, Holnstein Palais, M\u00fcnchen , Katalog\u201eRote Kerze mit Olive\u201c Kunstraum , ArnsbergWandbild f\u00fcr St. Pantaleon, K\u00f6ln<\/td><\/tr><tr style=\"background: transparent; border: 0px; margin: 0px; padding: 0px; vertical-align: baseline;\"><td style=\"background: transparent; border-width: 0px; border-style: initial; margin: 0px; padding: 0px 24px 6px 0px; vertical-align: baseline;\">2011<\/td><td style=\"background: transparent; border-width: 0px; border-style: initial; margin: 0px; padding: 0px 24px 6px 0px; vertical-align: baseline;\">Werler Bild, WerlKunst am Bau, Malerei auf Alabaster- Tafeln, Turmkapelle, St. Petri H\u00fcstenKunst am Bau, Fenster Friedhofskapelle, Oestinghausen<\/td><\/tr><tr style=\"background: transparent; border: 0px; margin: 0px; padding: 0px; vertical-align: baseline;\"><td style=\"background: transparent; border-width: 0px; border-style: initial; margin: 0px; padding: 0px 24px 6px 0px; vertical-align: baseline;\">2010<\/td><td style=\"background: transparent; border-width: 0px; border-style: initial; margin: 0px; padding: 0px 24px 6px 0px; vertical-align: baseline;\">Gesamtkonzeption und Ausmalung des Meditationsraums, Jugendhaus HoinkhausenKunstraum, ArnsbergGesamtkonzeption zur Renovierung , Ausmalung und k\u00fcnstlerischer AusstattungPfarrkirche St. Joh. Baptist, Delbr\u00fcckRobert Schuman Haus, Trier (Katalog)Kunst am Bau, Fenster St. Severin, LindlarKunst am Bau, romanische Kirche St. Michael, Kleinenglis<\/td><\/tr><tr style=\"background: transparent; border: 0px; margin: 0px; padding: 0px; vertical-align: baseline;\"><td style=\"background: transparent; border-width: 0px; border-style: initial; margin: 0px; padding: 0px 24px 6px 0px; vertical-align: baseline;\">2009<\/td><td style=\"background: transparent; border-width: 0px; border-style: initial; margin: 0px; padding: 0px 24px 6px 0px; vertical-align: baseline;\">Kunst am Bau, Fenster St.Margareta, Rietberg NeuenkirchenGalerie Michael Schmalfu\u00df, MarburgKunst am Bau, Foyer Marienkrankenhaus BalveKunst am Bau, Neuordnung und Gestaltung des Klostergeb\u00e4udes St. Jodokus,Bielefeld<\/td><\/tr><tr style=\"background: transparent; border: 0px; margin: 0px; padding: 0px; vertical-align: baseline;\"><td style=\"background: transparent; border-width: 0px; border-style: initial; margin: 0px; padding: 0px 24px 6px 0px; vertical-align: baseline;\">2008<\/td><td style=\"background: transparent; border-width: 0px; border-style: initial; margin: 0px; padding: 0px 24px 6px 0px; vertical-align: baseline;\">The Hart Gallery, Carmel, Palm Desert (USA)<\/td><\/tr><tr style=\"background: transparent; border: 0px; margin: 0px; padding: 0px; vertical-align: baseline;\"><td style=\"background: transparent; border-width: 0px; border-style: initial; margin: 0px; padding: 0px 24px 6px 0px; vertical-align: baseline;\">2007<\/td><td style=\"background: transparent; border-width: 0px; border-style: initial; margin: 0px; padding: 0px 24px 6px 0px; vertical-align: baseline;\">\u201eHeilig, heilig, heilig Elisabeth\u201c Galerie Michael W. Schmalfu\u00df, Marburg\u201eSpielfeld Farbe\u201c Kulturforum \u201eAlte Post\u201c, NeussFenster St. Andreas, Eschenbach<\/td><\/tr><tr style=\"background: transparent; border: 0px; margin: 0px; padding: 0px; vertical-align: baseline;\"><td style=\"background: transparent; border-width: 0px; border-style: initial; margin: 0px; padding: 0px 24px 6px 0px; vertical-align: baseline;\">2006<\/td><td style=\"background: transparent; border-width: 0px; border-style: initial; margin: 0px; padding: 0px 24px 6px 0px; vertical-align: baseline;\">Galerie Michael W. Schmalfu\u00df,Marburg;\u201dpur pur rot\u201d Hotel Aspethera, Paderborn<\/td><\/tr><tr style=\"background: transparent; border: 0px; margin: 0px; padding: 0px; vertical-align: baseline;\"><td style=\"background: transparent; border-width: 0px; border-style: initial; margin: 0px; padding: 0px 24px 6px 0px; vertical-align: baseline;\">2005<\/td><td style=\"background: transparent; border-width: 0px; border-style: initial; margin: 0px; padding: 0px 24px 6px 0px; vertical-align: baseline;\">\u201cDer Himmel auf Erden\u201d Kunsthalle Brandenburg;Leoninum, Paderborn<\/td><\/tr><tr style=\"background: transparent; border: 0px; margin: 0px; padding: 0px; vertical-align: baseline;\"><td style=\"background: transparent; border-width: 0px; border-style: initial; margin: 0px; padding: 0px 24px 6px 0px; vertical-align: baseline;\">2004<\/td><td style=\"background: transparent; border-width: 0px; border-style: initial; margin: 0px; padding: 0px 24px 6px 0px; vertical-align: baseline;\">\u201cStroh zu Gold Positionen zur Malerei\u201d, Thomas Jessen in der Halle 6, Halle 6 -Galerie Christine H\u00f6lz, D\u00fcsseldorf;Kardinal August von Galen Kapelle, Delbr\u00fcck;\u201dTime to discover\u201d, Galerie Carol Johnssen, M\u00fcnchen<\/td><\/tr><tr style=\"background: transparent; border: 0px; margin: 0px; padding: 0px; vertical-align: baseline;\"><td style=\"background: transparent; border-width: 0px; border-style: initial; margin: 0px; padding: 0px 24px 6px 0px; vertical-align: baseline;\">2003<\/td><td style=\"background: transparent; border-width: 0px; border-style: initial; margin: 0px; padding: 0px 24px 6px 0px; vertical-align: baseline;\">Galerie Michael Schmalfu\u00df, Marburg \/ LahnSt. Matthias, EuskirchenKunst am Bau, FensterSt. Michael, Herne-WanneKunst am Bau, Fenster St. Maria Immaculata, Hewingsen, M\u00f6hnesee\u201dStroh zu Gold\u201d, Halle 6 \u2013 Galerie Christine H\u00f6lz, D\u00fcsseldorf, Katalog<\/td><\/tr><tr style=\"background: transparent; border: 0px; margin: 0px; padding: 0px; vertical-align: baseline;\"><td style=\"background: transparent; border-width: 0px; border-style: initial; margin: 0px; padding: 0px 24px 6px 0px; vertical-align: baseline;\">2002<\/td><td style=\"background: transparent; border-width: 0px; border-style: initial; margin: 0px; padding: 0px 24px 6px 0px; vertical-align: baseline;\">Ksi, Bad HonnefVolpinum Kunstsammlung, WienKunst am Bau, Fenster Klosterkirche H\u00f6xter-Brenkhausen\u201dPappa, P\u00fcppi, K\u00e4se\u201d, Kunstverein Genthiner Elf, Berlin<\/td><\/tr><tr style=\"background: transparent; border: 0px; margin: 0px; padding: 0px; vertical-align: baseline;\"><td style=\"background: transparent; border-width: 0px; border-style: initial; margin: 0px; padding: 0px 24px 6px 0px; vertical-align: baseline;\">2001<\/td><td style=\"background: transparent; border-width: 0px; border-style: initial; margin: 0px; padding: 0px 24px 6px 0px; vertical-align: baseline;\">\u201cStein und Bein\u201d, katholische Akademie die Wolfsburg, M\u00fclheim a. d. Ruhr,Katalog\u201dHimmelserde\u201d, St. Rochus, K\u00f6lnKunst am Bau, Fenster Pauluskolleg, PaderbornKunst am Bau, Fenster St. Marien, Grasdorf<\/td><\/tr><tr style=\"background: transparent; border: 0px; margin: 0px; padding: 0px; vertical-align: baseline;\"><td style=\"background: transparent; border-width: 0px; border-style: initial; margin: 0px; padding: 0px 24px 6px 0px; vertical-align: baseline;\">2000<\/td><td style=\"background: transparent; border-width: 0px; border-style: initial; margin: 0px; padding: 0px 24px 6px 0px; vertical-align: baseline;\">Museum Schn\u00fctgen, K\u00f6ln\u201dSch\u00f6ne Sabine\u201d, Kunstverein Genthiner Elf, BerlinChristk\u00f6nig, Neuss<\/td><\/tr><tr style=\"background: transparent; border: 0px; margin: 0px; padding: 0px; vertical-align: baseline;\"><td style=\"background: transparent; border-width: 0px; border-style: initial; margin: 0px; padding: 0px 24px 6px 0px; vertical-align: baseline;\">1999<\/td><td style=\"background: transparent; border-width: 0px; border-style: initial; margin: 0px; padding: 0px 24px 6px 0px; vertical-align: baseline;\">Kunst am Bau, Max-Planck-Institut f\u00fcr neuropsychologische Forschung, LeipzigKunst am Bau, Madonna f\u00fcr Wuppertal\u201dSonntage\u201d, Maternushaus, K\u00f6ln, KatalogGalerie Carol Johnssen, M\u00fcnchen<\/td><\/tr><tr style=\"background: transparent; border: 0px; margin: 0px; padding: 0px; vertical-align: baseline;\"><td style=\"background: transparent; border-width: 0px; border-style: initial; margin: 0px; padding: 0px 24px 6px 0px; vertical-align: baseline;\">1998<\/td><td style=\"background: transparent; border-width: 0px; border-style: initial; margin: 0px; padding: 0px 24px 6px 0px; vertical-align: baseline;\">Galerie Schneiderei, K\u00f6lnSt\u00e4dtische Ausstellungshalle am Hawerkamp, M\u00fcnster, Katalogkatholische Akademie Franz Hitze Haus, M\u00fcnsterKunstverein Genthiner Elf, BerlinKunst am Bau, Kommende Dortmund, Katalog<\/td><\/tr><tr style=\"background: transparent; border: 0px; margin: 0px; padding: 0px; vertical-align: baseline;\"><td style=\"background: transparent; border-width: 0px; border-style: initial; margin: 0px; padding: 0px 24px 6px 0px; vertical-align: baseline;\">1997<\/td><td style=\"background: transparent; border-width: 0px; border-style: initial; margin: 0px; padding: 0px 24px 6px 0px; vertical-align: baseline;\">Kunst am Bau, St. Markus, Lauenf\u00f6rde \/ WeserGalerie Inge Baecker, St. Gereon, K\u00f6ln, Katalog<\/td><\/tr><tr style=\"background: transparent; border: 0px; margin: 0px; padding: 0px; vertical-align: baseline;\"><td style=\"background: transparent; border-width: 0px; border-style: initial; margin: 0px; padding: 0px 24px 6px 0px; vertical-align: baseline;\">1996<\/td><td style=\"background: transparent; border-width: 0px; border-style: initial; margin: 0px; padding: 0px 24px 6px 0px; vertical-align: baseline;\">\u201cAm St\u00fcck oder in Scheiben\u201d, ein Fries durch die Fenster einer Dorfstra\u00dfe, Eslohe,Sauerland<\/td><\/tr><tr style=\"background: transparent; border: 0px; margin: 0px; padding: 0px; vertical-align: baseline;\"><td style=\"background: transparent; border-width: 0px; border-style: initial; margin: 0px; padding: 0px 24px 6px 0px; vertical-align: baseline;\">1995<\/td><td style=\"background: transparent; border-width: 0px; border-style: initial; margin: 0px; padding: 0px 24px 6px 0px; vertical-align: baseline;\">Historische Kirche St. Anna, H\u00f6xter-B\u00f6dexenGalerie Schr\u00f6der, K\u00f6ln\u201dA Chapel\u201d, Galerie Carol Johnssen, M\u00fcnchen<\/td><\/tr><tr style=\"background: transparent; border: 0px; margin: 0px; padding: 0px; vertical-align: baseline;\"><td style=\"background: transparent; border-width: 0px; border-style: initial; margin: 0px; padding: 0px 24px 6px 0px; vertical-align: baseline;\">1994<\/td><td style=\"background: transparent; border-width: 0px; border-style: initial; margin: 0px; padding: 0px 24px 6px 0px; vertical-align: baseline;\">\u201cGro\u00dfer Bilderzyklus\u201d, St. Maria vom Frieden, Dormagen, Katalog<\/td><\/tr><tr style=\"background: transparent; border: 0px; margin: 0px; padding: 0px; vertical-align: baseline;\"><td style=\"background: transparent; border-width: 0px; border-style: initial; margin: 0px; padding: 0px 24px 6px 0px; vertical-align: baseline;\">1993<\/td><td style=\"background: transparent; border-width: 0px; border-style: initial; margin: 0px; padding: 0px 24px 6px 0px; vertical-align: baseline;\">Galerie Het Veem, Rotterdam<\/td><\/tr><tr style=\"background: transparent; border: 0px; margin: 0px; padding: 0px; vertical-align: baseline;\"><td style=\"background: transparent; border-width: 0px; border-style: initial; margin: 0px; padding: 0px 24px 6px 0px; vertical-align: baseline;\">1992<\/td><td style=\"background: transparent; border-width: 0px; border-style: initial; margin: 0px; padding: 0px 24px 6px 0px; vertical-align: baseline;\">Dresdner Bank, J\u00fcrgen Ponto Stiftung, FrankfurtGalerie Bach &amp; Gayck, Bochum<\/td><\/tr><tr style=\"background: transparent; border: 0px; margin: 0px; padding: 0px; vertical-align: baseline;\"><td style=\"background: transparent; border-width: 0px; border-style: initial; margin: 0px; padding: 0px 24px 6px 0px; vertical-align: baseline;\">1991<\/td><td style=\"background: transparent; border-width: 0px; border-style: initial; margin: 0px; padding: 0px 24px 6px 0px; vertical-align: baseline;\">\u201cPassionszyklus\u201d, Christk\u00f6nig, Neuss<\/td><\/tr><tr style=\"background: transparent; border: 0px; margin: 0px; padding: 0px; vertical-align: baseline;\"><td style=\"background: transparent; border-width: 0px; border-style: initial; margin: 0px; padding: 0px 24px 6px 0px; vertical-align: baseline;\">1990<\/td><td style=\"background: transparent; border-width: 0px; border-style: initial; margin: 0px; padding: 0px 24px 6px 0px; vertical-align: baseline;\">Galerie Het Veem, Rotterdam<\/td><\/tr><tr style=\"background: transparent; border: 0px; margin: 0px; padding: 0px; vertical-align: baseline;\"><td style=\"background: transparent; border-width: 0px; border-style: initial; margin: 0px; padding: 0px 24px 6px 0px; vertical-align: baseline;\">1989<\/td><td style=\"background: transparent; border-width: 0px; border-style: initial; margin: 0px; padding: 0px 24px 6px 0px; vertical-align: baseline;\">Museum Bad BerleburgKrypta der M\u00fcnsterkirche, Abteiberg M\u00f6nchengladbach, Katalog<\/td><\/tr><tr style=\"background: transparent; border: 0px; margin: 0px; padding: 0px; vertical-align: baseline;\"><td style=\"background: transparent; border-width: 0px; border-style: initial; margin: 0px; padding: 0px 24px 6px 0px; vertical-align: baseline;\">1988<\/td><td style=\"background: transparent; border-width: 0px; border-style: initial; margin: 0px; padding: 0px 24px 6px 0px; vertical-align: baseline;\">Kunstkreis Brakel, alte Waage BrakelKlosterkirche Gehrden<\/td><\/tr><tr style=\"background: transparent; border: 0px; margin: 0px; padding: 0px; vertical-align: baseline;\"><td style=\"background: transparent; border-width: 0px; border-style: initial; margin: 0px; padding: 0px 24px 6px 0px; vertical-align: baseline;\">1987<\/td><td style=\"background: transparent; border-width: 0px; border-style: initial; margin: 0px; padding: 0px 24px 6px 0px; vertical-align: baseline;\">\u201cPrager H\u00e4ngung\u201d, D\u00fcsseldorfLingener Kunstpreis 1987, Kunstverein Lingen<\/td><\/tr><tr style=\"background: transparent; border: 0px; margin: 0px; padding: 0px; vertical-align: baseline;\"><td style=\"background: transparent; border-width: 0px; border-style: initial; margin: 0px; padding: 0px 24px 6px 0px; vertical-align: baseline;\">\u00a0<\/td><td style=\"background: transparent; border-width: 0px; border-style: initial; margin: 0px; padding: 0px 24px 6px 0px; vertical-align: baseline;\">\u00a0<\/td><\/tr><tr style=\"background: transparent; border: 0px; margin: 0px; padding: 0px; vertical-align: baseline;\"><td style=\"background: transparent; border-width: 0px; border-style: initial; margin: 0px; padding: 0px 24px 6px 0px; vertical-align: baseline;\">\u00a0<\/td><td style=\"background: transparent; border-width: 0px; border-style: initial; margin: 0px; padding: 0px 24px 6px 0px; vertical-align: baseline;\">\u00a0Gruppenausstellungen<\/td><\/tr><tr style=\"background: transparent; border: 0px; margin: 0px; padding: 0px; vertical-align: baseline;\"><td style=\"background: transparent; border-width: 0px; border-style: initial; margin: 0px; padding: 0px 24px 6px 0px; vertical-align: baseline;\">\u00a0<\/td><td style=\"background: transparent; border-width: 0px; border-style: initial; margin: 0px; padding: 0px 24px 6px 0px; vertical-align: baseline;\">\u00a0<\/td><\/tr><tr style=\"background: transparent; border: 0px; margin: 0px; padding: 0px; vertical-align: baseline;\"><td style=\"background: transparent; border-width: 0px; border-style: initial; margin: 0px; padding: 0px 24px 6px 0px; vertical-align: baseline;\">2013<\/td><td style=\"background: transparent; border-width: 0px; border-style: initial; margin: 0px; padding: 0px 24px 6px 0px; vertical-align: baseline;\">Di\u00f6zesanmuseum Bamberg, Bamberg\u201eEigen statt Artig\u201c Kunstraum, ArnsbergMuseo W\u00fcrth, La Rioja, Spanien<\/td><\/tr><tr style=\"background: transparent; border: 0px; margin: 0px; padding: 0px; vertical-align: baseline;\"><td style=\"background: transparent; border-width: 0px; border-style: initial; margin: 0px; padding: 0px 24px 6px 0px; vertical-align: baseline;\">2012<\/td><td style=\"background: transparent; border-width: 0px; border-style: initial; margin: 0px; padding: 0px 24px 6px 0px; vertical-align: baseline;\">\u201eZehn aus zwanzig\u201c, Kunsthalle Lingen, LingenSepia, Stadtgalerie, Sundern\u201eDie Kunst und die Wirklichkeit \u2013 Silke Rehberg-Thomas Jessen, KardinalHengsbach-Haus, Essen<\/td><\/tr><tr style=\"background: transparent; border: 0px; margin: 0px; padding: 0px; vertical-align: baseline;\"><td style=\"background: transparent; border-width: 0px; border-style: initial; margin: 0px; padding: 0px 24px 6px 0px; vertical-align: baseline;\">2011<\/td><td style=\"background: transparent; border-width: 0px; border-style: initial; margin: 0px; padding: 0px 24px 6px 0px; vertical-align: baseline;\">\u201eAller Zauber liegt im Bild\u201c Kunsthalle W\u00fcrth, K\u00fcnzelsau\u201eAve Maria\u201c, Kreismuseum Peine, Peine\u201esidebysidebysidebyside\u201c, Galerie Johnssen, M\u00fcnchen<\/td><\/tr><tr style=\"background: transparent; border: 0px; margin: 0px; padding: 0px; vertical-align: baseline;\"><td style=\"background: transparent; border-width: 0px; border-style: initial; margin: 0px; padding: 0px 24px 6px 0px; vertical-align: baseline;\">2009<\/td><td style=\"background: transparent; border-width: 0px; border-style: initial; margin: 0px; padding: 0px 24px 6px 0px; vertical-align: baseline;\">\u201eWas ihr wollt\u201c Galerie Johnssen, M\u00fcnchen<\/td><\/tr><tr style=\"background: transparent; border: 0px; margin: 0px; padding: 0px; vertical-align: baseline;\"><td style=\"background: transparent; border-width: 0px; border-style: initial; margin: 0px; padding: 0px 24px 6px 0px; vertical-align: baseline;\">2008<\/td><td style=\"background: transparent; border-width: 0px; border-style: initial; margin: 0px; padding: 0px 24px 6px 0px; vertical-align: baseline;\">\u201eWho is Who\u201c Galerie Johnssen, M\u00fcnchen<\/td><\/tr><tr style=\"background: transparent; border: 0px; margin: 0px; padding: 0px; vertical-align: baseline;\"><td style=\"background: transparent; border-width: 0px; border-style: initial; margin: 0px; padding: 0px 24px 6px 0px; vertical-align: baseline;\">2007<\/td><td style=\"background: transparent; border-width: 0px; border-style: initial; margin: 0px; padding: 0px 24px 6px 0px; vertical-align: baseline;\">\u201eDas kleine Format\u201c, Halle 6 Galerie Christine H\u00f6lz, D\u00fcsseldorf\u201eMalerei\u201c, Halle 6 Galerie Christine H\u00f6lz, D\u00fcsseldorfAve Maria\u201c Franz- Hitze-Haus, M\u00fcnster\u201eFull house\u201c, Galerie Johnssen, M\u00fcnchen<\/td><\/tr><tr style=\"background: transparent; border: 0px; margin: 0px; padding: 0px; vertical-align: baseline;\"><td style=\"background: transparent; border-width: 0px; border-style: initial; margin: 0px; padding: 0px 24px 6px 0px; vertical-align: baseline;\">2006<\/td><td style=\"background: transparent; border-width: 0px; border-style: initial; margin: 0px; padding: 0px 24px 6px 0px; vertical-align: baseline;\">The Hart Gallery, Palm Desert (USA)Ave Maria,Christuskirche , Kassel<\/td><\/tr><tr style=\"background: transparent; border: 0px; margin: 0px; padding: 0px; vertical-align: baseline;\"><td style=\"background: transparent; border-width: 0px; border-style: initial; margin: 0px; padding: 0px 24px 6px 0px; vertical-align: baseline;\">2005<\/td><td style=\"background: transparent; border-width: 0px; border-style: initial; margin: 0px; padding: 0px 24px 6px 0px; vertical-align: baseline;\">The Hart Gallery , Chicago (USA)\u201eFace to Face\u201c, Galerie Carol Johnssen, M\u00fcnchen<\/td><\/tr><tr style=\"background: transparent; border: 0px; margin: 0px; padding: 0px; vertical-align: baseline;\"><td style=\"background: transparent; border-width: 0px; border-style: initial; margin: 0px; padding: 0px 24px 6px 0px; vertical-align: baseline;\">2003<\/td><td style=\"background: transparent; border-width: 0px; border-style: initial; margin: 0px; padding: 0px 24px 6px 0px; vertical-align: baseline;\">\u201cJeder hat sein eigenes Wasser\u201d, Halle 6 \u2013 Galerie Christine H\u00f6lz, D\u00fcsseldorf\u201d20 jahre Lingener Kunstpreis\u201d, Kunsthalle Lingen\u201dAve maria\u201d, Marienkirche, Berlin\u201dTierische Begegnungen\u201d, Halle 6 \u2013 Galerie Christine H\u00f6lz, D\u00fcsseldorf, Katalog<\/td><\/tr><tr style=\"background: transparent; border: 0px; margin: 0px; padding: 0px; vertical-align: baseline;\"><td style=\"background: transparent; border-width: 0px; border-style: initial; margin: 0px; padding: 0px 24px 6px 0px; vertical-align: baseline;\">2002<\/td><td style=\"background: transparent; border-width: 0px; border-style: initial; margin: 0px; padding: 0px 24px 6px 0px; vertical-align: baseline;\">\u201cAktuell\u201d, Galerie Michael Schmalfu\u00df, Marburg \/ Lahn<\/td><\/tr><tr style=\"background: transparent; border: 0px; margin: 0px; padding: 0px; vertical-align: baseline;\"><td style=\"background: transparent; border-width: 0px; border-style: initial; margin: 0px; padding: 0px 24px 6px 0px; vertical-align: baseline;\">2001<\/td><td style=\"background: transparent; border-width: 0px; border-style: initial; margin: 0px; padding: 0px 24px 6px 0px; vertical-align: baseline;\">\u201cEt in arcadia ego\u201d, Galerie Ernst Hilger, Wien, Katalog\u201dEt in arcadia ego\u201d, Kunsthalle Lingen, Katalog<\/td><\/tr><tr style=\"background: transparent; border: 0px; margin: 0px; padding: 0px; vertical-align: baseline;\"><td style=\"background: transparent; border-width: 0px; border-style: initial; margin: 0px; padding: 0px 24px 6px 0px; vertical-align: baseline;\">2000<\/td><td style=\"background: transparent; border-width: 0px; border-style: initial; margin: 0px; padding: 0px 24px 6px 0px; vertical-align: baseline;\">\u201cSchneiderei Presents\u201d, Galerie Schneiderei, K\u00f6ln\u201dFarbr\u00e4ume\u201d, Di\u00f6zesanmuseum Paderborn, Katalog<\/td><\/tr><tr style=\"background: transparent; border: 0px; margin: 0px; padding: 0px; vertical-align: baseline;\"><td style=\"background: transparent; border-width: 0px; border-style: initial; margin: 0px; padding: 0px 24px 6px 0px; vertical-align: baseline;\">1998<\/td><td style=\"background: transparent; border-width: 0px; border-style: initial; margin: 0px; padding: 0px 24px 6px 0px; vertical-align: baseline;\">\u201cFarbe und Fl\u00e4che, Jessen \u2013 Wessing\u201d, Galerie Inge Baecker, K\u00f6ln\u201dRealismus?\u201d, Galerie Inge Baecker, K\u00f6ln<\/td><\/tr><tr style=\"background: transparent; border: 0px; margin: 0px; padding: 0px; vertical-align: baseline;\"><td style=\"background: transparent; border-width: 0px; border-style: initial; margin: 0px; padding: 0px 24px 6px 0px; vertical-align: baseline;\">1997<\/td><td style=\"background: transparent; border-width: 0px; border-style: initial; margin: 0px; padding: 0px 24px 6px 0px; vertical-align: baseline;\">\u201c14 K\u00fcnstler, 14 Kirchen\u201d, Schleiden-Olef, Region Eifel, Katalog\u201dMalerei in der L\u00fctzowstra.e\u201d, Ausstellung mit Ioan Iacob, Berlin\u201dPortrait\u201d, Galerie Schneiderei, K\u00f6ln\u201dPerspektiven\u201d, Galerie Carol Johnssen, M\u00fcnchen<\/td><\/tr><tr style=\"background: transparent; border: 0px; margin: 0px; padding: 0px; vertical-align: baseline;\"><td style=\"background: transparent; border-width: 0px; border-style: initial; margin: 0px; padding: 0px 24px 6px 0px; vertical-align: baseline;\">1996<\/td><td style=\"background: transparent; border-width: 0px; border-style: initial; margin: 0px; padding: 0px 24px 6px 0px; vertical-align: baseline;\">Galerie Schneiderei, K\u00f6ln\u201dLetzter Aufgu\u00df\u201d, D\u00fcsseldorf<\/td><\/tr><tr style=\"background: transparent; border: 0px; margin: 0px; padding: 0px; vertical-align: baseline;\"><td style=\"background: transparent; border-width: 0px; border-style: initial; margin: 0px; padding: 0px 24px 6px 0px; vertical-align: baseline;\">1995<\/td><td style=\"background: transparent; border-width: 0px; border-style: initial; margin: 0px; padding: 0px 24px 6px 0px; vertical-align: baseline;\">\u201cNever A Dull Moment\u00ab, Galerie Bach &amp; Gayck, BochumJasim Gallery, D\u00fcsseldorf<\/td><\/tr><tr style=\"background: transparent; border: 0px; margin: 0px; padding: 0px; vertical-align: baseline;\"><td style=\"background: transparent; border-width: 0px; border-style: initial; margin: 0px; padding: 0px 24px 6px 0px; vertical-align: baseline;\">1994<\/td><td style=\"background: transparent; border-width: 0px; border-style: initial; margin: 0px; padding: 0px 24px 6px 0px; vertical-align: baseline;\">O.S.O., D\u00fcsseldorf\u201dBergische Kunstausstellung\u201d, Klingenmuseum Solingen<\/td><\/tr><tr style=\"background: transparent; border: 0px; margin: 0px; padding: 0px; vertical-align: baseline;\"><td style=\"background: transparent; border-width: 0px; border-style: initial; margin: 0px; padding: 0px 24px 6px 0px; vertical-align: baseline;\">1993<\/td><td style=\"background: transparent; border-width: 0px; border-style: initial; margin: 0px; padding: 0px 24px 6px 0px; vertical-align: baseline;\">\u201cKarl Schwesig Preis\u201d, Museum BergkamenKunstmuseum Ehrenhof, D\u00fcsseldorf\u201d10 Jahre Lingener Kunstpreis\u201d, Kunstverein Lingen<\/td><\/tr><tr style=\"background: transparent; border: 0px; margin: 0px; padding: 0px; vertical-align: baseline;\"><td style=\"background: transparent; border-width: 0px; border-style: initial; margin: 0px; padding: 0px 24px 6px 0px; vertical-align: baseline;\">1992<\/td><td style=\"background: transparent; border-width: 0px; border-style: initial; margin: 0px; padding: 0px 24px 6px 0px; vertical-align: baseline;\">\u201cKarl Schwesig Preis\u201d, Museum Gelsenkirchen<\/td><\/tr><tr style=\"background: transparent; border: 0px; margin: 0px; padding: 0px; vertical-align: baseline;\"><td style=\"background: transparent; border-width: 0px; border-style: initial; margin: 0px; padding: 0px 24px 6px 0px; vertical-align: baseline;\">1991<\/td><td style=\"background: transparent; border-width: 0px; border-style: initial; margin: 0px; padding: 0px 24px 6px 0px; vertical-align: baseline;\">Galerie Bach &amp; Gayck, Bochum<\/td><\/tr><tr style=\"background: transparent; border: 0px; margin: 0px; padding: 0px; vertical-align: baseline;\"><td style=\"background: transparent; border-width: 0px; border-style: initial; margin: 0px; padding: 0px 24px 6px 0px; vertical-align: baseline;\">1990<\/td><td style=\"background: transparent; border-width: 0px; border-style: initial; margin: 0px; padding: 0px 24px 6px 0px; vertical-align: baseline;\">Generatorenhalle Stadtwerke Viersen, Katalog<\/td><\/tr><tr style=\"background: transparent; border: 0px; margin: 0px; padding: 0px; vertical-align: baseline;\"><td style=\"background: transparent; border-width: 0px; border-style: initial; margin: 0px; padding: 0px 24px 6px 0px; vertical-align: baseline;\">1988<\/td><td style=\"background: transparent; border-width: 0px; border-style: initial; margin: 0px; padding: 0px 24px 6px 0px; vertical-align: baseline;\">Kulturtage Avignon, FrankreichGalerie Kadenz, Ausstellung mit H. G. Inhestern, Geldern<\/td><\/tr><tr style=\"background: transparent; border: 0px; margin: 0px; padding: 0px; vertical-align: baseline;\"><td style=\"background: transparent; border-width: 0px; border-style: initial; margin: 0px; padding: 0px 24px 6px 0px; vertical-align: baseline;\">1986<\/td><td style=\"background: transparent; border-width: 0px; border-style: initial; margin: 0px; padding: 0px 24px 6px 0px; vertical-align: baseline;\">Darmst\u00e4dter Sezession, Mathildenh\u00f6he DarmstadtKunsthalle Krakau, Polen<\/td><\/tr><\/tbody><\/table><\/div>\n\t\t\t\t\t\t\t<\/div>\n\t\t<\/div>\n\t\t\t\t\t\t<\/div>\n\t\t\t\t<\/div>\n\t\t\t\t\t<\/div>\n\t\t<\/div>\n\t\t\t\t\t<\/div>\n\t\t<\/section>\n\t\t\t\t<\/div>\n\t\t","protected":false},"excerpt":{"rendered":"<p>WERK INFO WERK<\/p>\n","protected":false},"author":6,"featured_media":0,"parent":8401,"menu_order":0,"comment_status":"closed","ping_status":"closed","template":"templates\/full-width.php","meta":{"footnotes":""},"class_list":["post-3744","page","type-page","status-publish","hentry","entry"],"_links":{"self":[{"href":"https:\/\/www.galerie-schmalfuss.de\/index.php\/wp-json\/wp\/v2\/pages\/3744","targetHints":{"allow":["GET"]}}],"collection":[{"href":"https:\/\/www.galerie-schmalfuss.de\/index.php\/wp-json\/wp\/v2\/pages"}],"about":[{"href":"https:\/\/www.galerie-schmalfuss.de\/index.php\/wp-json\/wp\/v2\/types\/page"}],"author":[{"embeddable":true,"href":"https:\/\/www.galerie-schmalfuss.de\/index.php\/wp-json\/wp\/v2\/users\/6"}],"replies":[{"embeddable":true,"href":"https:\/\/www.galerie-schmalfuss.de\/index.php\/wp-json\/wp\/v2\/comments?post=3744"}],"version-history":[{"count":0,"href":"https:\/\/www.galerie-schmalfuss.de\/index.php\/wp-json\/wp\/v2\/pages\/3744\/revisions"}],"up":[{"embeddable":true,"href":"https:\/\/www.galerie-schmalfuss.de\/index.php\/wp-json\/wp\/v2\/pages\/8401"}],"wp:attachment":[{"href":"https:\/\/www.galerie-schmalfuss.de\/index.php\/wp-json\/wp\/v2\/media?parent=3744"}],"curies":[{"name":"wp","href":"https:\/\/api.w.org\/{rel}","templated":true}]}}