{"id":8339,"date":"2019-06-25T08:06:27","date_gmt":"2019-06-25T08:06:27","guid":{"rendered":"http:\/\/update.galerie-schmalfuss.de\/?page_id=8339"},"modified":"2020-04-17T16:54:27","modified_gmt":"2020-04-17T16:54:27","slug":"klaus-hack","status":"publish","type":"page","link":"https:\/\/www.galerie-schmalfuss.de\/index.php\/kuenstler\/klaus-hack\/","title":{"rendered":"KLAUS HACK"},"content":{"rendered":"\t\t<div data-elementor-type=\"wp-post\" data-elementor-id=\"8339\" class=\"elementor elementor-8339\" data-elementor-post-type=\"page\">\n\t\t\t\t\t\t<section class=\"elementor-section elementor-top-section elementor-element elementor-element-d42ab09 elementor-section-boxed elementor-section-height-default elementor-section-height-default\" data-id=\"d42ab09\" data-element_type=\"section\">\n\t\t\t\t\t\t<div class=\"elementor-container elementor-column-gap-default\">\n\t\t\t\t\t<div class=\"elementor-column elementor-col-100 elementor-top-column elementor-element elementor-element-bbeb879\" data-id=\"bbeb879\" data-element_type=\"column\">\n\t\t\t<div class=\"elementor-widget-wrap elementor-element-populated\">\n\t\t\t\t\t\t<div class=\"elementor-element elementor-element-e8d6fb0 elementor-tabs-view-horizontal elementor-widget elementor-widget-tabs\" data-id=\"e8d6fb0\" data-element_type=\"widget\" data-widget_type=\"tabs.default\">\n\t\t\t\t<div class=\"elementor-widget-container\">\n\t\t\t\t\t\t\t<div class=\"elementor-tabs\">\n\t\t\t<div class=\"elementor-tabs-wrapper\" role=\"tablist\" >\n\t\t\t\t\t\t\t\t\t<div id=\"elementor-tab-title-2441\" class=\"elementor-tab-title elementor-tab-desktop-title\" aria-selected=\"true\" data-tab=\"1\" role=\"tab\" tabindex=\"0\" aria-controls=\"elementor-tab-content-2441\" aria-expanded=\"false\">WERK<\/div>\n\t\t\t\t\t\t\t\t\t<div id=\"elementor-tab-title-2442\" class=\"elementor-tab-title elementor-tab-desktop-title\" aria-selected=\"false\" data-tab=\"2\" role=\"tab\" tabindex=\"-1\" aria-controls=\"elementor-tab-content-2442\" aria-expanded=\"false\">INFO<\/div>\n\t\t\t\t\t\t\t<\/div>\n\t\t\t<div class=\"elementor-tabs-content-wrapper\" role=\"tablist\" aria-orientation=\"vertical\">\n\t\t\t\t\t\t\t\t\t<div class=\"elementor-tab-title elementor-tab-mobile-title\" aria-selected=\"true\" data-tab=\"1\" role=\"tab\" tabindex=\"0\" aria-controls=\"elementor-tab-content-2441\" aria-expanded=\"false\">WERK<\/div>\n\t\t\t\t\t<div id=\"elementor-tab-content-2441\" class=\"elementor-tab-content elementor-clearfix\" data-tab=\"1\" role=\"tabpanel\" aria-labelledby=\"elementor-tab-title-2441\" tabindex=\"0\" hidden=\"false\"><div><\/div><\/div>\n\t\t\t\t\t\t\t\t\t<div class=\"elementor-tab-title elementor-tab-mobile-title\" aria-selected=\"false\" data-tab=\"2\" role=\"tab\" tabindex=\"-1\" aria-controls=\"elementor-tab-content-2442\" aria-expanded=\"false\">INFO<\/div>\n\t\t\t\t\t<div id=\"elementor-tab-content-2442\" class=\"elementor-tab-content elementor-clearfix\" data-tab=\"2\" role=\"tabpanel\" aria-labelledby=\"elementor-tab-title-2442\" tabindex=\"0\" hidden=\"hidden\"><table border=\"0\"><tbody><tr><td width=\"80\">\u00a0<\/td><td>Vita Klaus Hack<\/td><\/tr><tr><td>\u00a0<\/td><td>\u00a0<\/td><\/tr><tr><td>1966<\/td><td>geboren in Bayreuth<\/td><\/tr><tr><td>1989-1991<\/td><td>Akademie der Bildenden K\u00fcnste in N\u00fcrnberg<\/td><\/tr><tr><td>1991-1995<\/td><td>Hochschule der K\u00fcnste Berlin<\/td><\/tr><tr><td>1995<\/td><td>Abschluss als Meistersch\u00fcler<\/td><\/tr><tr><td>\u00a0<\/td><td>NaF\u00f6G-Stipendium des Senats von Berlin f\u00fcr Wissenschaft, Forschung und Kultur<\/td><\/tr><tr><td>1996<\/td><td>Stipendium f\u00fcr bildende Kunst der Kulturstiftung Offenburg<\/td><\/tr><tr><td>1997<\/td><td>Stipendium der Stiftung Kulturfonds<\/td><\/tr><tr><td>1998<\/td><td>Arbeitsstipendium K\u00fcnstlerhaus Ahrenshoop<\/td><\/tr><tr><td>\u00a0<\/td><td>Kunstpreis des Landes Brandenburg<\/td><\/tr><tr><td>1999<\/td><td>Kunstpreis der Stadt Limburg<\/td><\/tr><tr><td>2004-2005<\/td><td>Lehrauftrag f\u00fcr Bildhauerei an der Kunsthochschule Berlin-Wei\u00dfensee<\/td><\/tr><tr><td>2005<\/td><td>Lothar-Fischer-Preis f\u00fcr Bildhauerei<\/td><\/tr><tr><td>2010<\/td><td>Friedrich-Baur-Preis der Bayerischen Akademie der Sch\u00f6nen K\u00fcnste, M\u00fcnchen<\/td><\/tr><tr><td>\u00a0<\/td><td>\u00a0<\/td><\/tr><tr><td>\u00a0<\/td><td>Klaus Hack lebt und arbeitet in Seefeld\/ Brandenburg<\/td><\/tr><tr><td>\u00a0<\/td><td>\u00a0<\/td><\/tr><tr><td>\u00a0<\/td><td>Arbeiten in \u00f6ffentlichen Sammlungen:<\/td><\/tr><tr><td>\u00a0<\/td><td>\u00a0<\/td><\/tr><tr><td>\u00a0<\/td><td>Museum Beelden aan Zee, Scheveningen, Niederlande<\/td><\/tr><tr><td>\u00a0<\/td><td>Willy Brandt Haus, Berlin<\/td><\/tr><tr><td>\u00a0<\/td><td>St\u00e4dtisches Kunstmuseum Spendhaus, Reutlingen<\/td><\/tr><tr><td>\u00a0<\/td><td>Berlinische Galerie, Landesmuseum f\u00fcr Moderne Kunst, Berlin<\/td><\/tr><tr><td>\u00a0<\/td><td>Museum der Stadt F\u00fcssen<\/td><\/tr><tr><td>\u00a0<\/td><td>\u2028Kunsthalle Mannheim<\/td><\/tr><tr><td>\u00a0<\/td><td>Bayerische Staatsgem\u00e4ldesammlung<\/td><\/tr><tr><td>\u00a0<\/td><td>St\u00e4dtische Galerie Tuttlingen<\/td><\/tr><tr><td>\u00a0<\/td><td>St\u00e4dtische Kunstsammlungen Schweinfurt<\/td><\/tr><tr><td>\u00a0<\/td><td>Staatskanzlei Potsdam<\/td><\/tr><tr><td>\u00a0<\/td><td>Sammlung der IG Metall, Frankfurt\/Main<\/td><\/tr><tr><td>\u00a0<\/td><td>Museum Junge Kunst, Frankfurt\/Oder<\/td><\/tr><tr><td>\u00a0<\/td><td>Universit\u00e4t Enschede, Niederlande<\/td><\/tr><tr><td>\u00a0<\/td><td>Sammlung der Berliner Wasserbetriebe<\/td><\/tr><tr><td>\u00a0<\/td><td>Sammlung der Landesbank Berlin<\/td><\/tr><tr><td>\u00a0<\/td><td>Bundesministerium f\u00fcr Verteidigung, Bendlerblock, Berlin<\/td><\/tr><tr><td>\u00a0<\/td><td>St\u00e4dtische Galerie Offenburg<\/td><\/tr><tr><td>\u00a0<\/td><td>Museum Lothar Fischer, Neumarkt\/Oberpfalz<\/td><\/tr><tr><td>\u00a0<\/td><td>Sammlung EON Ruhrgas<\/td><\/tr><tr><td>\u00a0<\/td><td>Museum Kunstpalast, D\u00fcsseldorf<\/td><\/tr><tr><td>\u00a0<\/td><td>St\u00e4dtische Galerie im Cordonhaus, Cham<\/td><\/tr><tr><td>\u00a0<\/td><td>Kunstmuseum St. Annen, L\u00fcbeck<\/td><\/tr><tr><td>\u00a0<\/td><td>\u00a0<\/td><\/tr><tr><td>\u00a0<\/td><td>\u00a0<\/td><\/tr><\/tbody><\/table><\/div>\n\t\t\t\t\t\t\t<\/div>\n\t\t<\/div>\n\t\t\t\t\t\t<\/div>\n\t\t\t\t<\/div>\n\t\t\t\t\t<\/div>\n\t\t<\/div>\n\t\t\t\t\t<\/div>\n\t\t<\/section>\n\t\t\t\t<\/div>\n\t\t","protected":false},"excerpt":{"rendered":"<p>WERK INFO WERK<\/p>\n","protected":false},"author":6,"featured_media":0,"parent":8401,"menu_order":0,"comment_status":"closed","ping_status":"closed","template":"templates\/full-width.php","meta":{"footnotes":""},"class_list":["post-8339","page","type-page","status-publish","hentry","entry"],"_links":{"self":[{"href":"https:\/\/www.galerie-schmalfuss.de\/index.php\/wp-json\/wp\/v2\/pages\/8339","targetHints":{"allow":["GET"]}}],"collection":[{"href":"https:\/\/www.galerie-schmalfuss.de\/index.php\/wp-json\/wp\/v2\/pages"}],"about":[{"href":"https:\/\/www.galerie-schmalfuss.de\/index.php\/wp-json\/wp\/v2\/types\/page"}],"author":[{"embeddable":true,"href":"https:\/\/www.galerie-schmalfuss.de\/index.php\/wp-json\/wp\/v2\/users\/6"}],"replies":[{"embeddable":true,"href":"https:\/\/www.galerie-schmalfuss.de\/index.php\/wp-json\/wp\/v2\/comments?post=8339"}],"version-history":[{"count":0,"href":"https:\/\/www.galerie-schmalfuss.de\/index.php\/wp-json\/wp\/v2\/pages\/8339\/revisions"}],"up":[{"embeddable":true,"href":"https:\/\/www.galerie-schmalfuss.de\/index.php\/wp-json\/wp\/v2\/pages\/8401"}],"wp:attachment":[{"href":"https:\/\/www.galerie-schmalfuss.de\/index.php\/wp-json\/wp\/v2\/media?parent=8339"}],"curies":[{"name":"wp","href":"https:\/\/api.w.org\/{rel}","templated":true}]}}