{"id":8362,"date":"2019-06-08T19:36:06","date_gmt":"2019-06-08T19:36:06","guid":{"rendered":"http:\/\/update.galerie-schmalfuss.de\/?page_id=8362"},"modified":"2021-12-02T17:43:55","modified_gmt":"2021-12-02T17:43:55","slug":"elvira-bach","status":"publish","type":"page","link":"https:\/\/www.galerie-schmalfuss.de\/index.php\/kuenstler\/elvira-bach\/","title":{"rendered":"ELVIRA BACH"},"content":{"rendered":"\t\t<div data-elementor-type=\"wp-post\" data-elementor-id=\"8362\" class=\"elementor elementor-8362\" data-elementor-post-type=\"page\">\n\t\t\t\t\t\t<section class=\"elementor-section elementor-top-section elementor-element elementor-element-d42ab09 elementor-section-boxed elementor-section-height-default elementor-section-height-default\" data-id=\"d42ab09\" data-element_type=\"section\">\n\t\t\t\t\t\t<div class=\"elementor-container elementor-column-gap-default\">\n\t\t\t\t\t<div class=\"elementor-column elementor-col-100 elementor-top-column elementor-element elementor-element-bbeb879\" data-id=\"bbeb879\" data-element_type=\"column\">\n\t\t\t<div class=\"elementor-widget-wrap elementor-element-populated\">\n\t\t\t\t\t\t<div class=\"elementor-element elementor-element-e8d6fb0 elementor-tabs-view-horizontal elementor-widget elementor-widget-tabs\" data-id=\"e8d6fb0\" data-element_type=\"widget\" data-widget_type=\"tabs.default\">\n\t\t\t\t<div class=\"elementor-widget-container\">\n\t\t\t\t\t\t\t<div class=\"elementor-tabs\">\n\t\t\t<div class=\"elementor-tabs-wrapper\" role=\"tablist\" >\n\t\t\t\t\t\t\t\t\t<div id=\"elementor-tab-title-2441\" class=\"elementor-tab-title elementor-tab-desktop-title\" aria-selected=\"true\" data-tab=\"1\" role=\"tab\" tabindex=\"0\" aria-controls=\"elementor-tab-content-2441\" aria-expanded=\"false\">WERK<\/div>\n\t\t\t\t\t\t\t\t\t<div id=\"elementor-tab-title-2442\" class=\"elementor-tab-title elementor-tab-desktop-title\" aria-selected=\"false\" data-tab=\"2\" role=\"tab\" tabindex=\"-1\" aria-controls=\"elementor-tab-content-2442\" aria-expanded=\"false\">INFO<\/div>\n\t\t\t\t\t\t\t<\/div>\n\t\t\t<div class=\"elementor-tabs-content-wrapper\" role=\"tablist\" aria-orientation=\"vertical\">\n\t\t\t\t\t\t\t\t\t<div class=\"elementor-tab-title elementor-tab-mobile-title\" aria-selected=\"true\" data-tab=\"1\" role=\"tab\" tabindex=\"0\" aria-controls=\"elementor-tab-content-2441\" aria-expanded=\"false\">WERK<\/div>\n\t\t\t\t\t<div id=\"elementor-tab-content-2441\" class=\"elementor-tab-content elementor-clearfix\" data-tab=\"1\" role=\"tabpanel\" aria-labelledby=\"elementor-tab-title-2441\" tabindex=\"0\" hidden=\"false\"><div><div class=\"n2-section-smartslider fitvidsignore \" data-ssid=\"64\" tabindex=\"0\" role=\"region\" aria-label=\"Slider\"><div id=\"n2-ss-64-align\" class=\"n2-ss-align\"><div class=\"n2-padding\"><div id=\"n2-ss-64\" data-creator=\"Smart Slider 3\" data-responsive=\"auto\" class=\"n2-ss-slider n2-ow n2-has-hover n2notransition  \">\n\n\n\n\n\n\n\n\n\n\n\n\n\n\n\n\n\n\n\n\n\n\n\n<div class=\"n2-ss-slider-wrapper-outside\" style=\"grid-template-rows:1fr auto\"><div class=\"n2-ss-slider-wrapper-inside\">\n        <div class=\"n2-ss-slider-1 n2_ss__touch_element n2-ow\">\n            <div class=\"n2-ss-slider-2 n2-ow\">\n                                                <div class=\"n2-ss-slider-3 n2-ow\">\n\n                    <div class=\"n2-ss-slide-backgrounds n2-ow-all\"><div class=\"n2-ss-slide-background\" data-public-id=\"1\" data-mode=\"fit\"><div class=\"n2-ss-slide-background-image\" data-blur=\"0\" data-opacity=\"100\" data-x=\"50\" data-y=\"50\" data-alt=\"\" data-title=\"\"><picture class=\"skip-lazy\" data-skip-lazy=\"1\"><img decoding=\"async\" src=\"\/\/www.galerie-schmalfuss.de\/wp-content\/uploads\/2023\/10\/ELVIRA-BACH-Brutal-gut-2001-Grafik-81x60cm.jpg\" alt=\"\" title=\"\" loading=\"lazy\" class=\"skip-lazy\" data-skip-lazy=\"1\"><\/picture><\/div><div data-color=\"RGBA(255,255,255,0)\" style=\"background-color: RGBA(255,255,255,0);\" class=\"n2-ss-slide-background-color\"><\/div><\/div><div class=\"n2-ss-slide-background\" data-public-id=\"2\" data-mode=\"fit\" aria-hidden=\"true\"><div class=\"n2-ss-slide-background-image\" data-blur=\"0\" data-opacity=\"100\" data-x=\"50\" data-y=\"50\" data-alt=\"\" data-title=\"\"><picture class=\"skip-lazy\" data-skip-lazy=\"1\"><img decoding=\"async\" src=\"\/\/www.galerie-schmalfuss.de\/wp-content\/uploads\/2023\/10\/ELVIRA-BACH-I-Die-Hoffnung-nicht-verlieren-I-2023-I-Acryl-auf-Papier-I-40x30cm.jpg\" alt=\"\" title=\"\" loading=\"lazy\" class=\"skip-lazy\" data-skip-lazy=\"1\"><\/picture><\/div><div data-color=\"RGBA(255,255,255,0)\" style=\"background-color: RGBA(255,255,255,0);\" class=\"n2-ss-slide-background-color\"><\/div><\/div><div class=\"n2-ss-slide-background\" data-public-id=\"3\" data-mode=\"fit\" aria-hidden=\"true\"><div class=\"n2-ss-slide-background-image\" data-blur=\"0\" data-opacity=\"100\" data-x=\"50\" data-y=\"50\" data-alt=\"\" data-title=\"\"><picture class=\"skip-lazy\" data-skip-lazy=\"1\"><img decoding=\"async\" src=\"\/\/www.galerie-schmalfuss.de\/wp-content\/uploads\/2023\/10\/ELVIRA-BACH-I-Tuerkisblau-I-2022-I-Acryl-auf-Papier-I-140x100cm.jpg\" alt=\"\" title=\"\" loading=\"lazy\" class=\"skip-lazy\" data-skip-lazy=\"1\"><\/picture><\/div><div data-color=\"RGBA(255,255,255,0)\" style=\"background-color: RGBA(255,255,255,0);\" class=\"n2-ss-slide-background-color\"><\/div><\/div><div class=\"n2-ss-slide-background\" data-public-id=\"4\" data-mode=\"fit\" aria-hidden=\"true\"><div class=\"n2-ss-slide-background-image\" data-blur=\"0\" data-opacity=\"100\" data-x=\"50\" data-y=\"50\" data-alt=\"\" data-title=\"\"><picture class=\"skip-lazy\" data-skip-lazy=\"1\"><img decoding=\"async\" src=\"\/\/www.galerie-schmalfuss.de\/wp-content\/uploads\/2023\/10\/ELVIRA-BACH-Selbst-2006-Acryl-auf-LW-230x190cm.jpg\" alt=\"\" title=\"\" loading=\"lazy\" class=\"skip-lazy\" data-skip-lazy=\"1\"><\/picture><\/div><div data-color=\"RGBA(255,255,255,0)\" style=\"background-color: RGBA(255,255,255,0);\" class=\"n2-ss-slide-background-color\"><\/div><\/div><div class=\"n2-ss-slide-background\" data-public-id=\"5\" data-mode=\"fit\" aria-hidden=\"true\"><div class=\"n2-ss-slide-background-image\" data-blur=\"0\" data-opacity=\"100\" data-x=\"50\" data-y=\"50\" data-alt=\"\" data-title=\"\"><picture class=\"skip-lazy\" data-skip-lazy=\"1\"><img decoding=\"async\" src=\"\/\/www.galerie-schmalfuss.de\/wp-content\/uploads\/2023\/10\/ELVIRA-BACH-Spargelschaelerin-2012-Acryl-auf-LW-80x60cm.jpg\" alt=\"\" title=\"\" loading=\"lazy\" class=\"skip-lazy\" data-skip-lazy=\"1\"><\/picture><\/div><div data-color=\"RGBA(255,255,255,0)\" style=\"background-color: RGBA(255,255,255,0);\" class=\"n2-ss-slide-background-color\"><\/div><\/div><div class=\"n2-ss-slide-background\" data-public-id=\"6\" data-mode=\"fit\" aria-hidden=\"true\"><div class=\"n2-ss-slide-background-image\" data-blur=\"0\" data-opacity=\"100\" data-x=\"50\" data-y=\"50\" data-alt=\"\" data-title=\"\"><picture class=\"skip-lazy\" data-skip-lazy=\"1\"><img decoding=\"async\" src=\"\/\/www.galerie-schmalfuss.de\/wp-content\/uploads\/2023\/10\/ELVIRA-BACH-Stehende-2001-Acryl-auf-Papier-200x80cm.jpg\" alt=\"\" title=\"\" loading=\"lazy\" class=\"skip-lazy\" data-skip-lazy=\"1\"><\/picture><\/div><div data-color=\"RGBA(255,255,255,0)\" style=\"background-color: RGBA(255,255,255,0);\" class=\"n2-ss-slide-background-color\"><\/div><\/div><div class=\"n2-ss-slide-background\" data-public-id=\"7\" data-mode=\"fit\" aria-hidden=\"true\"><div class=\"n2-ss-slide-background-image\" data-blur=\"0\" data-opacity=\"100\" data-x=\"50\" data-y=\"50\" data-alt=\"\" data-title=\"\"><picture class=\"skip-lazy\" data-skip-lazy=\"1\"><img decoding=\"async\" src=\"\/\/www.galerie-schmalfuss.de\/wp-content\/uploads\/2023\/10\/ELVIRA-BACH-Tulpenstrauss-2008-Acryl-auf-Papier-140x100cm.jpg\" alt=\"\" title=\"\" loading=\"lazy\" class=\"skip-lazy\" data-skip-lazy=\"1\"><\/picture><\/div><div data-color=\"RGBA(255,255,255,0)\" style=\"background-color: RGBA(255,255,255,0);\" class=\"n2-ss-slide-background-color\"><\/div><\/div><div class=\"n2-ss-slide-background\" data-public-id=\"8\" data-mode=\"fit\" aria-hidden=\"true\"><div class=\"n2-ss-slide-background-image\" data-blur=\"0\" data-opacity=\"100\" data-x=\"50\" data-y=\"50\" data-alt=\"\" data-title=\"\"><picture class=\"skip-lazy\" data-skip-lazy=\"1\"><img decoding=\"async\" src=\"\/\/www.galerie-schmalfuss.de\/wp-content\/uploads\/2023\/10\/ELVIRA-BACH-Zertanzter-Schuh-2019-Acryl-auf-Papier-140x100cm.jpg\" alt=\"\" title=\"\" loading=\"lazy\" class=\"skip-lazy\" data-skip-lazy=\"1\"><\/picture><\/div><div data-color=\"RGBA(255,255,255,0)\" style=\"background-color: RGBA(255,255,255,0);\" class=\"n2-ss-slide-background-color\"><\/div><\/div><div class=\"n2-ss-slide-background\" data-public-id=\"9\" data-mode=\"fit\" aria-hidden=\"true\"><div class=\"n2-ss-slide-background-image\" data-blur=\"0\" data-opacity=\"100\" data-x=\"50\" data-y=\"50\" data-alt=\"\" data-title=\"\"><picture class=\"skip-lazy\" data-skip-lazy=\"1\"><img decoding=\"async\" src=\"\/\/www.galerie-schmalfuss.de\/wp-content\/uploads\/2023\/10\/ELVIRA-BACH-Zinnober-2023-Acryl-auf-LW-100x80cm.jpg\" alt=\"\" title=\"\" loading=\"lazy\" class=\"skip-lazy\" data-skip-lazy=\"1\"><\/picture><\/div><div data-color=\"RGBA(255,255,255,0)\" style=\"background-color: RGBA(255,255,255,0);\" class=\"n2-ss-slide-background-color\"><\/div><\/div><div class=\"n2-ss-slide-background\" data-public-id=\"10\" data-mode=\"fit\" aria-hidden=\"true\"><div class=\"n2-ss-slide-background-image\" data-blur=\"0\" data-opacity=\"100\" data-x=\"50\" data-y=\"50\" data-alt=\"\" data-title=\"\"><picture class=\"skip-lazy\" data-skip-lazy=\"1\"><img decoding=\"async\" src=\"\/\/www.galerie-schmalfuss.de\/wp-content\/uploads\/2023\/09\/ELVIRA-BACH_Gegenangriff-2023-Acryl-auf-Leinwand-100-x-80-cm-EUR-.jpeg\" alt=\"\" title=\"\" loading=\"lazy\" class=\"skip-lazy\" data-skip-lazy=\"1\"><\/picture><\/div><div data-color=\"RGBA(255,255,255,0)\" style=\"background-color: RGBA(255,255,255,0);\" class=\"n2-ss-slide-background-color\"><\/div><\/div><div class=\"n2-ss-slide-background\" data-public-id=\"11\" data-mode=\"fit\" aria-hidden=\"true\"><div class=\"n2-ss-slide-background-image\" data-blur=\"0\" data-opacity=\"100\" data-x=\"50\" data-y=\"50\" data-alt=\"\" data-title=\"\"><picture class=\"skip-lazy\" data-skip-lazy=\"1\"><img decoding=\"async\" src=\"\/\/www.galerie-schmalfuss.de\/wp-content\/uploads\/2022\/05\/elvira-bach-kreislauf-2004-acryl-auf-leinwand-120x100cm.jpg\" alt=\"\" title=\"\" loading=\"lazy\" class=\"skip-lazy\" data-skip-lazy=\"1\"><\/picture><\/div><div data-color=\"RGBA(255,255,255,0)\" style=\"background-color: RGBA(255,255,255,0);\" class=\"n2-ss-slide-background-color\"><\/div><\/div><div class=\"n2-ss-slide-background\" data-public-id=\"12\" data-mode=\"fit\" aria-hidden=\"true\"><div class=\"n2-ss-slide-background-image\" data-blur=\"0\" data-opacity=\"100\" data-x=\"50\" data-y=\"50\" data-alt=\"\" data-title=\"\"><picture class=\"skip-lazy\" data-skip-lazy=\"1\"><img decoding=\"async\" src=\"\/\/www.galerie-schmalfuss.de\/wp-content\/uploads\/2022\/05\/elvira-bach-kuechendiva-2022-acryl-auf-leinwand.jpg\" alt=\"\" title=\"\" loading=\"lazy\" class=\"skip-lazy\" data-skip-lazy=\"1\"><\/picture><\/div><div data-color=\"RGBA(255,255,255,0)\" style=\"background-color: RGBA(255,255,255,0);\" class=\"n2-ss-slide-background-color\"><\/div><\/div><div class=\"n2-ss-slide-background\" data-public-id=\"13\" data-mode=\"fit\" aria-hidden=\"true\"><div class=\"n2-ss-slide-background-image\" data-blur=\"0\" data-opacity=\"100\" data-x=\"50\" data-y=\"50\" data-alt=\"\" data-title=\"\"><picture class=\"skip-lazy\" data-skip-lazy=\"1\"><img decoding=\"async\" src=\"\/\/www.galerie-schmalfuss.de\/wp-content\/uploads\/2022\/05\/elvira-bach-la-noir-de-1990-acryl-auf-leinwand-230x190cm.jpg\" alt=\"\" title=\"\" loading=\"lazy\" class=\"skip-lazy\" data-skip-lazy=\"1\"><\/picture><\/div><div data-color=\"RGBA(255,255,255,0)\" style=\"background-color: RGBA(255,255,255,0);\" class=\"n2-ss-slide-background-color\"><\/div><\/div><div class=\"n2-ss-slide-background\" data-public-id=\"14\" data-mode=\"fit\" aria-hidden=\"true\"><div class=\"n2-ss-slide-background-image\" data-blur=\"0\" data-opacity=\"100\" data-x=\"50\" data-y=\"50\" data-alt=\"\" data-title=\"\"><picture class=\"skip-lazy\" data-skip-lazy=\"1\"><img decoding=\"async\" src=\"\/\/www.galerie-schmalfuss.de\/wp-content\/uploads\/2022\/05\/elvira-bach-ot-mit-schneegloeckchen-2018-acryl-auf-papier.jpg\" alt=\"\" title=\"\" loading=\"lazy\" class=\"skip-lazy\" data-skip-lazy=\"1\"><\/picture><\/div><div data-color=\"RGBA(255,255,255,0)\" style=\"background-color: RGBA(255,255,255,0);\" class=\"n2-ss-slide-background-color\"><\/div><\/div><div class=\"n2-ss-slide-background\" data-public-id=\"15\" data-mode=\"fit\" aria-hidden=\"true\"><div class=\"n2-ss-slide-background-image\" data-blur=\"0\" data-opacity=\"100\" data-x=\"50\" data-y=\"50\" data-alt=\"\" data-title=\"\"><picture class=\"skip-lazy\" data-skip-lazy=\"1\"><img decoding=\"async\" src=\"\/\/www.galerie-schmalfuss.de\/wp-content\/uploads\/2021\/12\/bach_ot_2016.jpg\" alt=\"\" title=\"\" loading=\"lazy\" class=\"skip-lazy\" data-skip-lazy=\"1\"><\/picture><\/div><div data-color=\"RGBA(255,255,255,0)\" style=\"background-color: RGBA(255,255,255,0);\" class=\"n2-ss-slide-background-color\"><\/div><\/div><div class=\"n2-ss-slide-background\" data-public-id=\"16\" data-mode=\"fit\" aria-hidden=\"true\"><div class=\"n2-ss-slide-background-image\" data-blur=\"0\" data-opacity=\"100\" data-x=\"50\" data-y=\"50\" data-alt=\"\" data-title=\"\"><picture class=\"skip-lazy\" data-skip-lazy=\"1\"><img decoding=\"async\" src=\"\/\/www.galerie-schmalfuss.de\/wp-content\/uploads\/2021\/12\/bach_otgruenehaende_1993_mischtechnik-papier_30x22cm.jpg\" alt=\"\" title=\"\" loading=\"lazy\" class=\"skip-lazy\" data-skip-lazy=\"1\"><\/picture><\/div><div data-color=\"RGBA(255,255,255,0)\" style=\"background-color: RGBA(255,255,255,0);\" class=\"n2-ss-slide-background-color\"><\/div><\/div><div class=\"n2-ss-slide-background\" data-public-id=\"17\" data-mode=\"fit\" aria-hidden=\"true\"><div class=\"n2-ss-slide-background-image\" data-blur=\"0\" data-opacity=\"100\" data-x=\"50\" data-y=\"50\" data-alt=\"\" data-title=\"\"><picture class=\"skip-lazy\" data-skip-lazy=\"1\"><img decoding=\"async\" src=\"\/\/www.galerie-schmalfuss.de\/wp-content\/uploads\/2021\/12\/bach_otblau-gepunktet_1993mischtechnik-papier_30x22cm.jpg\" alt=\"\" title=\"\" loading=\"lazy\" class=\"skip-lazy\" data-skip-lazy=\"1\"><\/picture><\/div><div data-color=\"RGBA(255,255,255,0)\" style=\"background-color: RGBA(255,255,255,0);\" class=\"n2-ss-slide-background-color\"><\/div><\/div><div class=\"n2-ss-slide-background\" data-public-id=\"18\" data-mode=\"fit\" aria-hidden=\"true\"><div class=\"n2-ss-slide-background-image\" data-blur=\"0\" data-opacity=\"100\" data-x=\"50\" data-y=\"50\" data-alt=\"\" data-title=\"\"><picture class=\"skip-lazy\" data-skip-lazy=\"1\"><img decoding=\"async\" src=\"\/\/www.galerie-schmalfuss.de\/wp-content\/uploads\/2021\/12\/bach_e_otfrau-sein_acrylpapier_2016.jpg\" alt=\"\" title=\"\" loading=\"lazy\" class=\"skip-lazy\" data-skip-lazy=\"1\"><\/picture><\/div><div data-color=\"RGBA(255,255,255,0)\" style=\"background-color: RGBA(255,255,255,0);\" class=\"n2-ss-slide-background-color\"><\/div><\/div><div class=\"n2-ss-slide-background\" data-public-id=\"19\" data-mode=\"fit\" aria-hidden=\"true\"><div class=\"n2-ss-slide-background-image\" data-blur=\"0\" data-opacity=\"100\" data-x=\"50\" data-y=\"50\" data-alt=\"\" data-title=\"\"><picture class=\"skip-lazy\" data-skip-lazy=\"1\"><img decoding=\"async\" src=\"\/\/www.galerie-schmalfuss.de\/wp-content\/uploads\/2021\/08\/bach_elvira_schoenstegedanken_80x60cm_acryllw_2018.jpg\" alt=\"\" title=\"\" loading=\"lazy\" class=\"skip-lazy\" data-skip-lazy=\"1\"><\/picture><\/div><div data-color=\"RGBA(255,255,255,0)\" style=\"background-color: RGBA(255,255,255,0);\" class=\"n2-ss-slide-background-color\"><\/div><\/div><div class=\"n2-ss-slide-background\" data-public-id=\"20\" data-mode=\"fit\" aria-hidden=\"true\"><div class=\"n2-ss-slide-background-image\" data-blur=\"0\" data-opacity=\"100\" data-x=\"50\" data-y=\"50\" data-alt=\"\" data-title=\"\"><picture class=\"skip-lazy\" data-skip-lazy=\"1\"><img decoding=\"async\" src=\"\/\/www.galerie-schmalfuss.de\/wp-content\/uploads\/2021\/06\/ELVIRA-BACH_Gaertnerin-aus-Liebe_2017_Acryl-auf-Lw_230x100cm.jpg\" alt=\"\" title=\"\" loading=\"lazy\" class=\"skip-lazy\" data-skip-lazy=\"1\"><\/picture><\/div><div data-color=\"RGBA(255,255,255,0)\" style=\"background-color: RGBA(255,255,255,0);\" class=\"n2-ss-slide-background-color\"><\/div><\/div><div class=\"n2-ss-slide-background\" data-public-id=\"21\" data-mode=\"fit\" aria-hidden=\"true\"><div class=\"n2-ss-slide-background-image\" data-blur=\"0\" data-opacity=\"100\" data-x=\"50\" data-y=\"50\" data-alt=\"\" data-title=\"\"><picture class=\"skip-lazy\" data-skip-lazy=\"1\"><img decoding=\"async\" src=\"\/\/www.galerie-schmalfuss.de\/wp-content\/uploads\/2021\/06\/BACH_E_Heimweh_165x130cm_MichtechnikLW_2018.jpg\" alt=\"\" title=\"\" loading=\"lazy\" class=\"skip-lazy\" data-skip-lazy=\"1\"><\/picture><\/div><div data-color=\"RGBA(255,255,255,0)\" style=\"background-color: RGBA(255,255,255,0);\" class=\"n2-ss-slide-background-color\"><\/div><\/div><div class=\"n2-ss-slide-background\" data-public-id=\"22\" data-mode=\"fit\" aria-hidden=\"true\"><div class=\"n2-ss-slide-background-image\" data-blur=\"0\" data-opacity=\"100\" data-x=\"50\" data-y=\"50\" data-alt=\"\" data-title=\"\"><picture class=\"skip-lazy\" data-skip-lazy=\"1\"><img decoding=\"async\" src=\"\/\/www.galerie-schmalfuss.de\/wp-content\/uploads\/2021\/06\/ELVIRA-BACH_Zwillinge-zur-Zeit-der-Erdbeerernte-geboren_1992_Acryl-auf-Lw.jpg\" alt=\"\" title=\"\" loading=\"lazy\" class=\"skip-lazy\" data-skip-lazy=\"1\"><\/picture><\/div><div data-color=\"RGBA(255,255,255,0)\" style=\"background-color: RGBA(255,255,255,0);\" class=\"n2-ss-slide-background-color\"><\/div><\/div><div class=\"n2-ss-slide-background\" data-public-id=\"23\" data-mode=\"fit\" aria-hidden=\"true\"><div class=\"n2-ss-slide-background-image\" data-blur=\"0\" data-opacity=\"100\" data-x=\"50\" data-y=\"50\" data-alt=\"\" data-title=\"\"><picture class=\"skip-lazy\" data-skip-lazy=\"1\"><img decoding=\"async\" src=\"\/\/www.galerie-schmalfuss.de\/wp-content\/uploads\/2020\/04\/Elvira-Bach-fuer-Michael-Schmalfuss-5-Kopie.jpg\" alt=\"\" title=\"\" loading=\"lazy\" class=\"skip-lazy\" data-skip-lazy=\"1\"><\/picture><\/div><div data-color=\"RGBA(255,255,255,0)\" style=\"background-color: RGBA(255,255,255,0);\" class=\"n2-ss-slide-background-color\"><\/div><\/div><div class=\"n2-ss-slide-background\" data-public-id=\"24\" data-mode=\"fit\" aria-hidden=\"true\"><div class=\"n2-ss-slide-background-image\" data-blur=\"0\" data-opacity=\"100\" data-x=\"50\" data-y=\"50\" data-alt=\"\" data-title=\"\"><picture class=\"skip-lazy\" data-skip-lazy=\"1\"><img decoding=\"async\" src=\"\/\/www.galerie-schmalfuss.de\/wp-content\/uploads\/2020\/04\/Elvira-Bach_Oh-er-hat-einen-roten-Korken-\u00d6lLw_230x190cm_2015-Kopie.jpg\" alt=\"\" title=\"\" loading=\"lazy\" class=\"skip-lazy\" data-skip-lazy=\"1\"><\/picture><\/div><div data-color=\"RGBA(255,255,255,0)\" style=\"background-color: RGBA(255,255,255,0);\" class=\"n2-ss-slide-background-color\"><\/div><\/div><div class=\"n2-ss-slide-background\" data-public-id=\"25\" data-mode=\"fit\" aria-hidden=\"true\"><div class=\"n2-ss-slide-background-image\" data-blur=\"0\" data-opacity=\"100\" data-x=\"50\" data-y=\"50\" data-alt=\"\" data-title=\"\"><picture class=\"skip-lazy\" data-skip-lazy=\"1\"><img decoding=\"async\" src=\"\/\/www.galerie-schmalfuss.de\/wp-content\/uploads\/2020\/04\/Elvira-Bach_Der-Beginn-eines-unbekannten-Abenteuers_2020_190x260cm_\u00d6lLw-Kopie.jpg\" alt=\"\" title=\"\" loading=\"lazy\" class=\"skip-lazy\" data-skip-lazy=\"1\"><\/picture><\/div><div data-color=\"RGBA(255,255,255,0)\" style=\"background-color: RGBA(255,255,255,0);\" class=\"n2-ss-slide-background-color\"><\/div><\/div><div class=\"n2-ss-slide-background\" data-public-id=\"26\" data-mode=\"fit\" aria-hidden=\"true\"><div class=\"n2-ss-slide-background-image\" data-blur=\"0\" data-opacity=\"100\" data-x=\"50\" data-y=\"50\" data-alt=\"\" data-title=\"\"><picture class=\"skip-lazy\" data-skip-lazy=\"1\"><img decoding=\"async\" src=\"\/\/www.galerie-schmalfuss.de\/wp-content\/uploads\/2020\/04\/Elvira-Bach_Gedankenvoll_AcrylLw_100x70cm.jpg\" alt=\"\" title=\"\" loading=\"lazy\" class=\"skip-lazy\" data-skip-lazy=\"1\"><\/picture><\/div><div data-color=\"RGBA(255,255,255,0)\" style=\"background-color: RGBA(255,255,255,0);\" class=\"n2-ss-slide-background-color\"><\/div><\/div><div class=\"n2-ss-slide-background\" data-public-id=\"27\" data-mode=\"fit\" aria-hidden=\"true\"><div class=\"n2-ss-slide-background-image\" data-blur=\"0\" data-opacity=\"100\" data-x=\"50\" data-y=\"50\" data-alt=\"\" data-title=\"\"><picture class=\"skip-lazy\" data-skip-lazy=\"1\"><img decoding=\"async\" src=\"\/\/www.galerie-schmalfuss.de\/wp-content\/uploads\/2020\/04\/Elvira-Bach_Von-oben-betrachtet_80x60cm_\u00d6lLw_2009-Kopie.jpg\" alt=\"\" title=\"\" loading=\"lazy\" class=\"skip-lazy\" data-skip-lazy=\"1\"><\/picture><\/div><div data-color=\"RGBA(255,255,255,0)\" style=\"background-color: RGBA(255,255,255,0);\" class=\"n2-ss-slide-background-color\"><\/div><\/div><div class=\"n2-ss-slide-background\" data-public-id=\"28\" data-mode=\"fit\" aria-hidden=\"true\"><div class=\"n2-ss-slide-background-image\" data-blur=\"0\" data-opacity=\"100\" data-x=\"50\" data-y=\"50\" data-alt=\"\" data-title=\"\"><picture class=\"skip-lazy\" data-skip-lazy=\"1\"><img decoding=\"async\" src=\"\/\/www.galerie-schmalfuss.de\/wp-content\/uploads\/2014\/01\/Sch\u00f6ne-im-April.jpg\" alt=\"\" title=\"\" loading=\"lazy\" class=\"skip-lazy\" data-skip-lazy=\"1\"><\/picture><\/div><div data-color=\"RGBA(255,255,255,0)\" style=\"background-color: RGBA(255,255,255,0);\" class=\"n2-ss-slide-background-color\"><\/div><\/div><div class=\"n2-ss-slide-background\" data-public-id=\"29\" data-mode=\"fit\" aria-hidden=\"true\"><div class=\"n2-ss-slide-background-image\" data-blur=\"0\" data-opacity=\"100\" data-x=\"50\" data-y=\"50\" data-alt=\"\" data-title=\"\"><picture class=\"skip-lazy\" data-skip-lazy=\"1\"><img decoding=\"async\" src=\"\/\/www.galerie-schmalfuss.de\/wp-content\/uploads\/2020\/04\/Bach-Konsumnachfrage-3-Kopie.jpg\" alt=\"\" title=\"\" loading=\"lazy\" class=\"skip-lazy\" data-skip-lazy=\"1\"><\/picture><\/div><div data-color=\"RGBA(255,255,255,0)\" style=\"background-color: RGBA(255,255,255,0);\" class=\"n2-ss-slide-background-color\"><\/div><\/div><div class=\"n2-ss-slide-background\" data-public-id=\"30\" data-mode=\"fit\" aria-hidden=\"true\"><div class=\"n2-ss-slide-background-image\" data-blur=\"0\" data-opacity=\"100\" data-x=\"50\" data-y=\"50\" data-alt=\"\" data-title=\"\"><picture class=\"skip-lazy\" data-skip-lazy=\"1\"><img decoding=\"async\" src=\"\/\/www.galerie-schmalfuss.de\/wp-content\/uploads\/2020\/04\/Bach-Konjunktur-Kopie.jpg\" alt=\"\" title=\"\" loading=\"lazy\" class=\"skip-lazy\" data-skip-lazy=\"1\"><\/picture><\/div><div data-color=\"RGBA(255,255,255,0)\" style=\"background-color: RGBA(255,255,255,0);\" class=\"n2-ss-slide-background-color\"><\/div><\/div><div class=\"n2-ss-slide-background\" data-public-id=\"31\" data-mode=\"fit\" aria-hidden=\"true\"><div class=\"n2-ss-slide-background-image\" data-blur=\"0\" data-opacity=\"100\" data-x=\"50\" data-y=\"50\" data-alt=\"\" data-title=\"\"><picture class=\"skip-lazy\" data-skip-lazy=\"1\"><img decoding=\"async\" src=\"\/\/www.galerie-schmalfuss.de\/wp-content\/uploads\/2013\/11\/Keramikskulptur-1.jpg\" alt=\"\" title=\"\" loading=\"lazy\" class=\"skip-lazy\" data-skip-lazy=\"1\"><\/picture><\/div><div data-color=\"RGBA(255,255,255,0)\" style=\"background-color: RGBA(255,255,255,0);\" class=\"n2-ss-slide-background-color\"><\/div><\/div><div class=\"n2-ss-slide-background\" data-public-id=\"32\" data-mode=\"fit\" aria-hidden=\"true\"><div class=\"n2-ss-slide-background-image\" data-blur=\"0\" data-opacity=\"100\" data-x=\"50\" data-y=\"50\" data-alt=\"\" data-title=\"\"><picture class=\"skip-lazy\" data-skip-lazy=\"1\"><img decoding=\"async\" src=\"\/\/www.galerie-schmalfuss.de\/wp-content\/uploads\/2014\/01\/Ingrid-s\u00e4t-gr\u00fcne-Sosse.jpg\" alt=\"\" title=\"\" loading=\"lazy\" class=\"skip-lazy\" data-skip-lazy=\"1\"><\/picture><\/div><div data-color=\"RGBA(255,255,255,0)\" style=\"background-color: RGBA(255,255,255,0);\" class=\"n2-ss-slide-background-color\"><\/div><\/div><div class=\"n2-ss-slide-background\" data-public-id=\"33\" data-mode=\"fit\" aria-hidden=\"true\"><div class=\"n2-ss-slide-background-image\" data-blur=\"0\" data-opacity=\"100\" data-x=\"50\" data-y=\"50\" data-alt=\"\" data-title=\"\"><picture class=\"skip-lazy\" data-skip-lazy=\"1\"><img decoding=\"async\" src=\"\/\/www.galerie-schmalfuss.de\/wp-content\/uploads\/2014\/01\/Neuenhainer-Erdbeere.jpg\" alt=\"\" title=\"\" loading=\"lazy\" class=\"skip-lazy\" data-skip-lazy=\"1\"><\/picture><\/div><div data-color=\"RGBA(255,255,255,0)\" style=\"background-color: RGBA(255,255,255,0);\" class=\"n2-ss-slide-background-color\"><\/div><\/div><div class=\"n2-ss-slide-background\" data-public-id=\"34\" data-mode=\"fit\" aria-hidden=\"true\"><div class=\"n2-ss-slide-background-image\" data-blur=\"0\" data-opacity=\"100\" data-x=\"50\" data-y=\"50\" data-alt=\"\" data-title=\"\"><picture class=\"skip-lazy\" data-skip-lazy=\"1\"><img decoding=\"async\" src=\"\/\/www.galerie-schmalfuss.de\/wp-content\/uploads\/2014\/01\/Rote-Glasskulptur.jpg\" alt=\"\" title=\"\" loading=\"lazy\" class=\"skip-lazy\" data-skip-lazy=\"1\"><\/picture><\/div><div data-color=\"RGBA(255,255,255,0)\" style=\"background-color: RGBA(255,255,255,0);\" class=\"n2-ss-slide-background-color\"><\/div><\/div><div class=\"n2-ss-slide-background\" data-public-id=\"35\" data-mode=\"fit\" aria-hidden=\"true\"><div class=\"n2-ss-slide-background-image\" data-blur=\"0\" data-opacity=\"100\" data-x=\"50\" data-y=\"50\" data-alt=\"\" data-title=\"\"><picture class=\"skip-lazy\" data-skip-lazy=\"1\"><img decoding=\"async\" src=\"\/\/www.galerie-schmalfuss.de\/wp-content\/uploads\/2014\/01\/Kriegerin.jpg\" alt=\"\" title=\"\" loading=\"lazy\" class=\"skip-lazy\" data-skip-lazy=\"1\"><\/picture><\/div><div data-color=\"RGBA(255,255,255,0)\" style=\"background-color: RGBA(255,255,255,0);\" class=\"n2-ss-slide-background-color\"><\/div><\/div><div class=\"n2-ss-slide-background\" data-public-id=\"36\" data-mode=\"fit\" aria-hidden=\"true\"><div class=\"n2-ss-slide-background-image\" data-blur=\"0\" data-opacity=\"100\" data-x=\"50\" data-y=\"50\" data-alt=\"\" data-title=\"\"><picture class=\"skip-lazy\" data-skip-lazy=\"1\"><img decoding=\"async\" src=\"\/\/www.galerie-schmalfuss.de\/wp-content\/uploads\/2014\/01\/Erleuchtet.jpg\" alt=\"\" title=\"\" loading=\"lazy\" class=\"skip-lazy\" data-skip-lazy=\"1\"><\/picture><\/div><div data-color=\"RGBA(255,255,255,0)\" style=\"background-color: RGBA(255,255,255,0);\" class=\"n2-ss-slide-background-color\"><\/div><\/div><div class=\"n2-ss-slide-background\" data-public-id=\"37\" data-mode=\"fit\" aria-hidden=\"true\"><div class=\"n2-ss-slide-background-image\" data-blur=\"0\" data-opacity=\"100\" data-x=\"50\" data-y=\"50\" data-alt=\"\" data-title=\"\"><picture class=\"skip-lazy\" data-skip-lazy=\"1\"><img decoding=\"async\" src=\"\/\/www.galerie-schmalfuss.de\/wp-content\/uploads\/2014\/01\/Bronzeskulptur.jpg\" alt=\"\" title=\"\" loading=\"lazy\" class=\"skip-lazy\" data-skip-lazy=\"1\"><\/picture><\/div><div data-color=\"RGBA(255,255,255,0)\" style=\"background-color: RGBA(255,255,255,0);\" class=\"n2-ss-slide-background-color\"><\/div><\/div><div class=\"n2-ss-slide-background\" data-public-id=\"38\" data-mode=\"fit\" aria-hidden=\"true\"><div class=\"n2-ss-slide-background-image\" data-blur=\"0\" data-opacity=\"100\" data-x=\"50\" data-y=\"50\" data-alt=\"\" data-title=\"\"><picture class=\"skip-lazy\" data-skip-lazy=\"1\"><img decoding=\"async\" src=\"\/\/www.galerie-schmalfuss.de\/wp-content\/uploads\/2014\/01\/Goldig.jpg\" alt=\"\" title=\"\" loading=\"lazy\" class=\"skip-lazy\" data-skip-lazy=\"1\"><\/picture><\/div><div data-color=\"RGBA(255,255,255,0)\" style=\"background-color: RGBA(255,255,255,0);\" class=\"n2-ss-slide-background-color\"><\/div><\/div><div class=\"n2-ss-slide-background\" data-public-id=\"39\" data-mode=\"fit\" aria-hidden=\"true\"><div class=\"n2-ss-slide-background-image\" data-blur=\"0\" data-opacity=\"100\" data-x=\"50\" data-y=\"50\" data-alt=\"\" data-title=\"\"><picture class=\"skip-lazy\" data-skip-lazy=\"1\"><img decoding=\"async\" src=\"\/\/www.galerie-schmalfuss.de\/wp-content\/uploads\/2014\/01\/Gelbe-Glasskulptur.jpg\" alt=\"\" title=\"\" loading=\"lazy\" class=\"skip-lazy\" data-skip-lazy=\"1\"><\/picture><\/div><div data-color=\"RGBA(255,255,255,0)\" style=\"background-color: RGBA(255,255,255,0);\" class=\"n2-ss-slide-background-color\"><\/div><\/div><div class=\"n2-ss-slide-background\" data-public-id=\"40\" data-mode=\"fit\" aria-hidden=\"true\"><div class=\"n2-ss-slide-background-image\" data-blur=\"0\" data-opacity=\"100\" data-x=\"50\" data-y=\"50\" data-alt=\"\" data-title=\"\"><picture class=\"skip-lazy\" data-skip-lazy=\"1\"><img decoding=\"async\" src=\"\/\/www.galerie-schmalfuss.de\/wp-content\/uploads\/2014\/01\/Bin-ich-sch\u00f6n.jpg\" alt=\"\" title=\"\" loading=\"lazy\" class=\"skip-lazy\" data-skip-lazy=\"1\"><\/picture><\/div><div data-color=\"RGBA(255,255,255,0)\" style=\"background-color: RGBA(255,255,255,0);\" class=\"n2-ss-slide-background-color\"><\/div><\/div><div class=\"n2-ss-slide-background\" data-public-id=\"41\" data-mode=\"fit\" aria-hidden=\"true\"><div class=\"n2-ss-slide-background-image\" data-blur=\"0\" data-opacity=\"100\" data-x=\"50\" data-y=\"50\" data-alt=\"\" data-title=\"\"><picture class=\"skip-lazy\" data-skip-lazy=\"1\"><img decoding=\"async\" src=\"\/\/www.galerie-schmalfuss.de\/wp-content\/uploads\/2018\/03\/Aniko_2008.jpg\" alt=\"\" title=\"\" loading=\"lazy\" class=\"skip-lazy\" data-skip-lazy=\"1\"><\/picture><\/div><div data-color=\"RGBA(255,255,255,0)\" style=\"background-color: RGBA(255,255,255,0);\" class=\"n2-ss-slide-background-color\"><\/div><\/div><\/div>                    <div class=\"n2-ss-slider-4 n2-ow\">\n                        <svg xmlns=\"http:\/\/www.w3.org\/2000\/svg\" viewBox=\"0 0 1200 800\" data-related-device=\"desktopPortrait\" class=\"n2-ow n2-ss-preserve-size n2-ss-preserve-size--slider n2-ss-slide-limiter\"><\/svg><div data-first=\"1\" data-slide-duration=\"0\" data-id=\"1652\" data-slide-public-id=\"1\" data-title=\"ELVIRA BACH Brutal gut-2001-Grafik-81x60cm\" class=\"n2-ss-slide n2-ow  n2-ss-slide-1652\"><div role=\"note\" class=\"n2-ss-slide--focus\" tabindex=\"-1\">ELVIRA BACH Brutal gut-2001-Grafik-81x60cm<\/div><div class=\"n2-ss-layers-container n2-ss-slide-limiter n2-ow\"><div class=\"n2-ss-layer n2-ow n-uc-EorLwmLuqhHL\" data-sstype=\"slide\" data-pm=\"default\"><\/div><\/div><\/div><div data-slide-duration=\"0\" data-id=\"1653\" data-slide-public-id=\"2\" aria-hidden=\"true\" data-title=\"ELVIRA BACH I Die Hoffnung nicht verlieren I 2023 I Acryl auf Papier I 40x30cm\" class=\"n2-ss-slide n2-ow  n2-ss-slide-1653\"><div role=\"note\" class=\"n2-ss-slide--focus\" tabindex=\"-1\">ELVIRA BACH I Die Hoffnung nicht verlieren I 2023 I Acryl auf Papier I 40x30cm<\/div><div class=\"n2-ss-layers-container n2-ss-slide-limiter n2-ow\"><div class=\"n2-ss-layer n2-ow n-uc-9qvCLG3lIrLI\" data-sstype=\"slide\" data-pm=\"default\"><\/div><\/div><\/div><div data-slide-duration=\"0\" data-id=\"1654\" data-slide-public-id=\"3\" aria-hidden=\"true\" data-title=\"ELVIRA BACH I T\u00fcrkisblau I 2022 I Acryl auf Papier I 140x100cm\" class=\"n2-ss-slide n2-ow  n2-ss-slide-1654\"><div role=\"note\" class=\"n2-ss-slide--focus\" tabindex=\"-1\">ELVIRA BACH I T\u00fcrkisblau I 2022 I Acryl auf Papier I 140x100cm<\/div><div class=\"n2-ss-layers-container n2-ss-slide-limiter n2-ow\"><div class=\"n2-ss-layer n2-ow n-uc-lRnUtkIswfDA\" data-sstype=\"slide\" data-pm=\"default\"><\/div><\/div><\/div><div data-slide-duration=\"0\" data-id=\"1655\" data-slide-public-id=\"4\" aria-hidden=\"true\" data-title=\"ELVIRA BACH Selbst-2006-Acryl auf LW-230x190cm\" class=\"n2-ss-slide n2-ow  n2-ss-slide-1655\"><div role=\"note\" class=\"n2-ss-slide--focus\" tabindex=\"-1\">ELVIRA BACH Selbst-2006-Acryl auf LW-230x190cm<\/div><div class=\"n2-ss-layers-container n2-ss-slide-limiter n2-ow\"><div class=\"n2-ss-layer n2-ow n-uc-1BgdmXlY6rPc\" data-sstype=\"slide\" data-pm=\"default\"><\/div><\/div><\/div><div data-slide-duration=\"0\" data-id=\"1656\" data-slide-public-id=\"5\" aria-hidden=\"true\" data-title=\"ELVIRA BACH Spargelsch\u00e4lerin-2012-Acryl auf LW-80x60cm\" class=\"n2-ss-slide n2-ow  n2-ss-slide-1656\"><div role=\"note\" class=\"n2-ss-slide--focus\" tabindex=\"-1\">ELVIRA BACH Spargelsch\u00e4lerin-2012-Acryl auf LW-80x60cm<\/div><div class=\"n2-ss-layers-container n2-ss-slide-limiter n2-ow\"><div class=\"n2-ss-layer n2-ow n-uc-NqaBWZcl6lj6\" data-sstype=\"slide\" data-pm=\"default\"><\/div><\/div><\/div><div data-slide-duration=\"0\" data-id=\"1657\" data-slide-public-id=\"6\" aria-hidden=\"true\" data-title=\"ELVIRA BACH Stehende-2001-Acryl auf Papier-200x80cm\" class=\"n2-ss-slide n2-ow  n2-ss-slide-1657\"><div role=\"note\" class=\"n2-ss-slide--focus\" tabindex=\"-1\">ELVIRA BACH Stehende-2001-Acryl auf Papier-200x80cm<\/div><div class=\"n2-ss-layers-container n2-ss-slide-limiter n2-ow\"><div class=\"n2-ss-layer n2-ow n-uc-as2lMdpyyhYJ\" data-sstype=\"slide\" data-pm=\"default\"><\/div><\/div><\/div><div data-slide-duration=\"0\" data-id=\"1658\" data-slide-public-id=\"7\" aria-hidden=\"true\" data-title=\"ELVIRA BACH Tulpenstrau\u00df-2008-Acryl auf Papier-140x100cm\" class=\"n2-ss-slide n2-ow  n2-ss-slide-1658\"><div role=\"note\" class=\"n2-ss-slide--focus\" tabindex=\"-1\">ELVIRA BACH Tulpenstrau\u00df-2008-Acryl auf Papier-140x100cm<\/div><div class=\"n2-ss-layers-container n2-ss-slide-limiter n2-ow\"><div class=\"n2-ss-layer n2-ow n-uc-SAO5Plybyf3G\" data-sstype=\"slide\" data-pm=\"default\"><\/div><\/div><\/div><div data-slide-duration=\"0\" data-id=\"1659\" data-slide-public-id=\"8\" aria-hidden=\"true\" data-title=\"ELVIRA BACH Zertanzter Schuh-2019-Acryl auf Papier-140x100cm\" class=\"n2-ss-slide n2-ow  n2-ss-slide-1659\"><div role=\"note\" class=\"n2-ss-slide--focus\" tabindex=\"-1\">ELVIRA BACH Zertanzter Schuh-2019-Acryl auf Papier-140x100cm<\/div><div class=\"n2-ss-layers-container n2-ss-slide-limiter n2-ow\"><div class=\"n2-ss-layer n2-ow n-uc-UeDjv02YqfYv\" data-sstype=\"slide\" data-pm=\"default\"><\/div><\/div><\/div><div data-slide-duration=\"0\" data-id=\"1660\" data-slide-public-id=\"9\" aria-hidden=\"true\" data-title=\"ELVIRA BACH Zinnober-2023-Acryl auf LW-100x80cm\" class=\"n2-ss-slide n2-ow  n2-ss-slide-1660\"><div role=\"note\" class=\"n2-ss-slide--focus\" tabindex=\"-1\">ELVIRA BACH Zinnober-2023-Acryl auf LW-100x80cm<\/div><div class=\"n2-ss-layers-container n2-ss-slide-limiter n2-ow\"><div class=\"n2-ss-layer n2-ow n-uc-giKcmVca1pSe\" data-sstype=\"slide\" data-pm=\"default\"><\/div><\/div><\/div><div data-slide-duration=\"0\" data-id=\"1661\" data-slide-public-id=\"10\" aria-hidden=\"true\" data-title=\"ELVIRA BACH\" data-description=\"Gegenangriff ,2023, Acryl auf Leinwand, 100 x 80 cm, EUR\" class=\"n2-ss-slide n2-ow  n2-ss-slide-1661\"><div role=\"note\" class=\"n2-ss-slide--focus\" tabindex=\"-1\">ELVIRA BACH<\/div><div class=\"n2-ss-layers-container n2-ss-slide-limiter n2-ow\"><div class=\"n2-ss-layer n2-ow n-uc-Y0khDcBKmhNj\" data-sstype=\"slide\" data-pm=\"default\"><\/div><\/div><\/div><div data-slide-duration=\"0\" data-id=\"1317\" data-slide-public-id=\"11\" aria-hidden=\"true\" data-title=\"ELVIRA BACH - Kreislauf, 2004, Acryl auf Leinwand, 120x100cm\" class=\"n2-ss-slide n2-ow  n2-ss-slide-1317\"><div role=\"note\" class=\"n2-ss-slide--focus\" tabindex=\"-1\">ELVIRA BACH &#8211; Kreislauf, 2004, Acryl auf Leinwand, 120x100cm<\/div><div class=\"n2-ss-layers-container n2-ss-slide-limiter n2-ow\"><div class=\"n2-ss-layer n2-ow n-uc-8ZMFERtDrAyR\" data-sstype=\"slide\" data-pm=\"default\"><\/div><\/div><\/div><div data-slide-duration=\"0\" data-id=\"1316\" data-slide-public-id=\"12\" aria-hidden=\"true\" data-title=\"ELVIRA BACH - K\u00fcchendiva, 2022, Acryl auf Leinwand\" class=\"n2-ss-slide n2-ow  n2-ss-slide-1316\"><div role=\"note\" class=\"n2-ss-slide--focus\" tabindex=\"-1\">ELVIRA BACH &#8211; K\u00fcchendiva, 2022, Acryl auf Leinwand<\/div><div class=\"n2-ss-layers-container n2-ss-slide-limiter n2-ow\"><div class=\"n2-ss-layer n2-ow n-uc-sEu5pBwXwUFm\" data-sstype=\"slide\" data-pm=\"default\"><\/div><\/div><\/div><div data-slide-duration=\"0\" data-id=\"1315\" data-slide-public-id=\"13\" aria-hidden=\"true\" data-title=\"ELVIRA BACH - La Noir D\u00e9, 1990, Acryl auf Leinwand, 230x190cm\" class=\"n2-ss-slide n2-ow  n2-ss-slide-1315\"><div role=\"note\" class=\"n2-ss-slide--focus\" tabindex=\"-1\">ELVIRA BACH &#8211; La Noir D\u00e9, 1990, Acryl auf Leinwand, 230x190cm<\/div><div class=\"n2-ss-layers-container n2-ss-slide-limiter n2-ow\"><div class=\"n2-ss-layer n2-ow n-uc-uQj5p2Jfv9bn\" data-sstype=\"slide\" data-pm=\"default\"><\/div><\/div><\/div><div data-slide-duration=\"0\" data-id=\"1314\" data-slide-public-id=\"14\" aria-hidden=\"true\" data-title=\"ELVIRA BACH - oT (mit Schneegl\u00f6ckchen), 2018, Acryl auf Papier,\" class=\"n2-ss-slide n2-ow  n2-ss-slide-1314\"><div role=\"note\" class=\"n2-ss-slide--focus\" tabindex=\"-1\">ELVIRA BACH &#8211; oT (mit Schneegl\u00f6ckchen), 2018, Acryl auf Papier,<\/div><div class=\"n2-ss-layers-container n2-ss-slide-limiter n2-ow\"><div class=\"n2-ss-layer n2-ow n-uc-PCJHd9FctS3N\" data-sstype=\"slide\" data-pm=\"default\"><\/div><\/div><\/div><div data-slide-duration=\"0\" data-id=\"1152\" data-slide-public-id=\"15\" aria-hidden=\"true\" data-title=\"ELVIRA BACH\" data-description=\"oT, 2016\" class=\"n2-ss-slide n2-ow  n2-ss-slide-1152\"><div role=\"note\" class=\"n2-ss-slide--focus\" tabindex=\"-1\">ELVIRA BACH<\/div><div class=\"n2-ss-layers-container n2-ss-slide-limiter n2-ow\"><div class=\"n2-ss-layer n2-ow n-uc-LfFz40BJ4x5L\" data-sstype=\"slide\" data-pm=\"default\"><\/div><\/div><\/div><div data-slide-duration=\"0\" data-id=\"1153\" data-slide-public-id=\"16\" aria-hidden=\"true\" data-title=\"ELVIRA BACH\" data-description=\"oT(Gr\u00fcneH\u00e4nde), 1993, Mischtechnik-Papier, 30x22cm\" class=\"n2-ss-slide n2-ow  n2-ss-slide-1153\"><div role=\"note\" class=\"n2-ss-slide--focus\" tabindex=\"-1\">ELVIRA BACH<\/div><div class=\"n2-ss-layers-container n2-ss-slide-limiter n2-ow\"><div class=\"n2-ss-layer n2-ow n-uc-eUCxPHIRLN0s\" data-sstype=\"slide\" data-pm=\"default\"><\/div><\/div><\/div><div data-slide-duration=\"0\" data-id=\"1154\" data-slide-public-id=\"17\" aria-hidden=\"true\" data-title=\"BACHELVIRA BACH\" data-description=\"oT (blau-gepunktet), 1993Mischtechnik-Papier, 30x22cm\" class=\"n2-ss-slide n2-ow  n2-ss-slide-1154\"><div role=\"note\" class=\"n2-ss-slide--focus\" tabindex=\"-1\">BACHELVIRA BACH<\/div><div class=\"n2-ss-layers-container n2-ss-slide-limiter n2-ow\"><div class=\"n2-ss-layer n2-ow n-uc-OFS2hxMYgzL0\" data-sstype=\"slide\" data-pm=\"default\"><\/div><\/div><\/div><div data-slide-duration=\"0\" data-id=\"1155\" data-slide-public-id=\"18\" aria-hidden=\"true\" data-title=\"ELVIRA BACH\" data-description=\"E, oT(Frau sein), Acryl+Papier, 2016\" class=\"n2-ss-slide n2-ow  n2-ss-slide-1155\"><div role=\"note\" class=\"n2-ss-slide--focus\" tabindex=\"-1\">ELVIRA BACH<\/div><div class=\"n2-ss-layers-container n2-ss-slide-limiter n2-ow\"><div class=\"n2-ss-layer n2-ow n-uc-Cejym8gtO6gv\" data-sstype=\"slide\" data-pm=\"default\"><\/div><\/div><\/div><div data-slide-duration=\"0\" data-id=\"1156\" data-slide-public-id=\"19\" aria-hidden=\"true\" data-title=\"BACH ELVIRA\" data-description=\"Sch\u00f6nste Gedanken,\n80x60cm,\nAcryl+LW,\n2018\" class=\"n2-ss-slide n2-ow  n2-ss-slide-1156\"><div role=\"note\" class=\"n2-ss-slide--focus\" tabindex=\"-1\">BACH ELVIRA<\/div><div class=\"n2-ss-layers-container n2-ss-slide-limiter n2-ow\"><div class=\"n2-ss-layer n2-ow n-uc-fSKGfp0cdNGM\" data-sstype=\"slide\" data-pm=\"default\"><\/div><\/div><\/div><div data-slide-duration=\"0\" data-id=\"1158\" data-slide-public-id=\"20\" aria-hidden=\"true\" data-title=\"ELVIRA BACH\" data-description=\"G\u00e4rtnerin aus Liebe,\n2017,\nAcryl auf Lw,\n230x100cm\" class=\"n2-ss-slide n2-ow  n2-ss-slide-1158\"><div role=\"note\" class=\"n2-ss-slide--focus\" tabindex=\"-1\">ELVIRA BACH<\/div><div class=\"n2-ss-layers-container n2-ss-slide-limiter n2-ow\"><div class=\"n2-ss-layer n2-ow n-uc-6Zzmi3GpAa7H\" data-sstype=\"slide\" data-pm=\"default\"><\/div><\/div><\/div><div data-slide-duration=\"0\" data-id=\"1159\" data-slide-public-id=\"21\" aria-hidden=\"true\" data-title=\"ELVIRA BACH\" data-description=\"Heimweh,\n165x130cm,\nMichtechnik,\nLeinwand,\n2018\" class=\"n2-ss-slide n2-ow  n2-ss-slide-1159\"><div role=\"note\" class=\"n2-ss-slide--focus\" tabindex=\"-1\">ELVIRA BACH<\/div><div class=\"n2-ss-layers-container n2-ss-slide-limiter n2-ow\"><div class=\"n2-ss-layer n2-ow n-uc-mT0EyoHNtj0Q\" data-sstype=\"slide\" data-pm=\"default\"><\/div><\/div><\/div><div data-slide-duration=\"0\" data-id=\"1157\" data-slide-public-id=\"22\" aria-hidden=\"true\" data-title=\"ELVIRA BACH\" data-description=\"Zwillinge zur Zeit der Erdbeerernte geboren, \n1992, \nAcryl auf Lw\" class=\"n2-ss-slide n2-ow  n2-ss-slide-1157\"><div role=\"note\" class=\"n2-ss-slide--focus\" tabindex=\"-1\">ELVIRA BACH<\/div><div class=\"n2-ss-layers-container n2-ss-slide-limiter n2-ow\"><div class=\"n2-ss-layer n2-ow n-uc-hp95fT6qYf3L\" data-sstype=\"slide\" data-pm=\"default\"><\/div><\/div><\/div><div data-slide-duration=\"0\" data-id=\"820\" data-slide-public-id=\"23\" aria-hidden=\"true\" data-title=\"Elvira Bach, ohne Titel\" data-description=\"2020, \nAcryl auf Leinwand, \n230 x 190 cm \" class=\"n2-ss-slide n2-ow  n2-ss-slide-820\"><div role=\"note\" class=\"n2-ss-slide--focus\" tabindex=\"-1\">Elvira Bach, ohne Titel<\/div><div class=\"n2-ss-layers-container n2-ss-slide-limiter n2-ow\"><div class=\"n2-ss-layer n2-ow n-uc-Ii55W62hCuFb\" data-sstype=\"slide\" data-pm=\"default\"><\/div><\/div><\/div><div data-slide-duration=\"0\" data-id=\"821\" data-slide-public-id=\"24\" aria-hidden=\"true\" data-title=\"Elvira Bach, Oh, er hat einen roten Korken\" data-description=\"2015,\nAcryl auf Leinwand, \n230 x 190 cm \" class=\"n2-ss-slide n2-ow  n2-ss-slide-821\"><div role=\"note\" class=\"n2-ss-slide--focus\" tabindex=\"-1\">Elvira Bach, Oh, er hat einen roten Korken<\/div><div class=\"n2-ss-layers-container n2-ss-slide-limiter n2-ow\"><div class=\"n2-ss-layer n2-ow n-uc-xSoTWYBh83tG\" data-sstype=\"slide\" data-pm=\"default\"><\/div><\/div><\/div><div data-slide-duration=\"0\" data-id=\"822\" data-slide-public-id=\"25\" aria-hidden=\"true\" data-title=\"Elvira Bach, Der Beginn eines unbekannten Abenteuers\" data-description=\"2020, \n\u00d6l auf Leinwand, \n190 x 260 cm \" class=\"n2-ss-slide n2-ow  n2-ss-slide-822\"><div role=\"note\" class=\"n2-ss-slide--focus\" tabindex=\"-1\">Elvira Bach, Der Beginn eines unbekannten Abenteuers<\/div><div class=\"n2-ss-layers-container n2-ss-slide-limiter n2-ow\"><div class=\"n2-ss-layer n2-ow n-uc-cDPXwwEPW1VJ\" data-sstype=\"slide\" data-pm=\"default\"><\/div><\/div><\/div><div data-slide-duration=\"0\" data-id=\"823\" data-slide-public-id=\"26\" aria-hidden=\"true\" data-title=\"Elvira Bach, Gedankenvoll\" data-description=\"Acryl auf Leinwand,\n100 x 70 cm \" class=\"n2-ss-slide n2-ow  n2-ss-slide-823\"><div role=\"note\" class=\"n2-ss-slide--focus\" tabindex=\"-1\">Elvira Bach, Gedankenvoll<\/div><div class=\"n2-ss-layers-container n2-ss-slide-limiter n2-ow\"><div class=\"n2-ss-layer n2-ow n-uc-jRVcn5uzls2X\" data-sstype=\"slide\" data-pm=\"default\"><\/div><\/div><\/div><div data-slide-duration=\"0\" data-id=\"824\" data-slide-public-id=\"27\" aria-hidden=\"true\" data-title=\"Elvira Bach, Von oben betrachtet\" data-description=\"2009 \n80x60cm,\n\u00d6l auf Leinwand, \n\" class=\"n2-ss-slide n2-ow  n2-ss-slide-824\"><div role=\"note\" class=\"n2-ss-slide--focus\" tabindex=\"-1\">Elvira Bach, Von oben betrachtet<\/div><div class=\"n2-ss-layers-container n2-ss-slide-limiter n2-ow\"><div class=\"n2-ss-layer n2-ow n-uc-7Hzyyvza4Yw5\" data-sstype=\"slide\" data-pm=\"default\"><\/div><\/div><\/div><div data-slide-duration=\"0\" data-id=\"825\" data-slide-public-id=\"28\" aria-hidden=\"true\" data-title=\"Elvira Bach: Sch\u00f6ne im April, 2013, Acryl auf Papier, 104 x 78 cm\" class=\"n2-ss-slide n2-ow  n2-ss-slide-825\"><div role=\"note\" class=\"n2-ss-slide--focus\" tabindex=\"-1\">Elvira Bach: Sch\u00f6ne im April, 2013, Acryl auf Papier, 104 x 78 cm<\/div><div class=\"n2-ss-layers-container n2-ss-slide-limiter n2-ow\"><div class=\"n2-ss-layer n2-ow n-uc-Yo4qyJkKRSOh\" data-sstype=\"slide\" data-pm=\"default\"><\/div><\/div><\/div><div data-slide-duration=\"0\" data-id=\"826\" data-slide-public-id=\"29\" aria-hidden=\"true\" data-title=\"Elvira Bach, Konsumnachfrage\" data-description=\"2020, \nAcryl auf Leinwand, \n80 x 60 cm \" class=\"n2-ss-slide n2-ow  n2-ss-slide-826\"><div role=\"note\" class=\"n2-ss-slide--focus\" tabindex=\"-1\">Elvira Bach, Konsumnachfrage<\/div><div class=\"n2-ss-layers-container n2-ss-slide-limiter n2-ow\"><div class=\"n2-ss-layer n2-ow n-uc-4pmMxpYwUcSx\" data-sstype=\"slide\" data-pm=\"default\"><\/div><\/div><\/div><div data-slide-duration=\"0\" data-id=\"827\" data-slide-public-id=\"30\" aria-hidden=\"true\" data-title=\"Elvira Bach, Konjunktur st\u00e4rken\" data-description=\"2020, \nAcryl auf Leinwand, \n50 x 40 cm \" class=\"n2-ss-slide n2-ow  n2-ss-slide-827\"><div role=\"note\" class=\"n2-ss-slide--focus\" tabindex=\"-1\">Elvira Bach, Konjunktur st\u00e4rken<\/div><div class=\"n2-ss-layers-container n2-ss-slide-limiter n2-ow\"><div class=\"n2-ss-layer n2-ow n-uc-S0AgwSsDUWXV\" data-sstype=\"slide\" data-pm=\"default\"><\/div><\/div><\/div><div data-slide-duration=\"0\" data-id=\"828\" data-slide-public-id=\"31\" aria-hidden=\"true\" data-title=\"Keramikskulptur 1\" class=\"n2-ss-slide n2-ow  n2-ss-slide-828\"><div role=\"note\" class=\"n2-ss-slide--focus\" tabindex=\"-1\">Keramikskulptur 1<\/div><div class=\"n2-ss-layers-container n2-ss-slide-limiter n2-ow\"><div class=\"n2-ss-layer n2-ow n-uc-E3W5V99LaJG0\" data-sstype=\"slide\" data-pm=\"default\"><\/div><\/div><\/div><div data-slide-duration=\"0\" data-id=\"829\" data-slide-public-id=\"32\" aria-hidden=\"true\" data-title=\"Elvira Bach: Ingrid s\u00e4t gr\u00fcne Sosse, Acryl und Sand auf Leinwand, 130 x 165 cm\" class=\"n2-ss-slide n2-ow  n2-ss-slide-829\"><div role=\"note\" class=\"n2-ss-slide--focus\" tabindex=\"-1\">Elvira Bach: Ingrid s\u00e4t gr\u00fcne Sosse, Acryl und Sand auf Leinwand, 130 x 165 cm<\/div><div class=\"n2-ss-layers-container n2-ss-slide-limiter n2-ow\"><div class=\"n2-ss-layer n2-ow n-uc-Xp1PF5CBJ7Ke\" data-sstype=\"slide\" data-pm=\"default\"><\/div><\/div><\/div><div data-slide-duration=\"0\" data-id=\"831\" data-slide-public-id=\"33\" aria-hidden=\"true\" data-title=\"Elvira Bach: Neuenhainer Erdbeere, 2013, Acryl auf Leinwand, 230 x 190 cm\" class=\"n2-ss-slide n2-ow  n2-ss-slide-831\"><div role=\"note\" class=\"n2-ss-slide--focus\" tabindex=\"-1\">Elvira Bach: Neuenhainer Erdbeere, 2013, Acryl auf Leinwand, 230 x 190 cm<\/div><div class=\"n2-ss-layers-container n2-ss-slide-limiter n2-ow\"><div class=\"n2-ss-layer n2-ow n-uc-ZulyLoCIh2rl\" data-sstype=\"slide\" data-pm=\"default\"><\/div><\/div><\/div><div data-slide-duration=\"0\" data-id=\"832\" data-slide-public-id=\"34\" aria-hidden=\"true\" data-title=\"Elvira Bach: Rote Glasskulptur, Muranoglas, 57 x 27 x 12 cm\" class=\"n2-ss-slide n2-ow  n2-ss-slide-832\"><div role=\"note\" class=\"n2-ss-slide--focus\" tabindex=\"-1\">Elvira Bach: Rote Glasskulptur, Muranoglas, 57 x 27 x 12 cm<\/div><div class=\"n2-ss-layers-container n2-ss-slide-limiter n2-ow\"><div class=\"n2-ss-layer n2-ow n-uc-nl9K1SC8N9tZ\" data-sstype=\"slide\" data-pm=\"default\"><\/div><\/div><\/div><div data-slide-duration=\"0\" data-id=\"833\" data-slide-public-id=\"35\" aria-hidden=\"true\" data-title=\"Elvira Bach: Kriegerin, 2006, Acryl auf Leinwand, 230 x 190 cm\" class=\"n2-ss-slide n2-ow  n2-ss-slide-833\"><div role=\"note\" class=\"n2-ss-slide--focus\" tabindex=\"-1\">Elvira Bach: Kriegerin, 2006, Acryl auf Leinwand, 230 x 190 cm<\/div><div class=\"n2-ss-layers-container n2-ss-slide-limiter n2-ow\"><div class=\"n2-ss-layer n2-ow n-uc-N8tm95Hb1o66\" data-sstype=\"slide\" data-pm=\"default\"><\/div><\/div><\/div><div data-slide-duration=\"0\" data-id=\"834\" data-slide-public-id=\"36\" aria-hidden=\"true\" data-title=\"Elvira Bach: Erleuchtet, Acryl auf Leinwand, 165 x 130 cm\" class=\"n2-ss-slide n2-ow  n2-ss-slide-834\"><div role=\"note\" class=\"n2-ss-slide--focus\" tabindex=\"-1\">Elvira Bach: Erleuchtet, Acryl auf Leinwand, 165 x 130 cm<\/div><div class=\"n2-ss-layers-container n2-ss-slide-limiter n2-ow\"><div class=\"n2-ss-layer n2-ow n-uc-wjCfaLK8O3Bo\" data-sstype=\"slide\" data-pm=\"default\"><\/div><\/div><\/div><div data-slide-duration=\"0\" data-id=\"835\" data-slide-public-id=\"37\" aria-hidden=\"true\" data-title=\"Elvira Bach: Bronzeskulptur, handglasiert, 43 x 22 x 20 cm\" class=\"n2-ss-slide n2-ow  n2-ss-slide-835\"><div role=\"note\" class=\"n2-ss-slide--focus\" tabindex=\"-1\">Elvira Bach: Bronzeskulptur, handglasiert, 43 x 22 x 20 cm<\/div><div class=\"n2-ss-layers-container n2-ss-slide-limiter n2-ow\"><div class=\"n2-ss-layer n2-ow n-uc-EZiItzocdbqt\" data-sstype=\"slide\" data-pm=\"default\"><\/div><\/div><\/div><div data-slide-duration=\"0\" data-id=\"836\" data-slide-public-id=\"38\" aria-hidden=\"true\" data-title=\"Elvira Bach: Goldig, 2007, Acryl auf Papier, 29,5 x 21 cm \" class=\"n2-ss-slide n2-ow  n2-ss-slide-836\"><div role=\"note\" class=\"n2-ss-slide--focus\" tabindex=\"-1\">Elvira Bach: Goldig, 2007, Acryl auf Papier, 29,5 x 21 cm <\/div><div class=\"n2-ss-layers-container n2-ss-slide-limiter n2-ow\"><div class=\"n2-ss-layer n2-ow n-uc-82VDhBbr2FyE\" data-sstype=\"slide\" data-pm=\"default\"><\/div><\/div><\/div><div data-slide-duration=\"0\" data-id=\"837\" data-slide-public-id=\"39\" aria-hidden=\"true\" data-title=\"Elvira Bach: Gelbe Glasskulptur, Muranoglas, 52 x 31 x 13 cm\" class=\"n2-ss-slide n2-ow  n2-ss-slide-837\"><div role=\"note\" class=\"n2-ss-slide--focus\" tabindex=\"-1\">Elvira Bach: Gelbe Glasskulptur, Muranoglas, 52 x 31 x 13 cm<\/div><div class=\"n2-ss-layers-container n2-ss-slide-limiter n2-ow\"><div class=\"n2-ss-layer n2-ow n-uc-Mq57ycqS9gVY\" data-sstype=\"slide\" data-pm=\"default\"><\/div><\/div><\/div><div data-slide-duration=\"0\" data-id=\"838\" data-slide-public-id=\"40\" aria-hidden=\"true\" data-title=\"Elvira Bach: Der Kern der Zivilisation liegt in ihrer Unnat\u00fcrlichkeit, 2001-2004, Acryl auf Leinwand, 230 x 190 cm\" class=\"n2-ss-slide n2-ow  n2-ss-slide-838\"><div role=\"note\" class=\"n2-ss-slide--focus\" tabindex=\"-1\">Elvira Bach: Der Kern der Zivilisation liegt in ihrer Unnat\u00fcrlichkeit, 2001-2004, Acryl auf Leinwand, 230 x 190 cm<\/div><div class=\"n2-ss-layers-container n2-ss-slide-limiter n2-ow\"><div class=\"n2-ss-layer n2-ow n-uc-xbjdCSD58r6L\" data-sstype=\"slide\" data-pm=\"default\"><\/div><\/div><\/div><div data-slide-duration=\"0\" data-id=\"839\" data-slide-public-id=\"41\" aria-hidden=\"true\" data-title=\"Elvira Bach, Aniko, 2008, 230 x 190 cm\" class=\"n2-ss-slide n2-ow  n2-ss-slide-839\"><div role=\"note\" class=\"n2-ss-slide--focus\" tabindex=\"-1\">Elvira Bach, Aniko, 2008, 230 x 190 cm<\/div><div class=\"n2-ss-layers-container n2-ss-slide-limiter n2-ow\"><div class=\"n2-ss-layer n2-ow n-uc-WlIFBY5XCG0N\" data-sstype=\"slide\" data-pm=\"default\"><\/div><\/div><\/div>                    <\/div>\n\n                                    <\/div>\n            <\/div>\n        <\/div>\n        <div class=\"n2-ss-slider-controls n2-ss-slider-controls-absolute-left-center\"><div style=\"--widget-offset:15px;\" class=\"n2-ss-widget n2-style-041670f7df29ffb4048fc6d85d61d1ee-heading nextend-arrow n2-ow-all nextend-arrow-previous  nextend-arrow-animated-fade\" data-hide-mobileportrait=\"1\" id=\"n2-ss-64-arrow-previous\" role=\"button\" aria-label=\"previous arrow\" tabindex=\"0\"><img decoding=\"async\" width=\"32\" height=\"32\" class=\"skip-lazy\" data-skip-lazy=\"1\" src=\"data:image\/svg+xml;base64,PHN2ZyB4bWxucz0iaHR0cDovL3d3dy53My5vcmcvMjAwMC9zdmciIHdpZHRoPSIzMiIgaGVpZ2h0PSIzMiIgdmlld0JveD0iMCAwIDMyIDMyIj4KICAgIDxwYXRoIGZpbGw9IiNmZmZmZmYiIG9wYWNpdHk9IjAuOCIgZmlsbC1ydWxlPSJldmVub2RkIgogICAgICAgICAgZD0iTTE4Ljk5NTggOC45OTA3YzAtLjQyNC0uMjA0LS43MjMtLjYxLS44OTgtLjQwOS0uMTczLS43NzItLjEwNC0xLjA5My4yMDlsLTcuMDA2IDYuOTc1Yy0uMjAxLjE5OS0uMjk3LjQzNy0uMjg2LjcxNiAwIC4yNjcuMDk2LjQ5OC4yODYuNjg5bDcuMDA2IDcuMDAxYy4zMjEuMzIxLjY4NC4zODkgMS4wOTMuMjA5LjQwNi0uMTc0LjYxLS40ODIuNjEtLjkyMlY4Ljk5MDd6Ii8+Cjwvc3ZnPg==\" alt=\"previous arrow\" title=\"\"><\/div><\/div><div class=\"n2-ss-slider-controls n2-ss-slider-controls-absolute-right-center\"><div style=\"--widget-offset:15px;\" class=\"n2-ss-widget n2-style-041670f7df29ffb4048fc6d85d61d1ee-heading nextend-arrow n2-ow-all nextend-arrow-next  nextend-arrow-animated-fade\" data-hide-mobileportrait=\"1\" id=\"n2-ss-64-arrow-next\" role=\"button\" aria-label=\"next arrow\" tabindex=\"0\"><img decoding=\"async\" width=\"32\" height=\"32\" class=\"skip-lazy\" data-skip-lazy=\"1\" src=\"data:image\/svg+xml;base64,PHN2ZyB3aWR0aD0iMzIiIGhlaWdodD0iMzIiIHZpZXdCb3g9IjAgMCAzMiAzMiIgeG1sbnM9Imh0dHA6Ly93d3cudzMub3JnLzIwMDAvc3ZnIj4KICAgIDxwYXRoIGQ9Ik0xMiA4Ljk5YzAtLjQyMy4yMDQtLjcyMi42MS0uODk3LjQwOC0uMTczLjc3Mi0uMTA0IDEuMDkyLjIxbDcuMDA2IDYuOTc0Yy4yMDIuMi4yOTguNDM3LjI4Ny43MTYgMCAuMjY3LS4wOTYuNDk4LS4yODcuNjlsLTcuMDA2IDdjLS4zMi4zMi0uNjg0LjM5LTEuMDkyLjIxLS40MDYtLjE3NS0uNjEtLjQ4My0uNjEtLjkyM1Y4Ljk5eiIKICAgICAgICAgIGZpbGw9IiNmZmZmZmYiIG9wYWNpdHk9IjAuOCIgZmlsbC1ydWxlPSJldmVub2RkIi8+Cjwvc3ZnPg==\" alt=\"next arrow\" title=\"\"><\/div><\/div><\/div><div class=\"n2-ss-slider-controls n2-ss-slider-controls-below\"><div class=\"n2-ss-widget nextend-bar nextend-bar-horizontal n2-ss-widget-hidden n2-ow-all\" style=\"text-align: left;width:100%;\"><div class=\"n2-style-1b3b0b26e4e995bc76516f476918c4ab-simple \"><span class=\"n2-font-fcce1fddc1d903b911854dc0cbaed59a-simple \">&nbsp;<\/span><\/div><\/div><div data-width-percent=\"100\" class=\"n2-ss-widget nextend-thumbnail nextend-thumbnail-default nextend-thumbnail-horizontal n2-ow-all\" data-hide-mobileportrait=\"1\" style=\"width:100%;\" data-has-next=\"0\" data-has-previous=\"0\"><div class=\"nextend-thumbnail-inner n2-style-df32cb3742fdac43eb0251df7d67c185-simple \"><div class=\"nextend-thumbnail-scroller n2-align-content-start\" style=\"grid-template-rows:repeat(1, 1fr)\"><div class=\"n2-thumbnail-dot n2-style-462cb0983aca6cda3fc34a0feea6024b-dot \" data-slide-public-id=\"1\" role=\"button\" aria-label=\"ELVIRA BACH Brutal gut-2001-Grafik-81x60cm\" tabindex=\"0\"><picture class=\"skip-lazy\" data-skip-lazy=\"1\"><img loading=\"lazy\" decoding=\"async\" alt=\"ELVIRA BACH Brutal gut-2001-Grafik-81x60cm\" src=\"\/\/www.galerie-schmalfuss.de\/wp-content\/uploads\/2023\/10\/ELVIRA-BACH-Brutal-gut-2001-Grafik-81x60cm.jpg\" width=\"100\" height=\"60\" loading=\"lazy\" class=\"skip-lazy\" data-skip-lazy=\"1\" title=\"\"><\/picture><\/div><div class=\"n2-thumbnail-dot n2-style-462cb0983aca6cda3fc34a0feea6024b-dot \" data-slide-public-id=\"2\" role=\"button\" aria-label=\"ELVIRA BACH I Die Hoffnung nicht verlieren I 2023 I Acryl auf Papier I 40x30cm\" tabindex=\"0\"><picture class=\"skip-lazy\" data-skip-lazy=\"1\"><img loading=\"lazy\" decoding=\"async\" alt=\"ELVIRA BACH I Die Hoffnung nicht verlieren I 2023 I Acryl auf Papier I 40x30cm\" src=\"\/\/www.galerie-schmalfuss.de\/wp-content\/uploads\/2023\/10\/ELVIRA-BACH-I-Die-Hoffnung-nicht-verlieren-I-2023-I-Acryl-auf-Papier-I-40x30cm.jpg\" width=\"100\" height=\"60\" loading=\"lazy\" class=\"skip-lazy\" data-skip-lazy=\"1\" title=\"\"><\/picture><\/div><div class=\"n2-thumbnail-dot n2-style-462cb0983aca6cda3fc34a0feea6024b-dot \" data-slide-public-id=\"3\" role=\"button\" aria-label=\"ELVIRA BACH I T\u00fcrkisblau I 2022 I Acryl auf Papier I 140x100cm\" tabindex=\"0\"><picture class=\"skip-lazy\" data-skip-lazy=\"1\"><img loading=\"lazy\" decoding=\"async\" alt=\"ELVIRA BACH I T\u00fcrkisblau I 2022 I Acryl auf Papier I 140x100cm\" src=\"\/\/www.galerie-schmalfuss.de\/wp-content\/uploads\/2023\/10\/ELVIRA-BACH-I-Tuerkisblau-I-2022-I-Acryl-auf-Papier-I-140x100cm.jpg\" width=\"100\" height=\"60\" loading=\"lazy\" class=\"skip-lazy\" data-skip-lazy=\"1\" title=\"\"><\/picture><\/div><div class=\"n2-thumbnail-dot n2-style-462cb0983aca6cda3fc34a0feea6024b-dot \" data-slide-public-id=\"4\" role=\"button\" aria-label=\"ELVIRA BACH Selbst-2006-Acryl auf LW-230x190cm\" tabindex=\"0\"><picture class=\"skip-lazy\" data-skip-lazy=\"1\"><img loading=\"lazy\" decoding=\"async\" alt=\"ELVIRA BACH Selbst-2006-Acryl auf LW-230x190cm\" src=\"\/\/www.galerie-schmalfuss.de\/wp-content\/uploads\/2023\/10\/ELVIRA-BACH-Selbst-2006-Acryl-auf-LW-230x190cm.jpg\" width=\"100\" height=\"60\" loading=\"lazy\" class=\"skip-lazy\" data-skip-lazy=\"1\" title=\"\"><\/picture><\/div><div class=\"n2-thumbnail-dot n2-style-462cb0983aca6cda3fc34a0feea6024b-dot \" data-slide-public-id=\"5\" role=\"button\" aria-label=\"ELVIRA BACH Spargelsch\u00e4lerin-2012-Acryl auf LW-80x60cm\" tabindex=\"0\"><picture class=\"skip-lazy\" data-skip-lazy=\"1\"><img loading=\"lazy\" decoding=\"async\" alt=\"ELVIRA BACH Spargelsch\u00e4lerin-2012-Acryl auf LW-80x60cm\" src=\"\/\/www.galerie-schmalfuss.de\/wp-content\/uploads\/2023\/10\/ELVIRA-BACH-Spargelschaelerin-2012-Acryl-auf-LW-80x60cm.jpg\" width=\"100\" height=\"60\" loading=\"lazy\" class=\"skip-lazy\" data-skip-lazy=\"1\" title=\"\"><\/picture><\/div><div class=\"n2-thumbnail-dot n2-style-462cb0983aca6cda3fc34a0feea6024b-dot \" data-slide-public-id=\"6\" role=\"button\" aria-label=\"ELVIRA BACH Stehende-2001-Acryl auf Papier-200x80cm\" tabindex=\"0\"><picture class=\"skip-lazy\" data-skip-lazy=\"1\"><img loading=\"lazy\" decoding=\"async\" alt=\"ELVIRA BACH Stehende-2001-Acryl auf Papier-200x80cm\" src=\"\/\/www.galerie-schmalfuss.de\/wp-content\/uploads\/2023\/10\/ELVIRA-BACH-Stehende-2001-Acryl-auf-Papier-200x80cm.jpg\" width=\"100\" height=\"60\" loading=\"lazy\" class=\"skip-lazy\" data-skip-lazy=\"1\" title=\"\"><\/picture><\/div><div class=\"n2-thumbnail-dot n2-style-462cb0983aca6cda3fc34a0feea6024b-dot \" data-slide-public-id=\"7\" role=\"button\" aria-label=\"ELVIRA BACH Tulpenstrau\u00df-2008-Acryl auf Papier-140x100cm\" tabindex=\"0\"><picture class=\"skip-lazy\" data-skip-lazy=\"1\"><img loading=\"lazy\" decoding=\"async\" alt=\"ELVIRA BACH Tulpenstrau\u00df-2008-Acryl auf Papier-140x100cm\" src=\"\/\/www.galerie-schmalfuss.de\/wp-content\/uploads\/2023\/10\/ELVIRA-BACH-Tulpenstrauss-2008-Acryl-auf-Papier-140x100cm.jpg\" width=\"100\" height=\"60\" loading=\"lazy\" class=\"skip-lazy\" data-skip-lazy=\"1\" title=\"\"><\/picture><\/div><div class=\"n2-thumbnail-dot n2-style-462cb0983aca6cda3fc34a0feea6024b-dot \" data-slide-public-id=\"8\" role=\"button\" aria-label=\"ELVIRA BACH Zertanzter Schuh-2019-Acryl auf Papier-140x100cm\" tabindex=\"0\"><picture class=\"skip-lazy\" data-skip-lazy=\"1\"><img loading=\"lazy\" decoding=\"async\" alt=\"ELVIRA BACH Zertanzter Schuh-2019-Acryl auf Papier-140x100cm\" src=\"\/\/www.galerie-schmalfuss.de\/wp-content\/uploads\/2023\/10\/ELVIRA-BACH-Zertanzter-Schuh-2019-Acryl-auf-Papier-140x100cm.jpg\" width=\"100\" height=\"60\" loading=\"lazy\" class=\"skip-lazy\" data-skip-lazy=\"1\" title=\"\"><\/picture><\/div><div class=\"n2-thumbnail-dot n2-style-462cb0983aca6cda3fc34a0feea6024b-dot \" data-slide-public-id=\"9\" role=\"button\" aria-label=\"ELVIRA BACH Zinnober-2023-Acryl auf LW-100x80cm\" tabindex=\"0\"><picture class=\"skip-lazy\" data-skip-lazy=\"1\"><img loading=\"lazy\" decoding=\"async\" alt=\"ELVIRA BACH Zinnober-2023-Acryl auf LW-100x80cm\" src=\"\/\/www.galerie-schmalfuss.de\/wp-content\/uploads\/2023\/10\/ELVIRA-BACH-Zinnober-2023-Acryl-auf-LW-100x80cm.jpg\" width=\"100\" height=\"60\" loading=\"lazy\" class=\"skip-lazy\" data-skip-lazy=\"1\" title=\"\"><\/picture><\/div><div class=\"n2-thumbnail-dot n2-style-462cb0983aca6cda3fc34a0feea6024b-dot \" data-slide-public-id=\"10\" role=\"button\" aria-label=\"ELVIRA BACH\" tabindex=\"0\"><picture class=\"skip-lazy\" data-skip-lazy=\"1\"><img loading=\"lazy\" decoding=\"async\" alt=\"ELVIRA BACH\" src=\"\/\/www.galerie-schmalfuss.de\/wp-content\/uploads\/2023\/09\/ELVIRA-BACH_Gegenangriff-2023-Acryl-auf-Leinwand-100-x-80-cm-EUR-.jpeg\" width=\"100\" height=\"60\" loading=\"lazy\" class=\"skip-lazy\" data-skip-lazy=\"1\" title=\"\"><\/picture><\/div><div class=\"n2-thumbnail-dot n2-style-462cb0983aca6cda3fc34a0feea6024b-dot \" data-slide-public-id=\"11\" role=\"button\" aria-label=\"ELVIRA BACH - Kreislauf, 2004, Acryl auf Leinwand, 120x100cm\" tabindex=\"0\"><picture class=\"skip-lazy\" data-skip-lazy=\"1\"><img loading=\"lazy\" decoding=\"async\" alt=\"ELVIRA BACH - Kreislauf, 2004, Acryl auf Leinwand, 120x100cm\" src=\"\/\/www.galerie-schmalfuss.de\/wp-content\/uploads\/2022\/05\/elvira-bach-kreislauf-2004-acryl-auf-leinwand-120x100cm.jpg\" width=\"100\" height=\"60\" loading=\"lazy\" class=\"skip-lazy\" data-skip-lazy=\"1\" title=\"\"><\/picture><\/div><div class=\"n2-thumbnail-dot n2-style-462cb0983aca6cda3fc34a0feea6024b-dot \" data-slide-public-id=\"12\" role=\"button\" aria-label=\"ELVIRA BACH - K\u00fcchendiva, 2022, Acryl auf Leinwand\" tabindex=\"0\"><picture class=\"skip-lazy\" data-skip-lazy=\"1\"><img loading=\"lazy\" decoding=\"async\" alt=\"ELVIRA BACH - K\u00fcchendiva, 2022, Acryl auf Leinwand\" src=\"\/\/www.galerie-schmalfuss.de\/wp-content\/uploads\/2022\/05\/elvira-bach-kuechendiva-2022-acryl-auf-leinwand.jpg\" width=\"100\" height=\"60\" loading=\"lazy\" class=\"skip-lazy\" data-skip-lazy=\"1\" title=\"\"><\/picture><\/div><div class=\"n2-thumbnail-dot n2-style-462cb0983aca6cda3fc34a0feea6024b-dot \" data-slide-public-id=\"13\" role=\"button\" aria-label=\"ELVIRA BACH - La Noir D\u00e9, 1990, Acryl auf Leinwand, 230x190cm\" tabindex=\"0\"><picture class=\"skip-lazy\" data-skip-lazy=\"1\"><img loading=\"lazy\" decoding=\"async\" alt=\"ELVIRA BACH - La Noir D\u00e9, 1990, Acryl auf Leinwand, 230x190cm\" src=\"\/\/www.galerie-schmalfuss.de\/wp-content\/uploads\/2022\/05\/elvira-bach-la-noir-de-1990-acryl-auf-leinwand-230x190cm.jpg\" width=\"100\" height=\"60\" loading=\"lazy\" class=\"skip-lazy\" data-skip-lazy=\"1\" title=\"\"><\/picture><\/div><div class=\"n2-thumbnail-dot n2-style-462cb0983aca6cda3fc34a0feea6024b-dot \" data-slide-public-id=\"14\" role=\"button\" aria-label=\"ELVIRA BACH - oT (mit Schneegl\u00f6ckchen), 2018, Acryl auf Papier,\" tabindex=\"0\"><picture class=\"skip-lazy\" data-skip-lazy=\"1\"><img loading=\"lazy\" decoding=\"async\" alt=\"ELVIRA BACH - oT (mit Schneegl\u00f6ckchen), 2018, Acryl auf Papier,\" src=\"\/\/www.galerie-schmalfuss.de\/wp-content\/uploads\/2022\/05\/elvira-bach-ot-mit-schneegloeckchen-2018-acryl-auf-papier.jpg\" width=\"100\" height=\"60\" loading=\"lazy\" class=\"skip-lazy\" data-skip-lazy=\"1\" title=\"\"><\/picture><\/div><div class=\"n2-thumbnail-dot n2-style-462cb0983aca6cda3fc34a0feea6024b-dot \" data-slide-public-id=\"15\" role=\"button\" aria-label=\"ELVIRA BACH\" tabindex=\"0\"><picture class=\"skip-lazy\" data-skip-lazy=\"1\"><img loading=\"lazy\" decoding=\"async\" alt=\"ELVIRA BACH\" src=\"\/\/www.galerie-schmalfuss.de\/wp-content\/uploads\/2021\/12\/bach_ot_2016.jpg\" width=\"100\" height=\"60\" loading=\"lazy\" class=\"skip-lazy\" data-skip-lazy=\"1\" title=\"\"><\/picture><\/div><div class=\"n2-thumbnail-dot n2-style-462cb0983aca6cda3fc34a0feea6024b-dot \" data-slide-public-id=\"16\" role=\"button\" aria-label=\"ELVIRA BACH\" tabindex=\"0\"><picture class=\"skip-lazy\" data-skip-lazy=\"1\"><img loading=\"lazy\" decoding=\"async\" alt=\"ELVIRA BACH\" src=\"\/\/www.galerie-schmalfuss.de\/wp-content\/uploads\/2021\/12\/bach_otgruenehaende_1993_mischtechnik-papier_30x22cm.jpg\" width=\"100\" height=\"60\" loading=\"lazy\" class=\"skip-lazy\" data-skip-lazy=\"1\" title=\"\"><\/picture><\/div><div class=\"n2-thumbnail-dot n2-style-462cb0983aca6cda3fc34a0feea6024b-dot \" data-slide-public-id=\"17\" role=\"button\" aria-label=\"BACHELVIRA BACH\" tabindex=\"0\"><picture class=\"skip-lazy\" data-skip-lazy=\"1\"><img loading=\"lazy\" decoding=\"async\" alt=\"BACHELVIRA BACH\" src=\"\/\/www.galerie-schmalfuss.de\/wp-content\/uploads\/2021\/12\/bach_otblau-gepunktet_1993mischtechnik-papier_30x22cm.jpg\" width=\"100\" height=\"60\" loading=\"lazy\" class=\"skip-lazy\" data-skip-lazy=\"1\" title=\"\"><\/picture><\/div><div class=\"n2-thumbnail-dot n2-style-462cb0983aca6cda3fc34a0feea6024b-dot \" data-slide-public-id=\"18\" role=\"button\" aria-label=\"ELVIRA BACH\" tabindex=\"0\"><picture class=\"skip-lazy\" data-skip-lazy=\"1\"><img loading=\"lazy\" decoding=\"async\" alt=\"ELVIRA BACH\" src=\"\/\/www.galerie-schmalfuss.de\/wp-content\/uploads\/2021\/12\/bach_e_otfrau-sein_acrylpapier_2016.jpg\" width=\"100\" height=\"60\" loading=\"lazy\" class=\"skip-lazy\" data-skip-lazy=\"1\" title=\"\"><\/picture><\/div><div class=\"n2-thumbnail-dot n2-style-462cb0983aca6cda3fc34a0feea6024b-dot \" data-slide-public-id=\"19\" role=\"button\" aria-label=\"BACH ELVIRA\" tabindex=\"0\"><picture class=\"skip-lazy\" data-skip-lazy=\"1\"><img loading=\"lazy\" decoding=\"async\" alt=\"BACH ELVIRA\" src=\"\/\/www.galerie-schmalfuss.de\/wp-content\/uploads\/2021\/08\/bach_elvira_schoenstegedanken_80x60cm_acryllw_2018.jpg\" width=\"100\" height=\"60\" loading=\"lazy\" class=\"skip-lazy\" data-skip-lazy=\"1\" title=\"\"><\/picture><\/div><div class=\"n2-thumbnail-dot n2-style-462cb0983aca6cda3fc34a0feea6024b-dot \" data-slide-public-id=\"20\" role=\"button\" aria-label=\"ELVIRA BACH\" tabindex=\"0\"><picture class=\"skip-lazy\" data-skip-lazy=\"1\"><img loading=\"lazy\" decoding=\"async\" alt=\"ELVIRA BACH\" src=\"\/\/www.galerie-schmalfuss.de\/wp-content\/uploads\/2021\/06\/ELVIRA-BACH_Gaertnerin-aus-Liebe_2017_Acryl-auf-Lw_230x100cm.jpg\" width=\"100\" height=\"60\" loading=\"lazy\" class=\"skip-lazy\" data-skip-lazy=\"1\" title=\"\"><\/picture><\/div><div class=\"n2-thumbnail-dot n2-style-462cb0983aca6cda3fc34a0feea6024b-dot \" data-slide-public-id=\"21\" role=\"button\" aria-label=\"ELVIRA BACH\" tabindex=\"0\"><picture class=\"skip-lazy\" data-skip-lazy=\"1\"><img loading=\"lazy\" decoding=\"async\" alt=\"ELVIRA BACH\" src=\"\/\/www.galerie-schmalfuss.de\/wp-content\/uploads\/2021\/06\/BACH_E_Heimweh_165x130cm_MichtechnikLW_2018.jpg\" width=\"100\" height=\"60\" loading=\"lazy\" class=\"skip-lazy\" data-skip-lazy=\"1\" title=\"\"><\/picture><\/div><div class=\"n2-thumbnail-dot n2-style-462cb0983aca6cda3fc34a0feea6024b-dot \" data-slide-public-id=\"22\" role=\"button\" aria-label=\"ELVIRA BACH\" tabindex=\"0\"><picture class=\"skip-lazy\" data-skip-lazy=\"1\"><img loading=\"lazy\" decoding=\"async\" alt=\"ELVIRA BACH\" src=\"\/\/www.galerie-schmalfuss.de\/wp-content\/uploads\/2021\/06\/ELVIRA-BACH_Zwillinge-zur-Zeit-der-Erdbeerernte-geboren_1992_Acryl-auf-Lw.jpg\" width=\"100\" height=\"60\" loading=\"lazy\" class=\"skip-lazy\" data-skip-lazy=\"1\" title=\"\"><\/picture><\/div><div class=\"n2-thumbnail-dot n2-style-462cb0983aca6cda3fc34a0feea6024b-dot \" data-slide-public-id=\"23\" role=\"button\" aria-label=\"Elvira Bach, ohne Titel\" tabindex=\"0\"><picture class=\"skip-lazy\" data-skip-lazy=\"1\"><img loading=\"lazy\" decoding=\"async\" alt=\"Elvira Bach, ohne Titel\" src=\"\/\/www.galerie-schmalfuss.de\/wp-content\/uploads\/2020\/04\/Elvira-Bach-fuer-Michael-Schmalfuss-5-Kopie.jpg\" width=\"100\" height=\"60\" loading=\"lazy\" class=\"skip-lazy\" data-skip-lazy=\"1\" title=\"\"><\/picture><\/div><div class=\"n2-thumbnail-dot n2-style-462cb0983aca6cda3fc34a0feea6024b-dot \" data-slide-public-id=\"24\" role=\"button\" aria-label=\"Elvira Bach, Oh, er hat einen roten Korken\" tabindex=\"0\"><picture class=\"skip-lazy\" data-skip-lazy=\"1\"><img loading=\"lazy\" decoding=\"async\" alt=\"Elvira Bach, Oh, er hat einen roten Korken\" src=\"\/\/www.galerie-schmalfuss.de\/wp-content\/uploads\/2020\/04\/Elvira-Bach_Oh-er-hat-einen-roten-Korken-\u00d6lLw_230x190cm_2015-Kopie.jpg\" width=\"100\" height=\"60\" loading=\"lazy\" class=\"skip-lazy\" data-skip-lazy=\"1\" title=\"\"><\/picture><\/div><div class=\"n2-thumbnail-dot n2-style-462cb0983aca6cda3fc34a0feea6024b-dot \" data-slide-public-id=\"25\" role=\"button\" aria-label=\"Elvira Bach, Der Beginn eines unbekannten Abenteuers\" tabindex=\"0\"><picture class=\"skip-lazy\" data-skip-lazy=\"1\"><img loading=\"lazy\" decoding=\"async\" alt=\"Elvira Bach, Der Beginn eines unbekannten Abenteuers\" src=\"\/\/www.galerie-schmalfuss.de\/wp-content\/uploads\/2020\/04\/Elvira-Bach_Der-Beginn-eines-unbekannten-Abenteuers_2020_190x260cm_\u00d6lLw-Kopie.jpg\" width=\"100\" height=\"60\" loading=\"lazy\" class=\"skip-lazy\" data-skip-lazy=\"1\" title=\"\"><\/picture><\/div><div class=\"n2-thumbnail-dot n2-style-462cb0983aca6cda3fc34a0feea6024b-dot \" data-slide-public-id=\"26\" role=\"button\" aria-label=\"Elvira Bach, Gedankenvoll\" tabindex=\"0\"><picture class=\"skip-lazy\" data-skip-lazy=\"1\"><img loading=\"lazy\" decoding=\"async\" alt=\"Elvira Bach, Gedankenvoll\" src=\"\/\/www.galerie-schmalfuss.de\/wp-content\/uploads\/2020\/04\/Elvira-Bach_Gedankenvoll_AcrylLw_100x70cm.jpg\" width=\"100\" height=\"60\" loading=\"lazy\" class=\"skip-lazy\" data-skip-lazy=\"1\" title=\"\"><\/picture><\/div><div class=\"n2-thumbnail-dot n2-style-462cb0983aca6cda3fc34a0feea6024b-dot \" data-slide-public-id=\"27\" role=\"button\" aria-label=\"Elvira Bach, Von oben betrachtet\" tabindex=\"0\"><picture class=\"skip-lazy\" data-skip-lazy=\"1\"><img loading=\"lazy\" decoding=\"async\" alt=\"Elvira Bach, Von oben betrachtet\" src=\"\/\/www.galerie-schmalfuss.de\/wp-content\/uploads\/2020\/04\/Elvira-Bach_Von-oben-betrachtet_80x60cm_\u00d6lLw_2009-Kopie.jpg\" width=\"100\" height=\"60\" loading=\"lazy\" class=\"skip-lazy\" data-skip-lazy=\"1\" title=\"\"><\/picture><\/div><div class=\"n2-thumbnail-dot n2-style-462cb0983aca6cda3fc34a0feea6024b-dot \" data-slide-public-id=\"28\" role=\"button\" aria-label=\"Elvira Bach: Sch\u00f6ne im April, 2013, Acryl auf Papier, 104 x 78 cm\" tabindex=\"0\"><picture class=\"skip-lazy\" data-skip-lazy=\"1\"><img loading=\"lazy\" decoding=\"async\" alt=\"Elvira Bach: Sch\u00f6ne im April, 2013, Acryl auf Papier, 104 x 78 cm\" src=\"\/\/www.galerie-schmalfuss.de\/wp-content\/uploads\/2014\/01\/Sch\u00f6ne-im-April.jpg\" width=\"100\" height=\"60\" loading=\"lazy\" class=\"skip-lazy\" data-skip-lazy=\"1\" title=\"\"><\/picture><\/div><div class=\"n2-thumbnail-dot n2-style-462cb0983aca6cda3fc34a0feea6024b-dot \" data-slide-public-id=\"29\" role=\"button\" aria-label=\"Elvira Bach, Konsumnachfrage\" tabindex=\"0\"><picture class=\"skip-lazy\" data-skip-lazy=\"1\"><img loading=\"lazy\" decoding=\"async\" alt=\"Elvira Bach, Konsumnachfrage\" src=\"\/\/www.galerie-schmalfuss.de\/wp-content\/uploads\/2020\/04\/Bach-Konsumnachfrage-3-Kopie.jpg\" width=\"100\" height=\"60\" loading=\"lazy\" class=\"skip-lazy\" data-skip-lazy=\"1\" title=\"\"><\/picture><\/div><div class=\"n2-thumbnail-dot n2-style-462cb0983aca6cda3fc34a0feea6024b-dot \" data-slide-public-id=\"30\" role=\"button\" aria-label=\"Elvira Bach, Konjunktur st\u00e4rken\" tabindex=\"0\"><picture class=\"skip-lazy\" data-skip-lazy=\"1\"><img loading=\"lazy\" decoding=\"async\" alt=\"Elvira Bach, Konjunktur st\u00e4rken\" src=\"\/\/www.galerie-schmalfuss.de\/wp-content\/uploads\/2020\/04\/Bach-Konjunktur-Kopie.jpg\" width=\"100\" height=\"60\" loading=\"lazy\" class=\"skip-lazy\" data-skip-lazy=\"1\" title=\"\"><\/picture><\/div><div class=\"n2-thumbnail-dot n2-style-462cb0983aca6cda3fc34a0feea6024b-dot \" data-slide-public-id=\"31\" role=\"button\" aria-label=\"Keramikskulptur 1\" tabindex=\"0\"><picture class=\"skip-lazy\" data-skip-lazy=\"1\"><img loading=\"lazy\" decoding=\"async\" alt=\"Keramikskulptur 1\" src=\"\/\/www.galerie-schmalfuss.de\/wp-content\/uploads\/2013\/11\/Keramikskulptur-1.jpg\" width=\"100\" height=\"60\" loading=\"lazy\" class=\"skip-lazy\" data-skip-lazy=\"1\" title=\"\"><\/picture><\/div><div class=\"n2-thumbnail-dot n2-style-462cb0983aca6cda3fc34a0feea6024b-dot \" data-slide-public-id=\"32\" role=\"button\" aria-label=\"Elvira Bach: Ingrid s\u00e4t gr\u00fcne Sosse, Acryl und Sand auf Leinwand, 130 x 165 cm\" tabindex=\"0\"><picture class=\"skip-lazy\" data-skip-lazy=\"1\"><img loading=\"lazy\" decoding=\"async\" alt=\"Elvira Bach: Ingrid s\u00e4t gr\u00fcne Sosse, Acryl und Sand auf Leinwand, 130 x 165 cm\" src=\"\/\/www.galerie-schmalfuss.de\/wp-content\/uploads\/2014\/01\/Ingrid-s\u00e4t-gr\u00fcne-Sosse.jpg\" width=\"100\" height=\"60\" loading=\"lazy\" class=\"skip-lazy\" data-skip-lazy=\"1\" title=\"\"><\/picture><\/div><div class=\"n2-thumbnail-dot n2-style-462cb0983aca6cda3fc34a0feea6024b-dot \" data-slide-public-id=\"33\" role=\"button\" aria-label=\"Elvira Bach: Neuenhainer Erdbeere, 2013, Acryl auf Leinwand, 230 x 190 cm\" tabindex=\"0\"><picture class=\"skip-lazy\" data-skip-lazy=\"1\"><img loading=\"lazy\" decoding=\"async\" alt=\"Elvira Bach: Neuenhainer Erdbeere, 2013, Acryl auf Leinwand, 230 x 190 cm\" src=\"\/\/www.galerie-schmalfuss.de\/wp-content\/uploads\/2014\/01\/Neuenhainer-Erdbeere.jpg\" width=\"100\" height=\"60\" loading=\"lazy\" class=\"skip-lazy\" data-skip-lazy=\"1\" title=\"\"><\/picture><\/div><div class=\"n2-thumbnail-dot n2-style-462cb0983aca6cda3fc34a0feea6024b-dot \" data-slide-public-id=\"34\" role=\"button\" aria-label=\"Elvira Bach: Rote Glasskulptur, Muranoglas, 57 x 27 x 12 cm\" tabindex=\"0\"><picture class=\"skip-lazy\" data-skip-lazy=\"1\"><img loading=\"lazy\" decoding=\"async\" alt=\"Elvira Bach: Rote Glasskulptur, Muranoglas, 57 x 27 x 12 cm\" src=\"\/\/www.galerie-schmalfuss.de\/wp-content\/uploads\/2014\/01\/Rote-Glasskulptur.jpg\" width=\"100\" height=\"60\" loading=\"lazy\" class=\"skip-lazy\" data-skip-lazy=\"1\" title=\"\"><\/picture><\/div><div class=\"n2-thumbnail-dot n2-style-462cb0983aca6cda3fc34a0feea6024b-dot \" data-slide-public-id=\"35\" role=\"button\" aria-label=\"Elvira Bach: Kriegerin, 2006, Acryl auf Leinwand, 230 x 190 cm\" tabindex=\"0\"><picture class=\"skip-lazy\" data-skip-lazy=\"1\"><img loading=\"lazy\" decoding=\"async\" alt=\"Elvira Bach: Kriegerin, 2006, Acryl auf Leinwand, 230 x 190 cm\" src=\"\/\/www.galerie-schmalfuss.de\/wp-content\/uploads\/2014\/01\/Kriegerin.jpg\" width=\"100\" height=\"60\" loading=\"lazy\" class=\"skip-lazy\" data-skip-lazy=\"1\" title=\"\"><\/picture><\/div><div class=\"n2-thumbnail-dot n2-style-462cb0983aca6cda3fc34a0feea6024b-dot \" data-slide-public-id=\"36\" role=\"button\" aria-label=\"Elvira Bach: Erleuchtet, Acryl auf Leinwand, 165 x 130 cm\" tabindex=\"0\"><picture class=\"skip-lazy\" data-skip-lazy=\"1\"><img loading=\"lazy\" decoding=\"async\" alt=\"Elvira Bach: Erleuchtet, Acryl auf Leinwand, 165 x 130 cm\" src=\"\/\/www.galerie-schmalfuss.de\/wp-content\/uploads\/2014\/01\/Erleuchtet.jpg\" width=\"100\" height=\"60\" loading=\"lazy\" class=\"skip-lazy\" data-skip-lazy=\"1\" title=\"\"><\/picture><\/div><div class=\"n2-thumbnail-dot n2-style-462cb0983aca6cda3fc34a0feea6024b-dot \" data-slide-public-id=\"37\" role=\"button\" aria-label=\"Elvira Bach: Bronzeskulptur, handglasiert, 43 x 22 x 20 cm\" tabindex=\"0\"><picture class=\"skip-lazy\" data-skip-lazy=\"1\"><img loading=\"lazy\" decoding=\"async\" alt=\"Elvira Bach: Bronzeskulptur, handglasiert, 43 x 22 x 20 cm\" src=\"\/\/www.galerie-schmalfuss.de\/wp-content\/uploads\/2014\/01\/Bronzeskulptur.jpg\" width=\"100\" height=\"60\" loading=\"lazy\" class=\"skip-lazy\" data-skip-lazy=\"1\" title=\"\"><\/picture><\/div><div class=\"n2-thumbnail-dot n2-style-462cb0983aca6cda3fc34a0feea6024b-dot \" data-slide-public-id=\"38\" role=\"button\" aria-label=\"Elvira Bach: Goldig, 2007, Acryl auf Papier, 29,5 x 21 cm \" tabindex=\"0\"><picture class=\"skip-lazy\" data-skip-lazy=\"1\"><img loading=\"lazy\" decoding=\"async\" alt=\"Elvira Bach: Goldig, 2007, Acryl auf Papier, 29,5 x 21 cm \" src=\"\/\/www.galerie-schmalfuss.de\/wp-content\/uploads\/2014\/01\/Goldig.jpg\" width=\"100\" height=\"60\" loading=\"lazy\" class=\"skip-lazy\" data-skip-lazy=\"1\" title=\"\"><\/picture><\/div><div class=\"n2-thumbnail-dot n2-style-462cb0983aca6cda3fc34a0feea6024b-dot \" data-slide-public-id=\"39\" role=\"button\" aria-label=\"Elvira Bach: Gelbe Glasskulptur, Muranoglas, 52 x 31 x 13 cm\" tabindex=\"0\"><picture class=\"skip-lazy\" data-skip-lazy=\"1\"><img loading=\"lazy\" decoding=\"async\" alt=\"Elvira Bach: Gelbe Glasskulptur, Muranoglas, 52 x 31 x 13 cm\" src=\"\/\/www.galerie-schmalfuss.de\/wp-content\/uploads\/2014\/01\/Gelbe-Glasskulptur.jpg\" width=\"100\" height=\"60\" loading=\"lazy\" class=\"skip-lazy\" data-skip-lazy=\"1\" title=\"\"><\/picture><\/div><div class=\"n2-thumbnail-dot n2-style-462cb0983aca6cda3fc34a0feea6024b-dot \" data-slide-public-id=\"40\" role=\"button\" aria-label=\"Elvira Bach: Der Kern der Zivilisation liegt in ihrer Unnat\u00fcrlichkeit, 2001-2004, Acryl auf Leinwand, 230 x 190 cm\" tabindex=\"0\"><picture class=\"skip-lazy\" data-skip-lazy=\"1\"><img loading=\"lazy\" decoding=\"async\" alt=\"Elvira Bach: Der Kern der Zivilisation liegt in ihrer Unnat\u00fcrlichkeit, 2001-2004, Acryl auf Leinwand, 230 x 190 cm\" src=\"\/\/www.galerie-schmalfuss.de\/wp-content\/uploads\/2014\/01\/Bin-ich-sch\u00f6n.jpg\" width=\"100\" height=\"60\" loading=\"lazy\" class=\"skip-lazy\" data-skip-lazy=\"1\" title=\"\"><\/picture><\/div><div class=\"n2-thumbnail-dot n2-style-462cb0983aca6cda3fc34a0feea6024b-dot \" data-slide-public-id=\"41\" role=\"button\" aria-label=\"Elvira Bach, Aniko, 2008, 230 x 190 cm\" tabindex=\"0\"><picture class=\"skip-lazy\" data-skip-lazy=\"1\"><img loading=\"lazy\" decoding=\"async\" alt=\"Elvira Bach, Aniko, 2008, 230 x 190 cm\" src=\"\/\/www.galerie-schmalfuss.de\/wp-content\/uploads\/2018\/03\/Aniko_2008.jpg\" width=\"100\" height=\"60\" loading=\"lazy\" class=\"skip-lazy\" data-skip-lazy=\"1\" title=\"\"><\/picture><\/div><\/div><\/div><div class=\"nextend-thumbnail-button nextend-thumbnail-previous\"><img loading=\"lazy\" decoding=\"async\" width=\"26\" height=\"26\" style=\"width:26px;transform:rotateZ(-90deg);\" loading=\"lazy\" class=\"skip-lazy\" data-skip-lazy=\"1\" src=\"data:image\/svg+xml;base64,PHN2ZyB3aWR0aD0iMjYiIGhlaWdodD0iMjYiIHhtbG5zPSJodHRwOi8vd3d3LnczLm9yZy8yMDAwL3N2ZyI+CiAgICA8ZyBmaWxsPSJub25lIiBmaWxsLXJ1bGU9ImV2ZW5vZGQiPgogICAgICAgIDxjaXJjbGUgc3Ryb2tlPSIjZmZmIiBzdHJva2Utd2lkdGg9IjIiIG9wYWNpdHk9Ii41IiBmaWxsPSIjMDAwIiBjeD0iMTMiIGN5PSIxMyIgcj0iMTIiLz4KICAgICAgICA8cGF0aCBkPSJNMTMuNDM1IDkuMTc4Yy0uMTI2LS4xMjEtLjI3LS4xODItLjQzNi0uMTgyLS4xNjQgMC0uMzA2LjA2MS0uNDI4LjE4MmwtNC4zOCA0LjE3NWMtLjEyNi4xMjEtLjE4OC4yNjItLjE4OC40MjQgMCAuMTYxLjA2Mi4zMDIuMTg4LjQyM2wuNjUuNjIyYy4xMjYuMTIxLjI3My4xODIuNDQxLjE4Mi4xNyAwIC4zMTQtLjA2MS40MzYtLjE4MmwzLjMxNC0zLjE2MSAzLjI0OSAzLjE2MWMuMTI2LjEyMS4yNjkuMTgyLjQzMi4xODIuMTY0IDAgLjMwNy0uMDYxLjQzMy0uMTgybC42NjItLjYyMmMuMTI2LS4xMjEuMTg5LS4yNjIuMTg5LS40MjMgMC0uMTYyLS4wNjMtLjMwMy0uMTg5LS40MjRsLTQuMzczLTQuMTc1eiIKICAgICAgICAgICAgICBmaWxsPSIjZmZmIi8+CiAgICA8L2c+Cjwvc3ZnPg==\" alt=\"previous arrow\" title=\"\"><\/div><div class=\"nextend-thumbnail-button nextend-thumbnail-next\"><img loading=\"lazy\" decoding=\"async\" width=\"26\" height=\"26\" style=\"width:26px;transform:rotateZ(-90deg);\" loading=\"lazy\" class=\"skip-lazy\" data-skip-lazy=\"1\" src=\"data:image\/svg+xml;base64,PHN2ZyB4bWxucz0iaHR0cDovL3d3dy53My5vcmcvMjAwMC9zdmciIHdpZHRoPSIyNiIgaGVpZ2h0PSIyNiI+CiAgICA8ZyBmaWxsPSJub25lIj4KICAgICAgICA8Y2lyY2xlIGN4PSIxMyIgY3k9IjEzIiByPSIxMiIgZmlsbD0iIzAwMCIgc3Ryb2tlPSIjZmZmIiBzdHJva2Utd2lkdGg9IjIiIG9wYWNpdHk9Ii41Ii8+CiAgICAgICAgPHBhdGggZmlsbD0iI2ZmZiIKICAgICAgICAgICAgICBkPSJNMTIuNTY1IDE2LjgyMmMuMTI2LjEyLjI3LjE4Mi40MzYuMTgyLjE2OCAwIC4zMS0uMDYuNDMtLjE4Mmw0LjM4LTQuMTc1Yy4xMjgtLjEyLjE5LS4yNjIuMTktLjQyNCAwLS4xNi0uMDYyLS4zMDItLjE5LS40MjNsLS42NS0uNjIyYy0uMTI1LS4xMi0uMjcyLS4xODItLjQ0LS4xODItLjE3IDAtLjMxNC4wNi0uNDM2LjE4MmwtMy4zMTQgMy4xNi0zLjI1LTMuMTZjLS4xMjYtLjEyLS4yNy0uMTgyLS40My0uMTgyLS4xNjYgMC0uMzEuMDYtLjQzNS4xODJsLS42NjIuNjIyYy0uMTI2LjEyLS4xOS4yNjItLjE5LjQyMyAwIC4xNjIuMDY0LjMwMy4xOS40MjRsNC4zNzMgNC4xNzV6Ii8+CiAgICA8L2c+Cjwvc3ZnPg==\" alt=\"next arrow\" title=\"\"><\/div><\/div><\/div><\/div><\/div><ss3-loader><\/ss3-loader><\/div><\/div><div class=\"n2_clear\"><\/div><\/div><\/div><\/div>\n\t\t\t\t\t\t\t\t\t<div class=\"elementor-tab-title elementor-tab-mobile-title\" aria-selected=\"false\" data-tab=\"2\" role=\"tab\" tabindex=\"-1\" aria-controls=\"elementor-tab-content-2442\" aria-expanded=\"false\">INFO<\/div>\n\t\t\t\t\t<div id=\"elementor-tab-content-2442\" class=\"elementor-tab-content elementor-clearfix\" data-tab=\"2\" role=\"tabpanel\" aria-labelledby=\"elementor-tab-title-2442\" tabindex=\"0\" hidden=\"hidden\"><table border=\"0\"><tbody><tr><td>\u00a0<\/td><td>Vita Elvira Bach<\/td><\/tr><tr><td>\u00a0<\/td><td>\u00a0<\/td><\/tr><tr><td>1951<\/td><td>geboren in Neuenhain (Hessen)<\/td><\/tr><tr><td>1967-1970<\/td><td>Studium an der Staatlichen Glasfachschule Hamadar<\/td><\/tr><tr><td>1972-1979<\/td><td>Studium der Malerei an der Hochschule der K\u00fcnste BerlinMeistersch\u00fclerin des informellen Malers Hann Trier, zugleich mit Rainer Fetting, Saom\u00e9 und Helmut Middendorf, die bei Karl Horst H\u00f6dicke studierten. W\u00e4hrend des Studiums arbeitete sie an der Berliner Schaub\u00fchne, damals unter Leitung von Peter Stein, als Requisiteurin, Souffleuse und Foyerdame. Ein Stipendium f\u00fchrte Elvira Bach in die Dominikanische Republik<\/td><\/tr><tr><td>1982<\/td><td>Einladung zur documenta 7 in Kassel. Es folgen nationale und internationale Ausstellungen<\/td><\/tr><tr><td>\u00a0<\/td><td>\u00a0<\/td><\/tr><tr><td>\u00a0<\/td><td>Ausstellungen\u00a0<\/td><\/tr><tr><td>\u00a0<\/td><td>\u00a0<\/td><\/tr><tr><td>1979<\/td><td>Badewannenbilder, SO 36, Berlin<\/td><\/tr><tr><td>1982<\/td><td>documenta 7, Kassel<\/td><\/tr><tr><td>1988<\/td><td>Refigured Painting -The German Image<\/td><\/tr><tr><td>1988-89<\/td><td>Guggenheim Museum, New York<\/td><\/tr><tr><td>1990\/1991<\/td><td>Mannheimer Kunstverein, Mannheim und Kunsthalle der Stadt Wilhelmshaven, Wilhelmshaven und Neue Galerie<\/td><\/tr><tr><td>1999<\/td><td>Haus am L\u00fctzowplatz Berlin<\/td><\/tr><tr><td>2001<\/td><td>Bayrisches Landesmuseum im Kloster Asbach<\/td><\/tr><tr><td>2002<\/td><td>Kunsthalle Dominikanerkirche, Osnabr\u00fcck<\/td><\/tr><tr><td>2004<\/td><td>Kunstverein Salzgitter<\/td><\/tr><tr><td>2006<\/td><td>Kronacher Kunstverein e.V., auf der Festung Rosenberg<\/td><\/tr><tr><td>2007<\/td><td>Galerie Noah, Augsburg<\/td><\/tr><tr><td>2009<\/td><td>Stadtgalerie Bad Soden im Taunus; influences africaines, Frauenmuseum Bonn<\/td><\/tr><tr><td>2012<\/td><td>Galerie Anne Moerchen, Hamburg<\/td><\/tr><tr><td>\u00a0<\/td><td>\u00a0<\/td><\/tr><tr><td>\u00a0<\/td><td>\u00d6ffentliche Sammlungen<\/td><\/tr><tr><td>\u00a0<\/td><td>\u00a0<\/td><\/tr><tr><td>\u00a0<\/td><td>Kunstmuseum Walter, Augsburg<\/td><\/tr><tr><td>\u00a0<\/td><td>St\u00e4dtische Galerie Wolfsburg,\u00a0Wolfsburg<\/td><\/tr><tr><td>\u00a0<\/td><td>Sammlung Alison &amp; Peter W. Klein, Eberdingen-Nussdorf<\/td><\/tr><tr><td>\u00a0<\/td><td>Projekt \u201cColumn Painting\u201d (1995): Bemalung der tragenden S\u00e4ulen der U-Bahn-Station Markthalle\/Landtag der Stadtbahn Hannover mit weiblichen Motiven<\/td><\/tr><tr><td>\u00a0<\/td><td>Landgericht Fulda: Bilderzyklus an der Foyerwand vor den Sitzungss\u00e4len<\/td><\/tr><tr><td>\u00a0<\/td><td>\u00a0<\/td><\/tr><tr><td>\u00a0<\/td><td>\u00a0<\/td><\/tr><\/tbody><\/table><p>\u00a0<\/p><\/div>\n\t\t\t\t\t\t\t<\/div>\n\t\t<\/div>\n\t\t\t\t\t\t<\/div>\n\t\t\t\t<\/div>\n\t\t\t\t\t<\/div>\n\t\t<\/div>\n\t\t\t\t\t<\/div>\n\t\t<\/section>\n\t\t\t\t<\/div>\n\t\t","protected":false},"excerpt":{"rendered":"<p>WERK INFO WERK INFO &nbsp; Vita Elvira Bach &nbsp; &nbsp;&#8230; <a class=\"mor_e-link\" href=\"https:\/\/www.galerie-schmalfuss.de\/index.php\/kuenstler\/elvira-bach\/\">weiter<span class=\"screen-reader-text\">ELVIRA BACH<\/span><\/a><\/p>\n","protected":false},"author":6,"featured_media":0,"parent":8401,"menu_order":0,"comment_status":"closed","ping_status":"closed","template":"templates\/full-width.php","meta":{"footnotes":""},"class_list":["post-8362","page","type-page","status-publish","hentry","entry"],"_links":{"self":[{"href":"https:\/\/www.galerie-schmalfuss.de\/index.php\/wp-json\/wp\/v2\/pages\/8362","targetHints":{"allow":["GET"]}}],"collection":[{"href":"https:\/\/www.galerie-schmalfuss.de\/index.php\/wp-json\/wp\/v2\/pages"}],"about":[{"href":"https:\/\/www.galerie-schmalfuss.de\/index.php\/wp-json\/wp\/v2\/types\/page"}],"author":[{"embeddable":true,"href":"https:\/\/www.galerie-schmalfuss.de\/index.php\/wp-json\/wp\/v2\/users\/6"}],"replies":[{"embeddable":true,"href":"https:\/\/www.galerie-schmalfuss.de\/index.php\/wp-json\/wp\/v2\/comments?post=8362"}],"version-history":[{"count":0,"href":"https:\/\/www.galerie-schmalfuss.de\/index.php\/wp-json\/wp\/v2\/pages\/8362\/revisions"}],"up":[{"embeddable":true,"href":"https:\/\/www.galerie-schmalfuss.de\/index.php\/wp-json\/wp\/v2\/pages\/8401"}],"wp:attachment":[{"href":"https:\/\/www.galerie-schmalfuss.de\/index.php\/wp-json\/wp\/v2\/media?parent=8362"}],"curies":[{"name":"wp","href":"https:\/\/api.w.org\/{rel}","templated":true}]}}