{"id":8363,"date":"2019-06-08T19:33:41","date_gmt":"2019-06-08T19:33:41","guid":{"rendered":"http:\/\/update.galerie-schmalfuss.de\/?page_id=8363"},"modified":"2020-04-17T16:54:12","modified_gmt":"2020-04-17T16:54:12","slug":"bim-koehler","status":"publish","type":"page","link":"https:\/\/www.galerie-schmalfuss.de\/index.php\/kuenstler\/bim-koehler\/","title":{"rendered":"BIM KOEHLER"},"content":{"rendered":"\t\t<div data-elementor-type=\"wp-post\" data-elementor-id=\"8363\" class=\"elementor elementor-8363\" data-elementor-post-type=\"page\">\n\t\t\t\t\t\t<section class=\"elementor-section elementor-top-section elementor-element elementor-element-d42ab09 elementor-section-boxed elementor-section-height-default elementor-section-height-default\" data-id=\"d42ab09\" data-element_type=\"section\">\n\t\t\t\t\t\t<div class=\"elementor-container elementor-column-gap-default\">\n\t\t\t\t\t<div class=\"elementor-column elementor-col-100 elementor-top-column elementor-element elementor-element-bbeb879\" data-id=\"bbeb879\" data-element_type=\"column\">\n\t\t\t<div class=\"elementor-widget-wrap elementor-element-populated\">\n\t\t\t\t\t\t<div class=\"elementor-element elementor-element-e8d6fb0 elementor-tabs-view-horizontal elementor-widget elementor-widget-tabs\" data-id=\"e8d6fb0\" data-element_type=\"widget\" data-widget_type=\"tabs.default\">\n\t\t\t\t<div class=\"elementor-widget-container\">\n\t\t\t\t\t\t\t<div class=\"elementor-tabs\">\n\t\t\t<div class=\"elementor-tabs-wrapper\" role=\"tablist\" >\n\t\t\t\t\t\t\t\t\t<div id=\"elementor-tab-title-2441\" class=\"elementor-tab-title elementor-tab-desktop-title\" aria-selected=\"true\" data-tab=\"1\" role=\"tab\" tabindex=\"0\" aria-controls=\"elementor-tab-content-2441\" aria-expanded=\"false\">WERK<\/div>\n\t\t\t\t\t\t\t\t\t<div id=\"elementor-tab-title-2442\" class=\"elementor-tab-title elementor-tab-desktop-title\" aria-selected=\"false\" data-tab=\"2\" role=\"tab\" tabindex=\"-1\" aria-controls=\"elementor-tab-content-2442\" aria-expanded=\"false\">INFO<\/div>\n\t\t\t\t\t\t\t<\/div>\n\t\t\t<div class=\"elementor-tabs-content-wrapper\" role=\"tablist\" aria-orientation=\"vertical\">\n\t\t\t\t\t\t\t\t\t<div class=\"elementor-tab-title elementor-tab-mobile-title\" aria-selected=\"true\" data-tab=\"1\" role=\"tab\" tabindex=\"0\" aria-controls=\"elementor-tab-content-2441\" aria-expanded=\"false\">WERK<\/div>\n\t\t\t\t\t<div id=\"elementor-tab-content-2441\" class=\"elementor-tab-content elementor-clearfix\" data-tab=\"1\" role=\"tabpanel\" aria-labelledby=\"elementor-tab-title-2441\" tabindex=\"0\" hidden=\"false\"><div><div class=\"n2-section-smartslider fitvidsignore \" data-ssid=\"6\" tabindex=\"0\" role=\"region\" aria-label=\"Slider\"><div id=\"n2-ss-6-align\" class=\"n2-ss-align\"><div class=\"n2-padding\"><div id=\"n2-ss-6\" data-creator=\"Smart Slider 3\" data-responsive=\"auto\" class=\"n2-ss-slider n2-ow n2-has-hover n2notransition  \">\n\n\n\n\n\n\n\n\n\n\n\n\n\n\n\n\n\n\n\n\n\n\n\n<div class=\"n2-ss-slider-wrapper-outside\" style=\"grid-template-rows:1fr auto\"><div class=\"n2-ss-slider-wrapper-inside\">\n        <div class=\"n2-ss-slider-1 n2_ss__touch_element n2-ow\">\n            <div class=\"n2-ss-slider-2 n2-ow\">\n                                                <div class=\"n2-ss-slider-3 n2-ow\">\n\n                    <div class=\"n2-ss-slide-backgrounds n2-ow-all\"><div class=\"n2-ss-slide-background\" data-public-id=\"1\" data-mode=\"fit\"><div class=\"n2-ss-slide-background-image\" data-blur=\"0\" data-opacity=\"100\" data-x=\"50\" data-y=\"50\" data-alt=\"\" data-title=\"\"><picture class=\"skip-lazy\" data-skip-lazy=\"1\"><img decoding=\"async\" src=\"\/\/www.galerie-schmalfuss.de\/wp-content\/uploads\/2023\/07\/Koehler-Bim_2016-Pigmente-Glanzfirnis-auf-Kreidegrund-auf-Holzkoerper-Stahleinfassung-60x40x4.5cm.jpg\" alt=\"\" title=\"\" loading=\"lazy\" class=\"skip-lazy\" data-skip-lazy=\"1\"><\/picture><\/div><div data-color=\"RGBA(255,255,255,0)\" style=\"background-color: RGBA(255,255,255,0);\" class=\"n2-ss-slide-background-color\"><\/div><\/div><div class=\"n2-ss-slide-background\" data-public-id=\"2\" data-mode=\"fit\" aria-hidden=\"true\"><div class=\"n2-ss-slide-background-image\" data-blur=\"0\" data-opacity=\"100\" data-x=\"50\" data-y=\"50\" data-alt=\"\" data-title=\"\"><picture class=\"skip-lazy\" data-skip-lazy=\"1\"><img decoding=\"async\" src=\"\/\/www.galerie-schmalfuss.de\/wp-content\/uploads\/2016\/06\/KE-140.10-2016_klein.jpg\" alt=\"\" title=\"\" loading=\"lazy\" class=\"skip-lazy\" data-skip-lazy=\"1\"><\/picture><\/div><div data-color=\"RGBA(255,255,255,0)\" style=\"background-color: RGBA(255,255,255,0);\" class=\"n2-ss-slide-background-color\"><\/div><\/div><div class=\"n2-ss-slide-background\" data-public-id=\"3\" data-mode=\"fit\" aria-hidden=\"true\"><div class=\"n2-ss-slide-background-image\" data-blur=\"0\" data-opacity=\"100\" data-x=\"50\" data-y=\"50\" data-alt=\"\" data-title=\"\"><picture class=\"skip-lazy\" data-skip-lazy=\"1\"><img decoding=\"async\" src=\"\/\/www.galerie-schmalfuss.de\/wp-content\/uploads\/2016\/03\/Koehler-KE-140.08-2015-140-x-120-x-5.jpg\" alt=\"\" title=\"\" loading=\"lazy\" class=\"skip-lazy\" data-skip-lazy=\"1\"><\/picture><\/div><div data-color=\"RGBA(255,255,255,0)\" style=\"background-color: RGBA(255,255,255,0);\" class=\"n2-ss-slide-background-color\"><\/div><\/div><div class=\"n2-ss-slide-background\" data-public-id=\"4\" data-mode=\"fit\" aria-hidden=\"true\"><div class=\"n2-ss-slide-background-image\" data-blur=\"0\" data-opacity=\"100\" data-x=\"50\" data-y=\"50\" data-alt=\"\" data-title=\"\"><picture class=\"skip-lazy\" data-skip-lazy=\"1\"><img decoding=\"async\" src=\"\/\/www.galerie-schmalfuss.de\/wp-content\/uploads\/2016\/03\/IMG_7646.jpg\" alt=\"\" title=\"\" loading=\"lazy\" class=\"skip-lazy\" data-skip-lazy=\"1\"><\/picture><\/div><div data-color=\"RGBA(255,255,255,0)\" style=\"background-color: RGBA(255,255,255,0);\" class=\"n2-ss-slide-background-color\"><\/div><\/div><div class=\"n2-ss-slide-background\" data-public-id=\"5\" data-mode=\"fit\" aria-hidden=\"true\"><div class=\"n2-ss-slide-background-image\" data-blur=\"0\" data-opacity=\"100\" data-x=\"50\" data-y=\"50\" data-alt=\"\" data-title=\"\"><picture class=\"skip-lazy\" data-skip-lazy=\"1\"><img decoding=\"async\" src=\"\/\/www.galerie-schmalfuss.de\/wp-content\/uploads\/2016\/03\/IMG_7644.jpg\" alt=\"\" title=\"\" loading=\"lazy\" class=\"skip-lazy\" data-skip-lazy=\"1\"><\/picture><\/div><div data-color=\"RGBA(255,255,255,0)\" style=\"background-color: RGBA(255,255,255,0);\" class=\"n2-ss-slide-background-color\"><\/div><\/div><div class=\"n2-ss-slide-background\" data-public-id=\"6\" data-mode=\"fit\" aria-hidden=\"true\"><div class=\"n2-ss-slide-background-image\" data-blur=\"0\" data-opacity=\"100\" data-x=\"50\" data-y=\"50\" data-alt=\"\" data-title=\"\"><picture class=\"skip-lazy\" data-skip-lazy=\"1\"><img decoding=\"async\" src=\"\/\/www.galerie-schmalfuss.de\/wp-content\/uploads\/2016\/01\/IMG_4984.jpg\" alt=\"\" title=\"\" loading=\"lazy\" class=\"skip-lazy\" data-skip-lazy=\"1\"><\/picture><\/div><div data-color=\"RGBA(255,255,255,0)\" style=\"background-color: RGBA(255,255,255,0);\" class=\"n2-ss-slide-background-color\"><\/div><\/div><div class=\"n2-ss-slide-background\" data-public-id=\"7\" data-mode=\"fit\" aria-hidden=\"true\"><div class=\"n2-ss-slide-background-image\" data-blur=\"0\" data-opacity=\"100\" data-x=\"50\" data-y=\"50\" data-alt=\"\" data-title=\"\"><picture class=\"skip-lazy\" data-skip-lazy=\"1\"><img decoding=\"async\" src=\"\/\/www.galerie-schmalfuss.de\/wp-content\/uploads\/2015\/11\/IMG_4984.jpg\" alt=\"\" title=\"\" loading=\"lazy\" class=\"skip-lazy\" data-skip-lazy=\"1\"><\/picture><\/div><div data-color=\"RGBA(255,255,255,0)\" style=\"background-color: RGBA(255,255,255,0);\" class=\"n2-ss-slide-background-color\"><\/div><\/div><div class=\"n2-ss-slide-background\" data-public-id=\"8\" data-mode=\"fit\" aria-hidden=\"true\"><div class=\"n2-ss-slide-background-image\" data-blur=\"0\" data-opacity=\"100\" data-x=\"50\" data-y=\"50\" data-alt=\"\" data-title=\"\"><picture class=\"skip-lazy\" data-skip-lazy=\"1\"><img decoding=\"async\" src=\"\/\/www.galerie-schmalfuss.de\/wp-content\/uploads\/2013\/12\/KE-130.11.jpg\" alt=\"\" title=\"\" loading=\"lazy\" class=\"skip-lazy\" data-skip-lazy=\"1\"><\/picture><\/div><div data-color=\"RGBA(255,255,255,0)\" style=\"background-color: RGBA(255,255,255,0);\" class=\"n2-ss-slide-background-color\"><\/div><\/div><div class=\"n2-ss-slide-background\" data-public-id=\"9\" data-mode=\"fit\" aria-hidden=\"true\"><div class=\"n2-ss-slide-background-image\" data-blur=\"0\" data-opacity=\"100\" data-x=\"50\" data-y=\"50\" data-alt=\"\" data-title=\"\"><picture class=\"skip-lazy\" data-skip-lazy=\"1\"><img decoding=\"async\" src=\"\/\/www.galerie-schmalfuss.de\/wp-content\/uploads\/2013\/12\/KE-130.10.jpg\" alt=\"\" title=\"\" loading=\"lazy\" class=\"skip-lazy\" data-skip-lazy=\"1\"><\/picture><\/div><div data-color=\"RGBA(255,255,255,0)\" style=\"background-color: RGBA(255,255,255,0);\" class=\"n2-ss-slide-background-color\"><\/div><\/div><div class=\"n2-ss-slide-background\" data-public-id=\"10\" data-mode=\"fit\" aria-hidden=\"true\"><div class=\"n2-ss-slide-background-image\" data-blur=\"0\" data-opacity=\"100\" data-x=\"50\" data-y=\"50\" data-alt=\"\" data-title=\"\"><picture class=\"skip-lazy\" data-skip-lazy=\"1\"><img decoding=\"async\" src=\"\/\/www.galerie-schmalfuss.de\/wp-content\/uploads\/2013\/12\/KE-180.12-2013.jpeg\" alt=\"\" title=\"\" loading=\"lazy\" class=\"skip-lazy\" data-skip-lazy=\"1\"><\/picture><\/div><div data-color=\"RGBA(255,255,255,0)\" style=\"background-color: RGBA(255,255,255,0);\" class=\"n2-ss-slide-background-color\"><\/div><\/div><div class=\"n2-ss-slide-background\" data-public-id=\"11\" data-mode=\"fit\" aria-hidden=\"true\"><div class=\"n2-ss-slide-background-image\" data-blur=\"0\" data-opacity=\"100\" data-x=\"50\" data-y=\"50\" data-alt=\"\" data-title=\"\"><picture class=\"skip-lazy\" data-skip-lazy=\"1\"><img decoding=\"async\" src=\"\/\/www.galerie-schmalfuss.de\/wp-content\/uploads\/2011\/09\/bim_koehler.jpg\" alt=\"\" title=\"\" loading=\"lazy\" class=\"skip-lazy\" data-skip-lazy=\"1\"><\/picture><\/div><div data-color=\"RGBA(255,255,255,0)\" style=\"background-color: RGBA(255,255,255,0);\" class=\"n2-ss-slide-background-color\"><\/div><\/div><div class=\"n2-ss-slide-background\" data-public-id=\"12\" data-mode=\"fit\" aria-hidden=\"true\"><div class=\"n2-ss-slide-background-image\" data-blur=\"0\" data-opacity=\"100\" data-x=\"50\" data-y=\"50\" data-alt=\"\" data-title=\"\"><picture class=\"skip-lazy\" data-skip-lazy=\"1\"><img decoding=\"async\" src=\"\/\/www.galerie-schmalfuss.de\/wp-content\/uploads\/2011\/09\/bim_koehler_2.jpg\" alt=\"\" title=\"\" loading=\"lazy\" class=\"skip-lazy\" data-skip-lazy=\"1\"><\/picture><\/div><div data-color=\"RGBA(255,255,255,0)\" style=\"background-color: RGBA(255,255,255,0);\" class=\"n2-ss-slide-background-color\"><\/div><\/div><div class=\"n2-ss-slide-background\" data-public-id=\"13\" data-mode=\"fit\" aria-hidden=\"true\"><div class=\"n2-ss-slide-background-image\" data-blur=\"0\" data-opacity=\"100\" data-x=\"50\" data-y=\"50\" data-alt=\"\" data-title=\"\"><picture class=\"skip-lazy\" data-skip-lazy=\"1\"><img decoding=\"async\" src=\"\/\/www.galerie-schmalfuss.de\/wp-content\/uploads\/2016\/01\/IMG_2764.jpg\" alt=\"\" title=\"\" loading=\"lazy\" class=\"skip-lazy\" data-skip-lazy=\"1\"><\/picture><\/div><div data-color=\"RGBA(255,255,255,0)\" style=\"background-color: RGBA(255,255,255,0);\" class=\"n2-ss-slide-background-color\"><\/div><\/div><div class=\"n2-ss-slide-background\" data-public-id=\"14\" data-mode=\"fit\" aria-hidden=\"true\"><div class=\"n2-ss-slide-background-image\" data-blur=\"0\" data-opacity=\"100\" data-x=\"50\" data-y=\"50\" data-alt=\"\" data-title=\"\"><picture class=\"skip-lazy\" data-skip-lazy=\"1\"><img decoding=\"async\" src=\"\/\/www.galerie-schmalfuss.de\/wp-content\/uploads\/2013\/10\/EQ-58.01_klein.jpg\" alt=\"\" title=\"\" loading=\"lazy\" class=\"skip-lazy\" data-skip-lazy=\"1\"><\/picture><\/div><div data-color=\"RGBA(255,255,255,0)\" style=\"background-color: RGBA(255,255,255,0);\" class=\"n2-ss-slide-background-color\"><\/div><\/div><div class=\"n2-ss-slide-background\" data-public-id=\"15\" data-mode=\"fit\" aria-hidden=\"true\"><div class=\"n2-ss-slide-background-image\" data-blur=\"0\" data-opacity=\"100\" data-x=\"50\" data-y=\"50\" data-alt=\"\" data-title=\"\"><picture class=\"skip-lazy\" data-skip-lazy=\"1\"><img decoding=\"async\" src=\"\/\/www.galerie-schmalfuss.de\/wp-content\/uploads\/2013\/10\/BIM-Koeheler-2013-KE-130.12.jpg\" alt=\"\" title=\"\" loading=\"lazy\" class=\"skip-lazy\" data-skip-lazy=\"1\"><\/picture><\/div><div data-color=\"RGBA(255,255,255,0)\" style=\"background-color: RGBA(255,255,255,0);\" class=\"n2-ss-slide-background-color\"><\/div><\/div><div class=\"n2-ss-slide-background\" data-public-id=\"16\" data-mode=\"fit\" aria-hidden=\"true\"><div class=\"n2-ss-slide-background-image\" data-blur=\"0\" data-opacity=\"100\" data-x=\"50\" data-y=\"50\" data-alt=\"\" data-title=\"\"><picture class=\"skip-lazy\" data-skip-lazy=\"1\"><img decoding=\"async\" src=\"\/\/www.galerie-schmalfuss.de\/wp-content\/uploads\/2011\/10\/bim_koehler_OhneTitel-1.jpg\" alt=\"\" title=\"\" loading=\"lazy\" class=\"skip-lazy\" data-skip-lazy=\"1\"><\/picture><\/div><div data-color=\"RGBA(255,255,255,0)\" style=\"background-color: RGBA(255,255,255,0);\" class=\"n2-ss-slide-background-color\"><\/div><\/div><div class=\"n2-ss-slide-background\" data-public-id=\"17\" data-mode=\"fit\" aria-hidden=\"true\"><div class=\"n2-ss-slide-background-image\" data-blur=\"0\" data-opacity=\"100\" data-x=\"50\" data-y=\"50\" data-alt=\"\" data-title=\"\"><picture class=\"skip-lazy\" data-skip-lazy=\"1\"><img decoding=\"async\" src=\"\/\/www.galerie-schmalfuss.de\/wp-content\/uploads\/2011\/10\/BIM_KOEHLER_KE-130.jpg\" alt=\"\" title=\"\" loading=\"lazy\" class=\"skip-lazy\" data-skip-lazy=\"1\"><\/picture><\/div><div data-color=\"RGBA(255,255,255,0)\" style=\"background-color: RGBA(255,255,255,0);\" class=\"n2-ss-slide-background-color\"><\/div><\/div><\/div>                    <div class=\"n2-ss-slider-4 n2-ow\">\n                        <svg xmlns=\"http:\/\/www.w3.org\/2000\/svg\" viewBox=\"0 0 1200 800\" data-related-device=\"desktopPortrait\" class=\"n2-ow n2-ss-preserve-size n2-ss-preserve-size--slider n2-ss-slide-limiter\"><\/svg><div data-first=\"1\" data-slide-duration=\"0\" data-id=\"1622\" data-slide-public-id=\"1\" data-title=\"Koehler Bim\" data-description=\"2016 Pigmente Glanzfirnis auf Kreidegrund auf Holzk\u00f6rper Stahleinfassung 60x40x4.5cm\" class=\"n2-ss-slide n2-ow  n2-ss-slide-1622\"><div role=\"note\" class=\"n2-ss-slide--focus\" tabindex=\"-1\">Koehler Bim<\/div><div class=\"n2-ss-layers-container n2-ss-slide-limiter n2-ow\"><div class=\"n2-ss-layer n2-ow n-uc-agS7VZpAyFT6\" data-sstype=\"slide\" data-pm=\"default\"><\/div><\/div><\/div><div data-slide-duration=\"0\" data-id=\"106\" data-slide-public-id=\"2\" aria-hidden=\"true\" data-title=\"Bim Koehler: KE - 140.10, 2015, Pigmente\/ Mattfirnis\/ auf Kreidegrund\/ auf Holzk\u00f6rper\/ Stahleinfassung, 140 x 110 x 5,0 cm\" class=\"n2-ss-slide n2-ow  n2-ss-slide-106\"><div role=\"note\" class=\"n2-ss-slide--focus\" tabindex=\"-1\">Bim Koehler: KE &#8211; 140.10, 2015, Pigmente\/ Mattfirnis\/ auf Kreidegrund\/ auf Holzk\u00f6rper\/ Stahleinfassung, 140 x 110 x 5,0 cm<\/div><div class=\"n2-ss-layers-container n2-ss-slide-limiter n2-ow\"><div class=\"n2-ss-layer n2-ow n-uc-vQuebatF9tuJ\" data-sstype=\"slide\" data-pm=\"default\"><\/div><\/div><\/div><div data-slide-duration=\"0\" data-id=\"107\" data-slide-public-id=\"3\" aria-hidden=\"true\" data-title=\"Bim Koehler: &quot;KE-140.07&quot;, 2015, Pigmente\/ Glanzfirnis\/ auf Kreidegrund\/ auf Holzk\u00f6rper\/H140xB120xT5 cm\" class=\"n2-ss-slide n2-ow  n2-ss-slide-107\"><div role=\"note\" class=\"n2-ss-slide--focus\" tabindex=\"-1\">Bim Koehler: &#8222;KE-140.07&#8220;, 2015, Pigmente\/ Glanzfirnis\/ auf Kreidegrund\/ auf Holzk\u00f6rper\/H140xB120xT5 cm<\/div><div class=\"n2-ss-layers-container n2-ss-slide-limiter n2-ow\"><div class=\"n2-ss-layer n2-ow n-uc-PcOqiaKnnqXs\" data-sstype=\"slide\" data-pm=\"default\"><\/div><\/div><\/div><div data-slide-duration=\"0\" data-id=\"108\" data-slide-public-id=\"4\" aria-hidden=\"true\" data-title=\"Bim Koehler: KE - 60.02, 2016, Pigmente\/ Glanzfirnis\/ auf Kreidegrund\/ auf Holzk\u00f6rper, 60 x 40 x 4,5 cm\" class=\"n2-ss-slide n2-ow  n2-ss-slide-108\"><div role=\"note\" class=\"n2-ss-slide--focus\" tabindex=\"-1\">Bim Koehler: KE &#8211; 60.02, 2016, Pigmente\/ Glanzfirnis\/ auf Kreidegrund\/ auf Holzk\u00f6rper, 60 x 40 x 4,5 cm<\/div><div class=\"n2-ss-layers-container n2-ss-slide-limiter n2-ow\"><div class=\"n2-ss-layer n2-ow n-uc-RiGQPG15QV26\" data-sstype=\"slide\" data-pm=\"default\"><\/div><\/div><\/div><div data-slide-duration=\"0\" data-id=\"109\" data-slide-public-id=\"5\" aria-hidden=\"true\" data-title=\"Bim Koehler: K\/AL - 50.07, 2016, Pigmente\/ Mattfirnis\/ auf Kreidegrund\/ auf Aluminium, 50 x 40 x 0,8 cm\" class=\"n2-ss-slide n2-ow  n2-ss-slide-109\"><div role=\"note\" class=\"n2-ss-slide--focus\" tabindex=\"-1\">Bim Koehler: K\/AL &#8211; 50.07, 2016, Pigmente\/ Mattfirnis\/ auf Kreidegrund\/ auf Aluminium, 50 x 40 x 0,8 cm<\/div><div class=\"n2-ss-layers-container n2-ss-slide-limiter n2-ow\"><div class=\"n2-ss-layer n2-ow n-uc-qg9E6Yx6XB2e\" data-sstype=\"slide\" data-pm=\"default\"><\/div><\/div><\/div><div data-slide-duration=\"0\" data-id=\"110\" data-slide-public-id=\"6\" aria-hidden=\"true\" data-title=\"Bim Koehler: KE -140.08, 2015, Pigmente\/Glanzfirnis\/auf Kreidegrund\/auf Holzk\u00f6rper\/Stahleinfassung, 140 x 120 x 5 cm\" class=\"n2-ss-slide n2-ow  n2-ss-slide-110\"><div role=\"note\" class=\"n2-ss-slide--focus\" tabindex=\"-1\">Bim Koehler: KE -140.08, 2015, Pigmente\/Glanzfirnis\/auf Kreidegrund\/auf Holzk\u00f6rper\/Stahleinfassung, 140 x 120 x 5 cm<\/div><div class=\"n2-ss-layers-container n2-ss-slide-limiter n2-ow\"><div class=\"n2-ss-layer n2-ow n-uc-Vik0Tausm3p2\" data-sstype=\"slide\" data-pm=\"default\"><\/div><\/div><\/div><div data-slide-duration=\"0\" data-id=\"111\" data-slide-public-id=\"7\" aria-hidden=\"true\" data-title=\"Bim Koehler: KE-140.08, 2015, Pigmente\/Glanzfirnis\/auf Kreidegrund\/auf Holzk\u00f6rper\/Stahleinfassung, 140 x 120 x 5 cm\" class=\"n2-ss-slide n2-ow  n2-ss-slide-111\"><div role=\"note\" class=\"n2-ss-slide--focus\" tabindex=\"-1\">Bim Koehler: KE-140.08, 2015, Pigmente\/Glanzfirnis\/auf Kreidegrund\/auf Holzk\u00f6rper\/Stahleinfassung, 140 x 120 x 5 cm<\/div><div class=\"n2-ss-layers-container n2-ss-slide-limiter n2-ow\"><div class=\"n2-ss-layer n2-ow n-uc-QHXs8dAljIwL\" data-sstype=\"slide\" data-pm=\"default\"><\/div><\/div><\/div><div data-slide-duration=\"0\" data-id=\"112\" data-slide-public-id=\"8\" aria-hidden=\"true\" data-title=\"Bim Koehler: KE-130.11, 2013\" class=\"n2-ss-slide n2-ow  n2-ss-slide-112\"><div role=\"note\" class=\"n2-ss-slide--focus\" tabindex=\"-1\">Bim Koehler: KE-130.11, 2013<\/div><div class=\"n2-ss-layers-container n2-ss-slide-limiter n2-ow\"><div class=\"n2-ss-layer n2-ow n-uc-ABlu5QzOUVHd\" data-sstype=\"slide\" data-pm=\"default\"><\/div><\/div><\/div><div data-slide-duration=\"0\" data-id=\"113\" data-slide-public-id=\"9\" aria-hidden=\"true\" data-title=\"Bim Koehler: KE-130.10, 2013\" class=\"n2-ss-slide n2-ow  n2-ss-slide-113\"><div role=\"note\" class=\"n2-ss-slide--focus\" tabindex=\"-1\">Bim Koehler: KE-130.10, 2013<\/div><div class=\"n2-ss-layers-container n2-ss-slide-limiter n2-ow\"><div class=\"n2-ss-layer n2-ow n-uc-nySCzNWtYOPv\" data-sstype=\"slide\" data-pm=\"default\"><\/div><\/div><\/div><div data-slide-duration=\"0\" data-id=\"114\" data-slide-public-id=\"10\" aria-hidden=\"true\" data-title=\"Bim Koehler: KE-180.12, 2013\" data-description=\"Pigmente\/ Glanzfirnis\/ auf Kreidegrund\/ auf Holzk\u00f6rper\/ Stahleinfassung\n180 x 145 x 7 cm\" class=\"n2-ss-slide n2-ow  n2-ss-slide-114\"><div role=\"note\" class=\"n2-ss-slide--focus\" tabindex=\"-1\">Bim Koehler: KE-180.12, 2013<\/div><div class=\"n2-ss-layers-container n2-ss-slide-limiter n2-ow\"><div class=\"n2-ss-layer n2-ow n-uc-ACSlxeKhg5eI\" data-sstype=\"slide\" data-pm=\"default\"><\/div><\/div><\/div><div data-slide-duration=\"0\" data-id=\"115\" data-slide-public-id=\"11\" aria-hidden=\"true\" data-title=\"E - 130.05\" data-description=\"2011&lt;br\/&gt;Pigmente, Lack auf Gewebe&lt;br\/&gt;130 x 105 cm\" class=\"n2-ss-slide n2-ow  n2-ss-slide-115\"><div role=\"note\" class=\"n2-ss-slide--focus\" tabindex=\"-1\">E &#8211; 130.05<\/div><div class=\"n2-ss-layers-container n2-ss-slide-limiter n2-ow\"><div class=\"n2-ss-layer n2-ow n-uc-BEXIYfTCj8FG\" data-sstype=\"slide\" data-pm=\"default\"><\/div><\/div><\/div><div data-slide-duration=\"0\" data-id=\"116\" data-slide-public-id=\"12\" aria-hidden=\"true\" data-title=\"KE - 130.01\" data-description=\"2011&lt;br\/&gt;Pigmente, Lack auf Gewebe&lt;br\/&gt;130 x 105 cm\" class=\"n2-ss-slide n2-ow  n2-ss-slide-116\"><div role=\"note\" class=\"n2-ss-slide--focus\" tabindex=\"-1\">KE &#8211; 130.01<\/div><div class=\"n2-ss-layers-container n2-ss-slide-limiter n2-ow\"><div class=\"n2-ss-layer n2-ow n-uc-DM1Kf6wGYAkt\" data-sstype=\"slide\" data-pm=\"default\"><\/div><\/div><\/div><div data-slide-duration=\"0\" data-id=\"117\" data-slide-public-id=\"13\" aria-hidden=\"true\" data-title=\"Bim Koehler: KE -180.16, 2015, Pigmente\/Glanzfirnis\/auf Kreidegrund\/auf Holzk\u00f6rper\/Stahleinfassung, 180 x 140 x 7 cm\" class=\"n2-ss-slide n2-ow  n2-ss-slide-117\"><div role=\"note\" class=\"n2-ss-slide--focus\" tabindex=\"-1\">Bim Koehler: KE -180.16, 2015, Pigmente\/Glanzfirnis\/auf Kreidegrund\/auf Holzk\u00f6rper\/Stahleinfassung, 180 x 140 x 7 cm<\/div><div class=\"n2-ss-layers-container n2-ss-slide-limiter n2-ow\"><div class=\"n2-ss-layer n2-ow n-uc-EdqnIl5PnCKe\" data-sstype=\"slide\" data-pm=\"default\"><\/div><\/div><\/div><div data-slide-duration=\"0\" data-id=\"118\" data-slide-public-id=\"14\" aria-hidden=\"true\" data-title=\"Bim Koehler; EQ-58.01\" class=\"n2-ss-slide n2-ow  n2-ss-slide-118\"><div role=\"note\" class=\"n2-ss-slide--focus\" tabindex=\"-1\">Bim Koehler; EQ-58.01<\/div><div class=\"n2-ss-layers-container n2-ss-slide-limiter n2-ow\"><div class=\"n2-ss-layer n2-ow n-uc-5oquynytKs95\" data-sstype=\"slide\" data-pm=\"default\"><\/div><\/div><\/div><div data-slide-duration=\"0\" data-id=\"119\" data-slide-public-id=\"15\" aria-hidden=\"true\" data-title=\"Koehler, Bim: KE-130.12\" class=\"n2-ss-slide n2-ow  n2-ss-slide-119\"><div role=\"note\" class=\"n2-ss-slide--focus\" tabindex=\"-1\">Koehler, Bim: KE-130.12<\/div><div class=\"n2-ss-layers-container n2-ss-slide-limiter n2-ow\"><div class=\"n2-ss-layer n2-ow n-uc-lolNEGnJt8lM\" data-sstype=\"slide\" data-pm=\"default\"><\/div><\/div><\/div><div data-slide-duration=\"0\" data-id=\"120\" data-slide-public-id=\"16\" aria-hidden=\"true\" data-title=\"KE-180.08\" data-description=\"2011&lt;br\/&gt;Pigmente\/ Lack\/ auf Gewebe\/ auf Holzk\u00f6rper\/ Stahleinfassung&lt;br\/&gt;180 x 145 cm\" class=\"n2-ss-slide n2-ow  n2-ss-slide-120\"><div role=\"note\" class=\"n2-ss-slide--focus\" tabindex=\"-1\">KE-180.08<\/div><div class=\"n2-ss-layers-container n2-ss-slide-limiter n2-ow\"><div class=\"n2-ss-layer n2-ow n-uc-XEz6sUh4f4oM\" data-sstype=\"slide\" data-pm=\"default\"><\/div><\/div><\/div><div data-slide-duration=\"0\" data-id=\"121\" data-slide-public-id=\"17\" aria-hidden=\"true\" data-title=\"KE-130.01\" data-description=\"2011&lt;br\/&gt;Pigmente\/ Lack auf Gewebe\/ auf Holzk\u00f6rper\/ Stahleinfassung&lt;br\/&gt;130 x 105 cm\" class=\"n2-ss-slide n2-ow  n2-ss-slide-121\"><div role=\"note\" class=\"n2-ss-slide--focus\" tabindex=\"-1\">KE-130.01<\/div><div class=\"n2-ss-layers-container n2-ss-slide-limiter n2-ow\"><div class=\"n2-ss-layer n2-ow n-uc-fFGOQ7iVuhBI\" data-sstype=\"slide\" data-pm=\"default\"><\/div><\/div><\/div>                    <\/div>\n\n                                    <\/div>\n            <\/div>\n        <\/div>\n        <div class=\"n2-ss-slider-controls n2-ss-slider-controls-absolute-left-center\"><div style=\"--widget-offset:15px;\" class=\"n2-ss-widget n2-style-041670f7df29ffb4048fc6d85d61d1ee-heading nextend-arrow n2-ow-all nextend-arrow-previous  nextend-arrow-animated-fade\" data-hide-mobileportrait=\"1\" id=\"n2-ss-6-arrow-previous\" role=\"button\" aria-label=\"previous arrow\" tabindex=\"0\"><img decoding=\"async\" width=\"32\" height=\"32\" class=\"skip-lazy\" data-skip-lazy=\"1\" src=\"data:image\/svg+xml;base64,PHN2ZyB4bWxucz0iaHR0cDovL3d3dy53My5vcmcvMjAwMC9zdmciIHdpZHRoPSIzMiIgaGVpZ2h0PSIzMiIgdmlld0JveD0iMCAwIDMyIDMyIj4KICAgIDxwYXRoIGZpbGw9IiNmZmZmZmYiIG9wYWNpdHk9IjAuOCIgZmlsbC1ydWxlPSJldmVub2RkIgogICAgICAgICAgZD0iTTE4Ljk5NTggOC45OTA3YzAtLjQyNC0uMjA0LS43MjMtLjYxLS44OTgtLjQwOS0uMTczLS43NzItLjEwNC0xLjA5My4yMDlsLTcuMDA2IDYuOTc1Yy0uMjAxLjE5OS0uMjk3LjQzNy0uMjg2LjcxNiAwIC4yNjcuMDk2LjQ5OC4yODYuNjg5bDcuMDA2IDcuMDAxYy4zMjEuMzIxLjY4NC4zODkgMS4wOTMuMjA5LjQwNi0uMTc0LjYxLS40ODIuNjEtLjkyMlY4Ljk5MDd6Ii8+Cjwvc3ZnPg==\" alt=\"previous arrow\" title=\"\"><\/div><\/div><div class=\"n2-ss-slider-controls n2-ss-slider-controls-absolute-right-center\"><div style=\"--widget-offset:15px;\" class=\"n2-ss-widget n2-style-041670f7df29ffb4048fc6d85d61d1ee-heading nextend-arrow n2-ow-all nextend-arrow-next  nextend-arrow-animated-fade\" data-hide-mobileportrait=\"1\" id=\"n2-ss-6-arrow-next\" role=\"button\" aria-label=\"next arrow\" tabindex=\"0\"><img decoding=\"async\" width=\"32\" height=\"32\" class=\"skip-lazy\" data-skip-lazy=\"1\" src=\"data:image\/svg+xml;base64,PHN2ZyB3aWR0aD0iMzIiIGhlaWdodD0iMzIiIHZpZXdCb3g9IjAgMCAzMiAzMiIgeG1sbnM9Imh0dHA6Ly93d3cudzMub3JnLzIwMDAvc3ZnIj4KICAgIDxwYXRoIGQ9Ik0xMiA4Ljk5YzAtLjQyMy4yMDQtLjcyMi42MS0uODk3LjQwOC0uMTczLjc3Mi0uMTA0IDEuMDkyLjIxbDcuMDA2IDYuOTc0Yy4yMDIuMi4yOTguNDM3LjI4Ny43MTYgMCAuMjY3LS4wOTYuNDk4LS4yODcuNjlsLTcuMDA2IDdjLS4zMi4zMi0uNjg0LjM5LTEuMDkyLjIxLS40MDYtLjE3NS0uNjEtLjQ4My0uNjEtLjkyM1Y4Ljk5eiIKICAgICAgICAgIGZpbGw9IiNmZmZmZmYiIG9wYWNpdHk9IjAuOCIgZmlsbC1ydWxlPSJldmVub2RkIi8+Cjwvc3ZnPg==\" alt=\"next arrow\" title=\"\"><\/div><\/div><\/div><div class=\"n2-ss-slider-controls n2-ss-slider-controls-below\"><div class=\"n2-ss-widget nextend-bar nextend-bar-horizontal n2-ss-widget-hidden n2-ow-all\" style=\"text-align: left;width:100%;\"><div class=\"n2-style-1b3b0b26e4e995bc76516f476918c4ab-simple \"><span class=\"n2-font-fcce1fddc1d903b911854dc0cbaed59a-simple \">&nbsp;<\/span><\/div><\/div><div data-width-percent=\"100\" class=\"n2-ss-widget nextend-thumbnail nextend-thumbnail-default nextend-thumbnail-horizontal n2-ow-all\" data-hide-mobileportrait=\"1\" style=\"width:100%;\" data-has-next=\"0\" data-has-previous=\"0\"><div class=\"nextend-thumbnail-inner n2-style-df32cb3742fdac43eb0251df7d67c185-simple \"><div class=\"nextend-thumbnail-scroller n2-align-content-start\" style=\"grid-template-rows:repeat(1, 1fr)\"><div class=\"n2-thumbnail-dot n2-style-462cb0983aca6cda3fc34a0feea6024b-dot \" data-slide-public-id=\"1\" role=\"button\" aria-label=\"Koehler Bim\" tabindex=\"0\"><picture class=\"skip-lazy\" data-skip-lazy=\"1\"><img loading=\"lazy\" decoding=\"async\" alt=\"Koehler Bim\" src=\"\/\/www.galerie-schmalfuss.de\/wp-content\/uploads\/2023\/07\/Koehler-Bim_2016-Pigmente-Glanzfirnis-auf-Kreidegrund-auf-Holzkoerper-Stahleinfassung-60x40x4.5cm.jpg\" width=\"100\" height=\"60\" loading=\"lazy\" class=\"skip-lazy\" data-skip-lazy=\"1\" title=\"\"><\/picture><\/div><div class=\"n2-thumbnail-dot n2-style-462cb0983aca6cda3fc34a0feea6024b-dot \" data-slide-public-id=\"2\" role=\"button\" aria-label=\"Bim Koehler: KE - 140.10, 2015, Pigmente\/ Mattfirnis\/ auf Kreidegrund\/ auf Holzk\u00f6rper\/ Stahleinfassung, 140 x 110 x 5,0 cm\" tabindex=\"0\"><picture class=\"skip-lazy\" data-skip-lazy=\"1\"><img loading=\"lazy\" decoding=\"async\" alt=\"Bim Koehler: KE - 140.10, 2015, Pigmente\/ Mattfirnis\/ auf Kreidegrund\/ auf Holzk\u00f6rper\/ Stahleinfassung, 140 x 110 x 5,0 cm\" src=\"\/\/www.galerie-schmalfuss.de\/wp-content\/uploads\/2016\/06\/KE-140.10-2016_klein.jpg\" width=\"100\" height=\"60\" loading=\"lazy\" class=\"skip-lazy\" data-skip-lazy=\"1\" title=\"\"><\/picture><\/div><div class=\"n2-thumbnail-dot n2-style-462cb0983aca6cda3fc34a0feea6024b-dot \" data-slide-public-id=\"3\" role=\"button\" aria-label=\"Bim Koehler: &quot;KE-140.07&quot;, 2015, Pigmente\/ Glanzfirnis\/ auf Kreidegrund\/ auf Holzk\u00f6rper\/H140xB120xT5 cm\" tabindex=\"0\"><picture class=\"skip-lazy\" data-skip-lazy=\"1\"><img loading=\"lazy\" decoding=\"async\" alt=\"Bim Koehler: &quot;KE-140.07&quot;, 2015, Pigmente\/ Glanzfirnis\/ auf Kreidegrund\/ auf Holzk\u00f6rper\/H140xB120xT5 cm\" src=\"\/\/www.galerie-schmalfuss.de\/wp-content\/uploads\/2016\/03\/Koehler-KE-140.08-2015-140-x-120-x-5.jpg\" width=\"100\" height=\"60\" loading=\"lazy\" class=\"skip-lazy\" data-skip-lazy=\"1\" title=\"\"><\/picture><\/div><div class=\"n2-thumbnail-dot n2-style-462cb0983aca6cda3fc34a0feea6024b-dot \" data-slide-public-id=\"4\" role=\"button\" aria-label=\"Bim Koehler: KE - 60.02, 2016, Pigmente\/ Glanzfirnis\/ auf Kreidegrund\/ auf Holzk\u00f6rper, 60 x 40 x 4,5 cm\" tabindex=\"0\"><picture class=\"skip-lazy\" data-skip-lazy=\"1\"><img loading=\"lazy\" decoding=\"async\" alt=\"Bim Koehler: KE - 60.02, 2016, Pigmente\/ Glanzfirnis\/ auf Kreidegrund\/ auf Holzk\u00f6rper, 60 x 40 x 4,5 cm\" src=\"\/\/www.galerie-schmalfuss.de\/wp-content\/uploads\/2016\/03\/IMG_7646.jpg\" width=\"100\" height=\"60\" loading=\"lazy\" class=\"skip-lazy\" data-skip-lazy=\"1\" title=\"\"><\/picture><\/div><div class=\"n2-thumbnail-dot n2-style-462cb0983aca6cda3fc34a0feea6024b-dot \" data-slide-public-id=\"5\" role=\"button\" aria-label=\"Bim Koehler: K\/AL - 50.07, 2016, Pigmente\/ Mattfirnis\/ auf Kreidegrund\/ auf Aluminium, 50 x 40 x 0,8 cm\" tabindex=\"0\"><picture class=\"skip-lazy\" data-skip-lazy=\"1\"><img loading=\"lazy\" decoding=\"async\" alt=\"Bim Koehler: K\/AL - 50.07, 2016, Pigmente\/ Mattfirnis\/ auf Kreidegrund\/ auf Aluminium, 50 x 40 x 0,8 cm\" src=\"\/\/www.galerie-schmalfuss.de\/wp-content\/uploads\/2016\/03\/IMG_7644.jpg\" width=\"100\" height=\"60\" loading=\"lazy\" class=\"skip-lazy\" data-skip-lazy=\"1\" title=\"\"><\/picture><\/div><div class=\"n2-thumbnail-dot n2-style-462cb0983aca6cda3fc34a0feea6024b-dot \" data-slide-public-id=\"6\" role=\"button\" aria-label=\"Bim Koehler: KE -140.08, 2015, Pigmente\/Glanzfirnis\/auf Kreidegrund\/auf Holzk\u00f6rper\/Stahleinfassung, 140 x 120 x 5 cm\" tabindex=\"0\"><picture class=\"skip-lazy\" data-skip-lazy=\"1\"><img loading=\"lazy\" decoding=\"async\" alt=\"Bim Koehler: KE -140.08, 2015, Pigmente\/Glanzfirnis\/auf Kreidegrund\/auf Holzk\u00f6rper\/Stahleinfassung, 140 x 120 x 5 cm\" src=\"\/\/www.galerie-schmalfuss.de\/wp-content\/uploads\/2016\/01\/IMG_4984.jpg\" width=\"100\" height=\"60\" loading=\"lazy\" class=\"skip-lazy\" data-skip-lazy=\"1\" title=\"\"><\/picture><\/div><div class=\"n2-thumbnail-dot n2-style-462cb0983aca6cda3fc34a0feea6024b-dot \" data-slide-public-id=\"7\" role=\"button\" aria-label=\"Bim Koehler: KE-140.08, 2015, Pigmente\/Glanzfirnis\/auf Kreidegrund\/auf Holzk\u00f6rper\/Stahleinfassung, 140 x 120 x 5 cm\" tabindex=\"0\"><picture class=\"skip-lazy\" data-skip-lazy=\"1\"><img loading=\"lazy\" decoding=\"async\" alt=\"Bim Koehler: KE-140.08, 2015, Pigmente\/Glanzfirnis\/auf Kreidegrund\/auf Holzk\u00f6rper\/Stahleinfassung, 140 x 120 x 5 cm\" src=\"\/\/www.galerie-schmalfuss.de\/wp-content\/uploads\/2015\/11\/IMG_4984.jpg\" width=\"100\" height=\"60\" loading=\"lazy\" class=\"skip-lazy\" data-skip-lazy=\"1\" title=\"\"><\/picture><\/div><div class=\"n2-thumbnail-dot n2-style-462cb0983aca6cda3fc34a0feea6024b-dot \" data-slide-public-id=\"8\" role=\"button\" aria-label=\"Bim Koehler: KE-130.11, 2013\" tabindex=\"0\"><picture class=\"skip-lazy\" data-skip-lazy=\"1\"><img loading=\"lazy\" decoding=\"async\" alt=\"Bim Koehler: KE-130.11, 2013\" src=\"\/\/www.galerie-schmalfuss.de\/wp-content\/uploads\/2013\/12\/KE-130.11.jpg\" width=\"100\" height=\"60\" loading=\"lazy\" class=\"skip-lazy\" data-skip-lazy=\"1\" title=\"\"><\/picture><\/div><div class=\"n2-thumbnail-dot n2-style-462cb0983aca6cda3fc34a0feea6024b-dot \" data-slide-public-id=\"9\" role=\"button\" aria-label=\"Bim Koehler: KE-130.10, 2013\" tabindex=\"0\"><picture class=\"skip-lazy\" data-skip-lazy=\"1\"><img loading=\"lazy\" decoding=\"async\" alt=\"Bim Koehler: KE-130.10, 2013\" src=\"\/\/www.galerie-schmalfuss.de\/wp-content\/uploads\/2013\/12\/KE-130.10.jpg\" width=\"100\" height=\"60\" loading=\"lazy\" class=\"skip-lazy\" data-skip-lazy=\"1\" title=\"\"><\/picture><\/div><div class=\"n2-thumbnail-dot n2-style-462cb0983aca6cda3fc34a0feea6024b-dot \" data-slide-public-id=\"10\" role=\"button\" aria-label=\"Bim Koehler: KE-180.12, 2013\" tabindex=\"0\"><picture class=\"skip-lazy\" data-skip-lazy=\"1\"><img loading=\"lazy\" decoding=\"async\" alt=\"Bim Koehler: KE-180.12, 2013\" src=\"\/\/www.galerie-schmalfuss.de\/wp-content\/uploads\/2013\/12\/KE-180.12-2013.jpeg\" width=\"100\" height=\"60\" loading=\"lazy\" class=\"skip-lazy\" data-skip-lazy=\"1\" title=\"\"><\/picture><\/div><div class=\"n2-thumbnail-dot n2-style-462cb0983aca6cda3fc34a0feea6024b-dot \" data-slide-public-id=\"11\" role=\"button\" aria-label=\"E - 130.05\" tabindex=\"0\"><picture class=\"skip-lazy\" data-skip-lazy=\"1\"><img loading=\"lazy\" decoding=\"async\" alt=\"E - 130.05\" src=\"\/\/www.galerie-schmalfuss.de\/wp-content\/uploads\/2011\/09\/bim_koehler.jpg\" width=\"100\" height=\"60\" loading=\"lazy\" class=\"skip-lazy\" data-skip-lazy=\"1\" title=\"\"><\/picture><\/div><div class=\"n2-thumbnail-dot n2-style-462cb0983aca6cda3fc34a0feea6024b-dot \" data-slide-public-id=\"12\" role=\"button\" aria-label=\"KE - 130.01\" tabindex=\"0\"><picture class=\"skip-lazy\" data-skip-lazy=\"1\"><img loading=\"lazy\" decoding=\"async\" alt=\"KE - 130.01\" src=\"\/\/www.galerie-schmalfuss.de\/wp-content\/uploads\/2011\/09\/bim_koehler_2.jpg\" width=\"100\" height=\"60\" loading=\"lazy\" class=\"skip-lazy\" data-skip-lazy=\"1\" title=\"\"><\/picture><\/div><div class=\"n2-thumbnail-dot n2-style-462cb0983aca6cda3fc34a0feea6024b-dot \" data-slide-public-id=\"13\" role=\"button\" aria-label=\"Bim Koehler: KE -180.16, 2015, Pigmente\/Glanzfirnis\/auf Kreidegrund\/auf Holzk\u00f6rper\/Stahleinfassung, 180 x 140 x 7 cm\" tabindex=\"0\"><picture class=\"skip-lazy\" data-skip-lazy=\"1\"><img loading=\"lazy\" decoding=\"async\" alt=\"Bim Koehler: KE -180.16, 2015, Pigmente\/Glanzfirnis\/auf Kreidegrund\/auf Holzk\u00f6rper\/Stahleinfassung, 180 x 140 x 7 cm\" src=\"\/\/www.galerie-schmalfuss.de\/wp-content\/uploads\/2016\/01\/IMG_2764.jpg\" width=\"100\" height=\"60\" loading=\"lazy\" class=\"skip-lazy\" data-skip-lazy=\"1\" title=\"\"><\/picture><\/div><div class=\"n2-thumbnail-dot n2-style-462cb0983aca6cda3fc34a0feea6024b-dot \" data-slide-public-id=\"14\" role=\"button\" aria-label=\"Bim Koehler; EQ-58.01\" tabindex=\"0\"><picture class=\"skip-lazy\" data-skip-lazy=\"1\"><img loading=\"lazy\" decoding=\"async\" alt=\"Bim Koehler; EQ-58.01\" src=\"\/\/www.galerie-schmalfuss.de\/wp-content\/uploads\/2013\/10\/EQ-58.01_klein.jpg\" width=\"100\" height=\"60\" loading=\"lazy\" class=\"skip-lazy\" data-skip-lazy=\"1\" title=\"\"><\/picture><\/div><div class=\"n2-thumbnail-dot n2-style-462cb0983aca6cda3fc34a0feea6024b-dot \" data-slide-public-id=\"15\" role=\"button\" aria-label=\"Koehler, Bim: KE-130.12\" tabindex=\"0\"><picture class=\"skip-lazy\" data-skip-lazy=\"1\"><img loading=\"lazy\" decoding=\"async\" alt=\"Koehler, Bim: KE-130.12\" src=\"\/\/www.galerie-schmalfuss.de\/wp-content\/uploads\/2013\/10\/BIM-Koeheler-2013-KE-130.12.jpg\" width=\"100\" height=\"60\" loading=\"lazy\" class=\"skip-lazy\" data-skip-lazy=\"1\" title=\"\"><\/picture><\/div><div class=\"n2-thumbnail-dot n2-style-462cb0983aca6cda3fc34a0feea6024b-dot \" data-slide-public-id=\"16\" role=\"button\" aria-label=\"KE-180.08\" tabindex=\"0\"><picture class=\"skip-lazy\" data-skip-lazy=\"1\"><img loading=\"lazy\" decoding=\"async\" alt=\"KE-180.08\" src=\"\/\/www.galerie-schmalfuss.de\/wp-content\/uploads\/2011\/10\/bim_koehler_OhneTitel-1.jpg\" width=\"100\" height=\"60\" loading=\"lazy\" class=\"skip-lazy\" data-skip-lazy=\"1\" title=\"\"><\/picture><\/div><div class=\"n2-thumbnail-dot n2-style-462cb0983aca6cda3fc34a0feea6024b-dot \" data-slide-public-id=\"17\" role=\"button\" aria-label=\"KE-130.01\" tabindex=\"0\"><picture class=\"skip-lazy\" data-skip-lazy=\"1\"><img loading=\"lazy\" decoding=\"async\" alt=\"KE-130.01\" src=\"\/\/www.galerie-schmalfuss.de\/wp-content\/uploads\/2011\/10\/BIM_KOEHLER_KE-130.jpg\" width=\"100\" height=\"60\" loading=\"lazy\" class=\"skip-lazy\" data-skip-lazy=\"1\" title=\"\"><\/picture><\/div><\/div><\/div><div class=\"nextend-thumbnail-button nextend-thumbnail-previous\"><img loading=\"lazy\" decoding=\"async\" width=\"26\" height=\"26\" style=\"width:26px;transform:rotateZ(-90deg);\" loading=\"lazy\" class=\"skip-lazy\" data-skip-lazy=\"1\" src=\"data:image\/svg+xml;base64,PHN2ZyB3aWR0aD0iMjYiIGhlaWdodD0iMjYiIHhtbG5zPSJodHRwOi8vd3d3LnczLm9yZy8yMDAwL3N2ZyI+CiAgICA8ZyBmaWxsPSJub25lIiBmaWxsLXJ1bGU9ImV2ZW5vZGQiPgogICAgICAgIDxjaXJjbGUgc3Ryb2tlPSIjZmZmIiBzdHJva2Utd2lkdGg9IjIiIG9wYWNpdHk9Ii41IiBmaWxsPSIjMDAwIiBjeD0iMTMiIGN5PSIxMyIgcj0iMTIiLz4KICAgICAgICA8cGF0aCBkPSJNMTMuNDM1IDkuMTc4Yy0uMTI2LS4xMjEtLjI3LS4xODItLjQzNi0uMTgyLS4xNjQgMC0uMzA2LjA2MS0uNDI4LjE4MmwtNC4zOCA0LjE3NWMtLjEyNi4xMjEtLjE4OC4yNjItLjE4OC40MjQgMCAuMTYxLjA2Mi4zMDIuMTg4LjQyM2wuNjUuNjIyYy4xMjYuMTIxLjI3My4xODIuNDQxLjE4Mi4xNyAwIC4zMTQtLjA2MS40MzYtLjE4MmwzLjMxNC0zLjE2MSAzLjI0OSAzLjE2MWMuMTI2LjEyMS4yNjkuMTgyLjQzMi4xODIuMTY0IDAgLjMwNy0uMDYxLjQzMy0uMTgybC42NjItLjYyMmMuMTI2LS4xMjEuMTg5LS4yNjIuMTg5LS40MjMgMC0uMTYyLS4wNjMtLjMwMy0uMTg5LS40MjRsLTQuMzczLTQuMTc1eiIKICAgICAgICAgICAgICBmaWxsPSIjZmZmIi8+CiAgICA8L2c+Cjwvc3ZnPg==\" alt=\"previous arrow\" title=\"\"><\/div><div class=\"nextend-thumbnail-button nextend-thumbnail-next\"><img loading=\"lazy\" decoding=\"async\" width=\"26\" height=\"26\" style=\"width:26px;transform:rotateZ(-90deg);\" loading=\"lazy\" class=\"skip-lazy\" data-skip-lazy=\"1\" src=\"data:image\/svg+xml;base64,PHN2ZyB4bWxucz0iaHR0cDovL3d3dy53My5vcmcvMjAwMC9zdmciIHdpZHRoPSIyNiIgaGVpZ2h0PSIyNiI+CiAgICA8ZyBmaWxsPSJub25lIj4KICAgICAgICA8Y2lyY2xlIGN4PSIxMyIgY3k9IjEzIiByPSIxMiIgZmlsbD0iIzAwMCIgc3Ryb2tlPSIjZmZmIiBzdHJva2Utd2lkdGg9IjIiIG9wYWNpdHk9Ii41Ii8+CiAgICAgICAgPHBhdGggZmlsbD0iI2ZmZiIKICAgICAgICAgICAgICBkPSJNMTIuNTY1IDE2LjgyMmMuMTI2LjEyLjI3LjE4Mi40MzYuMTgyLjE2OCAwIC4zMS0uMDYuNDMtLjE4Mmw0LjM4LTQuMTc1Yy4xMjgtLjEyLjE5LS4yNjIuMTktLjQyNCAwLS4xNi0uMDYyLS4zMDItLjE5LS40MjNsLS42NS0uNjIyYy0uMTI1LS4xMi0uMjcyLS4xODItLjQ0LS4xODItLjE3IDAtLjMxNC4wNi0uNDM2LjE4MmwtMy4zMTQgMy4xNi0zLjI1LTMuMTZjLS4xMjYtLjEyLS4yNy0uMTgyLS40My0uMTgyLS4xNjYgMC0uMzEuMDYtLjQzNS4xODJsLS42NjIuNjIyYy0uMTI2LjEyLS4xOS4yNjItLjE5LjQyMyAwIC4xNjIuMDY0LjMwMy4xOS40MjRsNC4zNzMgNC4xNzV6Ii8+CiAgICA8L2c+Cjwvc3ZnPg==\" alt=\"next arrow\" title=\"\"><\/div><\/div><\/div><\/div><\/div><ss3-loader><\/ss3-loader><\/div><\/div><div class=\"n2_clear\"><\/div><\/div><\/div><\/div>\n\t\t\t\t\t\t\t\t\t<div class=\"elementor-tab-title elementor-tab-mobile-title\" aria-selected=\"false\" data-tab=\"2\" role=\"tab\" tabindex=\"-1\" aria-controls=\"elementor-tab-content-2442\" aria-expanded=\"false\">INFO<\/div>\n\t\t\t\t\t<div id=\"elementor-tab-content-2442\" class=\"elementor-tab-content elementor-clearfix\" data-tab=\"2\" role=\"tabpanel\" aria-labelledby=\"elementor-tab-title-2442\" tabindex=\"0\" hidden=\"hidden\"><table style=\"background-image: initial; background-position: initial; background-size: initial; background-repeat: initial; background-attachment: initial; background-origin: initial; background-clip: initial; border: 0px; margin-top: 0px; margin-bottom: 0px; padding: 0px; vertical-align: baseline; width: 800px; color: #626262; font-family: Arial, Helvetica, 'Helvetica Neue', Verdana, sans-serif; font-size: 14px;\" border=\"0\"><tbody style=\"background: transparent; border: 0px; margin: 0px; padding: 0px; vertical-align: baseline;\"><tr style=\"background: transparent; border: 0px; margin: 0px; padding: 0px; vertical-align: baseline;\"><td style=\"background: transparent; border-width: 0px; border-style: initial; margin: 0px; padding: 0px 24px 6px 0px; vertical-align: baseline;\">1949<\/td><td style=\"background: transparent; border-width: 0px; border-style: initial; margin: 0px; padding: 0px 24px 6px 0px; vertical-align: baseline;\">geboren in Kassel\u00a0<\/td><\/tr><tr style=\"background: transparent; border: 0px; margin: 0px; padding: 0px; vertical-align: baseline;\"><td style=\"background: transparent; border-width: 0px; border-style: initial; margin: 0px; padding: 0px 24px 6px 0px; vertical-align: baseline;\">\u00a0<\/td><td style=\"background: transparent; border-width: 0px; border-style: initial; margin: 0px; padding: 0px 24px 6px 0px; vertical-align: baseline;\">\u00a0<\/td><\/tr><tr style=\"background: transparent; border: 0px; margin: 0px; padding: 0px; vertical-align: baseline;\"><td style=\"background: transparent; border-width: 0px; border-style: initial; margin: 0px; padding: 0px 24px 6px 0px; vertical-align: baseline;\">\u00a0<\/td><td style=\"background: transparent; border-width: 0px; border-style: initial; margin: 0px; padding: 0px 24px 6px 0px; vertical-align: baseline;\">lebt in Rheinhessen\/Rheinland-Pfalz,<br \/>Atelier in Nieder-Olm, \u201cIndustriepark Eckes\u201d\u00a0<\/td><\/tr><tr style=\"background: transparent; border: 0px; margin: 0px; padding: 0px; vertical-align: baseline;\"><td style=\"background: transparent; border-width: 0px; border-style: initial; margin: 0px; padding: 0px 24px 6px 0px; vertical-align: baseline;\">\u00a0<\/td><td style=\"background: transparent; border-width: 0px; border-style: initial; margin: 0px; padding: 0px 24px 6px 0px; vertical-align: baseline;\">\u00a0<\/td><\/tr><tr style=\"background: transparent; border: 0px; margin: 0px; padding: 0px; vertical-align: baseline;\"><td style=\"background: transparent; border-width: 0px; border-style: initial; margin: 0px; padding: 0px 24px 6px 0px; vertical-align: baseline;\">\u00a0<\/td><td style=\"background: transparent; border-width: 0px; border-style: initial; margin: 0px; padding: 0px 24px 6px 0px; vertical-align: baseline;\"><strong style=\"background: transparent; border: 0px; margin: 0px; padding: 0px; vertical-align: baseline;\">Einzelausstellungen, Auswahl seit 1993<\/strong>\u00a0<\/td><\/tr><tr style=\"background: transparent; border: 0px; margin: 0px; padding: 0px; vertical-align: baseline;\"><td style=\"background: transparent; border-width: 0px; border-style: initial; margin: 0px; padding: 0px 24px 6px 0px; vertical-align: baseline;\">2011\u00a0<\/td><td style=\"background: transparent; border-width: 0px; border-style: initial; margin: 0px; padding: 0px 24px 6px 0px; vertical-align: baseline;\"><p style=\"background: transparent; border: 0px; margin-top: 0px; margin-bottom: 0px; padding: 0px; vertical-align: baseline; width: 640px;\">Gemeinde- und St\u00e4dtetag Rheinland-Pfalz:<\/p><p style=\"background: transparent; border: 0px; margin-top: 0px; margin-bottom: 0px; padding: 0px; vertical-align: baseline; width: 640px;\">Farbgestaltungskonzept in der Villa Belgrano, Boppard\u00a0<\/p><p style=\"background: transparent; border: 0px; margin-top: 0px; margin-bottom: 0px; padding: 0px; vertical-align: baseline; width: 640px;\">(mit Harald Pomp, Frankfurt)<\/p><\/td><\/tr><tr style=\"background: transparent; border: 0px; margin: 0px; padding: 0px; vertical-align: baseline;\"><td style=\"background: transparent; border-width: 0px; border-style: initial; margin: 0px; padding: 0px 24px 6px 0px; vertical-align: baseline;\">\u00a0<\/td><td style=\"background: transparent; border-width: 0px; border-style: initial; margin: 0px; padding: 0px 24px 6px 0px; vertical-align: baseline;\"><p style=\"background: transparent; border: 0px; margin-top: 0px; margin-bottom: 0px; padding: 0px; vertical-align: baseline; width: 640px;\">Gebert Contemporary, Santa Fe (U.S.A.)<\/p><\/td><\/tr><tr style=\"background: transparent; border: 0px; margin: 0px; padding: 0px; vertical-align: baseline;\"><td style=\"background: transparent; border-width: 0px; border-style: initial; margin: 0px; padding: 0px 24px 6px 0px; vertical-align: baseline;\">\u00a0<\/td><td style=\"background: transparent; border-width: 0px; border-style: initial; margin: 0px; padding: 0px 24px 6px 0px; vertical-align: baseline;\"><p style=\"background: transparent; border: 0px; margin-top: 0px; margin-bottom: 0px; padding: 0px; vertical-align: baseline; width: 640px;\">Galerie Michael Schmalfuss, Marburg (mit Horst Gander, Wiesbaden)<span class=\"Apple-style-span\" style=\"background: transparent; border: 0px; margin: 0px; padding: 0px; vertical-align: baseline; color: #000000; font-family: Verdana, Arial, Helvetica, sans-serif;\">\u00a0<\/span><\/p><\/td><\/tr><tr style=\"background: transparent; border: 0px; margin: 0px; padding: 0px; vertical-align: baseline;\"><td style=\"background: transparent; border-width: 0px; border-style: initial; margin: 0px; padding: 0px 24px 6px 0px; vertical-align: baseline;\">\u00a0<\/td><td style=\"background: transparent; border-width: 0px; border-style: initial; margin: 0px; padding: 0px 24px 6px 0px; vertical-align: baseline;\"><p style=\"background: transparent; border: 0px; margin-top: 0px; margin-bottom: 0px; padding: 0px; vertical-align: baseline; width: 640px;\">Das kleine Museum \u2013 Kultur auf der Peunt, Weissenstadt\u00a0<\/p><p style=\"background: transparent; border: 0px; margin-top: 0px; margin-bottom: 0px; padding: 0px; vertical-align: baseline; width: 640px;\">(mit Rosa M. Hessling, K\u00f6ln)<\/p><\/td><\/tr><tr style=\"background: transparent; border: 0px; margin: 0px; padding: 0px; vertical-align: baseline;\"><td style=\"background: transparent; border-width: 0px; border-style: initial; margin: 0px; padding: 0px 24px 6px 0px; vertical-align: baseline;\">2010\u00a0<\/td><td style=\"background: transparent; border-width: 0px; border-style: initial; margin: 0px; padding: 0px 24px 6px 0px; vertical-align: baseline;\"><p style=\"background: transparent; border: 0px; margin-top: 0px; margin-bottom: 0px; padding: 0px; vertical-align: baseline; width: 640px;\">Galerie Angelika Harthan, Stuttgart \u00bbGlanzst\u00fccke\u00ab<\/p><\/td><\/tr><tr style=\"background: transparent; border: 0px; margin: 0px; padding: 0px; vertical-align: baseline;\"><td style=\"background: transparent; border-width: 0px; border-style: initial; margin: 0px; padding: 0px 24px 6px 0px; vertical-align: baseline;\">\u00a0<\/td><td style=\"background: transparent; border-width: 0px; border-style: initial; margin: 0px; padding: 0px 24px 6px 0px; vertical-align: baseline;\"><p style=\"background: transparent; border: 0px; margin-top: 0px; margin-bottom: 0px; padding: 0px; vertical-align: baseline; width: 640px;\">Galerie Fetzer, Sontheim \u00bbFarbk\u00f6rper\u00ab (\u00bbin the line of color\u00ab)<\/p><\/td><\/tr><tr style=\"background: transparent; border: 0px; margin: 0px; padding: 0px; vertical-align: baseline;\"><td style=\"background: transparent; border-width: 0px; border-style: initial; margin: 0px; padding: 0px 24px 6px 0px; vertical-align: baseline;\">2009\u00a0<\/td><td style=\"background: transparent; border-width: 0px; border-style: initial; margin: 0px; padding: 0px 24px 6px 0px; vertical-align: baseline;\"><p style=\"background: transparent; border: 0px; margin-top: 0px; margin-bottom: 0px; padding: 0px; vertical-align: baseline; width: 640px;\">Art Felchlin, Z\u00fcrich (mit Harald Pompl und Peter Weber)<\/p><\/td><\/tr><tr style=\"background: transparent; border: 0px; margin: 0px; padding: 0px; vertical-align: baseline;\"><td style=\"background: transparent; border-width: 0px; border-style: initial; margin: 0px; padding: 0px 24px 6px 0px; vertical-align: baseline;\">\u00a0<\/td><td style=\"background: transparent; border-width: 0px; border-style: initial; margin: 0px; padding: 0px 24px 6px 0px; vertical-align: baseline;\"><p style=\"background: transparent; border: 0px; margin-top: 0px; margin-bottom: 0px; padding: 0px; vertical-align: baseline; width: 640px;\">Galerie artopoi, Freiburg<\/p><\/td><\/tr><tr style=\"background: transparent; border: 0px; margin: 0px; padding: 0px; vertical-align: baseline;\"><td style=\"background: transparent; border-width: 0px; border-style: initial; margin: 0px; padding: 0px 24px 6px 0px; vertical-align: baseline;\">\u00a0<\/td><td style=\"background: transparent; border-width: 0px; border-style: initial; margin: 0px; padding: 0px 24px 6px 0px; vertical-align: baseline;\"><p style=\"background: transparent; border: 0px; margin-top: 0px; margin-bottom: 0px; padding: 0px; vertical-align: baseline; width: 640px;\">Galerie Bender, M\u00fcnchen<\/p><\/td><\/tr><tr style=\"background: transparent; border: 0px; margin: 0px; padding: 0px; vertical-align: baseline;\"><td style=\"background: transparent; border-width: 0px; border-style: initial; margin: 0px; padding: 0px 24px 6px 0px; vertical-align: baseline;\">\u00a0<\/td><td style=\"background: transparent; border-width: 0px; border-style: initial; margin: 0px; padding: 0px 24px 6px 0px; vertical-align: baseline;\"><p style=\"background: transparent; border: 0px; margin-top: 0px; margin-bottom: 0px; padding: 0px; vertical-align: baseline; width: 640px;\">Galerie Schmalfuss, Marburg \u00bbbehind\u00ab mit\u00a0<br \/>Christofer Kochs<\/p><\/td><\/tr><tr style=\"background: transparent; border: 0px; margin: 0px; padding: 0px; vertical-align: baseline;\"><td style=\"background: transparent; border-width: 0px; border-style: initial; margin: 0px; padding: 0px 24px 6px 0px; vertical-align: baseline;\">2008\u00a0<\/td><td style=\"background: transparent; border-width: 0px; border-style: initial; margin: 0px; padding: 0px 24px 6px 0px; vertical-align: baseline;\"><p style=\"background: transparent; border: 0px; margin-top: 0px; margin-bottom: 0px; padding: 0px; vertical-align: baseline; width: 640px;\">Art Karlsruhe (\u00bbone-artist-show\u00ab)<\/p><\/td><\/tr><tr style=\"background: transparent; border: 0px; margin: 0px; padding: 0px; vertical-align: baseline;\"><td style=\"background: transparent; border-width: 0px; border-style: initial; margin: 0px; padding: 0px 24px 6px 0px; vertical-align: baseline;\">\u00a0<\/td><td style=\"background: transparent; border-width: 0px; border-style: initial; margin: 0px; padding: 0px 24px 6px 0px; vertical-align: baseline;\"><p style=\"background: transparent; border: 0px; margin-top: 0px; margin-bottom: 0px; padding: 0px; vertical-align: baseline; width: 640px;\">Galerie Bender, M\u00fcnchen (Sonderkatalog)<\/p><\/td><\/tr><tr style=\"background: transparent; border: 0px; margin: 0px; padding: 0px; vertical-align: baseline;\"><td style=\"background: transparent; border-width: 0px; border-style: initial; margin: 0px; padding: 0px 24px 6px 0px; vertical-align: baseline;\">\u00a0<\/td><td style=\"background: transparent; border-width: 0px; border-style: initial; margin: 0px; padding: 0px 24px 6px 0px; vertical-align: baseline;\"><p style=\"background: transparent; border: 0px; margin-top: 0px; margin-bottom: 0px; padding: 0px; vertical-align: baseline; width: 640px;\">Galerie Fetzer, Sontheim (\u00bbColour Experience\u00ab)<span class=\"Apple-style-span\" style=\"background: transparent; border: 0px; margin: 0px; padding: 0px; vertical-align: baseline; color: #000000; font-family: Verdana, Arial, Helvetica, sans-serif;\">\u00a0<\/span><\/p><\/td><\/tr><tr style=\"background: transparent; border: 0px; margin: 0px; padding: 0px; vertical-align: baseline;\"><td style=\"background: transparent; border-width: 0px; border-style: initial; margin: 0px; padding: 0px 24px 6px 0px; vertical-align: baseline;\">\u00a0<\/td><td style=\"background: transparent; border-width: 0px; border-style: initial; margin: 0px; padding: 0px 24px 6px 0px; vertical-align: baseline;\"><p style=\"background: transparent; border: 0px; margin-top: 0px; margin-bottom: 0px; padding: 0px; vertical-align: baseline; width: 640px;\">Galerie W\u00e4lchi, Aarwangen (CH),\u00a0<\/p><p style=\"background: transparent; border: 0px; margin-top: 0px; margin-bottom: 0px; padding: 0px; vertical-align: baseline; width: 640px;\">(mit Hans Sieverding und Christoph Hauri)<\/p><\/td><\/tr><tr style=\"background: transparent; border: 0px; margin: 0px; padding: 0px; vertical-align: baseline;\"><td style=\"background: transparent; border-width: 0px; border-style: initial; margin: 0px; padding: 0px 24px 6px 0px; vertical-align: baseline;\">\u00a0<\/td><td style=\"background: transparent; border-width: 0px; border-style: initial; margin: 0px; padding: 0px 24px 6px 0px; vertical-align: baseline;\"><p style=\"background: transparent; border: 0px; margin-top: 0px; margin-bottom: 0px; padding: 0px; vertical-align: baseline; width: 640px;\">Galerie Veronica Kautsch, Michelstadt<\/p><p style=\"background: transparent; border: 0px; margin-top: 0px; margin-bottom: 0px; padding: 0px; vertical-align: baseline; width: 640px;\">(mit Harald Pombl, Skulptur)<\/p><\/td><\/tr><tr style=\"background: transparent; border: 0px; margin: 0px; padding: 0px; vertical-align: baseline;\"><td style=\"background: transparent; border-width: 0px; border-style: initial; margin: 0px; padding: 0px 24px 6px 0px; vertical-align: baseline;\">2007<\/td><td style=\"background: transparent; border-width: 0px; border-style: initial; margin: 0px; padding: 0px 24px 6px 0px; vertical-align: baseline;\"><p style=\"background: transparent; border: 0px; margin-top: 0px; margin-bottom: 0px; padding: 0px; vertical-align: baseline; width: 640px;\">Galerie Ulrike Hrobsky, Wien \u00bbReflection\u00ab\u00a0<br \/>mit Josef Adam Moser<\/p><\/td><\/tr><tr style=\"background: transparent; border: 0px; margin: 0px; padding: 0px; vertical-align: baseline;\"><td style=\"background: transparent; border-width: 0px; border-style: initial; margin: 0px; padding: 0px 24px 6px 0px; vertical-align: baseline;\">\u00a0<\/td><td style=\"background: transparent; border-width: 0px; border-style: initial; margin: 0px; padding: 0px 24px 6px 0px; vertical-align: baseline;\"><p style=\"background: transparent; border: 0px; margin-top: 0px; margin-bottom: 0px; padding: 0px; vertical-align: baseline; width: 640px;\">Galerie Angelika Harthan, Stuttgart \u00bbBilder ohne Bilder\u00ab<\/p><\/td><\/tr><tr style=\"background: transparent; border: 0px; margin: 0px; padding: 0px; vertical-align: baseline;\"><td style=\"background: transparent; border-width: 0px; border-style: initial; margin: 0px; padding: 0px 24px 6px 0px; vertical-align: baseline;\">2006\u00a0<\/td><td style=\"background: transparent; border-width: 0px; border-style: initial; margin: 0px; padding: 0px 24px 6px 0px; vertical-align: baseline;\"><p style=\"background: transparent; border: 0px; margin-top: 0px; margin-bottom: 0px; padding: 0px; vertical-align: baseline; width: 640px;\">Galerie Renate Bender, M\u00fcnchen<\/p><\/td><\/tr><tr style=\"background: transparent; border: 0px; margin: 0px; padding: 0px; vertical-align: baseline;\"><td style=\"background: transparent; border-width: 0px; border-style: initial; margin: 0px; padding: 0px 24px 6px 0px; vertical-align: baseline;\">\u00a0<\/td><td style=\"background: transparent; border-width: 0px; border-style: initial; margin: 0px; padding: 0px 24px 6px 0px; vertical-align: baseline;\"><p style=\"background: transparent; border: 0px; margin-top: 0px; margin-bottom: 0px; padding: 0px; vertical-align: baseline; width: 640px;\">Galerie Ulrike Hrobsky, Wien (A) (mit Ulrich Plieschnik), (K)<\/p><\/td><\/tr><tr style=\"background: transparent; border: 0px; margin: 0px; padding: 0px; vertical-align: baseline;\"><td style=\"background: transparent; border-width: 0px; border-style: initial; margin: 0px; padding: 0px 24px 6px 0px; vertical-align: baseline;\">\u00a0<\/td><td style=\"background: transparent; border-width: 0px; border-style: initial; margin: 0px; padding: 0px 24px 6px 0px; vertical-align: baseline;\"><p style=\"background: transparent; border: 0px; margin-top: 0px; margin-bottom: 0px; padding: 0px; vertical-align: baseline; width: 640px;\">Galerie Ursula Huber, Basel (CH) (mit Christian Gardair)<\/p><\/td><\/tr><tr style=\"background: transparent; border: 0px; margin: 0px; padding: 0px; vertical-align: baseline;\"><td style=\"background: transparent; border-width: 0px; border-style: initial; margin: 0px; padding: 0px 24px 6px 0px; vertical-align: baseline;\">\u00a0<\/td><td style=\"background: transparent; border-width: 0px; border-style: initial; margin: 0px; padding: 0px 24px 6px 0px; vertical-align: baseline;\"><p style=\"background: transparent; border: 0px; margin-top: 0px; margin-bottom: 0px; padding: 0px; vertical-align: baseline; width: 640px;\">Galerie Veronica Kautsch, Michelstadt (mit Peter Weber\u00a0<\/p><p style=\"background: transparent; border: 0px; margin-top: 0px; margin-bottom: 0px; padding: 0px; vertical-align: baseline; width: 640px;\">und Jens Trimpin)<\/p><\/td><\/tr><tr style=\"background: transparent; border: 0px; margin: 0px; padding: 0px; vertical-align: baseline;\"><td style=\"background: transparent; border-width: 0px; border-style: initial; margin: 0px; padding: 0px 24px 6px 0px; vertical-align: baseline;\">2005\u00a0<\/td><td style=\"background: transparent; border-width: 0px; border-style: initial; margin: 0px; padding: 0px 24px 6px 0px; vertical-align: baseline;\"><p style=\"background: transparent; border: 0px; margin-top: 0px; margin-bottom: 0px; padding: 0px; vertical-align: baseline; width: 640px;\">Art Felchlin, Z\u00fcrich, Schwyz (CH)<\/p><\/td><\/tr><tr style=\"background: transparent; border: 0px; margin: 0px; padding: 0px; vertical-align: baseline;\"><td style=\"background: transparent; border-width: 0px; border-style: initial; margin: 0px; padding: 0px 24px 6px 0px; vertical-align: baseline;\">2004\u00a0<\/td><td style=\"background: transparent; border-width: 0px; border-style: initial; margin: 0px; padding: 0px 24px 6px 0px; vertical-align: baseline;\"><p style=\"background: transparent; border: 0px; margin-top: 0px; margin-bottom: 0px; padding: 0px; vertical-align: baseline; width: 640px;\">Galerie Renate Bender, M\u00fcnchen (K)<\/p><\/td><\/tr><tr style=\"background: transparent; border: 0px; margin: 0px; padding: 0px; vertical-align: baseline;\"><td style=\"background: transparent; border-width: 0px; border-style: initial; margin: 0px; padding: 0px 24px 6px 0px; vertical-align: baseline;\">\u00a0<\/td><td style=\"background: transparent; border-width: 0px; border-style: initial; margin: 0px; padding: 0px 24px 6px 0px; vertical-align: baseline;\"><p style=\"background: transparent; border: 0px; margin-top: 0px; margin-bottom: 0px; padding: 0px; vertical-align: baseline; width: 640px;\">Galerie Angelika Harthan, Stuttgart (K)<\/p><\/td><\/tr><tr style=\"background: transparent; border: 0px; margin: 0px; padding: 0px; vertical-align: baseline;\"><td style=\"background: transparent; border-width: 0px; border-style: initial; margin: 0px; padding: 0px 24px 6px 0px; vertical-align: baseline;\">\u00a0<\/td><td style=\"background: transparent; border-width: 0px; border-style: initial; margin: 0px; padding: 0px 24px 6px 0px; vertical-align: baseline;\"><p style=\"background: transparent; border: 0px; margin-top: 0px; margin-bottom: 0px; padding: 0px; vertical-align: baseline; width: 640px;\">Art Felchlin, Z\u00fcrich<\/p><\/td><\/tr><tr style=\"background: transparent; border: 0px; margin: 0px; padding: 0px; vertical-align: baseline;\"><td style=\"background: transparent; border-width: 0px; border-style: initial; margin: 0px; padding: 0px 24px 6px 0px; vertical-align: baseline;\">2003\u00a0<\/td><td style=\"background: transparent; border-width: 0px; border-style: initial; margin: 0px; padding: 0px 24px 6px 0px; vertical-align: baseline;\"><p style=\"background: transparent; border: 0px; margin-top: 0px; margin-bottom: 0px; padding: 0px; vertical-align: baseline; width: 640px;\">Galerie Veronica Kautsch, Michelstadt\u00a0<\/p><p style=\"background: transparent; border: 0px; margin-top: 0px; margin-bottom: 0px; padding: 0px; vertical-align: baseline; width: 640px;\">(mit Klaus Lomnitzer)<\/p><\/td><\/tr><tr style=\"background: transparent; border: 0px; margin: 0px; padding: 0px; vertical-align: baseline;\"><td style=\"background: transparent; border-width: 0px; border-style: initial; margin: 0px; padding: 0px 24px 6px 0px; vertical-align: baseline;\">\u00a0<\/td><td style=\"background: transparent; border-width: 0px; border-style: initial; margin: 0px; padding: 0px 24px 6px 0px; vertical-align: baseline;\"><p style=\"background: transparent; border: 0px; margin-top: 0px; margin-bottom: 0px; padding: 0px; vertical-align: baseline; width: 640px;\">Kohinoor Art-Gallery, Karlsruhe (\u00bbTransparenz\u00ab)<\/p><\/td><\/tr><tr style=\"background: transparent; border: 0px; margin: 0px; padding: 0px; vertical-align: baseline;\"><td style=\"background: transparent; border-width: 0px; border-style: initial; margin: 0px; padding: 0px 24px 6px 0px; vertical-align: baseline;\">\u00a0<\/td><td style=\"background: transparent; border-width: 0px; border-style: initial; margin: 0px; padding: 0px 24px 6px 0px; vertical-align: baseline;\"><p style=\"background: transparent; border: 0px; margin-top: 0px; margin-bottom: 0px; padding: 0px; vertical-align: baseline; width: 640px;\">Forum-Galerie, Usingen (\u00bb\u2026die Entwicklung der Farbe\u00a0<\/p><p style=\"background: transparent; border: 0px; margin-top: 0px; margin-bottom: 0px; padding: 0px; vertical-align: baseline; width: 640px;\">und ihre Transparenz\u00ab) (K)<\/p><\/td><\/tr><tr style=\"background: transparent; border: 0px; margin: 0px; padding: 0px; vertical-align: baseline;\"><td style=\"background: transparent; border-width: 0px; border-style: initial; margin: 0px; padding: 0px 24px 6px 0px; vertical-align: baseline;\">\u00a0<\/td><td style=\"background: transparent; border-width: 0px; border-style: initial; margin: 0px; padding: 0px 24px 6px 0px; vertical-align: baseline;\"><p style=\"background: transparent; border: 0px; margin-top: 0px; margin-bottom: 0px; padding: 0px; vertical-align: baseline; width: 640px;\">Galerie 89, Aarwangen (CH)<\/p><\/td><\/tr><tr style=\"background: transparent; border: 0px; margin: 0px; padding: 0px; vertical-align: baseline;\"><td style=\"background: transparent; border-width: 0px; border-style: initial; margin: 0px; padding: 0px 24px 6px 0px; vertical-align: baseline;\">2002\u00a0<\/td><td style=\"background: transparent; border-width: 0px; border-style: initial; margin: 0px; padding: 0px 24px 6px 0px; vertical-align: baseline;\"><p style=\"background: transparent; border: 0px; margin-top: 0px; margin-bottom: 0px; padding: 0px; vertical-align: baseline; width: 640px;\">Forum Art, Konstanz<\/p><\/td><\/tr><tr style=\"background: transparent; border: 0px; margin: 0px; padding: 0px; vertical-align: baseline;\"><td style=\"background: transparent; border-width: 0px; border-style: initial; margin: 0px; padding: 0px 24px 6px 0px; vertical-align: baseline;\">2001\u00a0<\/td><td style=\"background: transparent; border-width: 0px; border-style: initial; margin: 0px; padding: 0px 24px 6px 0px; vertical-align: baseline;\"><p style=\"background: transparent; border: 0px; margin-top: 0px; margin-bottom: 0px; padding: 0px; vertical-align: baseline; width: 640px;\">Galerie Veronica Kautsch, Michelstadt<\/p><\/td><\/tr><tr style=\"background: transparent; border: 0px; margin: 0px; padding: 0px; vertical-align: baseline;\"><td style=\"background: transparent; border-width: 0px; border-style: initial; margin: 0px; padding: 0px 24px 6px 0px; vertical-align: baseline;\">\u00a0<\/td><td style=\"background: transparent; border-width: 0px; border-style: initial; margin: 0px; padding: 0px 24px 6px 0px; vertical-align: baseline;\"><p style=\"background: transparent; border: 0px; margin-top: 0px; margin-bottom: 0px; padding: 0px; vertical-align: baseline; width: 640px;\">Galerie Erik Bausmann, Mainz<\/p><\/td><\/tr><tr style=\"background: transparent; border: 0px; margin: 0px; padding: 0px; vertical-align: baseline;\"><td style=\"background: transparent; border-width: 0px; border-style: initial; margin: 0px; padding: 0px 24px 6px 0px; vertical-align: baseline;\">\u00a0<\/td><td style=\"background: transparent; border-width: 0px; border-style: initial; margin: 0px; padding: 0px 24px 6px 0px; vertical-align: baseline;\"><p style=\"background: transparent; border: 0px; margin-top: 0px; margin-bottom: 0px; padding: 0px; vertical-align: baseline; width: 640px;\">Galerie Renate Bender, M\u00fcnchen<\/p><\/td><\/tr><tr style=\"background: transparent; border: 0px; margin: 0px; padding: 0px; vertical-align: baseline;\"><td style=\"background: transparent; border-width: 0px; border-style: initial; margin: 0px; padding: 0px 24px 6px 0px; vertical-align: baseline;\">2000\u00a0<\/td><td style=\"background: transparent; border-width: 0px; border-style: initial; margin: 0px; padding: 0px 24px 6px 0px; vertical-align: baseline;\"><p style=\"background: transparent; border: 0px; margin-top: 0px; margin-bottom: 0px; padding: 0px; vertical-align: baseline; width: 640px;\">Galerie 89 (mit Franz Anatol Wyss, Zeichnung und Klaus\u00a0<\/p><p style=\"background: transparent; border: 0px; margin-top: 0px; margin-bottom: 0px; padding: 0px; vertical-align: baseline; width: 640px;\">Prior, Skulptur), Aarwangen (CH)<\/p><\/td><\/tr><tr style=\"background: transparent; border: 0px; margin: 0px; padding: 0px; vertical-align: baseline;\"><td style=\"background: transparent; border-width: 0px; border-style: initial; margin: 0px; padding: 0px 24px 6px 0px; vertical-align: baseline;\">\u00a0<\/td><td style=\"background: transparent; border-width: 0px; border-style: initial; margin: 0px; padding: 0px 24px 6px 0px; vertical-align: baseline;\"><p style=\"background: transparent; border: 0px; margin-top: 0px; margin-bottom: 0px; padding: 0px; vertical-align: baseline; width: 640px;\">Galerie Erik Bausmann (Gegen\u00fcberstellung G\u00fcnther F\u00f6rg\/<\/p><p style=\"background: transparent; border: 0px; margin-top: 0px; margin-bottom: 0px; padding: 0px; vertical-align: baseline; width: 640px;\">Binkoehler), Mainz<\/p><\/td><\/tr><tr style=\"background: transparent; border: 0px; margin: 0px; padding: 0px; vertical-align: baseline;\"><td style=\"background: transparent; border-width: 0px; border-style: initial; margin: 0px; padding: 0px 24px 6px 0px; vertical-align: baseline;\">\u00a0<\/td><td style=\"background: transparent; border-width: 0px; border-style: initial; margin: 0px; padding: 0px 24px 6px 0px; vertical-align: baseline;\"><p style=\"background: transparent; border: 0px; margin-top: 0px; margin-bottom: 0px; padding: 0px; vertical-align: baseline; width: 640px;\">Forum-Galerie, Usingen<\/p><\/td><\/tr><tr style=\"background: transparent; border: 0px; margin: 0px; padding: 0px; vertical-align: baseline;\"><td style=\"background: transparent; border-width: 0px; border-style: initial; margin: 0px; padding: 0px 24px 6px 0px; vertical-align: baseline;\">\u00a0<\/td><td style=\"background: transparent; border-width: 0px; border-style: initial; margin: 0px; padding: 0px 24px 6px 0px; vertical-align: baseline;\"><p style=\"background: transparent; border: 0px; margin-top: 0px; margin-bottom: 0px; padding: 0px; vertical-align: baseline; width: 640px;\">Treppenhaus-Galerie, Presse- und Informationsamt der\u00a0<\/p><p style=\"background: transparent; border: 0px; margin-top: 0px; margin-bottom: 0px; padding: 0px; vertical-align: baseline; width: 640px;\">Stadt Frankfurt (mit Agnes Noltenius, Fotografie)<\/p><\/td><\/tr><tr style=\"background: transparent; border: 0px; margin: 0px; padding: 0px; vertical-align: baseline;\"><td style=\"background: transparent; border-width: 0px; border-style: initial; margin: 0px; padding: 0px 24px 6px 0px; vertical-align: baseline;\">1999<\/td><td style=\"background: transparent; border-width: 0px; border-style: initial; margin: 0px; padding: 0px 24px 6px 0px; vertical-align: baseline;\"><p style=\"background: transparent; border: 0px; margin-top: 0px; margin-bottom: 0px; padding: 0px; vertical-align: baseline; width: 640px;\">Galerie Veronica Kautsch, Michelstadt\u00a0<\/p><p style=\"background: transparent; border: 0px; margin-top: 0px; margin-bottom: 0px; padding: 0px; vertical-align: baseline; width: 640px;\">(mit Bernhard Lehmann, Jevenstedt, Skulptur)<\/p><\/td><\/tr><tr style=\"background: transparent; border: 0px; margin: 0px; padding: 0px; vertical-align: baseline;\"><td style=\"background: transparent; border-width: 0px; border-style: initial; margin: 0px; padding: 0px 24px 6px 0px; vertical-align: baseline;\">1998\u00a0<\/td><td style=\"background: transparent; border-width: 0px; border-style: initial; margin: 0px; padding: 0px 24px 6px 0px; vertical-align: baseline;\"><p style=\"background: transparent; border: 0px; margin-top: 0px; margin-bottom: 0px; padding: 0px; vertical-align: baseline; width: 640px;\">Galerie Uli Lang, Biberach<\/p><\/td><\/tr><tr style=\"background: transparent; border: 0px; margin: 0px; padding: 0px; vertical-align: baseline;\"><td style=\"background: transparent; border-width: 0px; border-style: initial; margin: 0px; padding: 0px 24px 6px 0px; vertical-align: baseline;\">\u00a0<\/td><td style=\"background: transparent; border-width: 0px; border-style: initial; margin: 0px; padding: 0px 24px 6px 0px; vertical-align: baseline;\"><p style=\"background: transparent; border: 0px; margin-top: 0px; margin-bottom: 0px; padding: 0px; vertical-align: baseline; width: 640px;\">Galerie Erik Bausmann, Mainz (K)<\/p><\/td><\/tr><tr style=\"background: transparent; border: 0px; margin: 0px; padding: 0px; vertical-align: baseline;\"><td style=\"background: transparent; border-width: 0px; border-style: initial; margin: 0px; padding: 0px 24px 6px 0px; vertical-align: baseline;\">1997\u00a0<\/td><td style=\"background: transparent; border-width: 0px; border-style: initial; margin: 0px; padding: 0px 24px 6px 0px; vertical-align: baseline;\"><p style=\"background: transparent; border: 0px; margin-top: 0px; margin-bottom: 0px; padding: 0px; vertical-align: baseline; width: 640px;\">Galerie Erik Bausmann, Mainz<\/p><\/td><\/tr><tr style=\"background: transparent; border: 0px; margin: 0px; padding: 0px; vertical-align: baseline;\"><td style=\"background: transparent; border-width: 0px; border-style: initial; margin: 0px; padding: 0px 24px 6px 0px; vertical-align: baseline;\">\u00a0<\/td><td style=\"background: transparent; border-width: 0px; border-style: initial; margin: 0px; padding: 0px 24px 6px 0px; vertical-align: baseline;\"><p style=\"background: transparent; border: 0px; margin-top: 0px; margin-bottom: 0px; padding: 0px; vertical-align: baseline; width: 640px;\">Galerie Veronica Kautsch, Michelstadt<\/p><\/td><\/tr><tr style=\"background: transparent; border: 0px; margin: 0px; padding: 0px; vertical-align: baseline;\"><td style=\"background: transparent; border-width: 0px; border-style: initial; margin: 0px; padding: 0px 24px 6px 0px; vertical-align: baseline;\">1996\u00a0<\/td><td style=\"background: transparent; border-width: 0px; border-style: initial; margin: 0px; padding: 0px 24px 6px 0px; vertical-align: baseline;\"><p style=\"background: transparent; border: 0px; margin-top: 0px; margin-bottom: 0px; padding: 0px; vertical-align: baseline; width: 640px;\">Atelier am Winterhafen, Mainz (mit Dirk Farklas)<\/p><\/td><\/tr><tr style=\"background: transparent; border: 0px; margin: 0px; padding: 0px; vertical-align: baseline;\"><td style=\"background: transparent; border-width: 0px; border-style: initial; margin: 0px; padding: 0px 24px 6px 0px; vertical-align: baseline;\">\u00a0<\/td><td style=\"background: transparent; border-width: 0px; border-style: initial; margin: 0px; padding: 0px 24px 6px 0px; vertical-align: baseline;\"><p style=\"background: transparent; border: 0px; margin-top: 0px; margin-bottom: 0px; padding: 0px; vertical-align: baseline; width: 640px;\">Foyer des Landtags Rheinland-Pfalz, (mit Britta Deutsch\/<\/p><p style=\"background: transparent; border: 0px; margin-top: 0px; margin-bottom: 0px; padding: 0px; vertical-align: baseline; width: 640px;\">Skulptur), Mainz (K)<\/p><\/td><\/tr><tr style=\"background: transparent; border: 0px; margin: 0px; padding: 0px; vertical-align: baseline;\"><td style=\"background: transparent; border-width: 0px; border-style: initial; margin: 0px; padding: 0px 24px 6px 0px; vertical-align: baseline;\">1995\u00a0<\/td><td style=\"background: transparent; border-width: 0px; border-style: initial; margin: 0px; padding: 0px 24px 6px 0px; vertical-align: baseline;\"><p style=\"background: transparent; border: 0px; margin-top: 0px; margin-bottom: 0px; padding: 0px; vertical-align: baseline; width: 640px;\">Galerie bei Leola, Untermichelbach\/N\u00fcrnberg, (K)<\/p><\/td><\/tr><tr style=\"background: transparent; border: 0px; margin: 0px; padding: 0px; vertical-align: baseline;\"><td style=\"background: transparent; border-width: 0px; border-style: initial; margin: 0px; padding: 0px 24px 6px 0px; vertical-align: baseline;\">1994\u00a0<\/td><td style=\"background: transparent; border-width: 0px; border-style: initial; margin: 0px; padding: 0px 24px 6px 0px; vertical-align: baseline;\"><p style=\"background: transparent; border: 0px; margin-top: 0px; margin-bottom: 0px; padding: 0px; vertical-align: baseline; width: 640px;\">Mozarteum, Hochschule f\u00fcr Musik und Kunst, Salzburg<\/p><\/td><\/tr><tr style=\"background: transparent; border: 0px; margin: 0px; padding: 0px; vertical-align: baseline;\"><td style=\"background: transparent; border-width: 0px; border-style: initial; margin: 0px; padding: 0px 24px 6px 0px; vertical-align: baseline;\">\u00a0<\/td><td style=\"background: transparent; border-width: 0px; border-style: initial; margin: 0px; padding: 0px 24px 6px 0px; vertical-align: baseline;\"><p style=\"background: transparent; border: 0px; margin-top: 0px; margin-bottom: 0px; padding: 0px; vertical-align: baseline; width: 640px;\">R+T-Galerie, Mainz<\/p><\/td><\/tr><tr style=\"background: transparent; border: 0px; margin: 0px; padding: 0px; vertical-align: baseline;\"><td style=\"background: transparent; border-width: 0px; border-style: initial; margin: 0px; padding: 0px 24px 6px 0px; vertical-align: baseline;\">1993<\/td><td style=\"background: transparent; border-width: 0px; border-style: initial; margin: 0px; padding: 0px 24px 6px 0px; vertical-align: baseline;\"><p style=\"background: transparent; border: 0px; margin-top: 0px; margin-bottom: 0px; padding: 0px; vertical-align: baseline; width: 640px;\">Rathausgalerie Mainz-Bretzenheim,<\/p><p style=\"background: transparent; border: 0px; margin-top: 0px; margin-bottom: 0px; padding: 0px; vertical-align: baseline; width: 640px;\">\u00bb28 Bilder gegen Rechts\u00ab<\/p><\/td><\/tr><tr style=\"background: transparent; border: 0px; margin: 0px; padding: 0px; vertical-align: baseline;\"><td style=\"background: transparent; border-width: 0px; border-style: initial; margin: 0px; padding: 0px 24px 6px 0px; vertical-align: baseline;\">\u00a0<\/td><td style=\"background: transparent; border-width: 0px; border-style: initial; margin: 0px; padding: 0px 24px 6px 0px; vertical-align: baseline;\">\u00a0<\/td><\/tr><tr style=\"background: transparent; border: 0px; margin: 0px; padding: 0px; vertical-align: baseline;\"><td style=\"background: transparent; border-width: 0px; border-style: initial; margin: 0px; padding: 0px 24px 6px 0px; vertical-align: baseline;\">\u00a0<\/td><td style=\"background: transparent; border-width: 0px; border-style: initial; margin: 0px; padding: 0px 24px 6px 0px; vertical-align: baseline;\">\u00a0<\/td><\/tr><tr style=\"background: transparent; border: 0px; margin: 0px; padding: 0px; vertical-align: baseline;\"><td style=\"background: transparent; border-width: 0px; border-style: initial; margin: 0px; padding: 0px 24px 6px 0px; vertical-align: baseline;\">\u00a0<\/td><td style=\"background: transparent; border-width: 0px; border-style: initial; margin: 0px; padding: 0px 24px 6px 0px; vertical-align: baseline;\"><strong style=\"background: transparent; border: 0px; margin: 0px; padding: 0px; vertical-align: baseline;\">Ausstellungsbeteiligungen, Auswahl seit 1993<\/strong>\u00a0<\/td><\/tr><tr style=\"background: transparent; border: 0px; margin: 0px; padding: 0px; vertical-align: baseline;\"><td style=\"background: transparent; border-width: 0px; border-style: initial; margin: 0px; padding: 0px 24px 6px 0px; vertical-align: baseline;\">2011<\/td><td style=\"background: transparent; border-width: 0px; border-style: initial; margin: 0px; padding: 0px 24px 6px 0px; vertical-align: baseline;\"><p style=\"background: transparent; border: 0px; margin-top: 0px; margin-bottom: 0px; padding: 0px; vertical-align: baseline; width: 640px;\">Galerie Harthan, Stuttgart<\/p><\/td><\/tr><tr style=\"background: transparent; border: 0px; margin: 0px; padding: 0px; vertical-align: baseline;\"><td style=\"background: transparent; border-width: 0px; border-style: initial; margin: 0px; padding: 0px 24px 6px 0px; vertical-align: baseline;\">\u00a0<\/td><td style=\"background: transparent; border-width: 0px; border-style: initial; margin: 0px; padding: 0px 24px 6px 0px; vertical-align: baseline;\"><p style=\"background: transparent; border: 0px; margin-top: 0px; margin-bottom: 0px; padding: 0px; vertical-align: baseline; width: 640px;\">\u00bbAccrochage\u00ab mit M. Burges, M. Dietz,\u00a0<br \/>Ch. Kochs, W. Siber<\/p><\/td><\/tr><tr style=\"background: transparent; border: 0px; margin: 0px; padding: 0px; vertical-align: baseline;\"><td style=\"background: transparent; border-width: 0px; border-style: initial; margin: 0px; padding: 0px 24px 6px 0px; vertical-align: baseline;\">\u00a0<\/td><td style=\"background: transparent; border-width: 0px; border-style: initial; margin: 0px; padding: 0px 24px 6px 0px; vertical-align: baseline;\"><p style=\"background: transparent; border: 0px; margin-top: 0px; margin-bottom: 0px; padding: 0px; vertical-align: baseline; width: 640px;\">Art Karlsruhe (Galerien Bender, M\u00fcnchen; Fetzer,\u00a0<\/p><p style=\"background: transparent; border: 0px; margin-top: 0px; margin-bottom: 0px; padding: 0px; vertical-align: baseline; width: 640px;\">Sontheim; Kautsch, Michelstadt)<\/p><\/td><\/tr><tr style=\"background: transparent; border: 0px; margin: 0px; padding: 0px; vertical-align: baseline;\"><td style=\"background: transparent; border-width: 0px; border-style: initial; margin: 0px; padding: 0px 24px 6px 0px; vertical-align: baseline;\">\u00a0<\/td><td style=\"background: transparent; border-width: 0px; border-style: initial; margin: 0px; padding: 0px 24px 6px 0px; vertical-align: baseline;\"><p style=\"background: transparent; border: 0px; margin-top: 0px; margin-bottom: 0px; padding: 0px; vertical-align: baseline; width: 640px;\">Art Santa Fe\u2018 (Galerie Bender, M\u00fcnchen)<\/p><\/td><\/tr><tr style=\"background: transparent; border: 0px; margin: 0px; padding: 0px; vertical-align: baseline;\"><td style=\"background: transparent; border-width: 0px; border-style: initial; margin: 0px; padding: 0px 24px 6px 0px; vertical-align: baseline;\">2010\u00a0<\/td><td style=\"background: transparent; border-width: 0px; border-style: initial; margin: 0px; padding: 0px 24px 6px 0px; vertical-align: baseline;\"><p style=\"background: transparent; border: 0px; margin-top: 0px; margin-bottom: 0px; padding: 0px; vertical-align: baseline; width: 640px;\">Galerie Harthan, Stuttgart<\/p><\/td><\/tr><tr style=\"background: transparent; border: 0px; margin: 0px; padding: 0px; vertical-align: baseline;\"><td style=\"background: transparent; border-width: 0px; border-style: initial; margin: 0px; padding: 0px 24px 6px 0px; vertical-align: baseline;\">\u00a0<\/td><td style=\"background: transparent; border-width: 0px; border-style: initial; margin: 0px; padding: 0px 24px 6px 0px; vertical-align: baseline;\"><p style=\"background: transparent; border: 0px; margin-top: 0px; margin-bottom: 0px; padding: 0px; vertical-align: baseline; width: 640px;\">\u00bbAccrochage\u00ab mit M. Burges, M. Dietz,\u00a0<br \/>Ch. Kochs, W. Siber<\/p><\/td><\/tr><tr style=\"background: transparent; border: 0px; margin: 0px; padding: 0px; vertical-align: baseline;\"><td style=\"background: transparent; border-width: 0px; border-style: initial; margin: 0px; padding: 0px 24px 6px 0px; vertical-align: baseline;\">\u00a0<\/td><td style=\"background: transparent; border-width: 0px; border-style: initial; margin: 0px; padding: 0px 24px 6px 0px; vertical-align: baseline;\"><p style=\"background: transparent; border: 0px; margin-top: 0px; margin-bottom: 0px; padding: 0px; vertical-align: baseline; width: 640px;\">Galerie Renate Bender, M\u00fcnchen<\/p><\/td><\/tr><tr style=\"background: transparent; border: 0px; margin: 0px; padding: 0px; vertical-align: baseline;\"><td style=\"background: transparent; border-width: 0px; border-style: initial; margin: 0px; padding: 0px 24px 6px 0px; vertical-align: baseline;\">\u00a0<\/td><td style=\"background: transparent; border-width: 0px; border-style: initial; margin: 0px; padding: 0px 24px 6px 0px; vertical-align: baseline;\"><p style=\"background: transparent; border: 0px; margin-top: 0px; margin-bottom: 0px; padding: 0px; vertical-align: baseline; width: 640px;\">\u00bbMonochrom II\u00ab mit E. Jachens, M. McClune, R.\u00a0<\/p><p style=\"background: transparent; border: 0px; margin-top: 0px; margin-bottom: 0px; padding: 0px; vertical-align: baseline; width: 640px;\">Sagerman, L. Strandh, P. Weber, S. York<\/p><\/td><\/tr><tr style=\"background: transparent; border: 0px; margin: 0px; padding: 0px; vertical-align: baseline;\"><td style=\"background: transparent; border-width: 0px; border-style: initial; margin: 0px; padding: 0px 24px 6px 0px; vertical-align: baseline;\">\u00a0<\/td><td style=\"background: transparent; border-width: 0px; border-style: initial; margin: 0px; padding: 0px 24px 6px 0px; vertical-align: baseline;\"><p style=\"background: transparent; border: 0px; margin-top: 0px; margin-bottom: 0px; padding: 0px; vertical-align: baseline; width: 640px;\">Galerie Ursula Huber, Basel\/Ch<\/p><\/td><\/tr><tr style=\"background: transparent; border: 0px; margin: 0px; padding: 0px; vertical-align: baseline;\"><td style=\"background: transparent; border-width: 0px; border-style: initial; margin: 0px; padding: 0px 24px 6px 0px; vertical-align: baseline;\">\u00a0<\/td><td style=\"background: transparent; border-width: 0px; border-style: initial; margin: 0px; padding: 0px 24px 6px 0px; vertical-align: baseline;\"><p style=\"background: transparent; border: 0px; margin-top: 0px; margin-bottom: 0px; padding: 0px; vertical-align: baseline; width: 640px;\">\u00bbMonochrome Positionen\u00ab mit S. Hodel, M. Mentoni,\u00a0<br \/>A. Ruede, K. Schaertlin<\/p><\/td><\/tr><tr style=\"background: transparent; border: 0px; margin: 0px; padding: 0px; vertical-align: baseline;\"><td style=\"background: transparent; border-width: 0px; border-style: initial; margin: 0px; padding: 0px 24px 6px 0px; vertical-align: baseline;\">\u00a0<\/td><td style=\"background: transparent; border-width: 0px; border-style: initial; margin: 0px; padding: 0px 24px 6px 0px; vertical-align: baseline;\"><p style=\"background: transparent; border: 0px; margin-top: 0px; margin-bottom: 0px; padding: 0px; vertical-align: baseline; width: 640px;\">Art Karlsruhe (Galerien Bender, M\u00fcnchen; Fetzer,\u00a0<br \/>Sontheim; Kautsch, Michelstadt)<\/p><\/td><\/tr><tr style=\"background: transparent; border: 0px; margin: 0px; padding: 0px; vertical-align: baseline;\"><td style=\"background: transparent; border-width: 0px; border-style: initial; margin: 0px; padding: 0px 24px 6px 0px; vertical-align: baseline;\">\u00a0<\/td><td style=\"background: transparent; border-width: 0px; border-style: initial; margin: 0px; padding: 0px 24px 6px 0px; vertical-align: baseline;\"><p style=\"background: transparent; border: 0px; margin-top: 0px; margin-bottom: 0px; padding: 0px; vertical-align: baseline; width: 640px;\">Wien, Viennafair<\/p><\/td><\/tr><tr style=\"background: transparent; border: 0px; margin: 0px; padding: 0px; vertical-align: baseline;\"><td style=\"background: transparent; border-width: 0px; border-style: initial; margin: 0px; padding: 0px 24px 6px 0px; vertical-align: baseline;\">\u00a0<\/td><td style=\"background: transparent; border-width: 0px; border-style: initial; margin: 0px; padding: 0px 24px 6px 0px; vertical-align: baseline;\"><p style=\"background: transparent; border: 0px; margin-top: 0px; margin-bottom: 0px; padding: 0px; vertical-align: baseline; width: 640px;\">Dallas Art Fair, USA (bei Gallery Gebert Contemporary)<\/p><\/td><\/tr><tr style=\"background: transparent; border: 0px; margin: 0px; padding: 0px; vertical-align: baseline;\"><td style=\"background: transparent; border-width: 0px; border-style: initial; margin: 0px; padding: 0px 24px 6px 0px; vertical-align: baseline;\">\u00a0<\/td><td style=\"background: transparent; border-width: 0px; border-style: initial; margin: 0px; padding: 0px 24px 6px 0px; vertical-align: baseline;\"><p style=\"background: transparent; border: 0px; margin-top: 0px; margin-bottom: 0px; padding: 0px; vertical-align: baseline; width: 640px;\">Art Miami, U.S.A. (Galerie Bender, M\u00fcnchen)<\/p><\/td><\/tr><tr style=\"background: transparent; border: 0px; margin: 0px; padding: 0px; vertical-align: baseline;\"><td style=\"background: transparent; border-width: 0px; border-style: initial; margin: 0px; padding: 0px 24px 6px 0px; vertical-align: baseline;\">\u00a0<\/td><td style=\"background: transparent; border-width: 0px; border-style: initial; margin: 0px; padding: 0px 24px 6px 0px; vertical-align: baseline;\"><p style=\"background: transparent; border: 0px; margin-top: 0px; margin-bottom: 0px; padding: 0px; vertical-align: baseline; width: 640px;\">Treppenhausgalerie der Stadt Frankfurt, Presse- und\u00a0<\/p><p style=\"background: transparent; border: 0px; margin-top: 0px; margin-bottom: 0px; padding: 0px; vertical-align: baseline; width: 640px;\">Informationsamt, \u00bbUpstairs\u00ab (zum 17-j\u00e4hrigen Bestehen)<\/p><\/td><\/tr><tr style=\"background: transparent; border: 0px; margin: 0px; padding: 0px; vertical-align: baseline;\"><td style=\"background: transparent; border-width: 0px; border-style: initial; margin: 0px; padding: 0px 24px 6px 0px; vertical-align: baseline;\">2009\u00a0<\/td><td style=\"background: transparent; border-width: 0px; border-style: initial; margin: 0px; padding: 0px 24px 6px 0px; vertical-align: baseline;\"><p style=\"background: transparent; border: 0px; margin-top: 0px; margin-bottom: 0px; padding: 0px; vertical-align: baseline; width: 640px;\">Art Karlsruhe<\/p><\/td><\/tr><tr style=\"background: transparent; border: 0px; margin: 0px; padding: 0px; vertical-align: baseline;\"><td style=\"background: transparent; border-width: 0px; border-style: initial; margin: 0px; padding: 0px 24px 6px 0px; vertical-align: baseline;\">\u00a0<\/td><td style=\"background: transparent; border-width: 0px; border-style: initial; margin: 0px; padding: 0px 24px 6px 0px; vertical-align: baseline;\"><p style=\"background: transparent; border: 0px; margin-top: 0px; margin-bottom: 0px; padding: 0px; vertical-align: baseline; width: 640px;\">Galerie Fetzer, Sontheim \u00bbbetween\u00ab Kunst Z\u00fcrich, Schweiz<\/p><\/td><\/tr><tr style=\"background: transparent; border: 0px; margin: 0px; padding: 0px; vertical-align: baseline;\"><td style=\"background: transparent; border-width: 0px; border-style: initial; margin: 0px; padding: 0px 24px 6px 0px; vertical-align: baseline;\">\u00a0<\/td><td style=\"background: transparent; border-width: 0px; border-style: initial; margin: 0px; padding: 0px 24px 6px 0px; vertical-align: baseline;\"><p style=\"background: transparent; border: 0px; margin-top: 0px; margin-bottom: 0px; padding: 0px; vertical-align: baseline; width: 640px;\">Open Art M\u00fcnchen \u00bbDie Farbe Rot\u00ab Galerie Bender,\u00a0<\/p><p style=\"background: transparent; border: 0px; margin-top: 0px; margin-bottom: 0px; padding: 0px; vertical-align: baseline; width: 640px;\">M\u00fcnchen (mit Inge Dick, Robin Rose, Robert Sagemann,\u00a0<\/p><p style=\"background: transparent; border: 0px; margin-top: 0px; margin-bottom: 0px; padding: 0px; vertical-align: baseline; width: 640px;\">Bill Thompson, Peter Weber)<\/p><\/td><\/tr><tr style=\"background: transparent; border: 0px; margin: 0px; padding: 0px; vertical-align: baseline;\"><td style=\"background: transparent; border-width: 0px; border-style: initial; margin: 0px; padding: 0px 24px 6px 0px; vertical-align: baseline;\">\u00a0<\/td><td style=\"background: transparent; border-width: 0px; border-style: initial; margin: 0px; padding: 0px 24px 6px 0px; vertical-align: baseline;\"><p style=\"background: transparent; border: 0px; margin-top: 0px; margin-bottom: 0px; padding: 0px; vertical-align: baseline; width: 640px;\">Art Miami, U.S.A.<\/p><\/td><\/tr><tr style=\"background: transparent; border: 0px; margin: 0px; padding: 0px; vertical-align: baseline;\"><td style=\"background: transparent; border-width: 0px; border-style: initial; margin: 0px; padding: 0px 24px 6px 0px; vertical-align: baseline;\">2008\u00a0<\/td><td style=\"background: transparent; border-width: 0px; border-style: initial; margin: 0px; padding: 0px 24px 6px 0px; vertical-align: baseline;\"><p style=\"background: transparent; border: 0px; margin-top: 0px; margin-bottom: 0px; padding: 0px; vertical-align: baseline; width: 640px;\">Art Karlsruhe, Wien Viennafair, Art Miami, Art Santa F\u00e9,\u00a0<\/p><p style=\"background: transparent; border: 0px; margin-top: 0px; margin-bottom: 0px; padding: 0px; vertical-align: baseline; width: 640px;\">Art Bodensee, Dornbirn<\/p><\/td><\/tr><tr style=\"background: transparent; border: 0px; margin: 0px; padding: 0px; vertical-align: baseline;\"><td style=\"background: transparent; border-width: 0px; border-style: initial; margin: 0px; padding: 0px 24px 6px 0px; vertical-align: baseline;\">\u00a0<\/td><td style=\"background: transparent; border-width: 0px; border-style: initial; margin: 0px; padding: 0px 24px 6px 0px; vertical-align: baseline;\"><p style=\"background: transparent; border: 0px; margin-top: 0px; margin-bottom: 0px; padding: 0px; vertical-align: baseline; width: 640px;\">Kunst Z\u00fcrich<\/p><\/td><\/tr><tr style=\"background: transparent; border: 0px; margin: 0px; padding: 0px; vertical-align: baseline;\"><td style=\"background: transparent; border-width: 0px; border-style: initial; margin: 0px; padding: 0px 24px 6px 0px; vertical-align: baseline;\">\u00a0<\/td><td style=\"background: transparent; border-width: 0px; border-style: initial; margin: 0px; padding: 0px 24px 6px 0px; vertical-align: baseline;\"><p style=\"background: transparent; border: 0px; margin-top: 0px; margin-bottom: 0px; padding: 0px; vertical-align: baseline; width: 640px;\">Open Art M\u00fcnchen: \u00bbDie Farbe Rot\u00ab<\/p><\/td><\/tr><tr style=\"background: transparent; border: 0px; margin: 0px; padding: 0px; vertical-align: baseline;\"><td style=\"background: transparent; border-width: 0px; border-style: initial; margin: 0px; padding: 0px 24px 6px 0px; vertical-align: baseline;\">\u00a0<\/td><td style=\"background: transparent; border-width: 0px; border-style: initial; margin: 0px; padding: 0px 24px 6px 0px; vertical-align: baseline;\"><p style=\"background: transparent; border: 0px; margin-top: 0px; margin-bottom: 0px; padding: 0px; vertical-align: baseline; width: 640px;\">Galerie Bender (mit Inge Dick, Robert Sagerman, Bill\u00a0<\/p><p style=\"background: transparent; border: 0px; margin-top: 0px; margin-bottom: 0px; padding: 0px; vertical-align: baseline; width: 640px;\">Thompson, Robin Rose, Peter Weber)<\/p><\/td><\/tr><tr style=\"background: transparent; border: 0px; margin: 0px; padding: 0px; vertical-align: baseline;\"><td style=\"background: transparent; border-width: 0px; border-style: initial; margin: 0px; padding: 0px 24px 6px 0px; vertical-align: baseline;\">2007\u00a0<\/td><td style=\"background: transparent; border-width: 0px; border-style: initial; margin: 0px; padding: 0px 24px 6px 0px; vertical-align: baseline;\"><p style=\"background: transparent; border: 0px; margin-top: 0px; margin-bottom: 0px; padding: 0px; vertical-align: baseline; width: 640px;\">Art Karlsruhe, Art Cologne, Art Chicago, Art Santa Fe,\u00a0<\/p><p style=\"background: transparent; border: 0px; margin-top: 0px; margin-bottom: 0px; padding: 0px; vertical-align: baseline; width: 640px;\">Art Miami, Kunst Z\u00fcrich<\/p><\/td><\/tr><tr style=\"background: transparent; border: 0px; margin: 0px; padding: 0px; vertical-align: baseline;\"><td style=\"background: transparent; border-width: 0px; border-style: initial; margin: 0px; padding: 0px 24px 6px 0px; vertical-align: baseline;\">2006\u00a0<\/td><td style=\"background: transparent; border-width: 0px; border-style: initial; margin: 0px; padding: 0px 24px 6px 0px; vertical-align: baseline;\"><p style=\"background: transparent; border: 0px; margin-top: 0px; margin-bottom: 0px; padding: 0px; vertical-align: baseline; width: 640px;\">Art Miami, Miami Beach<\/p><\/td><\/tr><tr style=\"background: transparent; border: 0px; margin: 0px; padding: 0px; vertical-align: baseline;\"><td style=\"background: transparent; border-width: 0px; border-style: initial; margin: 0px; padding: 0px 24px 6px 0px; vertical-align: baseline;\">\u00a0<\/td><td style=\"background: transparent; border-width: 0px; border-style: initial; margin: 0px; padding: 0px 24px 6px 0px; vertical-align: baseline;\"><p style=\"background: transparent; border: 0px; margin-top: 0px; margin-bottom: 0px; padding: 0px; vertical-align: baseline; width: 640px;\">Kunst Z\u00fcrich (one-person show by Galerie Bender)<\/p><\/td><\/tr><tr style=\"background: transparent; border: 0px; margin: 0px; padding: 0px; vertical-align: baseline;\"><td style=\"background: transparent; border-width: 0px; border-style: initial; margin: 0px; padding: 0px 24px 6px 0px; vertical-align: baseline;\">\u00a0<\/td><td style=\"background: transparent; border-width: 0px; border-style: initial; margin: 0px; padding: 0px 24px 6px 0px; vertical-align: baseline;\"><p style=\"background: transparent; border: 0px; margin-top: 0px; margin-bottom: 0px; padding: 0px; vertical-align: baseline; width: 640px;\">Art Karlsruhe, artspace Frankfurt,\u00a0<\/p><p style=\"background: transparent; border: 0px; margin-top: 0px; margin-bottom: 0px; padding: 0px; vertical-align: baseline; width: 640px;\">Art Chicago, Art Cologne<\/p><\/td><\/tr><tr style=\"background: transparent; border: 0px; margin: 0px; padding: 0px; vertical-align: baseline;\"><td style=\"background: transparent; border-width: 0px; border-style: initial; margin: 0px; padding: 0px 24px 6px 0px; vertical-align: baseline;\">\u00a0<\/td><td style=\"background: transparent; border-width: 0px; border-style: initial; margin: 0px; padding: 0px 24px 6px 0px; vertical-align: baseline;\"><p style=\"background: transparent; border: 0px; margin-top: 0px; margin-bottom: 0px; padding: 0px; vertical-align: baseline; width: 640px;\">Galerie Renate Bender, M\u00fcnchen (Open Art)<\/p><\/td><\/tr><tr style=\"background: transparent; border: 0px; margin: 0px; padding: 0px; vertical-align: baseline;\"><td style=\"background: transparent; border-width: 0px; border-style: initial; margin: 0px; padding: 0px 24px 6px 0px; vertical-align: baseline;\">\u00a0<\/td><td style=\"background: transparent; border-width: 0px; border-style: initial; margin: 0px; padding: 0px 24px 6px 0px; vertical-align: baseline;\"><p style=\"background: transparent; border: 0px; margin-top: 0px; margin-bottom: 0px; padding: 0px; vertical-align: baseline; width: 640px;\">\u00bbdon`t touch\u00ab mit Alfonso Fratteggiani, Edda Jachens,<\/p><p style=\"background: transparent; border: 0px; margin-top: 0px; margin-bottom: 0px; padding: 0px; vertical-align: baseline; width: 640px;\">Robin Rose, Robert Sagerman, Kunst Z\u00fcrich<\/p><\/td><\/tr><tr style=\"background: transparent; border: 0px; margin: 0px; padding: 0px; vertical-align: baseline;\"><td style=\"background: transparent; border-width: 0px; border-style: initial; margin: 0px; padding: 0px 24px 6px 0px; vertical-align: baseline;\">2005\u00a0<\/td><td style=\"background: transparent; border-width: 0px; border-style: initial; margin: 0px; padding: 0px 24px 6px 0px; vertical-align: baseline;\"><p style=\"background: transparent; border: 0px; margin-top: 0px; margin-bottom: 0px; padding: 0px; vertical-align: baseline; width: 640px;\">Artefiera Bologna, Art Karlsruhe, Art Frankfurt<\/p><\/td><\/tr><tr style=\"background: transparent; border: 0px; margin: 0px; padding: 0px; vertical-align: baseline;\"><td style=\"background: transparent; border-width: 0px; border-style: initial; margin: 0px; padding: 0px 24px 6px 0px; vertical-align: baseline;\">\u00a0<\/td><td style=\"background: transparent; border-width: 0px; border-style: initial; margin: 0px; padding: 0px 24px 6px 0px; vertical-align: baseline;\"><p style=\"background: transparent; border: 0px; margin-top: 0px; margin-bottom: 0px; padding: 0px; vertical-align: baseline; width: 640px;\">Art Santa Fe, Kunst Z\u00fcrich<\/p><\/td><\/tr><tr style=\"background: transparent; border: 0px; margin: 0px; padding: 0px; vertical-align: baseline;\"><td style=\"background: transparent; border-width: 0px; border-style: initial; margin: 0px; padding: 0px 24px 6px 0px; vertical-align: baseline;\">2004\u00a0<\/td><td style=\"background: transparent; border-width: 0px; border-style: initial; margin: 0px; padding: 0px 24px 6px 0px; vertical-align: baseline;\"><p style=\"background: transparent; border: 0px; margin-top: 0px; margin-bottom: 0px; padding: 0px; vertical-align: baseline; width: 640px;\">Kunstmessenbeteiligung Artefiera Bologna, Art Karlsruhe<\/p><p style=\"background: transparent; border: 0px; margin-top: 0px; margin-bottom: 0px; padding: 0px; vertical-align: baseline; width: 640px;\">(one-man-show), Art Frankfurt<\/p><\/td><\/tr><tr style=\"background: transparent; border: 0px; margin: 0px; padding: 0px; vertical-align: baseline;\"><td style=\"background: transparent; border-width: 0px; border-style: initial; margin: 0px; padding: 0px 24px 6px 0px; vertical-align: baseline;\">2003\u00a0<\/td><td style=\"background: transparent; border-width: 0px; border-style: initial; margin: 0px; padding: 0px 24px 6px 0px; vertical-align: baseline;\"><p style=\"background: transparent; border: 0px; margin-top: 0px; margin-bottom: 0px; padding: 0px; vertical-align: baseline; width: 640px;\">Galerie 89, Aarwangen\/Schweiz<\/p><\/td><\/tr><tr style=\"background: transparent; border: 0px; margin: 0px; padding: 0px; vertical-align: baseline;\"><td style=\"background: transparent; border-width: 0px; border-style: initial; margin: 0px; padding: 0px 24px 6px 0px; vertical-align: baseline;\">\u00a0<\/td><td style=\"background: transparent; border-width: 0px; border-style: initial; margin: 0px; padding: 0px 24px 6px 0px; vertical-align: baseline;\"><p style=\"background: transparent; border: 0px; margin-top: 0px; margin-bottom: 0px; padding: 0px; vertical-align: baseline; width: 640px;\">Kunstmessenbeteiligung Artefiera Bologna, Art Frankfurt,\u00a0<\/p><p style=\"background: transparent; border: 0px; margin-top: 0px; margin-bottom: 0px; padding: 0px; vertical-align: baseline; width: 640px;\">Kunst Z\u00fcrich, Art Frankfurt, Art Chicago, Art Santa Fe<\/p><\/td><\/tr><tr style=\"background: transparent; border: 0px; margin: 0px; padding: 0px; vertical-align: baseline;\"><td style=\"background: transparent; border-width: 0px; border-style: initial; margin: 0px; padding: 0px 24px 6px 0px; vertical-align: baseline;\">2002\u00a0<\/td><td style=\"background: transparent; border-width: 0px; border-style: initial; margin: 0px; padding: 0px 24px 6px 0px; vertical-align: baseline;\"><p style=\"background: transparent; border: 0px; margin-top: 0px; margin-bottom: 0px; padding: 0px; vertical-align: baseline; width: 640px;\">\u00bbTransluzid \u2013 Translucent\u00ab<\/p><p style=\"background: transparent; border: 0px; margin-top: 0px; margin-bottom: 0px; padding: 0px; vertical-align: baseline; width: 640px;\">Galerie Renate Bender, M\u00fcnchen<\/p><\/td><\/tr><tr style=\"background: transparent; border: 0px; margin: 0px; padding: 0px; vertical-align: baseline;\"><td style=\"background: transparent; border-width: 0px; border-style: initial; margin: 0px; padding: 0px 24px 6px 0px; vertical-align: baseline;\">\u00a0<\/td><td style=\"background: transparent; border-width: 0px; border-style: initial; margin: 0px; padding: 0px 24px 6px 0px; vertical-align: baseline;\"><p style=\"background: transparent; border: 0px; margin-top: 0px; margin-bottom: 0px; padding: 0px; vertical-align: baseline; width: 640px;\">Kunstmessenbeteiligung Artefiera Bologna, Art Frankfurt,\u00a0<\/p><p style=\"background: transparent; border: 0px; margin-top: 0px; margin-bottom: 0px; padding: 0px; vertical-align: baseline; width: 640px;\">Kunst Z\u00fcrich, K\u00f6ln Kunst<\/p><\/td><\/tr><tr style=\"background: transparent; border: 0px; margin: 0px; padding: 0px; vertical-align: baseline;\"><td style=\"background: transparent; border-width: 0px; border-style: initial; margin: 0px; padding: 0px 24px 6px 0px; vertical-align: baseline;\">\u00a0<\/td><td style=\"background: transparent; border-width: 0px; border-style: initial; margin: 0px; padding: 0px 24px 6px 0px; vertical-align: baseline;\"><p style=\"background: transparent; border: 0px; margin-top: 0px; margin-bottom: 0px; padding: 0px; vertical-align: baseline; width: 640px;\">Galerie Veronica Kautsch, Michelstadt, \u00bbmixed salad\u00ab<\/p><\/td><\/tr><tr style=\"background: transparent; border: 0px; margin: 0px; padding: 0px; vertical-align: baseline;\"><td style=\"background: transparent; border-width: 0px; border-style: initial; margin: 0px; padding: 0px 24px 6px 0px; vertical-align: baseline;\">2001\u00a0<\/td><td style=\"background: transparent; border-width: 0px; border-style: initial; margin: 0px; padding: 0px 24px 6px 0px; vertical-align: baseline;\"><p style=\"background: transparent; border: 0px; margin-top: 0px; margin-bottom: 0px; padding: 0px; vertical-align: baseline; width: 640px;\">Haueisen-Kunstpreis, Jockgrim<\/p><\/td><\/tr><tr style=\"background: transparent; border: 0px; margin: 0px; padding: 0px; vertical-align: baseline;\"><td style=\"background: transparent; border-width: 0px; border-style: initial; margin: 0px; padding: 0px 24px 6px 0px; vertical-align: baseline;\">\u00a0<\/td><td style=\"background: transparent; border-width: 0px; border-style: initial; margin: 0px; padding: 0px 24px 6px 0px; vertical-align: baseline;\"><p style=\"background: transparent; border: 0px; margin-top: 0px; margin-bottom: 0px; padding: 0px; vertical-align: baseline; width: 640px;\">ART Frankfurt, Kunstmesse Frankfurt (Galerie Bausmann)<\/p><\/td><\/tr><tr style=\"background: transparent; border: 0px; margin: 0px; padding: 0px; vertical-align: baseline;\"><td style=\"background: transparent; border-width: 0px; border-style: initial; margin: 0px; padding: 0px 24px 6px 0px; vertical-align: baseline;\">\u00a0<\/td><td style=\"background: transparent; border-width: 0px; border-style: initial; margin: 0px; padding: 0px 24px 6px 0px; vertical-align: baseline;\"><p style=\"background: transparent; border: 0px; margin-top: 0px; margin-bottom: 0px; padding: 0px; vertical-align: baseline; width: 640px;\">Art-Vienna, internationale Kunstmesse, Wien<\/p><\/td><\/tr><tr style=\"background: transparent; border: 0px; margin: 0px; padding: 0px; vertical-align: baseline;\"><td style=\"background: transparent; border-width: 0px; border-style: initial; margin: 0px; padding: 0px 24px 6px 0px; vertical-align: baseline;\">\u00a0<\/td><td style=\"background: transparent; border-width: 0px; border-style: initial; margin: 0px; padding: 0px 24px 6px 0px; vertical-align: baseline;\"><p style=\"background: transparent; border: 0px; margin-top: 0px; margin-bottom: 0px; padding: 0px; vertical-align: baseline; width: 640px;\">ART Paris, internationale Kunstmesse, Paris<\/p><\/td><\/tr><tr style=\"background: transparent; border: 0px; margin: 0px; padding: 0px; vertical-align: baseline;\"><td style=\"background: transparent; border-width: 0px; border-style: initial; margin: 0px; padding: 0px 24px 6px 0px; vertical-align: baseline;\">2000<\/td><td style=\"background: transparent; border-width: 0px; border-style: initial; margin: 0px; padding: 0px 24px 6px 0px; vertical-align: baseline;\"><p style=\"background: transparent; border: 0px; margin-top: 0px; margin-bottom: 0px; padding: 0px; vertical-align: baseline; width: 640px;\">ART Frankfurt, Kunstmesse, Frankfurt<\/p><\/td><\/tr><tr style=\"background: transparent; border: 0px; margin: 0px; padding: 0px; vertical-align: baseline;\"><td style=\"background: transparent; border-width: 0px; border-style: initial; margin: 0px; padding: 0px 24px 6px 0px; vertical-align: baseline;\">\u00a0<\/td><td style=\"background: transparent; border-width: 0px; border-style: initial; margin: 0px; padding: 0px 24px 6px 0px; vertical-align: baseline;\"><p style=\"background: transparent; border: 0px; margin-top: 0px; margin-bottom: 0px; padding: 0px; vertical-align: baseline; width: 640px;\">Kunst 2000, Kunstmesse Z\u00fcrich,\u00a0<\/p><p style=\"background: transparent; border: 0px; margin-top: 0px; margin-bottom: 0px; padding: 0px; vertical-align: baseline; width: 640px;\">(Galerie Brummer, Z\u00fcrich)<\/p><\/td><\/tr><tr style=\"background: transparent; border: 0px; margin: 0px; padding: 0px; vertical-align: baseline;\"><td style=\"background: transparent; border-width: 0px; border-style: initial; margin: 0px; padding: 0px 24px 6px 0px; vertical-align: baseline;\">1999\u00a0<\/td><td style=\"background: transparent; border-width: 0px; border-style: initial; margin: 0px; padding: 0px 24px 6px 0px; vertical-align: baseline;\"><p style=\"background: transparent; border: 0px; margin-top: 0px; margin-bottom: 0px; padding: 0px; vertical-align: baseline; width: 640px;\">Sport-Toto Kunstpreis, Koblenz<\/p><\/td><\/tr><tr style=\"background: transparent; border: 0px; margin: 0px; padding: 0px; vertical-align: baseline;\"><td style=\"background: transparent; border-width: 0px; border-style: initial; margin: 0px; padding: 0px 24px 6px 0px; vertical-align: baseline;\">\u00a0<\/td><td style=\"background: transparent; border-width: 0px; border-style: initial; margin: 0px; padding: 0px 24px 6px 0px; vertical-align: baseline;\"><p style=\"background: transparent; border: 0px; margin-top: 0px; margin-bottom: 0px; padding: 0px; vertical-align: baseline; width: 640px;\">8 Folgeausstellungen, (K)<\/p><\/td><\/tr><tr style=\"background: transparent; border: 0px; margin: 0px; padding: 0px; vertical-align: baseline;\"><td style=\"background: transparent; border-width: 0px; border-style: initial; margin: 0px; padding: 0px 24px 6px 0px; vertical-align: baseline;\">\u00a0<\/td><td style=\"background: transparent; border-width: 0px; border-style: initial; margin: 0px; padding: 0px 24px 6px 0px; vertical-align: baseline;\"><p style=\"background: transparent; border: 0px; margin-top: 0px; margin-bottom: 0px; padding: 0px; vertical-align: baseline; width: 640px;\">ART Frankfurt, Kunstmesse, Frankfurt<\/p><\/td><\/tr><tr style=\"background: transparent; border: 0px; margin: 0px; padding: 0px; vertical-align: baseline;\"><td style=\"background: transparent; border-width: 0px; border-style: initial; margin: 0px; padding: 0px 24px 6px 0px; vertical-align: baseline;\">\u00a0<\/td><td style=\"background: transparent; border-width: 0px; border-style: initial; margin: 0px; padding: 0px 24px 6px 0px; vertical-align: baseline;\"><p style=\"background: transparent; border: 0px; margin-top: 0px; margin-bottom: 0px; padding: 0px; vertical-align: baseline; width: 640px;\">Buchmesse, Frankfurt<\/p><\/td><\/tr><tr style=\"background: transparent; border: 0px; margin: 0px; padding: 0px; vertical-align: baseline;\"><td style=\"background: transparent; border-width: 0px; border-style: initial; margin: 0px; padding: 0px 24px 6px 0px; vertical-align: baseline;\">\u00a0<\/td><td style=\"background: transparent; border-width: 0px; border-style: initial; margin: 0px; padding: 0px 24px 6px 0px; vertical-align: baseline;\"><p style=\"background: transparent; border: 0px; margin-top: 0px; margin-bottom: 0px; padding: 0px; vertical-align: baseline; width: 640px;\">Rathaus-Galerie, Dresden<\/p><\/td><\/tr><tr style=\"background: transparent; border: 0px; margin: 0px; padding: 0px; vertical-align: baseline;\"><td style=\"background: transparent; border-width: 0px; border-style: initial; margin: 0px; padding: 0px 24px 6px 0px; vertical-align: baseline;\">\u00a0<\/td><td style=\"background: transparent; border-width: 0px; border-style: initial; margin: 0px; padding: 0px 24px 6px 0px; vertical-align: baseline;\"><p style=\"background: transparent; border: 0px; margin-top: 0px; margin-bottom: 0px; padding: 0px; vertical-align: baseline; width: 640px;\">Galerie Erik Bausmann, \u00bbK\u00fcnstler der Galerie\u00ab, Mainz<\/p><\/td><\/tr><tr style=\"background: transparent; border: 0px; margin: 0px; padding: 0px; vertical-align: baseline;\"><td style=\"background: transparent; border-width: 0px; border-style: initial; margin: 0px; padding: 0px 24px 6px 0px; vertical-align: baseline;\">\u00a0<\/td><td style=\"background: transparent; border-width: 0px; border-style: initial; margin: 0px; padding: 0px 24px 6px 0px; vertical-align: baseline;\"><p style=\"background: transparent; border: 0px; margin-top: 0px; margin-bottom: 0px; padding: 0px; vertical-align: baseline; width: 640px;\">Deutsche-Anlagen-Leasing (DAL),<\/p><p style=\"background: transparent; border: 0px; margin-top: 0px; margin-bottom: 0px; padding: 0px; vertical-align: baseline; width: 640px;\">\u00bb3 Mainzer K\u00fcnstler\u00ab, Mainz<\/p><\/td><\/tr><tr style=\"background: transparent; border: 0px; margin: 0px; padding: 0px; vertical-align: baseline;\"><td style=\"background: transparent; border-width: 0px; border-style: initial; margin: 0px; padding: 0px 24px 6px 0px; vertical-align: baseline;\">1998\u00a0<\/td><td style=\"background: transparent; border-width: 0px; border-style: initial; margin: 0px; padding: 0px 24px 6px 0px; vertical-align: baseline;\"><p style=\"background: transparent; border: 0px; margin-top: 0px; margin-bottom: 0px; padding: 0px; vertical-align: baseline; width: 640px;\">Kunstverein Essenheim, \u00bbZehnx10\u00ab, Essenheim (K)<\/p><\/td><\/tr><tr style=\"background: transparent; border: 0px; margin: 0px; padding: 0px; vertical-align: baseline;\"><td style=\"background: transparent; border-width: 0px; border-style: initial; margin: 0px; padding: 0px 24px 6px 0px; vertical-align: baseline;\">\u00a0<\/td><td style=\"background: transparent; border-width: 0px; border-style: initial; margin: 0px; padding: 0px 24px 6px 0px; vertical-align: baseline;\"><p style=\"background: transparent; border: 0px; margin-top: 0px; margin-bottom: 0px; padding: 0px; vertical-align: baseline; width: 640px;\">Art Frankfurt, Kunstmesse, Frankfurt<\/p><\/td><\/tr><tr style=\"background: transparent; border: 0px; margin: 0px; padding: 0px; vertical-align: baseline;\"><td style=\"background: transparent; border-width: 0px; border-style: initial; margin: 0px; padding: 0px 24px 6px 0px; vertical-align: baseline;\">\u00a0<\/td><td style=\"background: transparent; border-width: 0px; border-style: initial; margin: 0px; padding: 0px 24px 6px 0px; vertical-align: baseline;\"><p style=\"background: transparent; border: 0px; margin-top: 0px; margin-bottom: 0px; padding: 0px; vertical-align: baseline; width: 640px;\">Museum f\u00fcr Sepulkralkultur, Kassel<\/p><\/td><\/tr><tr style=\"background: transparent; border: 0px; margin: 0px; padding: 0px; vertical-align: baseline;\"><td style=\"background: transparent; border-width: 0px; border-style: initial; margin: 0px; padding: 0px 24px 6px 0px; vertical-align: baseline;\">\u00a0<\/td><td style=\"background: transparent; border-width: 0px; border-style: initial; margin: 0px; padding: 0px 24px 6px 0px; vertical-align: baseline;\"><p style=\"background: transparent; border: 0px; margin-top: 0px; margin-bottom: 0px; padding: 0px; vertical-align: baseline; width: 640px;\">Buchmesse, Frankfurt<\/p><\/td><\/tr><tr style=\"background: transparent; border: 0px; margin: 0px; padding: 0px; vertical-align: baseline;\"><td style=\"background: transparent; border-width: 0px; border-style: initial; margin: 0px; padding: 0px 24px 6px 0px; vertical-align: baseline;\">\u00a0<\/td><td style=\"background: transparent; border-width: 0px; border-style: initial; margin: 0px; padding: 0px 24px 6px 0px; vertical-align: baseline;\"><p style=\"background: transparent; border: 0px; margin-top: 0px; margin-bottom: 0px; padding: 0px; vertical-align: baseline; width: 640px;\">Art multiple, Kunstmesse, D\u00fcsseldorf<\/p><\/td><\/tr><tr style=\"background: transparent; border: 0px; margin: 0px; padding: 0px; vertical-align: baseline;\"><td style=\"background: transparent; border-width: 0px; border-style: initial; margin: 0px; padding: 0px 24px 6px 0px; vertical-align: baseline;\">\u00a0<\/td><td style=\"background: transparent; border-width: 0px; border-style: initial; margin: 0px; padding: 0px 24px 6px 0px; vertical-align: baseline;\"><p style=\"background: transparent; border: 0px; margin-top: 0px; margin-bottom: 0px; padding: 0px; vertical-align: baseline; width: 640px;\">Kunst und K\u00fcnstler aus Rheinland-Pfalz,<\/p><p style=\"background: transparent; border: 0px; margin-top: 0px; margin-bottom: 0px; padding: 0px; vertical-align: baseline; width: 640px;\">Ziegeleimuseum\/Zehnthaus, Jockgrim (K)<\/p><\/td><\/tr><tr style=\"background: transparent; border: 0px; margin: 0px; padding: 0px; vertical-align: baseline;\"><td style=\"background: transparent; border-width: 0px; border-style: initial; margin: 0px; padding: 0px 24px 6px 0px; vertical-align: baseline;\">\u00a0<\/td><td style=\"background: transparent; border-width: 0px; border-style: initial; margin: 0px; padding: 0px 24px 6px 0px; vertical-align: baseline;\"><p style=\"background: transparent; border: 0px; margin-top: 0px; margin-bottom: 0px; padding: 0px; vertical-align: baseline; width: 640px;\">Galerie Veronica Kautsch,\u00a0<\/p><p style=\"background: transparent; border: 0px; margin-top: 0px; margin-bottom: 0px; padding: 0px; vertical-align: baseline; width: 640px;\">\u00bbDas kleine Format\u00ab, Michelstadt<\/p><\/td><\/tr><tr style=\"background: transparent; border: 0px; margin: 0px; padding: 0px; vertical-align: baseline;\"><td style=\"background: transparent; border-width: 0px; border-style: initial; margin: 0px; padding: 0px 24px 6px 0px; vertical-align: baseline;\">\u00a0<\/td><td style=\"background: transparent; border-width: 0px; border-style: initial; margin: 0px; padding: 0px 24px 6px 0px; vertical-align: baseline;\"><p style=\"background: transparent; border: 0px; margin-top: 0px; margin-bottom: 0px; padding: 0px; vertical-align: baseline; width: 640px;\">Landesvertretung Rheinland-Pfalz, Br\u00fcssel<\/p><\/td><\/tr><tr style=\"background: transparent; border: 0px; margin: 0px; padding: 0px; vertical-align: baseline;\"><td style=\"background: transparent; border-width: 0px; border-style: initial; margin: 0px; padding: 0px 24px 6px 0px; vertical-align: baseline;\">1997\u00a0<\/td><td style=\"background: transparent; border-width: 0px; border-style: initial; margin: 0px; padding: 0px 24px 6px 0px; vertical-align: baseline;\"><p style=\"background: transparent; border: 0px; margin-top: 0px; margin-bottom: 0px; padding: 0px; vertical-align: baseline; width: 640px;\">Museum f\u00fcr Sepulkralkultur\u00a0<\/p><p style=\"background: transparent; border: 0px; margin-top: 0px; margin-bottom: 0px; padding: 0px; vertical-align: baseline; width: 640px;\">(\u00bbInstallation HausTod\u00ab), Kassel<\/p><\/td><\/tr><tr style=\"background: transparent; border: 0px; margin: 0px; padding: 0px; vertical-align: baseline;\"><td style=\"background: transparent; border-width: 0px; border-style: initial; margin: 0px; padding: 0px 24px 6px 0px; vertical-align: baseline;\">1996\u00a0<\/td><td style=\"background: transparent; border-width: 0px; border-style: initial; margin: 0px; padding: 0px 24px 6px 0px; vertical-align: baseline;\"><p style=\"background: transparent; border: 0px; margin-top: 0px; margin-bottom: 0px; padding: 0px; vertical-align: baseline; width: 640px;\">BBK Schwaben-Nord, Themenarbeit zu Thomas Mann,\u00a0<\/p><p style=\"background: transparent; border: 0px; margin-top: 0px; margin-bottom: 0px; padding: 0px; vertical-align: baseline; width: 640px;\">Augsburg (K)<\/p><\/td><\/tr><tr style=\"background: transparent; border: 0px; margin: 0px; padding: 0px; vertical-align: baseline;\"><td style=\"background: transparent; border-width: 0px; border-style: initial; margin: 0px; padding: 0px 24px 6px 0px; vertical-align: baseline;\">\u00a0<\/td><td style=\"background: transparent; border-width: 0px; border-style: initial; margin: 0px; padding: 0px 24px 6px 0px; vertical-align: baseline;\"><p style=\"background: transparent; border: 0px; margin-top: 0px; margin-bottom: 0px; padding: 0px; vertical-align: baseline; width: 640px;\">Kunstpreis S.A.L.Z., Johanniterhalle, Schw\u00e4bisch-Hall\u00a0<\/p><p style=\"background: transparent; border: 0px; margin-top: 0px; margin-bottom: 0px; padding: 0px; vertical-align: baseline; width: 640px;\">(Preistr\u00e4ger)<\/p><\/td><\/tr><tr style=\"background: transparent; border: 0px; margin: 0px; padding: 0px; vertical-align: baseline;\"><td style=\"background: transparent; border-width: 0px; border-style: initial; margin: 0px; padding: 0px 24px 6px 0px; vertical-align: baseline;\">\u00a0<\/td><td style=\"background: transparent; border-width: 0px; border-style: initial; margin: 0px; padding: 0px 24px 6px 0px; vertical-align: baseline;\"><p style=\"background: transparent; border: 0px; margin-top: 0px; margin-bottom: 0px; padding: 0px; vertical-align: baseline; width: 640px;\">Kunstpreis Arthouse im Rathaus, Ingelheim, (K)<\/p><p style=\"background: transparent; border: 0px; margin-top: 0px; margin-bottom: 0px; padding: 0px; vertical-align: baseline; width: 640px;\">(Preistr\u00e4ger mit Elisabeth Vierkotten\/Rauminstallation)<\/p><\/td><\/tr><tr style=\"background: transparent; border: 0px; margin: 0px; padding: 0px; vertical-align: baseline;\"><td style=\"background: transparent; border-width: 0px; border-style: initial; margin: 0px; padding: 0px 24px 6px 0px; vertical-align: baseline;\">1995\u00a0<\/td><td style=\"background: transparent; border-width: 0px; border-style: initial; margin: 0px; padding: 0px 24px 6px 0px; vertical-align: baseline;\"><p style=\"background: transparent; border: 0px; margin-top: 0px; margin-bottom: 0px; padding: 0px; vertical-align: baseline; width: 640px;\">Haueisen-Kunstpreis, Jockgrim<\/p><\/td><\/tr><tr style=\"background: transparent; border: 0px; margin: 0px; padding: 0px; vertical-align: baseline;\"><td style=\"background: transparent; border-width: 0px; border-style: initial; margin: 0px; padding: 0px 24px 6px 0px; vertical-align: baseline;\">\u00a0<\/td><td style=\"background: transparent; border-width: 0px; border-style: initial; margin: 0px; padding: 0px 24px 6px 0px; vertical-align: baseline;\"><p style=\"background: transparent; border: 0px; margin-top: 0px; margin-bottom: 0px; padding: 0px; vertical-align: baseline; width: 640px;\">Deutsche-Anlagen-Leasing (DAL), Mainz<\/p><\/td><\/tr><tr style=\"background: transparent; border: 0px; margin: 0px; padding: 0px; vertical-align: baseline;\"><td style=\"background: transparent; border-width: 0px; border-style: initial; margin: 0px; padding: 0px 24px 6px 0px; vertical-align: baseline;\">1994\u00a0<\/td><td style=\"background: transparent; border-width: 0px; border-style: initial; margin: 0px; padding: 0px 24px 6px 0px; vertical-align: baseline;\"><p style=\"background: transparent; border: 0px; margin-top: 0px; margin-bottom: 0px; padding: 0px; vertical-align: baseline; width: 640px;\">BBK Schwaben-Nord\/Heinrich-Heine-Stiftung\u00a0<\/p><p style=\"background: transparent; border: 0px; margin-top: 0px; margin-bottom: 0px; padding: 0px; vertical-align: baseline; width: 640px;\">D\u00fcsseldorf, Augsburg (K)<\/p><\/td><\/tr><tr style=\"background: transparent; border: 0px; margin: 0px; padding: 0px; vertical-align: baseline;\"><td style=\"background: transparent; border-width: 0px; border-style: initial; margin: 0px; padding: 0px 24px 6px 0px; vertical-align: baseline;\">1993\u00a0<\/td><td style=\"background: transparent; border-width: 0px; border-style: initial; margin: 0px; padding: 0px 24px 6px 0px; vertical-align: baseline;\"><p style=\"background: transparent; border: 0px; margin-top: 0px; margin-bottom: 0px; padding: 0px; vertical-align: baseline; width: 640px;\">Kunstverein Essenheim, \u00bbAlles gute Leute\u00ab, Essenheim<\/p><\/td><\/tr><tr style=\"background: transparent; border: 0px; margin: 0px; padding: 0px; vertical-align: baseline;\"><td style=\"background: transparent; border-width: 0px; border-style: initial; margin: 0px; padding: 0px 24px 6px 0px; vertical-align: baseline;\">\u00a0<\/td><td style=\"background: transparent; border-width: 0px; border-style: initial; margin: 0px; padding: 0px 24px 6px 0px; vertical-align: baseline;\">\u00a0<\/td><\/tr><tr style=\"background: transparent; border: 0px; margin: 0px; padding: 0px; vertical-align: baseline;\"><td style=\"background: transparent; border-width: 0px; border-style: initial; margin: 0px; padding: 0px 24px 6px 0px; vertical-align: baseline;\">\u00a0<\/td><td style=\"background: transparent; border-width: 0px; border-style: initial; margin: 0px; padding: 0px 24px 6px 0px; vertical-align: baseline;\">\u00a0<\/td><\/tr><tr style=\"background: transparent; border: 0px; margin: 0px; padding: 0px; vertical-align: baseline;\"><td style=\"background: transparent; border-width: 0px; border-style: initial; margin: 0px; padding: 0px 24px 6px 0px; vertical-align: baseline;\">\u00a0<\/td><td style=\"background: transparent; border-width: 0px; border-style: initial; margin: 0px; padding: 0px 24px 6px 0px; vertical-align: baseline;\"><p style=\"background: transparent; border: 0px; margin-top: 0px; margin-bottom: 0px; padding: 0px; vertical-align: baseline; width: 640px;\"><strong style=\"background: transparent; border: 0px; margin: 0px; padding: 0px; vertical-align: baseline;\">Sammlungen und Ank\u00e4ufe<\/strong><\/p><\/td><\/tr><tr style=\"background: transparent; border: 0px; margin: 0px; padding: 0px; vertical-align: baseline;\"><td style=\"background: transparent; border-width: 0px; border-style: initial; margin: 0px; padding: 0px 24px 6px 0px; vertical-align: baseline;\">\u00a0<\/td><td style=\"background: transparent; border-width: 0px; border-style: initial; margin: 0px; padding: 0px 24px 6px 0px; vertical-align: baseline;\"><p style=\"background: transparent; border: 0px; margin-top: 0px; margin-bottom: 0px; padding: 0px; vertical-align: baseline; width: 640px;\">Land Rheinland-Pfalz<\/p><p style=\"background: transparent; border: 0px; margin-top: 0px; margin-bottom: 0px; padding: 0px; vertical-align: baseline; width: 640px;\">Landesbank Rheinland-Pfalz<\/p><p style=\"background: transparent; border: 0px; margin-top: 0px; margin-bottom: 0px; padding: 0px; vertical-align: baseline; width: 640px;\">Stadt Mainz<\/p><p style=\"background: transparent; border: 0px; margin-top: 0px; margin-bottom: 0px; padding: 0px; vertical-align: baseline; width: 640px;\">Kreisverwaltung Mainz-Bingen<\/p><p style=\"background: transparent; border: 0px; margin-top: 0px; margin-bottom: 0px; padding: 0px; vertical-align: baseline; width: 640px;\">Deutsche-Anlagen-Leasing (DAL)<\/p><p style=\"background: transparent; border: 0px; margin-top: 0px; margin-bottom: 0px; padding: 0px; vertical-align: baseline; width: 640px;\">R + T-Recycling, Mainz\/Essen<\/p><p style=\"background: transparent; border: 0px; margin-top: 0px; margin-bottom: 0px; padding: 0px; vertical-align: baseline; width: 640px;\">Kanzlei Dr. Fromm\/Maurer, Mainz<\/p><p style=\"background: transparent; border: 0px; margin-top: 0px; margin-bottom: 0px; padding: 0px; vertical-align: baseline; width: 640px;\">Museum Schw\u00e4bisch-Hall<\/p><p style=\"background: transparent; border: 0px; margin-top: 0px; margin-bottom: 0px; padding: 0px; vertical-align: baseline; width: 640px;\">Staatsgalerie Stuttgart<\/p><p style=\"background: transparent; border: 0px; margin-top: 0px; margin-bottom: 0px; padding: 0px; vertical-align: baseline; width: 640px;\">Sammlung Lugon, Z\u00fcrich<\/p><p style=\"background: transparent; border: 0px; margin-top: 0px; margin-bottom: 0px; padding: 0px; vertical-align: baseline; width: 640px;\">Sammlung Jochen Kienbaum, Gummersbach<\/p><p style=\"background: transparent; border: 0px; margin-top: 0px; margin-bottom: 0px; padding: 0px; vertical-align: baseline; width: 640px;\">Landesbank Baden-W\u00fcrttemberg<\/p><p style=\"background: transparent; border: 0px; margin-top: 0px; margin-bottom: 0px; padding: 0px; vertical-align: baseline; width: 640px;\">SEB-Bank, Frankfurt<\/p><p style=\"background: transparent; border: 0px; margin-top: 0px; margin-bottom: 0px; padding: 0px; vertical-align: baseline; width: 640px;\">Schufa-Holding, Wiesbaden<\/p><p style=\"background: transparent; border: 0px; margin-top: 0px; margin-bottom: 0px; padding: 0px; vertical-align: baseline; width: 640px;\">Sammlung Dr. Mayerl, Landshut<\/p><p style=\"background: transparent; border: 0px; margin-top: 0px; margin-bottom: 0px; padding: 0px; vertical-align: baseline; width: 640px;\">Gebert Contemporary, Santa F\u00e9, USA<\/p><p style=\"background: transparent; border: 0px; margin-top: 0px; margin-bottom: 0px; padding: 0px; vertical-align: baseline; width: 640px;\">Voith Siemens Hydro-Power, Heidenheim<\/p><p style=\"background: transparent; border: 0px; margin-top: 0px; margin-bottom: 0px; padding: 0px; vertical-align: baseline; width: 640px;\">Edelmann Group, Heidenheim<\/p><p style=\"background: transparent; border: 0px; margin-top: 0px; margin-bottom: 0px; padding: 0px; vertical-align: baseline; width: 640px;\">Sammlung Jonathan Abrams, Albuquerque, U.S.A.<\/p><p style=\"background: transparent; border: 0px; margin-top: 0px; margin-bottom: 0px; padding: 0px; vertical-align: baseline; width: 640px;\">Sammlung \u00bbKunstraum Otten\u00ab, Hohenems, \u00d6sterreich<\/p><p style=\"background: transparent; border: 0px; margin-top: 0px; margin-bottom: 0px; padding: 0px; vertical-align: baseline; width: 640px;\">\u00bbDas kleine Museum\u00ab, Weissenstadt<\/p><p style=\"background: transparent; border: 0px; margin-top: 0px; margin-bottom: 0px; padding: 0px; vertical-align: baseline; width: 640px;\">Sammlung Dr. Simpfend\u00f6rfer, Wiesbaden<\/p><p style=\"background: transparent; border: 0px; margin-top: 0px; margin-bottom: 0px; padding: 0px; vertical-align: baseline; width: 640px;\">Sammlung \u00bbKairos\u00ab, Frankfurt<\/p><p style=\"background: transparent; border: 0px; margin-top: 0px; margin-bottom: 0px; padding: 0px; vertical-align: baseline; width: 640px;\">Nationale und internationale Privatsammlungen<\/p><\/td><\/tr><\/tbody><\/table><\/div>\n\t\t\t\t\t\t\t<\/div>\n\t\t<\/div>\n\t\t\t\t\t\t<\/div>\n\t\t\t\t<\/div>\n\t\t\t\t\t<\/div>\n\t\t<\/div>\n\t\t\t\t\t<\/div>\n\t\t<\/section>\n\t\t\t\t<\/div>\n\t\t","protected":false},"excerpt":{"rendered":"<p>WERK INFO WERK<\/p>\n","protected":false},"author":6,"featured_media":5655,"parent":8401,"menu_order":0,"comment_status":"closed","ping_status":"closed","template":"templates\/full-width.php","meta":{"footnotes":""},"class_list":["post-8363","page","type-page","status-publish","has-post-thumbnail","hentry","entry"],"_links":{"self":[{"href":"https:\/\/www.galerie-schmalfuss.de\/index.php\/wp-json\/wp\/v2\/pages\/8363","targetHints":{"allow":["GET"]}}],"collection":[{"href":"https:\/\/www.galerie-schmalfuss.de\/index.php\/wp-json\/wp\/v2\/pages"}],"about":[{"href":"https:\/\/www.galerie-schmalfuss.de\/index.php\/wp-json\/wp\/v2\/types\/page"}],"author":[{"embeddable":true,"href":"https:\/\/www.galerie-schmalfuss.de\/index.php\/wp-json\/wp\/v2\/users\/6"}],"replies":[{"embeddable":true,"href":"https:\/\/www.galerie-schmalfuss.de\/index.php\/wp-json\/wp\/v2\/comments?post=8363"}],"version-history":[{"count":0,"href":"https:\/\/www.galerie-schmalfuss.de\/index.php\/wp-json\/wp\/v2\/pages\/8363\/revisions"}],"up":[{"embeddable":true,"href":"https:\/\/www.galerie-schmalfuss.de\/index.php\/wp-json\/wp\/v2\/pages\/8401"}],"wp:featuredmedia":[{"embeddable":true,"href":"https:\/\/www.galerie-schmalfuss.de\/index.php\/wp-json\/wp\/v2\/media\/5655"}],"wp:attachment":[{"href":"https:\/\/www.galerie-schmalfuss.de\/index.php\/wp-json\/wp\/v2\/media?parent=8363"}],"curies":[{"name":"wp","href":"https:\/\/api.w.org\/{rel}","templated":true}]}}