{"id":8598,"date":"2019-06-25T11:28:46","date_gmt":"2019-06-25T11:28:46","guid":{"rendered":"https:\/\/update.galerie-schmalfuss.de\/?page_id=8598"},"modified":"2020-04-17T16:54:12","modified_gmt":"2020-04-17T16:54:12","slug":"annette-besgen","status":"publish","type":"page","link":"https:\/\/www.galerie-schmalfuss.de\/index.php\/kuenstler\/annette-besgen\/","title":{"rendered":"ANNETTE BESGEN"},"content":{"rendered":"\t\t<div data-elementor-type=\"wp-post\" data-elementor-id=\"8598\" class=\"elementor elementor-8598\" data-elementor-post-type=\"page\">\n\t\t\t\t\t\t<section class=\"elementor-section elementor-top-section elementor-element elementor-element-d42ab09 elementor-section-boxed elementor-section-height-default elementor-section-height-default\" data-id=\"d42ab09\" data-element_type=\"section\">\n\t\t\t\t\t\t<div class=\"elementor-container elementor-column-gap-default\">\n\t\t\t\t\t<div class=\"elementor-column elementor-col-100 elementor-top-column elementor-element elementor-element-bbeb879\" data-id=\"bbeb879\" data-element_type=\"column\">\n\t\t\t<div class=\"elementor-widget-wrap elementor-element-populated\">\n\t\t\t\t\t\t<div class=\"elementor-element elementor-element-e8d6fb0 elementor-tabs-view-horizontal elementor-widget elementor-widget-tabs\" data-id=\"e8d6fb0\" data-element_type=\"widget\" data-widget_type=\"tabs.default\">\n\t\t\t\t<div class=\"elementor-widget-container\">\n\t\t\t\t\t\t\t<div class=\"elementor-tabs\">\n\t\t\t<div class=\"elementor-tabs-wrapper\" role=\"tablist\" >\n\t\t\t\t\t\t\t\t\t<div id=\"elementor-tab-title-2441\" class=\"elementor-tab-title elementor-tab-desktop-title\" aria-selected=\"true\" data-tab=\"1\" role=\"tab\" tabindex=\"0\" aria-controls=\"elementor-tab-content-2441\" aria-expanded=\"false\">WERK<\/div>\n\t\t\t\t\t\t\t\t\t<div id=\"elementor-tab-title-2442\" class=\"elementor-tab-title elementor-tab-desktop-title\" aria-selected=\"false\" data-tab=\"2\" role=\"tab\" tabindex=\"-1\" aria-controls=\"elementor-tab-content-2442\" aria-expanded=\"false\">INFO<\/div>\n\t\t\t\t\t\t\t<\/div>\n\t\t\t<div class=\"elementor-tabs-content-wrapper\" role=\"tablist\" aria-orientation=\"vertical\">\n\t\t\t\t\t\t\t\t\t<div class=\"elementor-tab-title elementor-tab-mobile-title\" aria-selected=\"true\" data-tab=\"1\" role=\"tab\" tabindex=\"0\" aria-controls=\"elementor-tab-content-2441\" aria-expanded=\"false\">WERK<\/div>\n\t\t\t\t\t<div id=\"elementor-tab-content-2441\" class=\"elementor-tab-content elementor-clearfix\" data-tab=\"1\" role=\"tabpanel\" aria-labelledby=\"elementor-tab-title-2441\" tabindex=\"0\" hidden=\"false\"><div><div class=\"n2-section-smartslider fitvidsignore \" data-ssid=\"34\" tabindex=\"0\" role=\"region\" aria-label=\"Slider\"><div id=\"n2-ss-34-align\" class=\"n2-ss-align\"><div class=\"n2-padding\"><div id=\"n2-ss-34\" data-creator=\"Smart Slider 3\" data-responsive=\"auto\" class=\"n2-ss-slider n2-ow n2-has-hover n2notransition  \">\n\n\n\n\n\n\n\n\n\n\n\n\n\n\n\n\n\n\n\n\n\n\n\n<div class=\"n2-ss-slider-wrapper-outside\" style=\"grid-template-rows:1fr auto\"><div class=\"n2-ss-slider-wrapper-inside\">\n        <div class=\"n2-ss-slider-1 n2_ss__touch_element n2-ow\">\n            <div class=\"n2-ss-slider-2 n2-ow\">\n                                                <div class=\"n2-ss-slider-3 n2-ow\">\n\n                    <div class=\"n2-ss-slide-backgrounds n2-ow-all\"><div class=\"n2-ss-slide-background\" data-public-id=\"1\" data-mode=\"fit\"><div class=\"n2-ss-slide-background-image\" data-blur=\"0\" data-opacity=\"100\" data-x=\"50\" data-y=\"50\" data-alt=\"\" data-title=\"\"><picture class=\"skip-lazy\" data-skip-lazy=\"1\"><img decoding=\"async\" src=\"\/\/www.galerie-schmalfuss.de\/wp-content\/uploads\/2011\/09\/ALSA-2013-\u00d6l-Lw-90-x-150-cm.jpg\" alt=\"\" title=\"\" loading=\"lazy\" class=\"skip-lazy\" data-skip-lazy=\"1\"><\/picture><\/div><div data-color=\"RGBA(255,255,255,0)\" style=\"background-color: RGBA(255,255,255,0);\" class=\"n2-ss-slide-background-color\"><\/div><\/div><div class=\"n2-ss-slide-background\" data-public-id=\"2\" data-mode=\"fit\" aria-hidden=\"true\"><div class=\"n2-ss-slide-background-image\" data-blur=\"0\" data-opacity=\"100\" data-x=\"50\" data-y=\"50\" data-alt=\"\" data-title=\"\"><picture class=\"skip-lazy\" data-skip-lazy=\"1\"><img decoding=\"async\" src=\"\/\/www.galerie-schmalfuss.de\/wp-content\/uploads\/2011\/09\/LA-MONTANA-DE-BABIA-2013-\u00d6l-Lw-90-x-150-cm.jpg\" alt=\"\" title=\"\" loading=\"lazy\" class=\"skip-lazy\" data-skip-lazy=\"1\"><\/picture><\/div><div data-color=\"RGBA(255,255,255,0)\" style=\"background-color: RGBA(255,255,255,0);\" class=\"n2-ss-slide-background-color\"><\/div><\/div><div class=\"n2-ss-slide-background\" data-public-id=\"3\" data-mode=\"fit\" aria-hidden=\"true\"><div class=\"n2-ss-slide-background-image\" data-blur=\"0\" data-opacity=\"100\" data-x=\"50\" data-y=\"50\" data-alt=\"\" data-title=\"\"><picture class=\"skip-lazy\" data-skip-lazy=\"1\"><img decoding=\"async\" src=\"\/\/www.galerie-schmalfuss.de\/wp-content\/uploads\/2014\/01\/Estacao-do-Rossio-2-2013-\u00d6l-Lw-220-x-180-cm.jpg\" alt=\"\" title=\"\" loading=\"lazy\" class=\"skip-lazy\" data-skip-lazy=\"1\"><\/picture><\/div><div data-color=\"RGBA(255,255,255,0)\" style=\"background-color: RGBA(255,255,255,0);\" class=\"n2-ss-slide-background-color\"><\/div><\/div><div class=\"n2-ss-slide-background\" data-public-id=\"4\" data-mode=\"fit\" aria-hidden=\"true\"><div class=\"n2-ss-slide-background-image\" data-blur=\"0\" data-opacity=\"100\" data-x=\"50\" data-y=\"50\" data-alt=\"\" data-title=\"\"><picture class=\"skip-lazy\" data-skip-lazy=\"1\"><img decoding=\"async\" src=\"\/\/www.galerie-schmalfuss.de\/wp-content\/uploads\/2014\/01\/Cinema-2013-\u00d6l-Lw-140-x-70-cm.jpg\" alt=\"\" title=\"\" loading=\"lazy\" class=\"skip-lazy\" data-skip-lazy=\"1\"><\/picture><\/div><div data-color=\"RGBA(255,255,255,0)\" style=\"background-color: RGBA(255,255,255,0);\" class=\"n2-ss-slide-background-color\"><\/div><\/div><div class=\"n2-ss-slide-background\" data-public-id=\"5\" data-mode=\"fit\" aria-hidden=\"true\"><div class=\"n2-ss-slide-background-image\" data-blur=\"0\" data-opacity=\"100\" data-x=\"50\" data-y=\"50\" data-alt=\"\" data-title=\"\"><picture class=\"skip-lazy\" data-skip-lazy=\"1\"><img decoding=\"async\" src=\"\/\/www.galerie-schmalfuss.de\/wp-content\/uploads\/2014\/01\/Bellas-Artes-de-Asturias-2-2013-\u00d6l-Lw-90-x-140-cm.jpg\" alt=\"\" title=\"\" loading=\"lazy\" class=\"skip-lazy\" data-skip-lazy=\"1\"><\/picture><\/div><div data-color=\"RGBA(255,255,255,0)\" style=\"background-color: RGBA(255,255,255,0);\" class=\"n2-ss-slide-background-color\"><\/div><\/div><div class=\"n2-ss-slide-background\" data-public-id=\"6\" data-mode=\"fit\" aria-hidden=\"true\"><div class=\"n2-ss-slide-background-image\" data-blur=\"0\" data-opacity=\"100\" data-x=\"50\" data-y=\"50\" data-alt=\"\" data-title=\"\"><picture class=\"skip-lazy\" data-skip-lazy=\"1\"><img decoding=\"async\" src=\"\/\/www.galerie-schmalfuss.de\/wp-content\/uploads\/2011\/09\/Pensao-Ib\u00e9rica-2012-\u00d6l-Lw-140-x-100-cm.jpg\" alt=\"\" title=\"\" loading=\"lazy\" class=\"skip-lazy\" data-skip-lazy=\"1\"><\/picture><\/div><div data-color=\"RGBA(255,255,255,0)\" style=\"background-color: RGBA(255,255,255,0);\" class=\"n2-ss-slide-background-color\"><\/div><\/div><div class=\"n2-ss-slide-background\" data-public-id=\"7\" data-mode=\"fit\" aria-hidden=\"true\"><div class=\"n2-ss-slide-background-image\" data-blur=\"0\" data-opacity=\"100\" data-x=\"50\" data-y=\"50\" data-alt=\"\" data-title=\"\"><picture class=\"skip-lazy\" data-skip-lazy=\"1\"><img decoding=\"async\" src=\"\/\/www.galerie-schmalfuss.de\/wp-content\/uploads\/2014\/01\/G\u00e4rten-der-Welt-2013-\u00d6l-Lw-90-x-200-cm.jpg\" alt=\"\" title=\"\" loading=\"lazy\" class=\"skip-lazy\" data-skip-lazy=\"1\"><\/picture><\/div><div data-color=\"RGBA(255,255,255,0)\" style=\"background-color: RGBA(255,255,255,0);\" class=\"n2-ss-slide-background-color\"><\/div><\/div><div class=\"n2-ss-slide-background\" data-public-id=\"8\" data-mode=\"fit\" aria-hidden=\"true\"><div class=\"n2-ss-slide-background-image\" data-blur=\"0\" data-opacity=\"100\" data-x=\"50\" data-y=\"50\" data-alt=\"\" data-title=\"\"><picture class=\"skip-lazy\" data-skip-lazy=\"1\"><img decoding=\"async\" src=\"\/\/www.galerie-schmalfuss.de\/wp-content\/uploads\/2011\/09\/Rua-da-Miseric\u00f3rdia-2012-\u00d6l-Lw-100-x-150-cm.jpg\" alt=\"\" title=\"\" loading=\"lazy\" class=\"skip-lazy\" data-skip-lazy=\"1\"><\/picture><\/div><div data-color=\"RGBA(255,255,255,0)\" style=\"background-color: RGBA(255,255,255,0);\" class=\"n2-ss-slide-background-color\"><\/div><\/div><div class=\"n2-ss-slide-background\" data-public-id=\"9\" data-mode=\"fit\" aria-hidden=\"true\"><div class=\"n2-ss-slide-background-image\" data-blur=\"0\" data-opacity=\"100\" data-x=\"50\" data-y=\"50\" data-alt=\"\" data-title=\"\"><picture class=\"skip-lazy\" data-skip-lazy=\"1\"><img decoding=\"async\" src=\"\/\/www.galerie-schmalfuss.de\/wp-content\/uploads\/2011\/09\/San-Pedro-1-2013-\u00d6l-Lw-210-x-100-cm.jpg\" alt=\"\" title=\"\" loading=\"lazy\" class=\"skip-lazy\" data-skip-lazy=\"1\"><\/picture><\/div><div data-color=\"RGBA(255,255,255,0)\" style=\"background-color: RGBA(255,255,255,0);\" class=\"n2-ss-slide-background-color\"><\/div><\/div><div class=\"n2-ss-slide-background\" data-public-id=\"10\" data-mode=\"fit\" aria-hidden=\"true\"><div class=\"n2-ss-slide-background-image\" data-blur=\"0\" data-opacity=\"100\" data-x=\"50\" data-y=\"50\" data-alt=\"\" data-title=\"\"><picture class=\"skip-lazy\" data-skip-lazy=\"1\"><img decoding=\"async\" src=\"\/\/www.galerie-schmalfuss.de\/wp-content\/uploads\/2011\/09\/SE-ALQUILA-2013-\u00d6l-Lw-90-x-130-cm.jpg\" alt=\"\" title=\"\" loading=\"lazy\" class=\"skip-lazy\" data-skip-lazy=\"1\"><\/picture><\/div><div data-color=\"RGBA(255,255,255,0)\" style=\"background-color: RGBA(255,255,255,0);\" class=\"n2-ss-slide-background-color\"><\/div><\/div><div class=\"n2-ss-slide-background\" data-public-id=\"11\" data-mode=\"fit\" aria-hidden=\"true\"><div class=\"n2-ss-slide-background-image\" data-blur=\"0\" data-opacity=\"100\" data-x=\"50\" data-y=\"50\" data-alt=\"\" data-title=\"\"><picture class=\"skip-lazy\" data-skip-lazy=\"1\"><img decoding=\"async\" src=\"\/\/www.galerie-schmalfuss.de\/wp-content\/uploads\/2011\/09\/Solmar-1-2012-\u00d6l-Lw-140-x-100-cm.jpg\" alt=\"\" title=\"\" loading=\"lazy\" class=\"skip-lazy\" data-skip-lazy=\"1\"><\/picture><\/div><div data-color=\"RGBA(255,255,255,0)\" style=\"background-color: RGBA(255,255,255,0);\" class=\"n2-ss-slide-background-color\"><\/div><\/div><div class=\"n2-ss-slide-background\" data-public-id=\"12\" data-mode=\"fit\" aria-hidden=\"true\"><div class=\"n2-ss-slide-background-image\" data-blur=\"0\" data-opacity=\"100\" data-x=\"50\" data-y=\"50\" data-alt=\"\" data-title=\"\"><picture class=\"skip-lazy\" data-skip-lazy=\"1\"><img decoding=\"async\" src=\"\/\/www.galerie-schmalfuss.de\/wp-content\/uploads\/2011\/09\/03_Sant-Agusti-2009-\u00d6l-Lw-220-x-130-cm-1-Medium.jpg\" alt=\"\" title=\"\" loading=\"lazy\" class=\"skip-lazy\" data-skip-lazy=\"1\"><\/picture><\/div><div data-color=\"RGBA(255,255,255,0)\" style=\"background-color: RGBA(255,255,255,0);\" class=\"n2-ss-slide-background-color\"><\/div><\/div><div class=\"n2-ss-slide-background\" data-public-id=\"13\" data-mode=\"fit\" aria-hidden=\"true\"><div class=\"n2-ss-slide-background-image\" data-blur=\"0\" data-opacity=\"100\" data-x=\"50\" data-y=\"50\" data-alt=\"\" data-title=\"\"><picture class=\"skip-lazy\" data-skip-lazy=\"1\"><img decoding=\"async\" src=\"\/\/www.galerie-schmalfuss.de\/wp-content\/uploads\/2011\/09\/besgen_passeig_colom2.jpg\" alt=\"\" title=\"\" loading=\"lazy\" class=\"skip-lazy\" data-skip-lazy=\"1\"><\/picture><\/div><div data-color=\"RGBA(255,255,255,0)\" style=\"background-color: RGBA(255,255,255,0);\" class=\"n2-ss-slide-background-color\"><\/div><\/div><div class=\"n2-ss-slide-background\" data-public-id=\"14\" data-mode=\"fit\" aria-hidden=\"true\"><div class=\"n2-ss-slide-background-image\" data-blur=\"0\" data-opacity=\"100\" data-x=\"50\" data-y=\"50\" data-alt=\"\" data-title=\"\"><picture class=\"skip-lazy\" data-skip-lazy=\"1\"><img decoding=\"async\" src=\"\/\/www.galerie-schmalfuss.de\/wp-content\/uploads\/2011\/09\/besgen_wundi2.jpg\" alt=\"\" title=\"\" loading=\"lazy\" class=\"skip-lazy\" data-skip-lazy=\"1\"><\/picture><\/div><div data-color=\"RGBA(255,255,255,0)\" style=\"background-color: RGBA(255,255,255,0);\" class=\"n2-ss-slide-background-color\"><\/div><\/div><div class=\"n2-ss-slide-background\" data-public-id=\"15\" data-mode=\"fit\" aria-hidden=\"true\"><div class=\"n2-ss-slide-background-image\" data-blur=\"0\" data-opacity=\"100\" data-x=\"50\" data-y=\"50\" data-alt=\"\" data-title=\"\"><picture class=\"skip-lazy\" data-skip-lazy=\"1\"><img decoding=\"async\" src=\"\/\/www.galerie-schmalfuss.de\/wp-content\/uploads\/2011\/09\/besgen_passeig_de_colom1.jpg\" alt=\"\" title=\"\" loading=\"lazy\" class=\"skip-lazy\" data-skip-lazy=\"1\"><\/picture><\/div><div data-color=\"RGBA(255,255,255,0)\" style=\"background-color: RGBA(255,255,255,0);\" class=\"n2-ss-slide-background-color\"><\/div><\/div><div class=\"n2-ss-slide-background\" data-public-id=\"16\" data-mode=\"fit\" aria-hidden=\"true\"><div class=\"n2-ss-slide-background-image\" data-blur=\"0\" data-opacity=\"100\" data-x=\"50\" data-y=\"50\" data-alt=\"\" data-title=\"\"><picture class=\"skip-lazy\" data-skip-lazy=\"1\"><img decoding=\"async\" src=\"\/\/www.galerie-schmalfuss.de\/wp-content\/uploads\/2011\/09\/besgen_parc_belleville2.jpg\" alt=\"\" title=\"\" loading=\"lazy\" class=\"skip-lazy\" data-skip-lazy=\"1\"><\/picture><\/div><div data-color=\"RGBA(255,255,255,0)\" style=\"background-color: RGBA(255,255,255,0);\" class=\"n2-ss-slide-background-color\"><\/div><\/div><div class=\"n2-ss-slide-background\" data-public-id=\"17\" data-mode=\"fit\" aria-hidden=\"true\"><div class=\"n2-ss-slide-background-image\" data-blur=\"0\" data-opacity=\"100\" data-x=\"50\" data-y=\"50\" data-alt=\"\" data-title=\"\"><picture class=\"skip-lazy\" data-skip-lazy=\"1\"><img decoding=\"async\" src=\"\/\/www.galerie-schmalfuss.de\/wp-content\/uploads\/2014\/01\/Rua-da-Miseric\u00f3rdia-2012-\u00d6l-Lw-100-x-150-cm.jpg\" alt=\"\" title=\"\" loading=\"lazy\" class=\"skip-lazy\" data-skip-lazy=\"1\"><\/picture><\/div><div data-color=\"RGBA(255,255,255,0)\" style=\"background-color: RGBA(255,255,255,0);\" class=\"n2-ss-slide-background-color\"><\/div><\/div><div class=\"n2-ss-slide-background\" data-public-id=\"18\" data-mode=\"fit\" aria-hidden=\"true\"><div class=\"n2-ss-slide-background-image\" data-blur=\"0\" data-opacity=\"100\" data-x=\"50\" data-y=\"50\" data-alt=\"\" data-title=\"\"><picture class=\"skip-lazy\" data-skip-lazy=\"1\"><img decoding=\"async\" src=\"\/\/www.galerie-schmalfuss.de\/wp-content\/uploads\/2011\/09\/besgen_Lhivernacle2.jpg\" alt=\"\" title=\"\" loading=\"lazy\" class=\"skip-lazy\" data-skip-lazy=\"1\"><\/picture><\/div><div data-color=\"RGBA(255,255,255,0)\" style=\"background-color: RGBA(255,255,255,0);\" class=\"n2-ss-slide-background-color\"><\/div><\/div><div class=\"n2-ss-slide-background\" data-public-id=\"19\" data-mode=\"fit\" aria-hidden=\"true\"><div class=\"n2-ss-slide-background-image\" data-blur=\"0\" data-opacity=\"100\" data-x=\"50\" data-y=\"50\" data-alt=\"\" data-title=\"\"><picture class=\"skip-lazy\" data-skip-lazy=\"1\"><img decoding=\"async\" src=\"\/\/www.galerie-schmalfuss.de\/wp-content\/uploads\/2011\/09\/besgen_carrer_den_serra.jpg\" alt=\"\" title=\"\" loading=\"lazy\" class=\"skip-lazy\" data-skip-lazy=\"1\"><\/picture><\/div><div data-color=\"RGBA(255,255,255,0)\" style=\"background-color: RGBA(255,255,255,0);\" class=\"n2-ss-slide-background-color\"><\/div><\/div><div class=\"n2-ss-slide-background\" data-public-id=\"20\" data-mode=\"fit\" aria-hidden=\"true\"><div class=\"n2-ss-slide-background-image\" data-blur=\"0\" data-opacity=\"100\" data-x=\"50\" data-y=\"50\" data-alt=\"\" data-title=\"\"><picture class=\"skip-lazy\" data-skip-lazy=\"1\"><img decoding=\"async\" src=\"\/\/www.galerie-schmalfuss.de\/wp-content\/uploads\/2011\/09\/besgen_calle_de_tarros.jpg\" alt=\"\" title=\"\" loading=\"lazy\" class=\"skip-lazy\" data-skip-lazy=\"1\"><\/picture><\/div><div data-color=\"RGBA(255,255,255,0)\" style=\"background-color: RGBA(255,255,255,0);\" class=\"n2-ss-slide-background-color\"><\/div><\/div><div class=\"n2-ss-slide-background\" data-public-id=\"21\" data-mode=\"fit\" aria-hidden=\"true\"><div class=\"n2-ss-slide-background-image\" data-blur=\"0\" data-opacity=\"100\" data-x=\"50\" data-y=\"50\" data-alt=\"\" data-title=\"\"><picture class=\"skip-lazy\" data-skip-lazy=\"1\"><img decoding=\"async\" src=\"\/\/www.galerie-schmalfuss.de\/wp-content\/uploads\/2018\/11\/Giardini-Papadopoli-2015-\u00d6l-Lw-220-x-180-cm-Kopie.jpg\" alt=\"\" title=\"\" loading=\"lazy\" class=\"skip-lazy\" data-skip-lazy=\"1\"><\/picture><\/div><div data-color=\"RGBA(255,255,255,0)\" style=\"background-color: RGBA(255,255,255,0);\" class=\"n2-ss-slide-background-color\"><\/div><\/div><div class=\"n2-ss-slide-background\" data-public-id=\"22\" data-mode=\"fit\" aria-hidden=\"true\"><div class=\"n2-ss-slide-background-image\" data-blur=\"0\" data-opacity=\"100\" data-x=\"50\" data-y=\"50\" data-alt=\"\" data-title=\"\"><picture class=\"skip-lazy\" data-skip-lazy=\"1\"><img decoding=\"async\" src=\"\/\/www.galerie-schmalfuss.de\/wp-content\/uploads\/2018\/11\/Getty-IV-2017-\u00d6l-Lw-180-x-120-cm-Kopie.jpg\" alt=\"\" title=\"\" loading=\"lazy\" class=\"skip-lazy\" data-skip-lazy=\"1\"><\/picture><\/div><div data-color=\"RGBA(255,255,255,0)\" style=\"background-color: RGBA(255,255,255,0);\" class=\"n2-ss-slide-background-color\"><\/div><\/div><div class=\"n2-ss-slide-background\" data-public-id=\"23\" data-mode=\"fit\" aria-hidden=\"true\"><div class=\"n2-ss-slide-background-image\" data-blur=\"0\" data-opacity=\"100\" data-x=\"50\" data-y=\"50\" data-alt=\"\" data-title=\"\"><picture class=\"skip-lazy\" data-skip-lazy=\"1\"><img decoding=\"async\" src=\"\/\/www.galerie-schmalfuss.de\/wp-content\/uploads\/2018\/11\/\u00d6lturm-15-18-2017-\u00d6l-Lw-je-30-x-30-cm-.jpg\" alt=\"\" title=\"\" loading=\"lazy\" class=\"skip-lazy\" data-skip-lazy=\"1\"><\/picture><\/div><div data-color=\"RGBA(255,255,255,0)\" style=\"background-color: RGBA(255,255,255,0);\" class=\"n2-ss-slide-background-color\"><\/div><\/div><\/div>                    <div class=\"n2-ss-slider-4 n2-ow\">\n                        <svg xmlns=\"http:\/\/www.w3.org\/2000\/svg\" viewBox=\"0 0 1200 800\" data-related-device=\"desktopPortrait\" class=\"n2-ow n2-ss-preserve-size n2-ss-preserve-size--slider n2-ss-slide-limiter\"><\/svg><div data-first=\"1\" data-slide-duration=\"0\" data-id=\"477\" data-slide-public-id=\"1\" data-title=\"ALSA\" data-description=\"2013&lt;br\/&gt;\u00d6l auf Leinwand&lt;br\/&gt;90 x 150 cm\" class=\"n2-ss-slide n2-ow  n2-ss-slide-477\"><div role=\"note\" class=\"n2-ss-slide--focus\" tabindex=\"-1\">ALSA<\/div><div class=\"n2-ss-layers-container n2-ss-slide-limiter n2-ow\"><div class=\"n2-ss-layer n2-ow n-uc-yRxHfSCpiYwU\" data-sstype=\"slide\" data-pm=\"default\"><\/div><\/div><\/div><div data-slide-duration=\"0\" data-id=\"478\" data-slide-public-id=\"2\" aria-hidden=\"true\" data-title=\"LA MONTANA DE BABIA\" data-description=\"2013&lt;br\/&gt;\u00d6l auf Leinwand&lt;br\/&gt;90 x 150 cm\" class=\"n2-ss-slide n2-ow  n2-ss-slide-478\"><div role=\"note\" class=\"n2-ss-slide--focus\" tabindex=\"-1\">LA MONTANA DE BABIA<\/div><div class=\"n2-ss-layers-container n2-ss-slide-limiter n2-ow\"><div class=\"n2-ss-layer n2-ow n-uc-I8x1XGtQvq8t\" data-sstype=\"slide\" data-pm=\"default\"><\/div><\/div><\/div><div data-slide-duration=\"0\" data-id=\"474\" data-slide-public-id=\"3\" aria-hidden=\"true\" data-title=\"Annette Besgen: Estacao do Rossio 2, 2013, \u00d6l - Lw, 220 x 180 cm\" class=\"n2-ss-slide n2-ow  n2-ss-slide-474\"><div role=\"note\" class=\"n2-ss-slide--focus\" tabindex=\"-1\">Annette Besgen: Estacao do Rossio 2, 2013, \u00d6l &#8211; Lw, 220 x 180 cm<\/div><div class=\"n2-ss-layers-container n2-ss-slide-limiter n2-ow\"><div class=\"n2-ss-layer n2-ow n-uc-9OS09iUbhpOU\" data-sstype=\"slide\" data-pm=\"default\"><\/div><\/div><\/div><div data-slide-duration=\"0\" data-id=\"475\" data-slide-public-id=\"4\" aria-hidden=\"true\" data-title=\"Annette Besgen: Cinema, 2013, \u00d6l - Lw, 140 x 70 cm\" class=\"n2-ss-slide n2-ow  n2-ss-slide-475\"><div role=\"note\" class=\"n2-ss-slide--focus\" tabindex=\"-1\">Annette Besgen: Cinema, 2013, \u00d6l &#8211; Lw, 140 x 70 cm<\/div><div class=\"n2-ss-layers-container n2-ss-slide-limiter n2-ow\"><div class=\"n2-ss-layer n2-ow n-uc-T2lUOgVVVqcx\" data-sstype=\"slide\" data-pm=\"default\"><\/div><\/div><\/div><div data-slide-duration=\"0\" data-id=\"476\" data-slide-public-id=\"5\" aria-hidden=\"true\" data-title=\"Annette Besgen: Bellas Artes de Asturias 2, 2013, \u00d6l - Lw, 90 x 140 cm\" class=\"n2-ss-slide n2-ow  n2-ss-slide-476\"><div role=\"note\" class=\"n2-ss-slide--focus\" tabindex=\"-1\">Annette Besgen: Bellas Artes de Asturias 2, 2013, \u00d6l &#8211; Lw, 90 x 140 cm<\/div><div class=\"n2-ss-layers-container n2-ss-slide-limiter n2-ow\"><div class=\"n2-ss-layer n2-ow n-uc-xaHkNZXEsC31\" data-sstype=\"slide\" data-pm=\"default\"><\/div><\/div><\/div><div data-slide-duration=\"0\" data-id=\"479\" data-slide-public-id=\"6\" aria-hidden=\"true\" data-title=\"Pensao Ib\u00e9rica\" data-description=\"2012&lt;br\/&gt;\u00d6l auf Leinwand&lt;br\/&gt;140 x 100 cm\" class=\"n2-ss-slide n2-ow  n2-ss-slide-479\"><div role=\"note\" class=\"n2-ss-slide--focus\" tabindex=\"-1\">Pensao Ib\u00e9rica<\/div><div class=\"n2-ss-layers-container n2-ss-slide-limiter n2-ow\"><div class=\"n2-ss-layer n2-ow n-uc-4kgeMkozWTzu\" data-sstype=\"slide\" data-pm=\"default\"><\/div><\/div><\/div><div data-slide-duration=\"0\" data-id=\"473\" data-slide-public-id=\"7\" aria-hidden=\"true\" data-title=\"Annette Besgen: G\u00e4rten der Welt, 2013, \u00d6l - Lw, 90 x 200 cm\" class=\"n2-ss-slide n2-ow  n2-ss-slide-473\"><div role=\"note\" class=\"n2-ss-slide--focus\" tabindex=\"-1\">Annette Besgen: G\u00e4rten der Welt, 2013, \u00d6l &#8211; Lw, 90 x 200 cm<\/div><div class=\"n2-ss-layers-container n2-ss-slide-limiter n2-ow\"><div class=\"n2-ss-layer n2-ow n-uc-Rh5LWdxNbyK0\" data-sstype=\"slide\" data-pm=\"default\"><\/div><\/div><\/div><div data-slide-duration=\"0\" data-id=\"480\" data-slide-public-id=\"8\" aria-hidden=\"true\" data-title=\"Rua da Miseric\u00f3rdia\" data-description=\"2012&lt;br\/&gt;\u00d6l auf Leinwand&lt;br\/&gt;100 x 150 cm\" class=\"n2-ss-slide n2-ow  n2-ss-slide-480\"><div role=\"note\" class=\"n2-ss-slide--focus\" tabindex=\"-1\">Rua da Miseric\u00f3rdia<\/div><div class=\"n2-ss-layers-container n2-ss-slide-limiter n2-ow\"><div class=\"n2-ss-layer n2-ow n-uc-BySwaptxYN8V\" data-sstype=\"slide\" data-pm=\"default\"><\/div><\/div><\/div><div data-slide-duration=\"0\" data-id=\"481\" data-slide-public-id=\"9\" aria-hidden=\"true\" data-title=\"San Pedro 1, 2013, \u00d6l - Lw, 210 x 100 cm\" data-description=\"2013&lt;br\/&gt;\u00d6l auf Leinwand&lt;br\/&gt;210 x 100 cm\" class=\"n2-ss-slide n2-ow  n2-ss-slide-481\"><div role=\"note\" class=\"n2-ss-slide--focus\" tabindex=\"-1\">San Pedro 1, 2013, \u00d6l &#8211; Lw, 210 x 100 cm<\/div><div class=\"n2-ss-layers-container n2-ss-slide-limiter n2-ow\"><div class=\"n2-ss-layer n2-ow n-uc-HMKKYMGMJzIA\" data-sstype=\"slide\" data-pm=\"default\"><\/div><\/div><\/div><div data-slide-duration=\"0\" data-id=\"482\" data-slide-public-id=\"10\" aria-hidden=\"true\" data-title=\"SE ALQUILA, 2013, \u00d6l - Lw, 90 x 130 cm\" data-description=\"2013&lt;br\/&gt;\u00d6l auf Leinwand&lt;br\/&gt;90 x 130 cm\" class=\"n2-ss-slide n2-ow  n2-ss-slide-482\"><div role=\"note\" class=\"n2-ss-slide--focus\" tabindex=\"-1\">SE ALQUILA, 2013, \u00d6l &#8211; Lw, 90 x 130 cm<\/div><div class=\"n2-ss-layers-container n2-ss-slide-limiter n2-ow\"><div class=\"n2-ss-layer n2-ow n-uc-EfrlBddWHD9V\" data-sstype=\"slide\" data-pm=\"default\"><\/div><\/div><\/div><div data-slide-duration=\"0\" data-id=\"483\" data-slide-public-id=\"11\" aria-hidden=\"true\" data-title=\"Solmar 1\" data-description=\"2012&lt;br\/&gt;\u00d6l auf Leinwand&lt;br\/&gt;140 x 100 cm\" class=\"n2-ss-slide n2-ow  n2-ss-slide-483\"><div role=\"note\" class=\"n2-ss-slide--focus\" tabindex=\"-1\">Solmar 1<\/div><div class=\"n2-ss-layers-container n2-ss-slide-limiter n2-ow\"><div class=\"n2-ss-layer n2-ow n-uc-es3898WKgLAT\" data-sstype=\"slide\" data-pm=\"default\"><\/div><\/div><\/div><div data-slide-duration=\"0\" data-id=\"484\" data-slide-public-id=\"12\" aria-hidden=\"true\" data-title=\"Sant Agusti\" data-description=\"2009&lt;br\/&gt;\u00d6l auf Leinwand&lt;br\/&gt;220 x 130 cm\" class=\"n2-ss-slide n2-ow  n2-ss-slide-484\"><div role=\"note\" class=\"n2-ss-slide--focus\" tabindex=\"-1\">Sant Agusti<\/div><div class=\"n2-ss-layers-container n2-ss-slide-limiter n2-ow\"><div class=\"n2-ss-layer n2-ow n-uc-7ioHSTBFYgyP\" data-sstype=\"slide\" data-pm=\"default\"><\/div><\/div><\/div><div data-slide-duration=\"0\" data-id=\"485\" data-slide-public-id=\"13\" aria-hidden=\"true\" data-title=\"Passeig de Colom 2\" data-description=\"2011&lt;br\/&gt;\u00d6l auf Leinwand&lt;br\/&gt;200 x 110 cm\" class=\"n2-ss-slide n2-ow  n2-ss-slide-485\"><div role=\"note\" class=\"n2-ss-slide--focus\" tabindex=\"-1\">Passeig de Colom 2<\/div><div class=\"n2-ss-layers-container n2-ss-slide-limiter n2-ow\"><div class=\"n2-ss-layer n2-ow n-uc-W4Tq2mgLw4Xp\" data-sstype=\"slide\" data-pm=\"default\"><\/div><\/div><\/div><div data-slide-duration=\"0\" data-id=\"486\" data-slide-public-id=\"14\" aria-hidden=\"true\" data-title=\"Wundi II\" data-description=\"2007&lt;br\/&gt;\u00d6l auf Leinwand&lt;br\/&gt;200 x 110 cm\" class=\"n2-ss-slide n2-ow  n2-ss-slide-486\"><div role=\"note\" class=\"n2-ss-slide--focus\" tabindex=\"-1\">Wundi II<\/div><div class=\"n2-ss-layers-container n2-ss-slide-limiter n2-ow\"><div class=\"n2-ss-layer n2-ow n-uc-LcPHAWfDJn52\" data-sstype=\"slide\" data-pm=\"default\"><\/div><\/div><\/div><div data-slide-duration=\"0\" data-id=\"487\" data-slide-public-id=\"15\" aria-hidden=\"true\" data-title=\"Passeig de Colom 1\" data-description=\"2011&lt;br\/&gt;\u00d6l auf Leinwand&lt;br\/&gt;90 x 200 cm\" class=\"n2-ss-slide n2-ow  n2-ss-slide-487\"><div role=\"note\" class=\"n2-ss-slide--focus\" tabindex=\"-1\">Passeig de Colom 1<\/div><div class=\"n2-ss-layers-container n2-ss-slide-limiter n2-ow\"><div class=\"n2-ss-layer n2-ow n-uc-FspDJKFHSREe\" data-sstype=\"slide\" data-pm=\"default\"><\/div><\/div><\/div><div data-slide-duration=\"0\" data-id=\"488\" data-slide-public-id=\"16\" aria-hidden=\"true\" data-title=\"Parc de Belleville II\" data-description=\"2009&lt;br\/&gt;\u00d6l auf Leinwand&lt;br\/&gt;140 x 250 cm\" class=\"n2-ss-slide n2-ow  n2-ss-slide-488\"><div role=\"note\" class=\"n2-ss-slide--focus\" tabindex=\"-1\">Parc de Belleville II<\/div><div class=\"n2-ss-layers-container n2-ss-slide-limiter n2-ow\"><div class=\"n2-ss-layer n2-ow n-uc-hHy7I6mYJ3sr\" data-sstype=\"slide\" data-pm=\"default\"><\/div><\/div><\/div><div data-slide-duration=\"0\" data-id=\"472\" data-slide-public-id=\"17\" aria-hidden=\"true\" data-title=\"Annette Besgen: Rua da Miseric\u00f3rdia, 2012, \u00d6l - Lw, 100 x 150 cm\" class=\"n2-ss-slide n2-ow  n2-ss-slide-472\"><div role=\"note\" class=\"n2-ss-slide--focus\" tabindex=\"-1\">Annette Besgen: Rua da Miseric\u00f3rdia, 2012, \u00d6l &#8211; Lw, 100 x 150 cm<\/div><div class=\"n2-ss-layers-container n2-ss-slide-limiter n2-ow\"><div class=\"n2-ss-layer n2-ow n-uc-6boIIiG0qXBZ\" data-sstype=\"slide\" data-pm=\"default\"><\/div><\/div><\/div><div data-slide-duration=\"0\" data-id=\"489\" data-slide-public-id=\"18\" aria-hidden=\"true\" data-title=\"L\u2019Hivernacle 2\" data-description=\"2011&lt;br\/&gt;\u00d6l auf Leinwand&lt;br\/&gt;210 x 140 cm\" class=\"n2-ss-slide n2-ow  n2-ss-slide-489\"><div role=\"note\" class=\"n2-ss-slide--focus\" tabindex=\"-1\">L\u2019Hivernacle 2<\/div><div class=\"n2-ss-layers-container n2-ss-slide-limiter n2-ow\"><div class=\"n2-ss-layer n2-ow n-uc-q48qc9iWATQz\" data-sstype=\"slide\" data-pm=\"default\"><\/div><\/div><\/div><div data-slide-duration=\"0\" data-id=\"490\" data-slide-public-id=\"19\" aria-hidden=\"true\" data-title=\"Carrer d \u0301en Serra XIC\" data-description=\"2011&lt;br\/&gt;\u00d6l auf Leinwand&lt;br\/&gt;130 x 200 cm\" class=\"n2-ss-slide n2-ow  n2-ss-slide-490\"><div role=\"note\" class=\"n2-ss-slide--focus\" tabindex=\"-1\">Carrer d \u0301en Serra XIC<\/div><div class=\"n2-ss-layers-container n2-ss-slide-limiter n2-ow\"><div class=\"n2-ss-layer n2-ow n-uc-k8y1WkYvREz1\" data-sstype=\"slide\" data-pm=\"default\"><\/div><\/div><\/div><div data-slide-duration=\"0\" data-id=\"491\" data-slide-public-id=\"20\" aria-hidden=\"true\" data-title=\"Calle de Tarr\u00f3s 1\" data-description=\"2010&lt;br\/&gt;\u00d6l auf Leinwand&lt;br\/&gt;200 x 130 cm\" class=\"n2-ss-slide n2-ow  n2-ss-slide-491\"><div role=\"note\" class=\"n2-ss-slide--focus\" tabindex=\"-1\">Calle de Tarr\u00f3s 1<\/div><div class=\"n2-ss-layers-container n2-ss-slide-limiter n2-ow\"><div class=\"n2-ss-layer n2-ow n-uc-FxFJQpnsRRPS\" data-sstype=\"slide\" data-pm=\"default\"><\/div><\/div><\/div><div data-slide-duration=\"0\" data-id=\"468\" data-slide-public-id=\"21\" aria-hidden=\"true\" data-title=\"Annette Besgen, Giardini Papadopoli, 2015, \u00d6l auf Leinwand, 220 x 180 cm\" class=\"n2-ss-slide n2-ow  n2-ss-slide-468\"><div role=\"note\" class=\"n2-ss-slide--focus\" tabindex=\"-1\">Annette Besgen, Giardini Papadopoli, 2015, \u00d6l auf Leinwand, 220 x 180 cm<\/div><div class=\"n2-ss-layers-container n2-ss-slide-limiter n2-ow\"><div class=\"n2-ss-layer n2-ow n-uc-dh11rRNw2ys1\" data-sstype=\"slide\" data-pm=\"default\"><\/div><\/div><\/div><div data-slide-duration=\"0\" data-id=\"469\" data-slide-public-id=\"22\" aria-hidden=\"true\" data-title=\"Annette Besgen, Getty IV, 2017, \u00d6l auf Leinwand, 180 x 120 cm\" class=\"n2-ss-slide n2-ow  n2-ss-slide-469\"><div role=\"note\" class=\"n2-ss-slide--focus\" tabindex=\"-1\">Annette Besgen, Getty IV, 2017, \u00d6l auf Leinwand, 180 x 120 cm<\/div><div class=\"n2-ss-layers-container n2-ss-slide-limiter n2-ow\"><div class=\"n2-ss-layer n2-ow n-uc-N3CV2oLC38kJ\" data-sstype=\"slide\" data-pm=\"default\"><\/div><\/div><\/div><div data-slide-duration=\"0\" data-id=\"470\" data-slide-public-id=\"23\" aria-hidden=\"true\" data-title=\"Annette Besgen, \u00d6lturm 15-18, 2017, \u00d6l auf Leinwand, jeweils 30 x 30 cm\" class=\"n2-ss-slide n2-ow  n2-ss-slide-470\"><div role=\"note\" class=\"n2-ss-slide--focus\" tabindex=\"-1\">Annette Besgen, \u00d6lturm 15-18, 2017, \u00d6l auf Leinwand, jeweils 30 x 30 cm<\/div><div class=\"n2-ss-layers-container n2-ss-slide-limiter n2-ow\"><div class=\"n2-ss-layer n2-ow n-uc-mWOqIf9m7x5j\" data-sstype=\"slide\" data-pm=\"default\"><\/div><\/div><\/div>                    <\/div>\n\n                                    <\/div>\n            <\/div>\n        <\/div>\n        <div class=\"n2-ss-slider-controls n2-ss-slider-controls-absolute-left-center\"><div style=\"--widget-offset:15px;\" class=\"n2-ss-widget n2-style-041670f7df29ffb4048fc6d85d61d1ee-heading nextend-arrow n2-ow-all nextend-arrow-previous  nextend-arrow-animated-fade\" data-hide-mobileportrait=\"1\" id=\"n2-ss-34-arrow-previous\" role=\"button\" aria-label=\"previous arrow\" tabindex=\"0\"><img decoding=\"async\" width=\"32\" height=\"32\" class=\"skip-lazy\" data-skip-lazy=\"1\" src=\"data:image\/svg+xml;base64,PHN2ZyB4bWxucz0iaHR0cDovL3d3dy53My5vcmcvMjAwMC9zdmciIHdpZHRoPSIzMiIgaGVpZ2h0PSIzMiIgdmlld0JveD0iMCAwIDMyIDMyIj4KICAgIDxwYXRoIGZpbGw9IiNmZmZmZmYiIG9wYWNpdHk9IjAuOCIgZmlsbC1ydWxlPSJldmVub2RkIgogICAgICAgICAgZD0iTTE4Ljk5NTggOC45OTA3YzAtLjQyNC0uMjA0LS43MjMtLjYxLS44OTgtLjQwOS0uMTczLS43NzItLjEwNC0xLjA5My4yMDlsLTcuMDA2IDYuOTc1Yy0uMjAxLjE5OS0uMjk3LjQzNy0uMjg2LjcxNiAwIC4yNjcuMDk2LjQ5OC4yODYuNjg5bDcuMDA2IDcuMDAxYy4zMjEuMzIxLjY4NC4zODkgMS4wOTMuMjA5LjQwNi0uMTc0LjYxLS40ODIuNjEtLjkyMlY4Ljk5MDd6Ii8+Cjwvc3ZnPg==\" alt=\"previous arrow\" title=\"\"><\/div><\/div><div class=\"n2-ss-slider-controls n2-ss-slider-controls-absolute-right-center\"><div style=\"--widget-offset:15px;\" class=\"n2-ss-widget n2-style-041670f7df29ffb4048fc6d85d61d1ee-heading nextend-arrow n2-ow-all nextend-arrow-next  nextend-arrow-animated-fade\" data-hide-mobileportrait=\"1\" id=\"n2-ss-34-arrow-next\" role=\"button\" aria-label=\"next arrow\" tabindex=\"0\"><img decoding=\"async\" width=\"32\" height=\"32\" class=\"skip-lazy\" data-skip-lazy=\"1\" src=\"data:image\/svg+xml;base64,PHN2ZyB3aWR0aD0iMzIiIGhlaWdodD0iMzIiIHZpZXdCb3g9IjAgMCAzMiAzMiIgeG1sbnM9Imh0dHA6Ly93d3cudzMub3JnLzIwMDAvc3ZnIj4KICAgIDxwYXRoIGQ9Ik0xMiA4Ljk5YzAtLjQyMy4yMDQtLjcyMi42MS0uODk3LjQwOC0uMTczLjc3Mi0uMTA0IDEuMDkyLjIxbDcuMDA2IDYuOTc0Yy4yMDIuMi4yOTguNDM3LjI4Ny43MTYgMCAuMjY3LS4wOTYuNDk4LS4yODcuNjlsLTcuMDA2IDdjLS4zMi4zMi0uNjg0LjM5LTEuMDkyLjIxLS40MDYtLjE3NS0uNjEtLjQ4My0uNjEtLjkyM1Y4Ljk5eiIKICAgICAgICAgIGZpbGw9IiNmZmZmZmYiIG9wYWNpdHk9IjAuOCIgZmlsbC1ydWxlPSJldmVub2RkIi8+Cjwvc3ZnPg==\" alt=\"next arrow\" title=\"\"><\/div><\/div><\/div><div class=\"n2-ss-slider-controls n2-ss-slider-controls-below\"><div class=\"n2-ss-widget nextend-bar nextend-bar-horizontal n2-ss-widget-hidden n2-ow-all\" style=\"text-align: left;width:100%;\"><div class=\"n2-style-1b3b0b26e4e995bc76516f476918c4ab-simple \"><span class=\"n2-font-fcce1fddc1d903b911854dc0cbaed59a-simple \">&nbsp;<\/span><\/div><\/div><div data-width-percent=\"100\" class=\"n2-ss-widget nextend-thumbnail nextend-thumbnail-default nextend-thumbnail-horizontal n2-ow-all\" data-hide-mobileportrait=\"1\" style=\"width:100%;\" data-has-next=\"0\" data-has-previous=\"0\"><div class=\"nextend-thumbnail-inner n2-style-df32cb3742fdac43eb0251df7d67c185-simple \"><div class=\"nextend-thumbnail-scroller n2-align-content-start\" style=\"grid-template-rows:repeat(1, 1fr)\"><div class=\"n2-thumbnail-dot n2-style-462cb0983aca6cda3fc34a0feea6024b-dot \" data-slide-public-id=\"1\" role=\"button\" aria-label=\"ALSA\" tabindex=\"0\"><picture class=\"skip-lazy\" data-skip-lazy=\"1\"><img loading=\"lazy\" decoding=\"async\" alt=\"ALSA\" src=\"\/\/www.galerie-schmalfuss.de\/wp-content\/uploads\/2011\/09\/ALSA-2013-\u00d6l-Lw-90-x-150-cm.jpg\" width=\"100\" height=\"60\" loading=\"lazy\" class=\"skip-lazy\" data-skip-lazy=\"1\" title=\"\"><\/picture><\/div><div class=\"n2-thumbnail-dot n2-style-462cb0983aca6cda3fc34a0feea6024b-dot \" data-slide-public-id=\"2\" role=\"button\" aria-label=\"LA MONTANA DE BABIA\" tabindex=\"0\"><picture class=\"skip-lazy\" data-skip-lazy=\"1\"><img loading=\"lazy\" decoding=\"async\" alt=\"LA MONTANA DE BABIA\" src=\"\/\/www.galerie-schmalfuss.de\/wp-content\/uploads\/2011\/09\/LA-MONTANA-DE-BABIA-2013-\u00d6l-Lw-90-x-150-cm.jpg\" width=\"100\" height=\"60\" loading=\"lazy\" class=\"skip-lazy\" data-skip-lazy=\"1\" title=\"\"><\/picture><\/div><div class=\"n2-thumbnail-dot n2-style-462cb0983aca6cda3fc34a0feea6024b-dot \" data-slide-public-id=\"3\" role=\"button\" aria-label=\"Annette Besgen: Estacao do Rossio 2, 2013, \u00d6l - Lw, 220 x 180 cm\" tabindex=\"0\"><picture class=\"skip-lazy\" data-skip-lazy=\"1\"><img loading=\"lazy\" decoding=\"async\" alt=\"Annette Besgen: Estacao do Rossio 2, 2013, \u00d6l - Lw, 220 x 180 cm\" src=\"\/\/www.galerie-schmalfuss.de\/wp-content\/uploads\/2014\/01\/Estacao-do-Rossio-2-2013-\u00d6l-Lw-220-x-180-cm.jpg\" width=\"100\" height=\"60\" loading=\"lazy\" class=\"skip-lazy\" data-skip-lazy=\"1\" title=\"\"><\/picture><\/div><div class=\"n2-thumbnail-dot n2-style-462cb0983aca6cda3fc34a0feea6024b-dot \" data-slide-public-id=\"4\" role=\"button\" aria-label=\"Annette Besgen: Cinema, 2013, \u00d6l - Lw, 140 x 70 cm\" tabindex=\"0\"><picture class=\"skip-lazy\" data-skip-lazy=\"1\"><img loading=\"lazy\" decoding=\"async\" alt=\"Annette Besgen: Cinema, 2013, \u00d6l - Lw, 140 x 70 cm\" src=\"\/\/www.galerie-schmalfuss.de\/wp-content\/uploads\/2014\/01\/Cinema-2013-\u00d6l-Lw-140-x-70-cm.jpg\" width=\"100\" height=\"60\" loading=\"lazy\" class=\"skip-lazy\" data-skip-lazy=\"1\" title=\"\"><\/picture><\/div><div class=\"n2-thumbnail-dot n2-style-462cb0983aca6cda3fc34a0feea6024b-dot \" data-slide-public-id=\"5\" role=\"button\" aria-label=\"Annette Besgen: Bellas Artes de Asturias 2, 2013, \u00d6l - Lw, 90 x 140 cm\" tabindex=\"0\"><picture class=\"skip-lazy\" data-skip-lazy=\"1\"><img loading=\"lazy\" decoding=\"async\" alt=\"Annette Besgen: Bellas Artes de Asturias 2, 2013, \u00d6l - Lw, 90 x 140 cm\" src=\"\/\/www.galerie-schmalfuss.de\/wp-content\/uploads\/2014\/01\/Bellas-Artes-de-Asturias-2-2013-\u00d6l-Lw-90-x-140-cm.jpg\" width=\"100\" height=\"60\" loading=\"lazy\" class=\"skip-lazy\" data-skip-lazy=\"1\" title=\"\"><\/picture><\/div><div class=\"n2-thumbnail-dot n2-style-462cb0983aca6cda3fc34a0feea6024b-dot \" data-slide-public-id=\"6\" role=\"button\" aria-label=\"Pensao Ib\u00e9rica\" tabindex=\"0\"><picture class=\"skip-lazy\" data-skip-lazy=\"1\"><img loading=\"lazy\" decoding=\"async\" alt=\"Pensao Ib\u00e9rica\" src=\"\/\/www.galerie-schmalfuss.de\/wp-content\/uploads\/2011\/09\/Pensao-Ib\u00e9rica-2012-\u00d6l-Lw-140-x-100-cm.jpg\" width=\"100\" height=\"60\" loading=\"lazy\" class=\"skip-lazy\" data-skip-lazy=\"1\" title=\"\"><\/picture><\/div><div class=\"n2-thumbnail-dot n2-style-462cb0983aca6cda3fc34a0feea6024b-dot \" data-slide-public-id=\"7\" role=\"button\" aria-label=\"Annette Besgen: G\u00e4rten der Welt, 2013, \u00d6l - Lw, 90 x 200 cm\" tabindex=\"0\"><picture class=\"skip-lazy\" data-skip-lazy=\"1\"><img loading=\"lazy\" decoding=\"async\" alt=\"Annette Besgen: G\u00e4rten der Welt, 2013, \u00d6l - Lw, 90 x 200 cm\" src=\"\/\/www.galerie-schmalfuss.de\/wp-content\/uploads\/2014\/01\/G\u00e4rten-der-Welt-2013-\u00d6l-Lw-90-x-200-cm.jpg\" width=\"100\" height=\"60\" loading=\"lazy\" class=\"skip-lazy\" data-skip-lazy=\"1\" title=\"\"><\/picture><\/div><div class=\"n2-thumbnail-dot n2-style-462cb0983aca6cda3fc34a0feea6024b-dot \" data-slide-public-id=\"8\" role=\"button\" aria-label=\"Rua da Miseric\u00f3rdia\" tabindex=\"0\"><picture class=\"skip-lazy\" data-skip-lazy=\"1\"><img loading=\"lazy\" decoding=\"async\" alt=\"Rua da Miseric\u00f3rdia\" src=\"\/\/www.galerie-schmalfuss.de\/wp-content\/uploads\/2011\/09\/Rua-da-Miseric\u00f3rdia-2012-\u00d6l-Lw-100-x-150-cm.jpg\" width=\"100\" height=\"60\" loading=\"lazy\" class=\"skip-lazy\" data-skip-lazy=\"1\" title=\"\"><\/picture><\/div><div class=\"n2-thumbnail-dot n2-style-462cb0983aca6cda3fc34a0feea6024b-dot \" data-slide-public-id=\"9\" role=\"button\" aria-label=\"San Pedro 1, 2013, \u00d6l - Lw, 210 x 100 cm\" tabindex=\"0\"><picture class=\"skip-lazy\" data-skip-lazy=\"1\"><img loading=\"lazy\" decoding=\"async\" alt=\"San Pedro 1, 2013, \u00d6l - Lw, 210 x 100 cm\" src=\"\/\/www.galerie-schmalfuss.de\/wp-content\/uploads\/2011\/09\/San-Pedro-1-2013-\u00d6l-Lw-210-x-100-cm.jpg\" width=\"100\" height=\"60\" loading=\"lazy\" class=\"skip-lazy\" data-skip-lazy=\"1\" title=\"\"><\/picture><\/div><div class=\"n2-thumbnail-dot n2-style-462cb0983aca6cda3fc34a0feea6024b-dot \" data-slide-public-id=\"10\" role=\"button\" aria-label=\"SE ALQUILA, 2013, \u00d6l - Lw, 90 x 130 cm\" tabindex=\"0\"><picture class=\"skip-lazy\" data-skip-lazy=\"1\"><img loading=\"lazy\" decoding=\"async\" alt=\"SE ALQUILA, 2013, \u00d6l - Lw, 90 x 130 cm\" src=\"\/\/www.galerie-schmalfuss.de\/wp-content\/uploads\/2011\/09\/SE-ALQUILA-2013-\u00d6l-Lw-90-x-130-cm.jpg\" width=\"100\" height=\"60\" loading=\"lazy\" class=\"skip-lazy\" data-skip-lazy=\"1\" title=\"\"><\/picture><\/div><div class=\"n2-thumbnail-dot n2-style-462cb0983aca6cda3fc34a0feea6024b-dot \" data-slide-public-id=\"11\" role=\"button\" aria-label=\"Solmar 1\" tabindex=\"0\"><picture class=\"skip-lazy\" data-skip-lazy=\"1\"><img loading=\"lazy\" decoding=\"async\" alt=\"Solmar 1\" src=\"\/\/www.galerie-schmalfuss.de\/wp-content\/uploads\/2011\/09\/Solmar-1-2012-\u00d6l-Lw-140-x-100-cm.jpg\" width=\"100\" height=\"60\" loading=\"lazy\" class=\"skip-lazy\" data-skip-lazy=\"1\" title=\"\"><\/picture><\/div><div class=\"n2-thumbnail-dot n2-style-462cb0983aca6cda3fc34a0feea6024b-dot \" data-slide-public-id=\"12\" role=\"button\" aria-label=\"Sant Agusti\" tabindex=\"0\"><picture class=\"skip-lazy\" data-skip-lazy=\"1\"><img loading=\"lazy\" decoding=\"async\" alt=\"Sant Agusti\" src=\"\/\/www.galerie-schmalfuss.de\/wp-content\/uploads\/2011\/09\/03_Sant-Agusti-2009-\u00d6l-Lw-220-x-130-cm-1-Medium.jpg\" width=\"100\" height=\"60\" loading=\"lazy\" class=\"skip-lazy\" data-skip-lazy=\"1\" title=\"\"><\/picture><\/div><div class=\"n2-thumbnail-dot n2-style-462cb0983aca6cda3fc34a0feea6024b-dot \" data-slide-public-id=\"13\" role=\"button\" aria-label=\"Passeig de Colom 2\" tabindex=\"0\"><picture class=\"skip-lazy\" data-skip-lazy=\"1\"><img loading=\"lazy\" decoding=\"async\" alt=\"Passeig de Colom 2\" src=\"\/\/www.galerie-schmalfuss.de\/wp-content\/uploads\/2011\/09\/besgen_passeig_colom2.jpg\" width=\"100\" height=\"60\" loading=\"lazy\" class=\"skip-lazy\" data-skip-lazy=\"1\" title=\"\"><\/picture><\/div><div class=\"n2-thumbnail-dot n2-style-462cb0983aca6cda3fc34a0feea6024b-dot \" data-slide-public-id=\"14\" role=\"button\" aria-label=\"Wundi II\" tabindex=\"0\"><picture class=\"skip-lazy\" data-skip-lazy=\"1\"><img loading=\"lazy\" decoding=\"async\" alt=\"Wundi II\" src=\"\/\/www.galerie-schmalfuss.de\/wp-content\/uploads\/2011\/09\/besgen_wundi2.jpg\" width=\"100\" height=\"60\" loading=\"lazy\" class=\"skip-lazy\" data-skip-lazy=\"1\" title=\"\"><\/picture><\/div><div class=\"n2-thumbnail-dot n2-style-462cb0983aca6cda3fc34a0feea6024b-dot \" data-slide-public-id=\"15\" role=\"button\" aria-label=\"Passeig de Colom 1\" tabindex=\"0\"><picture class=\"skip-lazy\" data-skip-lazy=\"1\"><img loading=\"lazy\" decoding=\"async\" alt=\"Passeig de Colom 1\" src=\"\/\/www.galerie-schmalfuss.de\/wp-content\/uploads\/2011\/09\/besgen_passeig_de_colom1.jpg\" width=\"100\" height=\"60\" loading=\"lazy\" class=\"skip-lazy\" data-skip-lazy=\"1\" title=\"\"><\/picture><\/div><div class=\"n2-thumbnail-dot n2-style-462cb0983aca6cda3fc34a0feea6024b-dot \" data-slide-public-id=\"16\" role=\"button\" aria-label=\"Parc de Belleville II\" tabindex=\"0\"><picture class=\"skip-lazy\" data-skip-lazy=\"1\"><img loading=\"lazy\" decoding=\"async\" alt=\"Parc de Belleville II\" src=\"\/\/www.galerie-schmalfuss.de\/wp-content\/uploads\/2011\/09\/besgen_parc_belleville2.jpg\" width=\"100\" height=\"60\" loading=\"lazy\" class=\"skip-lazy\" data-skip-lazy=\"1\" title=\"\"><\/picture><\/div><div class=\"n2-thumbnail-dot n2-style-462cb0983aca6cda3fc34a0feea6024b-dot \" data-slide-public-id=\"17\" role=\"button\" aria-label=\"Annette Besgen: Rua da Miseric\u00f3rdia, 2012, \u00d6l - Lw, 100 x 150 cm\" tabindex=\"0\"><picture class=\"skip-lazy\" data-skip-lazy=\"1\"><img loading=\"lazy\" decoding=\"async\" alt=\"Annette Besgen: Rua da Miseric\u00f3rdia, 2012, \u00d6l - Lw, 100 x 150 cm\" src=\"\/\/www.galerie-schmalfuss.de\/wp-content\/uploads\/2014\/01\/Rua-da-Miseric\u00f3rdia-2012-\u00d6l-Lw-100-x-150-cm.jpg\" width=\"100\" height=\"60\" loading=\"lazy\" class=\"skip-lazy\" data-skip-lazy=\"1\" title=\"\"><\/picture><\/div><div class=\"n2-thumbnail-dot n2-style-462cb0983aca6cda3fc34a0feea6024b-dot \" data-slide-public-id=\"18\" role=\"button\" aria-label=\"L\u2019Hivernacle 2\" tabindex=\"0\"><picture class=\"skip-lazy\" data-skip-lazy=\"1\"><img loading=\"lazy\" decoding=\"async\" alt=\"L\u2019Hivernacle 2\" src=\"\/\/www.galerie-schmalfuss.de\/wp-content\/uploads\/2011\/09\/besgen_Lhivernacle2.jpg\" width=\"100\" height=\"60\" loading=\"lazy\" class=\"skip-lazy\" data-skip-lazy=\"1\" title=\"\"><\/picture><\/div><div class=\"n2-thumbnail-dot n2-style-462cb0983aca6cda3fc34a0feea6024b-dot \" data-slide-public-id=\"19\" role=\"button\" aria-label=\"Carrer d \u0301en Serra XIC\" tabindex=\"0\"><picture class=\"skip-lazy\" data-skip-lazy=\"1\"><img loading=\"lazy\" decoding=\"async\" alt=\"Carrer d \u0301en Serra XIC\" src=\"\/\/www.galerie-schmalfuss.de\/wp-content\/uploads\/2011\/09\/besgen_carrer_den_serra.jpg\" width=\"100\" height=\"60\" loading=\"lazy\" class=\"skip-lazy\" data-skip-lazy=\"1\" title=\"\"><\/picture><\/div><div class=\"n2-thumbnail-dot n2-style-462cb0983aca6cda3fc34a0feea6024b-dot \" data-slide-public-id=\"20\" role=\"button\" aria-label=\"Calle de Tarr\u00f3s 1\" tabindex=\"0\"><picture class=\"skip-lazy\" data-skip-lazy=\"1\"><img loading=\"lazy\" decoding=\"async\" alt=\"Calle de Tarr\u00f3s 1\" src=\"\/\/www.galerie-schmalfuss.de\/wp-content\/uploads\/2011\/09\/besgen_calle_de_tarros.jpg\" width=\"100\" height=\"60\" loading=\"lazy\" class=\"skip-lazy\" data-skip-lazy=\"1\" title=\"\"><\/picture><\/div><div class=\"n2-thumbnail-dot n2-style-462cb0983aca6cda3fc34a0feea6024b-dot \" data-slide-public-id=\"21\" role=\"button\" aria-label=\"Annette Besgen, Giardini Papadopoli, 2015, \u00d6l auf Leinwand, 220 x 180 cm\" tabindex=\"0\"><picture class=\"skip-lazy\" data-skip-lazy=\"1\"><img loading=\"lazy\" decoding=\"async\" alt=\"Annette Besgen, Giardini Papadopoli, 2015, \u00d6l auf Leinwand, 220 x 180 cm\" src=\"\/\/www.galerie-schmalfuss.de\/wp-content\/uploads\/2018\/11\/Giardini-Papadopoli-2015-\u00d6l-Lw-220-x-180-cm-Kopie.jpg\" width=\"100\" height=\"60\" loading=\"lazy\" class=\"skip-lazy\" data-skip-lazy=\"1\" title=\"\"><\/picture><\/div><div class=\"n2-thumbnail-dot n2-style-462cb0983aca6cda3fc34a0feea6024b-dot \" data-slide-public-id=\"22\" role=\"button\" aria-label=\"Annette Besgen, Getty IV, 2017, \u00d6l auf Leinwand, 180 x 120 cm\" tabindex=\"0\"><picture class=\"skip-lazy\" data-skip-lazy=\"1\"><img loading=\"lazy\" decoding=\"async\" alt=\"Annette Besgen, Getty IV, 2017, \u00d6l auf Leinwand, 180 x 120 cm\" src=\"\/\/www.galerie-schmalfuss.de\/wp-content\/uploads\/2018\/11\/Getty-IV-2017-\u00d6l-Lw-180-x-120-cm-Kopie.jpg\" width=\"100\" height=\"60\" loading=\"lazy\" class=\"skip-lazy\" data-skip-lazy=\"1\" title=\"\"><\/picture><\/div><div class=\"n2-thumbnail-dot n2-style-462cb0983aca6cda3fc34a0feea6024b-dot \" data-slide-public-id=\"23\" role=\"button\" aria-label=\"Annette Besgen, \u00d6lturm 15-18, 2017, \u00d6l auf Leinwand, jeweils 30 x 30 cm\" tabindex=\"0\"><picture class=\"skip-lazy\" data-skip-lazy=\"1\"><img loading=\"lazy\" decoding=\"async\" alt=\"Annette Besgen, \u00d6lturm 15-18, 2017, \u00d6l auf Leinwand, jeweils 30 x 30 cm\" src=\"\/\/www.galerie-schmalfuss.de\/wp-content\/uploads\/2018\/11\/\u00d6lturm-15-18-2017-\u00d6l-Lw-je-30-x-30-cm-.jpg\" width=\"100\" height=\"60\" loading=\"lazy\" class=\"skip-lazy\" data-skip-lazy=\"1\" title=\"\"><\/picture><\/div><\/div><\/div><div class=\"nextend-thumbnail-button nextend-thumbnail-previous\"><img loading=\"lazy\" decoding=\"async\" width=\"26\" height=\"26\" style=\"width:26px;transform:rotateZ(-90deg);\" loading=\"lazy\" class=\"skip-lazy\" data-skip-lazy=\"1\" src=\"data:image\/svg+xml;base64,PHN2ZyB3aWR0aD0iMjYiIGhlaWdodD0iMjYiIHhtbG5zPSJodHRwOi8vd3d3LnczLm9yZy8yMDAwL3N2ZyI+CiAgICA8ZyBmaWxsPSJub25lIiBmaWxsLXJ1bGU9ImV2ZW5vZGQiPgogICAgICAgIDxjaXJjbGUgc3Ryb2tlPSIjZmZmIiBzdHJva2Utd2lkdGg9IjIiIG9wYWNpdHk9Ii41IiBmaWxsPSIjMDAwIiBjeD0iMTMiIGN5PSIxMyIgcj0iMTIiLz4KICAgICAgICA8cGF0aCBkPSJNMTMuNDM1IDkuMTc4Yy0uMTI2LS4xMjEtLjI3LS4xODItLjQzNi0uMTgyLS4xNjQgMC0uMzA2LjA2MS0uNDI4LjE4MmwtNC4zOCA0LjE3NWMtLjEyNi4xMjEtLjE4OC4yNjItLjE4OC40MjQgMCAuMTYxLjA2Mi4zMDIuMTg4LjQyM2wuNjUuNjIyYy4xMjYuMTIxLjI3My4xODIuNDQxLjE4Mi4xNyAwIC4zMTQtLjA2MS40MzYtLjE4MmwzLjMxNC0zLjE2MSAzLjI0OSAzLjE2MWMuMTI2LjEyMS4yNjkuMTgyLjQzMi4xODIuMTY0IDAgLjMwNy0uMDYxLjQzMy0uMTgybC42NjItLjYyMmMuMTI2LS4xMjEuMTg5LS4yNjIuMTg5LS40MjMgMC0uMTYyLS4wNjMtLjMwMy0uMTg5LS40MjRsLTQuMzczLTQuMTc1eiIKICAgICAgICAgICAgICBmaWxsPSIjZmZmIi8+CiAgICA8L2c+Cjwvc3ZnPg==\" alt=\"previous arrow\" title=\"\"><\/div><div class=\"nextend-thumbnail-button nextend-thumbnail-next\"><img loading=\"lazy\" decoding=\"async\" width=\"26\" height=\"26\" style=\"width:26px;transform:rotateZ(-90deg);\" loading=\"lazy\" class=\"skip-lazy\" data-skip-lazy=\"1\" src=\"data:image\/svg+xml;base64,PHN2ZyB4bWxucz0iaHR0cDovL3d3dy53My5vcmcvMjAwMC9zdmciIHdpZHRoPSIyNiIgaGVpZ2h0PSIyNiI+CiAgICA8ZyBmaWxsPSJub25lIj4KICAgICAgICA8Y2lyY2xlIGN4PSIxMyIgY3k9IjEzIiByPSIxMiIgZmlsbD0iIzAwMCIgc3Ryb2tlPSIjZmZmIiBzdHJva2Utd2lkdGg9IjIiIG9wYWNpdHk9Ii41Ii8+CiAgICAgICAgPHBhdGggZmlsbD0iI2ZmZiIKICAgICAgICAgICAgICBkPSJNMTIuNTY1IDE2LjgyMmMuMTI2LjEyLjI3LjE4Mi40MzYuMTgyLjE2OCAwIC4zMS0uMDYuNDMtLjE4Mmw0LjM4LTQuMTc1Yy4xMjgtLjEyLjE5LS4yNjIuMTktLjQyNCAwLS4xNi0uMDYyLS4zMDItLjE5LS40MjNsLS42NS0uNjIyYy0uMTI1LS4xMi0uMjcyLS4xODItLjQ0LS4xODItLjE3IDAtLjMxNC4wNi0uNDM2LjE4MmwtMy4zMTQgMy4xNi0zLjI1LTMuMTZjLS4xMjYtLjEyLS4yNy0uMTgyLS40My0uMTgyLS4xNjYgMC0uMzEuMDYtLjQzNS4xODJsLS42NjIuNjIyYy0uMTI2LjEyLS4xOS4yNjItLjE5LjQyMyAwIC4xNjIuMDY0LjMwMy4xOS40MjRsNC4zNzMgNC4xNzV6Ii8+CiAgICA8L2c+Cjwvc3ZnPg==\" alt=\"next arrow\" title=\"\"><\/div><\/div><\/div><\/div><\/div><ss3-loader><\/ss3-loader><\/div><\/div><div class=\"n2_clear\"><\/div><\/div><\/div><\/div>\n\t\t\t\t\t\t\t\t\t<div class=\"elementor-tab-title elementor-tab-mobile-title\" aria-selected=\"false\" data-tab=\"2\" role=\"tab\" tabindex=\"-1\" aria-controls=\"elementor-tab-content-2442\" aria-expanded=\"false\">INFO<\/div>\n\t\t\t\t\t<div id=\"elementor-tab-content-2442\" class=\"elementor-tab-content elementor-clearfix\" data-tab=\"2\" role=\"tabpanel\" aria-labelledby=\"elementor-tab-title-2442\" tabindex=\"0\" hidden=\"hidden\"><table border=\"0\"><tbody><tr><td>\u00a0<\/td><td>Vita Annette Besgen<\/td><\/tr><tr><td>\u00a0<\/td><td>Annette Besgen lebt und arbeitet in Siegen und Berlin<\/td><\/tr><tr><td>\u00a0<\/td><td>\u00a0<\/td><\/tr><tr><td>1958<\/td><td>geboren in Nideggen-Schmidt<\/td><\/tr><tr><td>1977-84<\/td><td>Kunststudium an der U-GH Siegen, Schwerpunkt Malerei<\/td><\/tr><tr><td>1990-2002<\/td><td>Mehrmonatige Arbeitsaufenthalte in der USA<\/td><\/tr><tr><td>1995<\/td><td>Aufenthalt in der Cit\u00e9 Internationale des Arts, Paris<\/td><\/tr><tr><td>\u00a0<\/td><td>Stipendium der Bundesrepublik Deutschland und des Landes NRW<\/td><\/tr><tr><td>1998-99<\/td><td>Aufenthalt in der Cit\u00e9 Internationale des Arts, Paris<\/td><\/tr><tr><td>1999<\/td><td>Aufenthalt im International Studio Program (ISP), New York City<\/td><\/tr><tr><td>\u00a0<\/td><td>Stipendium des Landes NRW<\/td><\/tr><tr><td>2003<\/td><td>Aufenthalt und Stipendium im Bemis Center for<\/td><\/tr><tr><td>\u00a0<\/td><td>Contemporary Arts, Omaha, Nebraska<\/td><\/tr><tr><td>2003-04<\/td><td>Stipendium der Pollock-Krasner Foundation, New York City<\/td><\/tr><tr><td>2004<\/td><td>Dreimonatiger Arbeitsaufenthalt in Rom<\/td><\/tr><tr><td>2007<\/td><td>Aufenthalt in der Cit\u00e9 Internationale des Arts, Paris<\/td><\/tr><tr><td>2009<\/td><td>Kuratorin der internationalen Ausstellung AMICALE<\/td><\/tr><tr><td>\u00a0<\/td><td>des Kunstvereins Siegen e. V. im Museum f\u00fcr Gegenwartskunst Siegen<\/td><\/tr><tr><td>2010<\/td><td>Lehrauftrag f\u00fcr Malerei im Fach Kunst an der\u00a0 Universit\u00e4t Paderborn<\/td><\/tr><tr><td>2011<\/td><td>zus\u00e4tzliches Atelier in Berlin<\/td><\/tr><tr><td>\u00a0<\/td><td>\u00a0<\/td><\/tr><tr><td>\u00a0<\/td><td>\u00a0<\/td><\/tr><tr><td>\u00a0<\/td><td><strong>Einzelausstellungen, Auswahl ab 1990<\/strong><\/td><\/tr><tr><td>\u00a0<\/td><td>\u00a0<\/td><\/tr><tr><td>2013<\/td><td>Oceano Mare, Kunst im Rampenlicht, Kunstverein Siegen und Hees Br\u00fcowelt, Siegen<\/td><\/tr><tr><td>\u00a0<\/td><td>Der magische Moment, Kunst- und Kulturforum des Kreis D\u00fcren, Kreishaus D\u00fcren<\/td><\/tr><tr><td>2011<\/td><td>Ohne Schatten bist du der Seele bar, \u00a0SCHMALFUSS BERLIN<\/td><\/tr><tr><td>\u00a0<\/td><td>A l\u2019ombra del carrer,\u00a0GALERIE MICHAEL W. SCHMALFUSS, Marburg<\/td><\/tr><tr><td>2010<\/td><td>Pas des deux (mit Francois du Plessis), Galerie Freitag 18.30, Aachen<\/td><\/tr><tr><td>\u00a0<\/td><td>Catalunya, Galerie Roland Aphold, Allschwil\/Basel, Schweiz<\/td><\/tr><tr><td>2009<\/td><td>Das R\u00e4tsel des Augenblicks, St\u00e4dtische Galerie \u201csohle 1\u2033, Bergkamen<\/td><\/tr><tr><td>2008<\/td><td>SCHATTENGEW\u00c4CHSE, Galerie der Stadt Tuttlingen, Tuttlingen<\/td><\/tr><tr><td>2007<\/td><td>VOR ORT UND \u00dcBER LAND, Kunst aus NRW, Ehemalige Reichsabtei, Aachen-Kornelim\u00fcnster<\/td><\/tr><tr><td>\u00a0<\/td><td>Galerie Art Engert, Eschweiler<\/td><\/tr><tr><td>\u00a0<\/td><td>GALERIE MICHAEL W. SCHMALFUSS, Marburg<\/td><\/tr><tr><td>2006<\/td><td>TUBES, Haus der Architekten, D\u00fcsseldorf<\/td><\/tr><tr><td>\u00a0<\/td><td>Positionen der Malerei- Annette Besgen, Thomas Sturm, Galerie Buschlinger, Wiesbaden<\/td><\/tr><tr><td>2005<\/td><td>Drei Welten, Galerie Steinr\u00f6tter, M\u00fcnster<\/td><\/tr><tr><td>\u00a0<\/td><td>Br\u00fcckenschlag, galerie januar e.V., Bochum<\/td><\/tr><tr><td>\u00a0<\/td><td>5 K\u00fcnstler \u2013 5 R\u00e4ume, Von der Heydt-Museum, Wuppertal \u2013 Kunsthalle Barmen<\/td><\/tr><tr><td>2004<\/td><td>Annette Besgen und Berit Myreboe, Zwischen Malerei und Fotografie, Galerie Rothamel, Erfurt<\/td><\/tr><tr><td>\u00a0<\/td><td>Himmel, Erde, \u00d6lt\u00fcrme, Galerie Ulrike Buschlinger, Wiesbaden<\/td><\/tr><tr><td>2003<\/td><td>\u201eHier und andernorts\u201c, Deutsche Bank, K\u00f6ln<\/td><\/tr><tr><td>\u00a0<\/td><td>Malerei, GALERIE MICHAEL W. SCHMALFUSS, Marburg<\/td><\/tr><tr><td>2002<\/td><td>UNTER BR\u00dcCKEN, Galerie Ulrike Buschlinger, Wiesbaden<\/td><\/tr><tr><td>\u00a0<\/td><td>Galerie Steinr\u00f6tter, M\u00fcnster<\/td><\/tr><tr><td>2001<\/td><td>ART Frankfurt, Galerie Buschlinger, Wiesbaden<\/td><\/tr><tr><td>\u00a0<\/td><td>Caught you loocking, Maerzgalerie, Leipzig<\/td><\/tr><tr><td>2000<\/td><td>crisscross, Galerie Steinr\u00f6tter, M\u00fcnster<\/td><\/tr><tr><td>1999<\/td><td>URBAN LIGHT, Ludwig Forum f\u00fcr Internationale Kunst ,\u00a0 Aachen<\/td><\/tr><tr><td>\u00a0<\/td><td>Galerie Ulrike Buschlinger, Wiesbaden<\/td><\/tr><tr><td>1998<\/td><td>Galerie Roland Aphold, Allschwil\/Basel, Schweiz<\/td><\/tr><tr><td>1997<\/td><td>L.A., New York, Paris, Galerie Ulrike Buschlinger, Wiesbaden<\/td><\/tr><tr><td>1996\/1997<\/td><td>META RODUCTS \/ L.A., New York, Paris, Haus Oranienstra\u00dfe Siegen<\/td><\/tr><tr><td>\u00a0<\/td><td>St\u00e4ditsche Galerie L\u00fcdenscheid, St\u00e4dtisches Museum in der Alten Post, M\u00fchlheim a.d. Ruhr<\/td><\/tr><tr><td>1996<\/td><td>TRANSMISSION; Cankarjew Dom, Ljubljana, Slowenien<\/td><\/tr><tr><td>1994<\/td><td>POST NO BILLS, Bruno-Goller-Haus, Gummersbach<\/td><\/tr><tr><td>1991<\/td><td>WHO IS BO, St\u00e4dtische Galerie Haus Seel, Siegen<\/td><\/tr><tr><td>1990<\/td><td>Malerei, Goethe-Institut, Bonn<\/td><\/tr><tr><td>\u00a0<\/td><td>Wann \u2013 wenn nicht jetzt, Malerei, Galerie Peschken, Krefeld<\/td><\/tr><tr><td>\u00a0<\/td><td>\u00a0<\/td><\/tr><tr><td>\u00a0<\/td><td>\u00a0<\/td><\/tr><tr><td>\u00a0<\/td><td><strong>Ausstellungsbeteiligungen, Auswahl\u00a0ab 1990<\/strong><\/td><\/tr><tr><td>\u00a0<\/td><td>\u00a0<\/td><\/tr><tr><td>2013<\/td><td>Miniaturen, Galerie Freitag 18.30, Aachen<\/td><\/tr><tr><td>\u00a0<\/td><td>WIRWIEDERHIER, 33. Gesamtausstellung des WKB, Kunstmuseum Bochum<\/td><\/tr><tr><td>\u00a0<\/td><td>Art Madrid, Galerie SCHMALFUSS BERLIN<\/td><\/tr><tr><td>2012<\/td><td>Espacio AVArt, Gij\u00f3n, Spanien<\/td><\/tr><tr><td>\u00a0<\/td><td>Miniaturen, Galerie Freitag 18.30, Aachen<\/td><\/tr><tr><td>\u00a0<\/td><td>OSTRALE\u2019012 homegrown, Internationale Ausstellung Zeitgen\u00f6ssischer K\u00fcnste, Dresden<\/td><\/tr><tr><td>2011<\/td><td>1-Malerei, Skulptur, Objekt, Installation, Galerie Freitag 18.30, Aachen<\/td><\/tr><tr><td>\u00a0<\/td><td>10 Jahre Galerie Michael W. Schmalfuss \u201cAccrochage I\u201d \u2013 K\u00fcnstler der Galerie, Galerie Michael W. Schmalfuss, Marburg<\/td><\/tr><tr><td>2010<\/td><td>Miniaturen, Galerie Freitag 18.30, Aachen<\/td><\/tr><tr><td>\u00a0<\/td><td>Landpartie, 32. Gestamtausstellung des WKB, Kunstmuseum Ahlen<\/td><\/tr><tr><td>2009<\/td><td>AMICALE, Kunstverein Siegen e.V. im Museum f\u00fcr Gegenwartskunst Siegen<\/td><\/tr><tr><td>\u00a0<\/td><td>Ars Luminosa VI, Schattenwelten, Di\u00f6zese Rottenburg-Stuttgart, Tagungshaus Stuttgart-Hohenheim<\/td><\/tr><tr><td>\u00a0<\/td><td>Neue Landschaften, Ausstellungsprokekt des WKB 2009, ThyssenKrupp steel Bildungszentrum Duisburg und Meno Parkas Galerie Kaunas, Litauen<\/td><\/tr><tr><td>2008<\/td><td>Jubil\u00e4umsausstellung 2008 \u2013 20 Jahre Galerie Roland Aphold, Allschwil\/Basel, Schweiz<\/td><\/tr><tr><td>\u00a0<\/td><td>40 Jahre Galerie Steinr\u00f6tter, M\u00fcnster<\/td><\/tr><tr><td>\u00a0<\/td><td>art Karlsruhe, Galerie Roland Aphold, Allschwil\/Basel,Schweiz<\/td><\/tr><tr><td>2006<\/td><td>Gro\u00dfes Galeriefest, Galerie Ulrike Buschlinger, Wiesbaden<\/td><\/tr><tr><td>\u00a0<\/td><td>Weihnachtsausstellung, Galerie Roland Aphold, Allschwil\/Basel, Schweiz<\/td><\/tr><tr><td>2005<\/td><td>ART Frankfurt, Galerie Ulrike Buschlinger, Wiesbaden und Galerie Michael W. Schmalfuss, Marburg<\/td><\/tr><tr><td>\u00a0<\/td><td>Summertime, Galerie Ulrike Buschlinger, Wiesbaden<\/td><\/tr><tr><td>\u00a0<\/td><td>Malerei und Architektur, Galerie Roland Aphold, Allschwil\/Basel<span class=\"Apple-style-span\">\u00a0<\/span><\/td><\/tr><tr><td>\u00a0<\/td><td>K\u00fcnstler der Galerie, Galerie Michael W. Schmalfuss, Marburg<\/td><\/tr><tr><td>2004<\/td><td>Die Spitze des Eisbergs, Kunstverein Siegen e.V., Ausstellungsforum Haus Oranienstra\u00dfe, Siegen<\/td><\/tr><tr><td>\u00a0<\/td><td>ART Frankfurt, Galerie Ulrike Buschlinger, Wiesbaden und Galerie Michael W. Schmalfuss, Marburg<\/td><\/tr><tr><td>2003<\/td><td>Villa Romana, Preistr\u00e4ger 2004, Karl Ernst Osthaus-Museum, Hagen<\/td><\/tr><tr><td>\u00a0<\/td><td>Compliments of the Season II, Galerie Ulrike Buschlinger, Wiesbaden<\/td><\/tr><tr><td>\u00a0<\/td><td>Wie gemalt 2, Galerie im B\u00fcrgerhaus, Neunkirchen<\/td><\/tr><tr><td>2002<\/td><td>10 Jahre Galerie Ulrike Buschlinger, Jubil\u00e4umsausstellung, Galerie UlrikeBuschlinger, Wiesbaden<\/td><\/tr><tr><td>\u00a0<\/td><td>Kein Strich zuviel, St\u00e4dtische Galerie L\u00fcdenscheid<\/td><\/tr><tr><td>\u00a0<\/td><td>Wie gemalt, Kunstverein G\u00f6ppingen, Kunsthalle G\u00f6ppingen<\/td><\/tr><tr><td>2001<\/td><td>Compliments of the Season, Galerie Ulrike Buschlinger, Wiesbaden<\/td><\/tr><tr><td>\u00a0<\/td><td>Ist das realistisch? Galerie Roland Aphold, Allschwil\/Basel, Schweiz<\/td><\/tr><tr><td>\u00a0<\/td><td>K\u00fcnstler der Galerie, Galerie Ulrike Buschlinger, Wiesbaden<\/td><\/tr><tr><td>2000<\/td><td>29. Jahresausstellung des Westdeutschen K\u00fcnstlerbundes, L\u00fcdenscheid, Museen der Stadt L\u00fcdenscheid und St\u00e4dtische Galerie L\u00fcdenscheid<\/td><\/tr><tr><td>\u00a0<\/td><td>Zwischenraum, ehemalige Hoesch Hallen, Attendorn<\/td><\/tr><tr><td>\u00a0<\/td><td>ART Frankfurt, Galerie Ulrike Buschlinger, Wiesbaden<\/td><\/tr><tr><td>1999<\/td><td>SchachtelnKunst, Kunstmuseum in der Alten Post, M\u00fclheim an der Ruhr<\/td><\/tr><tr><td>\u00a0<\/td><td>Weihnachtsausstellung, Galerie Ulrike Buschlinger, Wiesbaden<\/td><\/tr><tr><td>\u00a0<\/td><td>Gro\u00dfe Kunstausstellung NRW, D\u00fcsseldorf<\/td><\/tr><tr><td>\u00a0<\/td><td>ART Frankfurt, Galerie Ulrike Buschlinger, Wiesbaden<\/td><\/tr><tr><td>1998<\/td><td>Gro\u00dfe Kunstausstellung NRW, D\u00fcsseldorf<\/td><\/tr><tr><td>\u00a0<\/td><td>28. Jahresausstellung des Westdeutschen K\u00fcnstlerbundes,\u00a0Flottmann-Hallen, Herne<\/td><\/tr><tr><td>\u00a0<\/td><td>ART Frankfurt, Galerie Ulrike Buschlinger, Wiesbaden und\u00a0Galerie Roland Aphold, Allschwil\/Basel, Schweiz<\/td><\/tr><tr><td>\u00a0<\/td><td>4.4. = 44 + (44 x 44), Galerie Roland Aphold, Allschwil\/Basel, Schweiz<\/td><\/tr><tr><td>\u00a0<\/td><td>LICHT, Kunstverein Siegen e.V., St\u00e4dtische Galerie Haus\u00a0Seel, Siegen<\/td><\/tr><tr><td>1997<\/td><td><p>K\u00fcnstler der Galerie, Galerie Ulrike Buschlinger, Wiesbaden<\/p><p>Gro\u00dfe Kunstausstellung NRW, D\u00fcsseldorf<\/p><\/td><\/tr><tr><td>\u00a0<\/td><td>K\u00fcnstler der Galerie, Walter Bischoff Galerie, Stuttgart<\/td><\/tr><tr><td>\u00a0<\/td><td>ART Frankfurt, Figurative Tendenzen, Galerie Ulrike Buschlinger, Wiesbaden<\/td><\/tr><tr><td>1996<\/td><td>Auswahl \u2013 17 Bewerbungen zum Kunstpreis M\u00fcnsterland 1994, Kolvenburg Billerbeck<\/td><\/tr><tr><td>1995<\/td><td>Ida Gerhardi Preis, St\u00e4dtische Galerie L\u00fcdenscheid<\/td><\/tr><tr><td>\u00a0<\/td><td>\u00dcbersicht 2 \u2013 Kunst in NRW, Kultursekretariat NRW G\u00fctersloh, u.a. in Siegen, Bonn, L\u00fcdenscheid, Paderborn<\/td><\/tr><tr><td>1994<\/td><td>Internationaler Syrlin-Kunstpreis 1994, Syrlin-Kunstverein,\u00a0Stuttgart<\/td><\/tr><tr><td>\u00a0<\/td><td>Gesellschaft der Freunde junger Kunst 22. Jahresausstellung,Staatliche Kunsthalle Baden-Baden<\/td><\/tr><tr><td>1993<\/td><td>Ein Schirm f\u00fcr\/aus L\u00fcdenscheid, Museen der Stadt L\u00fcden-scheid<\/td><\/tr><tr><td>1992\/93<\/td><td>Junge Kunst, Saar Ferngas F\u00f6rderpreis 1992, Saarland Museum, Saarbr\u00fccken und Brandenburgische Kunstsammlungen, Cottbus<\/td><\/tr><tr><td>1992<\/td><td>Internationaler Kunstpreis der Stadt Erfurt f\u00fcr Malerei 1992,Galerie am Fischmarkt, Erfurt<\/td><\/tr><tr><td>1991<\/td><td>Oberfl\u00e4che \/-fl\u00e4chlich, Kunstverein Siegen e.V., Villa Waldrich, Siegen<\/td><\/tr><tr><td>1990\/91<\/td><td>Das Wesen des Sch\u00f6nen, Shiseido Deutschland GmbH, Re-gierungspr\u00e4sidium D\u00fcsseldorf und Shiseido Art Space Gallery, Tokio<\/td><\/tr><tr><td>1990<\/td><td>Gro\u00dfe Kunstausstellung NRW, D\u00fcsseldorf<\/td><\/tr><tr><td>\u00a0<\/td><td>Bl\u00e4ttern, Galerie der Gesellschaft der Freunde junger Kunst\u00a0eV, Baden-Baden<\/td><\/tr><tr><td>\u00a0<\/td><td>Accrochage, K\u00fcnstler der Galerie: Kleine Formate II, Galerie\u00a0Peschken, Krefeld<\/td><\/tr><tr><td>\u00a0<\/td><td>\u00a0<\/td><\/tr><tr><td>\u00a0<\/td><td>\u00a0<\/td><\/tr><tr><td>\u00a0<\/td><td>\u00a0<\/td><\/tr><tr><td>\u00a0<\/td><td>\u00a0<\/td><\/tr><\/tbody><\/table><\/div>\n\t\t\t\t\t\t\t<\/div>\n\t\t<\/div>\n\t\t\t\t\t\t<\/div>\n\t\t\t\t<\/div>\n\t\t\t\t\t<\/div>\n\t\t<\/div>\n\t\t\t\t\t<\/div>\n\t\t<\/section>\n\t\t\t\t<\/div>\n\t\t","protected":false},"excerpt":{"rendered":"<p>WERK INFO WERK<\/p>\n","protected":false},"author":6,"featured_media":0,"parent":8401,"menu_order":0,"comment_status":"closed","ping_status":"closed","template":"templates\/full-width.php","meta":{"footnotes":""},"class_list":["post-8598","page","type-page","status-publish","hentry","entry"],"_links":{"self":[{"href":"https:\/\/www.galerie-schmalfuss.de\/index.php\/wp-json\/wp\/v2\/pages\/8598","targetHints":{"allow":["GET"]}}],"collection":[{"href":"https:\/\/www.galerie-schmalfuss.de\/index.php\/wp-json\/wp\/v2\/pages"}],"about":[{"href":"https:\/\/www.galerie-schmalfuss.de\/index.php\/wp-json\/wp\/v2\/types\/page"}],"author":[{"embeddable":true,"href":"https:\/\/www.galerie-schmalfuss.de\/index.php\/wp-json\/wp\/v2\/users\/6"}],"replies":[{"embeddable":true,"href":"https:\/\/www.galerie-schmalfuss.de\/index.php\/wp-json\/wp\/v2\/comments?post=8598"}],"version-history":[{"count":0,"href":"https:\/\/www.galerie-schmalfuss.de\/index.php\/wp-json\/wp\/v2\/pages\/8598\/revisions"}],"up":[{"embeddable":true,"href":"https:\/\/www.galerie-schmalfuss.de\/index.php\/wp-json\/wp\/v2\/pages\/8401"}],"wp:attachment":[{"href":"https:\/\/www.galerie-schmalfuss.de\/index.php\/wp-json\/wp\/v2\/media?parent=8598"}],"curies":[{"name":"wp","href":"https:\/\/api.w.org\/{rel}","templated":true}]}}