{"id":9610,"date":"2021-04-02T13:05:13","date_gmt":"2021-04-02T13:05:13","guid":{"rendered":"https:\/\/www.galerie-schmalfuss.de\/?page_id=9610"},"modified":"2021-05-19T15:45:48","modified_gmt":"2021-05-19T15:45:48","slug":"ink-sonntag-ramirez-ponce","status":"publish","type":"page","link":"https:\/\/www.galerie-schmalfuss.de\/index.php\/kuenstler\/ink-sonntag-ramirez-ponce\/","title":{"rendered":"INK SONNTAG-RAMIREZ PONCE"},"content":{"rendered":"\t\t<div data-elementor-type=\"wp-post\" data-elementor-id=\"9610\" class=\"elementor elementor-9610\" data-elementor-post-type=\"page\">\n\t\t\t\t\t\t<section class=\"elementor-section elementor-top-section elementor-element elementor-element-d42ab09 elementor-section-boxed elementor-section-height-default elementor-section-height-default\" data-id=\"d42ab09\" data-element_type=\"section\">\n\t\t\t\t\t\t<div class=\"elementor-container elementor-column-gap-default\">\n\t\t\t\t\t<div class=\"elementor-column elementor-col-100 elementor-top-column elementor-element elementor-element-bbeb879\" data-id=\"bbeb879\" data-element_type=\"column\">\n\t\t\t<div class=\"elementor-widget-wrap elementor-element-populated\">\n\t\t\t\t\t\t<div class=\"elementor-element elementor-element-e8d6fb0 elementor-tabs-view-horizontal elementor-widget elementor-widget-tabs\" data-id=\"e8d6fb0\" data-element_type=\"widget\" data-widget_type=\"tabs.default\">\n\t\t\t\t<div class=\"elementor-widget-container\">\n\t\t\t\t\t\t\t<div class=\"elementor-tabs\">\n\t\t\t<div class=\"elementor-tabs-wrapper\" role=\"tablist\" >\n\t\t\t\t\t\t\t\t\t<div id=\"elementor-tab-title-2441\" class=\"elementor-tab-title elementor-tab-desktop-title\" aria-selected=\"true\" data-tab=\"1\" role=\"tab\" tabindex=\"0\" aria-controls=\"elementor-tab-content-2441\" aria-expanded=\"false\">WERK<\/div>\n\t\t\t\t\t\t\t\t\t<div id=\"elementor-tab-title-2442\" class=\"elementor-tab-title elementor-tab-desktop-title\" aria-selected=\"false\" data-tab=\"2\" role=\"tab\" tabindex=\"-1\" aria-controls=\"elementor-tab-content-2442\" aria-expanded=\"false\">INFO<\/div>\n\t\t\t\t\t\t\t<\/div>\n\t\t\t<div class=\"elementor-tabs-content-wrapper\" role=\"tablist\" aria-orientation=\"vertical\">\n\t\t\t\t\t\t\t\t\t<div class=\"elementor-tab-title elementor-tab-mobile-title\" aria-selected=\"true\" data-tab=\"1\" role=\"tab\" tabindex=\"0\" aria-controls=\"elementor-tab-content-2441\" aria-expanded=\"false\">WERK<\/div>\n\t\t\t\t\t<div id=\"elementor-tab-content-2441\" class=\"elementor-tab-content elementor-clearfix\" data-tab=\"1\" role=\"tabpanel\" aria-labelledby=\"elementor-tab-title-2441\" tabindex=\"0\" hidden=\"false\"><div><div class=\"n2-section-smartslider fitvidsignore \" data-ssid=\"71\" tabindex=\"0\" role=\"region\" aria-label=\"Slider\" data-alias=\"sonntag-ramirez-ponce\"><div id=\"n2-ss-71-align\" class=\"n2-ss-align\"><div class=\"n2-padding\"><div id=\"n2-ss-71\" data-creator=\"Smart Slider 3\" data-responsive=\"auto\" class=\"n2-ss-slider n2-ow n2-has-hover n2notransition sonntag-ramirez-ponce \">\n\n\n\n\n\n\n\n\n\n\n\n\n\n\n\n\n\n\n\n\n\n\n\n<div class=\"n2-ss-slider-wrapper-outside\" style=\"grid-template-rows:1fr auto\"><div class=\"n2-ss-slider-wrapper-inside\">\n        <div class=\"n2-ss-slider-1 n2_ss__touch_element n2-ow\">\n            <div class=\"n2-ss-slider-2 n2-ow\">\n                                                <div class=\"n2-ss-slider-3 n2-ow\">\n\n                    <div class=\"n2-ss-slide-backgrounds n2-ow-all\"><div class=\"n2-ss-slide-background\" data-public-id=\"1\" data-mode=\"fit\"><div class=\"n2-ss-slide-background-image\" data-blur=\"0\" data-opacity=\"100\" data-x=\"50\" data-y=\"50\" data-alt=\"\" data-title=\"\"><picture class=\"skip-lazy\" data-skip-lazy=\"1\"><img decoding=\"async\" src=\"\/\/www.galerie-schmalfuss.de\/wp-content\/uploads\/2021\/05\/sub-divo-XII-Wiesenhafer.jpg\" alt=\"\" title=\"\" loading=\"lazy\" class=\"skip-lazy\" data-skip-lazy=\"1\"><\/picture><\/div><div data-color=\"RGBA(255,255,255,0)\" style=\"background-color: RGBA(255,255,255,0);\" class=\"n2-ss-slide-background-color\"><\/div><\/div><div class=\"n2-ss-slide-background\" data-public-id=\"2\" data-mode=\"fit\" aria-hidden=\"true\"><div class=\"n2-ss-slide-background-image\" data-blur=\"0\" data-opacity=\"100\" data-x=\"50\" data-y=\"50\" data-alt=\"\" data-title=\"\"><picture class=\"skip-lazy\" data-skip-lazy=\"1\"><img decoding=\"async\" src=\"\/\/www.galerie-schmalfuss.de\/wp-content\/uploads\/2021\/05\/sub-divo-VI-weissblaettriger-Ockertaeubling.jpg\" alt=\"\" title=\"\" loading=\"lazy\" class=\"skip-lazy\" data-skip-lazy=\"1\"><\/picture><\/div><div data-color=\"RGBA(255,255,255,0)\" style=\"background-color: RGBA(255,255,255,0);\" class=\"n2-ss-slide-background-color\"><\/div><\/div><div class=\"n2-ss-slide-background\" data-public-id=\"3\" data-mode=\"fit\" aria-hidden=\"true\"><div class=\"n2-ss-slide-background-image\" data-blur=\"0\" data-opacity=\"100\" data-x=\"50\" data-y=\"50\" data-alt=\"\" data-title=\"\"><picture class=\"skip-lazy\" data-skip-lazy=\"1\"><img decoding=\"async\" src=\"\/\/www.galerie-schmalfuss.de\/wp-content\/uploads\/2021\/05\/sub-divo-V-Ziegenbart-Pilz.jpg\" alt=\"\" title=\"\" loading=\"lazy\" class=\"skip-lazy\" data-skip-lazy=\"1\"><\/picture><\/div><div data-color=\"RGBA(255,255,255,0)\" style=\"background-color: RGBA(255,255,255,0);\" class=\"n2-ss-slide-background-color\"><\/div><\/div><div class=\"n2-ss-slide-background\" data-public-id=\"4\" data-mode=\"fit\" aria-hidden=\"true\"><div class=\"n2-ss-slide-background-image\" data-blur=\"0\" data-opacity=\"100\" data-x=\"50\" data-y=\"50\" data-alt=\"\" data-title=\"\"><picture class=\"skip-lazy\" data-skip-lazy=\"1\"><img decoding=\"async\" src=\"\/\/www.galerie-schmalfuss.de\/wp-content\/uploads\/2021\/05\/Fragile_III.jpg\" alt=\"\" title=\"\" loading=\"lazy\" class=\"skip-lazy\" data-skip-lazy=\"1\"><\/picture><\/div><div data-color=\"RGBA(255,255,255,0)\" style=\"background-color: RGBA(255,255,255,0);\" class=\"n2-ss-slide-background-color\"><\/div><\/div><div class=\"n2-ss-slide-background\" data-public-id=\"5\" data-mode=\"fit\" aria-hidden=\"true\"><div class=\"n2-ss-slide-background-image\" data-blur=\"0\" data-opacity=\"100\" data-x=\"50\" data-y=\"50\" data-alt=\"\" data-title=\"\"><picture class=\"skip-lazy\" data-skip-lazy=\"1\"><img decoding=\"async\" src=\"\/\/www.galerie-schmalfuss.de\/wp-content\/uploads\/2021\/05\/Fragile_I.jpg\" alt=\"\" title=\"\" loading=\"lazy\" class=\"skip-lazy\" data-skip-lazy=\"1\"><\/picture><\/div><div data-color=\"RGBA(255,255,255,0)\" style=\"background-color: RGBA(255,255,255,0);\" class=\"n2-ss-slide-background-color\"><\/div><\/div><div class=\"n2-ss-slide-background\" data-public-id=\"6\" data-mode=\"fit\" aria-hidden=\"true\"><div class=\"n2-ss-slide-background-image\" data-blur=\"0\" data-opacity=\"100\" data-x=\"50\" data-y=\"50\" data-alt=\"2018 mit Kunstpreis ausgezeichnet\" data-title=\"\"><picture class=\"skip-lazy\" data-skip-lazy=\"1\"><img decoding=\"async\" src=\"\/\/www.galerie-schmalfuss.de\/wp-content\/uploads\/2021\/05\/Eva-Feuer-und-Flamme.jpg\" alt=\"2018 mit Kunstpreis ausgezeichnet\" title=\"\" loading=\"lazy\" class=\"skip-lazy\" data-skip-lazy=\"1\"><\/picture><\/div><div data-color=\"RGBA(255,255,255,0)\" style=\"background-color: RGBA(255,255,255,0);\" class=\"n2-ss-slide-background-color\"><\/div><\/div><div class=\"n2-ss-slide-background\" data-public-id=\"7\" data-mode=\"fit\" aria-hidden=\"true\"><div class=\"n2-ss-slide-background-image\" data-blur=\"0\" data-opacity=\"100\" data-x=\"50\" data-y=\"50\" data-alt=\"\" data-title=\"\"><picture class=\"skip-lazy\" data-skip-lazy=\"1\"><img decoding=\"async\" src=\"\/\/www.galerie-schmalfuss.de\/wp-content\/uploads\/2021\/05\/Eva-und-Adam.jpg\" alt=\"\" title=\"\" loading=\"lazy\" class=\"skip-lazy\" data-skip-lazy=\"1\"><\/picture><\/div><div data-color=\"RGBA(255,255,255,0)\" style=\"background-color: RGBA(255,255,255,0);\" class=\"n2-ss-slide-background-color\"><\/div><\/div><div class=\"n2-ss-slide-background\" data-public-id=\"8\" data-mode=\"fit\" aria-hidden=\"true\"><div class=\"n2-ss-slide-background-image\" data-blur=\"0\" data-opacity=\"100\" data-x=\"50\" data-y=\"50\" data-alt=\"\" data-title=\"\"><picture class=\"skip-lazy\" data-skip-lazy=\"1\"><img decoding=\"async\" src=\"\/\/www.galerie-schmalfuss.de\/wp-content\/uploads\/2021\/05\/draco-felicitatis.jpg\" alt=\"\" title=\"\" loading=\"lazy\" class=\"skip-lazy\" data-skip-lazy=\"1\"><\/picture><\/div><div data-color=\"RGBA(255,255,255,0)\" style=\"background-color: RGBA(255,255,255,0);\" class=\"n2-ss-slide-background-color\"><\/div><\/div><div class=\"n2-ss-slide-background\" data-public-id=\"9\" data-mode=\"fit\" aria-hidden=\"true\"><div class=\"n2-ss-slide-background-image\" data-blur=\"0\" data-opacity=\"100\" data-x=\"50\" data-y=\"50\" data-alt=\"\" data-title=\"\"><picture class=\"skip-lazy\" data-skip-lazy=\"1\"><img decoding=\"async\" src=\"\/\/www.galerie-schmalfuss.de\/wp-content\/uploads\/2021\/05\/arietes-certantes.jpg\" alt=\"\" title=\"\" loading=\"lazy\" class=\"skip-lazy\" data-skip-lazy=\"1\"><\/picture><\/div><div data-color=\"RGBA(255,255,255,0)\" style=\"background-color: RGBA(255,255,255,0);\" class=\"n2-ss-slide-background-color\"><\/div><\/div><div class=\"n2-ss-slide-background\" data-public-id=\"10\" data-mode=\"fit\" aria-hidden=\"true\"><div class=\"n2-ss-slide-background-image\" data-blur=\"0\" data-opacity=\"100\" data-x=\"50\" data-y=\"50\" data-alt=\"\" data-title=\"\"><picture class=\"skip-lazy\" data-skip-lazy=\"1\"><img decoding=\"async\" src=\"\/\/www.galerie-schmalfuss.de\/wp-content\/uploads\/2021\/05\/anas-furiosa-.jpg\" alt=\"\" title=\"\" loading=\"lazy\" class=\"skip-lazy\" data-skip-lazy=\"1\"><\/picture><\/div><div data-color=\"RGBA(255,255,255,0)\" style=\"background-color: RGBA(255,255,255,0);\" class=\"n2-ss-slide-background-color\"><\/div><\/div><div class=\"n2-ss-slide-background\" data-public-id=\"11\" data-mode=\"fit\" aria-hidden=\"true\"><div class=\"n2-ss-slide-background-image\" data-blur=\"0\" data-opacity=\"100\" data-x=\"50\" data-y=\"50\" data-alt=\"\" data-title=\"\"><picture class=\"skip-lazy\" data-skip-lazy=\"1\"><img decoding=\"async\" src=\"\/\/www.galerie-schmalfuss.de\/wp-content\/uploads\/2021\/05\/Am-Himmel-sind-alle-gleich-IV.jpg\" alt=\"\" title=\"\" loading=\"lazy\" class=\"skip-lazy\" data-skip-lazy=\"1\"><\/picture><\/div><div data-color=\"RGBA(255,255,255,0)\" style=\"background-color: RGBA(255,255,255,0);\" class=\"n2-ss-slide-background-color\"><\/div><\/div><div class=\"n2-ss-slide-background\" data-public-id=\"12\" data-mode=\"fit\" aria-hidden=\"true\"><div class=\"n2-ss-slide-background-image\" data-blur=\"0\" data-opacity=\"100\" data-x=\"50\" data-y=\"50\" data-alt=\"\" data-title=\"\"><picture class=\"skip-lazy\" data-skip-lazy=\"1\"><img decoding=\"async\" src=\"\/\/www.galerie-schmalfuss.de\/wp-content\/uploads\/2021\/05\/Am-Himmel-sind-alle-gleich-III.jpg\" alt=\"\" title=\"\" loading=\"lazy\" class=\"skip-lazy\" data-skip-lazy=\"1\"><\/picture><\/div><div data-color=\"RGBA(255,255,255,0)\" style=\"background-color: RGBA(255,255,255,0);\" class=\"n2-ss-slide-background-color\"><\/div><\/div><div class=\"n2-ss-slide-background\" data-public-id=\"13\" data-mode=\"fit\" aria-hidden=\"true\"><div class=\"n2-ss-slide-background-image\" data-blur=\"0\" data-opacity=\"100\" data-x=\"50\" data-y=\"50\" data-alt=\"\" data-title=\"\"><picture class=\"skip-lazy\" data-skip-lazy=\"1\"><img decoding=\"async\" src=\"\/\/www.galerie-schmalfuss.de\/wp-content\/uploads\/2021\/05\/Am-Himmel-sind-alle-gleich-II.jpg\" alt=\"\" title=\"\" loading=\"lazy\" class=\"skip-lazy\" data-skip-lazy=\"1\"><\/picture><\/div><div data-color=\"RGBA(255,255,255,0)\" style=\"background-color: RGBA(255,255,255,0);\" class=\"n2-ss-slide-background-color\"><\/div><\/div><div class=\"n2-ss-slide-background\" data-public-id=\"14\" data-mode=\"fit\" aria-hidden=\"true\"><div class=\"n2-ss-slide-background-image\" data-blur=\"0\" data-opacity=\"100\" data-x=\"50\" data-y=\"50\" data-alt=\"\" data-title=\"\"><picture class=\"skip-lazy\" data-skip-lazy=\"1\"><img decoding=\"async\" src=\"\/\/www.galerie-schmalfuss.de\/wp-content\/uploads\/2011\/12\/Flamenco-Duende-II_0022_web.jpg\" alt=\"\" title=\"\" loading=\"lazy\" class=\"skip-lazy\" data-skip-lazy=\"1\"><\/picture><\/div><div data-color=\"RGBA(255,255,255,0)\" style=\"background-color: RGBA(255,255,255,0);\" class=\"n2-ss-slide-background-color\"><\/div><\/div><div class=\"n2-ss-slide-background\" data-public-id=\"15\" data-mode=\"fit\" aria-hidden=\"true\"><div class=\"n2-ss-slide-background-image\" data-blur=\"0\" data-opacity=\"100\" data-x=\"50\" data-y=\"50\" data-alt=\"\" data-title=\"\"><picture class=\"skip-lazy\" data-skip-lazy=\"1\"><img decoding=\"async\" src=\"\/\/www.galerie-schmalfuss.de\/wp-content\/uploads\/2011\/12\/Flamenco-Duende-IV_0023_web.jpg\" alt=\"\" title=\"\" loading=\"lazy\" class=\"skip-lazy\" data-skip-lazy=\"1\"><\/picture><\/div><div data-color=\"RGBA(255,255,255,0)\" style=\"background-color: RGBA(255,255,255,0);\" class=\"n2-ss-slide-background-color\"><\/div><\/div><div class=\"n2-ss-slide-background\" data-public-id=\"16\" data-mode=\"fit\" aria-hidden=\"true\"><div class=\"n2-ss-slide-background-image\" data-blur=\"0\" data-opacity=\"100\" data-x=\"50\" data-y=\"50\" data-alt=\"\" data-title=\"\"><picture class=\"skip-lazy\" data-skip-lazy=\"1\"><img decoding=\"async\" src=\"\/\/www.galerie-schmalfuss.de\/wp-content\/uploads\/2011\/12\/Frankfurter-Kaffeekr\u00e4nzchen_web.jpg\" alt=\"\" title=\"\" loading=\"lazy\" class=\"skip-lazy\" data-skip-lazy=\"1\"><\/picture><\/div><div data-color=\"RGBA(255,255,255,0)\" style=\"background-color: RGBA(255,255,255,0);\" class=\"n2-ss-slide-background-color\"><\/div><\/div><div class=\"n2-ss-slide-background\" data-public-id=\"17\" data-mode=\"fit\" aria-hidden=\"true\"><div class=\"n2-ss-slide-background-image\" data-blur=\"0\" data-opacity=\"100\" data-x=\"50\" data-y=\"50\" data-alt=\"\" data-title=\"\"><picture class=\"skip-lazy\" data-skip-lazy=\"1\"><img decoding=\"async\" src=\"\/\/www.galerie-schmalfuss.de\/wp-content\/uploads\/2011\/12\/Gro\u00dfstadtoase-527_web.jpg\" alt=\"\" title=\"\" loading=\"lazy\" class=\"skip-lazy\" data-skip-lazy=\"1\"><\/picture><\/div><div data-color=\"RGBA(255,255,255,0)\" style=\"background-color: RGBA(255,255,255,0);\" class=\"n2-ss-slide-background-color\"><\/div><\/div><div class=\"n2-ss-slide-background\" data-public-id=\"18\" data-mode=\"fit\" aria-hidden=\"true\"><div class=\"n2-ss-slide-background-image\" data-blur=\"0\" data-opacity=\"100\" data-x=\"50\" data-y=\"50\" data-alt=\"\" data-title=\"\"><picture class=\"skip-lazy\" data-skip-lazy=\"1\"><img decoding=\"async\" src=\"\/\/www.galerie-schmalfuss.de\/wp-content\/uploads\/2011\/12\/Wartend-II-Nevenka-505_web.jpg\" alt=\"\" title=\"\" loading=\"lazy\" class=\"skip-lazy\" data-skip-lazy=\"1\"><\/picture><\/div><div data-color=\"RGBA(255,255,255,0)\" style=\"background-color: RGBA(255,255,255,0);\" class=\"n2-ss-slide-background-color\"><\/div><\/div><div class=\"n2-ss-slide-background\" data-public-id=\"19\" data-mode=\"fit\" aria-hidden=\"true\"><div class=\"n2-ss-slide-background-image\" data-blur=\"0\" data-opacity=\"100\" data-x=\"50\" data-y=\"50\" data-alt=\"\" data-title=\"\"><picture class=\"skip-lazy\" data-skip-lazy=\"1\"><img decoding=\"async\" src=\"\/\/www.galerie-schmalfuss.de\/wp-content\/uploads\/2011\/12\/diptych.jpg\" alt=\"\" title=\"\" loading=\"lazy\" class=\"skip-lazy\" data-skip-lazy=\"1\"><\/picture><\/div><div data-color=\"RGBA(255,255,255,0)\" style=\"background-color: RGBA(255,255,255,0);\" class=\"n2-ss-slide-background-color\"><\/div><\/div><\/div>                    <div class=\"n2-ss-slider-4 n2-ow\">\n                        <svg xmlns=\"http:\/\/www.w3.org\/2000\/svg\" viewBox=\"0 0 1200 800\" data-related-device=\"desktopPortrait\" class=\"n2-ow n2-ss-preserve-size n2-ss-preserve-size--slider n2-ss-slide-limiter\"><\/svg><div data-first=\"1\" data-slide-duration=\"0\" data-id=\"1068\" data-slide-public-id=\"1\" data-title=\"INK\" data-description=\"2017, \nsub divo XII - Wiesenhafer,   \nBleistift auf Papier, \n34,5 x 44,5 x 4,5 cm\" class=\"n2-ss-slide n2-ow  n2-ss-slide-1068\"><div role=\"note\" class=\"n2-ss-slide--focus\" tabindex=\"-1\">INK<\/div><div class=\"n2-ss-layers-container n2-ss-slide-limiter n2-ow\"><div class=\"n2-ss-layer n2-ow n-uc-7B45YaPXCdhr\" data-sstype=\"slide\" data-pm=\"default\"><\/div><\/div><\/div><div data-slide-duration=\"0\" data-id=\"1069\" data-slide-public-id=\"2\" aria-hidden=\"true\" data-title=\"INK\" data-description=\"2017, \nsub divo VI - wei\u00dfblaettriger Ockertaeubling,   \nBleistift auf Papier, \n34,5 x 44,5 x 4,5 cm\" class=\"n2-ss-slide n2-ow  n2-ss-slide-1069\"><div role=\"note\" class=\"n2-ss-slide--focus\" tabindex=\"-1\">INK<\/div><div class=\"n2-ss-layers-container n2-ss-slide-limiter n2-ow\"><div class=\"n2-ss-layer n2-ow n-uc-3fO0Hxqz7qLC\" data-sstype=\"slide\" data-pm=\"default\"><\/div><\/div><\/div><div data-slide-duration=\"0\" data-id=\"1070\" data-slide-public-id=\"3\" aria-hidden=\"true\" data-title=\"INK\" data-description=\"2017, \nsub divo V - Ziegenbart-Pilz,   \nBleistift auf Papier, \n34,5 x 44,5 x 4,5 cm\" class=\"n2-ss-slide n2-ow  n2-ss-slide-1070\"><div role=\"note\" class=\"n2-ss-slide--focus\" tabindex=\"-1\">INK<\/div><div class=\"n2-ss-layers-container n2-ss-slide-limiter n2-ow\"><div class=\"n2-ss-layer n2-ow n-uc-8uwsSijuTq1u\" data-sstype=\"slide\" data-pm=\"default\"><\/div><\/div><\/div><div data-slide-duration=\"0\" data-id=\"1071\" data-slide-public-id=\"4\" aria-hidden=\"true\" data-title=\"INK\" data-description=\"2017, \nFragile II,  \nBleistift auf Papier, \n44,5 x 44,5 x 4,5, \n\" class=\"n2-ss-slide n2-ow  n2-ss-slide-1071\"><div role=\"note\" class=\"n2-ss-slide--focus\" tabindex=\"-1\">INK<\/div><div class=\"n2-ss-layers-container n2-ss-slide-limiter n2-ow\"><div class=\"n2-ss-layer n2-ow n-uc-RAoDYkOaom47\" data-sstype=\"slide\" data-pm=\"default\"><\/div><\/div><\/div><div data-slide-duration=\"0\" data-id=\"1072\" data-slide-public-id=\"5\" aria-hidden=\"true\" data-title=\"INK\" data-description=\"2017,\nFragile I, \nBleistift auf Papier, \n44,5 x 44,5 x 4,5, \" class=\"n2-ss-slide n2-ow  n2-ss-slide-1072\"><div role=\"note\" class=\"n2-ss-slide--focus\" tabindex=\"-1\">INK<\/div><div class=\"n2-ss-layers-container n2-ss-slide-limiter n2-ow\"><div class=\"n2-ss-layer n2-ow n-uc-TgYfmadaHNAI\" data-sstype=\"slide\" data-pm=\"default\"><\/div><\/div><\/div><div data-slide-duration=\"0\" data-id=\"1073\" data-slide-public-id=\"6\" aria-hidden=\"true\" data-title=\"INK\" data-description=\"2016,\nEva-Feuer und Flamme,\nBleistift und Acryl auf Papier, \n74,5 x 104,4 x 4,5 cm, \n\" class=\"n2-ss-slide n2-ow  n2-ss-slide-1073\"><div role=\"note\" class=\"n2-ss-slide--focus\" tabindex=\"-1\">INK<\/div><div class=\"n2-ss-layers-container n2-ss-slide-limiter n2-ow\"><div class=\"n2-ss-layer n2-ow n-uc-IrNtbDAKDmnu\" data-sstype=\"slide\" data-pm=\"default\"><\/div><\/div><\/div><div data-slide-duration=\"0\" data-id=\"1074\" data-slide-public-id=\"7\" aria-hidden=\"true\" data-title=\"INK\" data-description=\"2020, \nEva und Adam, \nBleistift auf Papier, \n140 x 105 x 10 cm\" class=\"n2-ss-slide n2-ow  n2-ss-slide-1074\"><div role=\"note\" class=\"n2-ss-slide--focus\" tabindex=\"-1\">INK<\/div><div class=\"n2-ss-layers-container n2-ss-slide-limiter n2-ow\"><div class=\"n2-ss-layer n2-ow n-uc-he3GRDg7cTP8\" data-sstype=\"slide\" data-pm=\"default\"><\/div><\/div><\/div><div data-slide-duration=\"0\" data-id=\"1075\" data-slide-public-id=\"8\" aria-hidden=\"true\" data-title=\"INK\" data-description=\"2019,\ndraco felicitatis,\nBleistift auf Papier, \n34,5 x 44,5 x 4,5 cm\n\" class=\"n2-ss-slide n2-ow  n2-ss-slide-1075\"><div role=\"note\" class=\"n2-ss-slide--focus\" tabindex=\"-1\">INK<\/div><div class=\"n2-ss-layers-container n2-ss-slide-limiter n2-ow\"><div class=\"n2-ss-layer n2-ow n-uc-FSNJkJUWmbPS\" data-sstype=\"slide\" data-pm=\"default\"><\/div><\/div><\/div><div data-slide-duration=\"0\" data-id=\"1076\" data-slide-public-id=\"9\" aria-hidden=\"true\" data-title=\"INK\" data-description=\"2019,\narietes certantes,\nBleistift auf Papier, \n34,5 x 44,5 x 4,5 cm\n\" class=\"n2-ss-slide n2-ow  n2-ss-slide-1076\"><div role=\"note\" class=\"n2-ss-slide--focus\" tabindex=\"-1\">INK<\/div><div class=\"n2-ss-layers-container n2-ss-slide-limiter n2-ow\"><div class=\"n2-ss-layer n2-ow n-uc-VaKwjWVcbMam\" data-sstype=\"slide\" data-pm=\"default\"><\/div><\/div><\/div><div data-slide-duration=\"0\" data-id=\"1077\" data-slide-public-id=\"10\" aria-hidden=\"true\" data-title=\"INK\" data-description=\"2019,\nanas furiosa,\nBleistift auf Papier, \n34,5 x 44,5 x 4,5 cm\n\n \n\" class=\"n2-ss-slide n2-ow  n2-ss-slide-1077\"><div role=\"note\" class=\"n2-ss-slide--focus\" tabindex=\"-1\">INK<\/div><div class=\"n2-ss-layers-container n2-ss-slide-limiter n2-ow\"><div class=\"n2-ss-layer n2-ow n-uc-UdpT9Q7ShzqT\" data-sstype=\"slide\" data-pm=\"default\"><\/div><\/div><\/div><div data-slide-duration=\"0\" data-id=\"1078\" data-slide-public-id=\"11\" aria-hidden=\"true\" data-title=\"INK\" data-description=\"2021,\nAm Himmel sind alle gleich IV\nBleistift und Farbstift auf Papier, \n54,5 x 54,5x 4,5 cm\" class=\"n2-ss-slide n2-ow  n2-ss-slide-1078\"><div role=\"note\" class=\"n2-ss-slide--focus\" tabindex=\"-1\">INK<\/div><div class=\"n2-ss-layers-container n2-ss-slide-limiter n2-ow\"><div class=\"n2-ss-layer n2-ow n-uc-6Wg3BSwW422Q\" data-sstype=\"slide\" data-pm=\"default\"><\/div><\/div><\/div><div data-slide-duration=\"0\" data-id=\"1079\" data-slide-public-id=\"12\" aria-hidden=\"true\" data-title=\"INK\" data-description=\"2021,\nAm Himmel sind alle gleich III\nBleistift und Farbstift auf Papier, \n34,5 x 44,5 x 4,5 cm\" class=\"n2-ss-slide n2-ow  n2-ss-slide-1079\"><div role=\"note\" class=\"n2-ss-slide--focus\" tabindex=\"-1\">INK<\/div><div class=\"n2-ss-layers-container n2-ss-slide-limiter n2-ow\"><div class=\"n2-ss-layer n2-ow n-uc-IXX1PftSaQZe\" data-sstype=\"slide\" data-pm=\"default\"><\/div><\/div><\/div><div data-slide-duration=\"0\" data-id=\"1080\" data-slide-public-id=\"13\" aria-hidden=\"true\" data-title=\"INK\" data-description=\"2021,\nAm Himmel sind alle gleich II\nBleistift und Farbstift auf Papier, \n54,5 x 44,5 x 4,5 cm\n\" class=\"n2-ss-slide n2-ow  n2-ss-slide-1080\"><div role=\"note\" class=\"n2-ss-slide--focus\" tabindex=\"-1\">INK<\/div><div class=\"n2-ss-layers-container n2-ss-slide-limiter n2-ow\"><div class=\"n2-ss-layer n2-ow n-uc-h9O9tcWYxnJY\" data-sstype=\"slide\" data-pm=\"default\"><\/div><\/div><\/div><div data-slide-duration=\"0\" data-id=\"1039\" data-slide-public-id=\"14\" aria-hidden=\"true\" data-title=\"Flamenco Duende II\" data-description=\"2012&lt;br\/&gt;Bleistift auf Papier \/ pencil on paper&lt;br\/&gt;59 x 83 cm\" class=\"n2-ss-slide n2-ow  n2-ss-slide-1039\"><div role=\"note\" class=\"n2-ss-slide--focus\" tabindex=\"-1\">Flamenco Duende II<\/div><div class=\"n2-ss-layers-container n2-ss-slide-limiter n2-ow\"><div class=\"n2-ss-layer n2-ow n-uc-4eOeDZyZKFDf\" data-sstype=\"slide\" data-pm=\"default\"><\/div><\/div><\/div><div data-slide-duration=\"0\" data-id=\"1040\" data-slide-public-id=\"15\" aria-hidden=\"true\" data-title=\"Flamenco Duende IV\" data-description=\"2012&lt;br\/&gt;Bleistift auf Papier \/ pencil on paper&lt;br\/&gt;83 x 59 cm\" class=\"n2-ss-slide n2-ow  n2-ss-slide-1040\"><div role=\"note\" class=\"n2-ss-slide--focus\" tabindex=\"-1\">Flamenco Duende IV<\/div><div class=\"n2-ss-layers-container n2-ss-slide-limiter n2-ow\"><div class=\"n2-ss-layer n2-ow n-uc-MQ6XRnuH6Itz\" data-sstype=\"slide\" data-pm=\"default\"><\/div><\/div><\/div><div data-slide-duration=\"0\" data-id=\"1041\" data-slide-public-id=\"16\" aria-hidden=\"true\" data-title=\"Frankfurter Kaffeekr\u00e4nzchen, Ewald und Tobias\" data-description=\"2011&lt;br\/&gt;Bleistift auf Papier&lt;br\/&gt;59 x 83 cm\" class=\"n2-ss-slide n2-ow  n2-ss-slide-1041\"><div role=\"note\" class=\"n2-ss-slide--focus\" tabindex=\"-1\">Frankfurter Kaffeekr\u00e4nzchen, Ewald und Tobias<\/div><div class=\"n2-ss-layers-container n2-ss-slide-limiter n2-ow\"><div class=\"n2-ss-layer n2-ow n-uc-Juxlm2HCmVIh\" data-sstype=\"slide\" data-pm=\"default\"><\/div><\/div><\/div><div data-slide-duration=\"0\" data-id=\"1042\" data-slide-public-id=\"17\" aria-hidden=\"true\" data-title=\"Gro\u00dfstadtoase\" data-description=\"2010&lt;br\/&gt;Bleistift auf Papier&gt;br\/&gt;59 x 83 cm\" class=\"n2-ss-slide n2-ow  n2-ss-slide-1042\"><div role=\"note\" class=\"n2-ss-slide--focus\" tabindex=\"-1\">Gro\u00dfstadtoase<\/div><div class=\"n2-ss-layers-container n2-ss-slide-limiter n2-ow\"><div class=\"n2-ss-layer n2-ow n-uc-IQZTvfyUvE2M\" data-sstype=\"slide\" data-pm=\"default\"><\/div><\/div><\/div><div data-slide-duration=\"0\" data-id=\"1043\" data-slide-public-id=\"18\" aria-hidden=\"true\" data-title=\"Wartend II, Nevenka\" data-description=\"2010&lt;br\/&gt;Acryl und \u00d6l auf grundierter Baumwolle&lt;br\/&gt;120 x 160 cm\" class=\"n2-ss-slide n2-ow  n2-ss-slide-1043\"><div role=\"note\" class=\"n2-ss-slide--focus\" tabindex=\"-1\">Wartend II, Nevenka<\/div><div class=\"n2-ss-layers-container n2-ss-slide-limiter n2-ow\"><div class=\"n2-ss-layer n2-ow n-uc-sATHfHIfaLpn\" data-sstype=\"slide\" data-pm=\"default\"><\/div><\/div><\/div><div data-slide-duration=\"0\" data-id=\"1044\" data-slide-public-id=\"19\" aria-hidden=\"true\" data-title=\"reflejo y reflexi\u00f3n \u2013 duende I (Diptychon)\" data-description=\"2011&lt;br\/&gt;Bleistift auf Papier&lt;br\/&gt;93,6 x 93,3 cm (gerahmt)\" class=\"n2-ss-slide n2-ow  n2-ss-slide-1044\"><div role=\"note\" class=\"n2-ss-slide--focus\" tabindex=\"-1\">reflejo y reflexi\u00f3n \u2013 duende I (Diptychon)<\/div><div class=\"n2-ss-layers-container n2-ss-slide-limiter n2-ow\"><div class=\"n2-ss-layer n2-ow n-uc-Y5Q8iJ4YFeRM\" data-sstype=\"slide\" data-pm=\"default\"><\/div><\/div><\/div>                    <\/div>\n\n                                    <\/div>\n            <\/div>\n        <\/div>\n        <div class=\"n2-ss-slider-controls n2-ss-slider-controls-absolute-left-center\"><div style=\"--widget-offset:15px;\" class=\"n2-ss-widget n2-style-041670f7df29ffb4048fc6d85d61d1ee-heading nextend-arrow n2-ow-all nextend-arrow-previous  nextend-arrow-animated-fade\" data-hide-mobileportrait=\"1\" id=\"n2-ss-71-arrow-previous\" role=\"button\" aria-label=\"previous arrow\" tabindex=\"0\"><img decoding=\"async\" width=\"32\" height=\"32\" class=\"skip-lazy\" data-skip-lazy=\"1\" src=\"data:image\/svg+xml;base64,PHN2ZyB4bWxucz0iaHR0cDovL3d3dy53My5vcmcvMjAwMC9zdmciIHdpZHRoPSIzMiIgaGVpZ2h0PSIzMiIgdmlld0JveD0iMCAwIDMyIDMyIj4KICAgIDxwYXRoIGZpbGw9IiNmZmZmZmYiIG9wYWNpdHk9IjAuOCIgZmlsbC1ydWxlPSJldmVub2RkIgogICAgICAgICAgZD0iTTE4Ljk5NTggOC45OTA3YzAtLjQyNC0uMjA0LS43MjMtLjYxLS44OTgtLjQwOS0uMTczLS43NzItLjEwNC0xLjA5My4yMDlsLTcuMDA2IDYuOTc1Yy0uMjAxLjE5OS0uMjk3LjQzNy0uMjg2LjcxNiAwIC4yNjcuMDk2LjQ5OC4yODYuNjg5bDcuMDA2IDcuMDAxYy4zMjEuMzIxLjY4NC4zODkgMS4wOTMuMjA5LjQwNi0uMTc0LjYxLS40ODIuNjEtLjkyMlY4Ljk5MDd6Ii8+Cjwvc3ZnPg==\" alt=\"previous arrow\" title=\"\"><\/div><\/div><div class=\"n2-ss-slider-controls n2-ss-slider-controls-absolute-right-center\"><div style=\"--widget-offset:15px;\" class=\"n2-ss-widget n2-style-041670f7df29ffb4048fc6d85d61d1ee-heading nextend-arrow n2-ow-all nextend-arrow-next  nextend-arrow-animated-fade\" data-hide-mobileportrait=\"1\" id=\"n2-ss-71-arrow-next\" role=\"button\" aria-label=\"next arrow\" tabindex=\"0\"><img decoding=\"async\" width=\"32\" height=\"32\" class=\"skip-lazy\" data-skip-lazy=\"1\" src=\"data:image\/svg+xml;base64,PHN2ZyB3aWR0aD0iMzIiIGhlaWdodD0iMzIiIHZpZXdCb3g9IjAgMCAzMiAzMiIgeG1sbnM9Imh0dHA6Ly93d3cudzMub3JnLzIwMDAvc3ZnIj4KICAgIDxwYXRoIGQ9Ik0xMiA4Ljk5YzAtLjQyMy4yMDQtLjcyMi42MS0uODk3LjQwOC0uMTczLjc3Mi0uMTA0IDEuMDkyLjIxbDcuMDA2IDYuOTc0Yy4yMDIuMi4yOTguNDM3LjI4Ny43MTYgMCAuMjY3LS4wOTYuNDk4LS4yODcuNjlsLTcuMDA2IDdjLS4zMi4zMi0uNjg0LjM5LTEuMDkyLjIxLS40MDYtLjE3NS0uNjEtLjQ4My0uNjEtLjkyM1Y4Ljk5eiIKICAgICAgICAgIGZpbGw9IiNmZmZmZmYiIG9wYWNpdHk9IjAuOCIgZmlsbC1ydWxlPSJldmVub2RkIi8+Cjwvc3ZnPg==\" alt=\"next arrow\" title=\"\"><\/div><\/div><\/div><div class=\"n2-ss-slider-controls n2-ss-slider-controls-below\"><div class=\"n2-ss-widget nextend-bar nextend-bar-horizontal n2-ss-widget-hidden n2-ow-all\" style=\"text-align: left;width:100%;\"><div class=\"n2-style-1b3b0b26e4e995bc76516f476918c4ab-simple \"><span class=\"n2-font-fcce1fddc1d903b911854dc0cbaed59a-simple \">&nbsp;<\/span><\/div><\/div><div data-width-percent=\"100\" class=\"n2-ss-widget nextend-thumbnail nextend-thumbnail-default nextend-thumbnail-horizontal n2-ow-all\" data-hide-mobileportrait=\"1\" style=\"width:100%;\" data-has-next=\"0\" data-has-previous=\"0\"><div class=\"nextend-thumbnail-inner n2-style-df32cb3742fdac43eb0251df7d67c185-simple \"><div class=\"nextend-thumbnail-scroller n2-align-content-start\" style=\"grid-template-rows:repeat(1, 1fr)\"><div class=\"n2-thumbnail-dot n2-style-462cb0983aca6cda3fc34a0feea6024b-dot \" data-slide-public-id=\"1\" role=\"button\" aria-label=\"INK\" tabindex=\"0\"><picture class=\"skip-lazy\" data-skip-lazy=\"1\"><img loading=\"lazy\" decoding=\"async\" alt=\"INK\" src=\"\/\/www.galerie-schmalfuss.de\/wp-content\/uploads\/2021\/05\/sub-divo-XII-Wiesenhafer.jpg\" width=\"100\" height=\"60\" loading=\"lazy\" class=\"skip-lazy\" data-skip-lazy=\"1\" title=\"\"><\/picture><\/div><div class=\"n2-thumbnail-dot n2-style-462cb0983aca6cda3fc34a0feea6024b-dot \" data-slide-public-id=\"2\" role=\"button\" aria-label=\"INK\" tabindex=\"0\"><picture class=\"skip-lazy\" data-skip-lazy=\"1\"><img loading=\"lazy\" decoding=\"async\" alt=\"INK\" src=\"\/\/www.galerie-schmalfuss.de\/wp-content\/uploads\/2021\/05\/sub-divo-VI-weissblaettriger-Ockertaeubling.jpg\" width=\"100\" height=\"60\" loading=\"lazy\" class=\"skip-lazy\" data-skip-lazy=\"1\" title=\"\"><\/picture><\/div><div class=\"n2-thumbnail-dot n2-style-462cb0983aca6cda3fc34a0feea6024b-dot \" data-slide-public-id=\"3\" role=\"button\" aria-label=\"INK\" tabindex=\"0\"><picture class=\"skip-lazy\" data-skip-lazy=\"1\"><img loading=\"lazy\" decoding=\"async\" alt=\"INK\" src=\"\/\/www.galerie-schmalfuss.de\/wp-content\/uploads\/2021\/05\/sub-divo-V-Ziegenbart-Pilz.jpg\" width=\"100\" height=\"60\" loading=\"lazy\" class=\"skip-lazy\" data-skip-lazy=\"1\" title=\"\"><\/picture><\/div><div class=\"n2-thumbnail-dot n2-style-462cb0983aca6cda3fc34a0feea6024b-dot \" data-slide-public-id=\"4\" role=\"button\" aria-label=\"INK\" tabindex=\"0\"><picture class=\"skip-lazy\" data-skip-lazy=\"1\"><img loading=\"lazy\" decoding=\"async\" alt=\"INK\" src=\"\/\/www.galerie-schmalfuss.de\/wp-content\/uploads\/2021\/05\/Fragile_III.jpg\" width=\"100\" height=\"60\" loading=\"lazy\" class=\"skip-lazy\" data-skip-lazy=\"1\" title=\"\"><\/picture><\/div><div class=\"n2-thumbnail-dot n2-style-462cb0983aca6cda3fc34a0feea6024b-dot \" data-slide-public-id=\"5\" role=\"button\" aria-label=\"INK\" tabindex=\"0\"><picture class=\"skip-lazy\" data-skip-lazy=\"1\"><img loading=\"lazy\" decoding=\"async\" alt=\"INK\" src=\"\/\/www.galerie-schmalfuss.de\/wp-content\/uploads\/2021\/05\/Fragile_I.jpg\" width=\"100\" height=\"60\" loading=\"lazy\" class=\"skip-lazy\" data-skip-lazy=\"1\" title=\"\"><\/picture><\/div><div class=\"n2-thumbnail-dot n2-style-462cb0983aca6cda3fc34a0feea6024b-dot \" data-slide-public-id=\"6\" role=\"button\" aria-label=\"INK\" tabindex=\"0\"><picture class=\"skip-lazy\" data-skip-lazy=\"1\"><img loading=\"lazy\" decoding=\"async\" alt=\"INK\" src=\"\/\/www.galerie-schmalfuss.de\/wp-content\/uploads\/2021\/05\/Eva-Feuer-und-Flamme.jpg\" width=\"100\" height=\"60\" loading=\"lazy\" class=\"skip-lazy\" data-skip-lazy=\"1\" title=\"\"><\/picture><\/div><div class=\"n2-thumbnail-dot n2-style-462cb0983aca6cda3fc34a0feea6024b-dot \" data-slide-public-id=\"7\" role=\"button\" aria-label=\"INK\" tabindex=\"0\"><picture class=\"skip-lazy\" data-skip-lazy=\"1\"><img loading=\"lazy\" decoding=\"async\" alt=\"INK\" src=\"\/\/www.galerie-schmalfuss.de\/wp-content\/uploads\/2021\/05\/Eva-und-Adam.jpg\" width=\"100\" height=\"60\" loading=\"lazy\" class=\"skip-lazy\" data-skip-lazy=\"1\" title=\"\"><\/picture><\/div><div class=\"n2-thumbnail-dot n2-style-462cb0983aca6cda3fc34a0feea6024b-dot \" data-slide-public-id=\"8\" role=\"button\" aria-label=\"INK\" tabindex=\"0\"><picture class=\"skip-lazy\" data-skip-lazy=\"1\"><img loading=\"lazy\" decoding=\"async\" alt=\"INK\" src=\"\/\/www.galerie-schmalfuss.de\/wp-content\/uploads\/2021\/05\/draco-felicitatis.jpg\" width=\"100\" height=\"60\" loading=\"lazy\" class=\"skip-lazy\" data-skip-lazy=\"1\" title=\"\"><\/picture><\/div><div class=\"n2-thumbnail-dot n2-style-462cb0983aca6cda3fc34a0feea6024b-dot \" data-slide-public-id=\"9\" role=\"button\" aria-label=\"INK\" tabindex=\"0\"><picture class=\"skip-lazy\" data-skip-lazy=\"1\"><img loading=\"lazy\" decoding=\"async\" alt=\"INK\" src=\"\/\/www.galerie-schmalfuss.de\/wp-content\/uploads\/2021\/05\/arietes-certantes.jpg\" width=\"100\" height=\"60\" loading=\"lazy\" class=\"skip-lazy\" data-skip-lazy=\"1\" title=\"\"><\/picture><\/div><div class=\"n2-thumbnail-dot n2-style-462cb0983aca6cda3fc34a0feea6024b-dot \" data-slide-public-id=\"10\" role=\"button\" aria-label=\"INK\" tabindex=\"0\"><picture class=\"skip-lazy\" data-skip-lazy=\"1\"><img loading=\"lazy\" decoding=\"async\" alt=\"INK\" src=\"\/\/www.galerie-schmalfuss.de\/wp-content\/uploads\/2021\/05\/anas-furiosa-.jpg\" width=\"100\" height=\"60\" loading=\"lazy\" class=\"skip-lazy\" data-skip-lazy=\"1\" title=\"\"><\/picture><\/div><div class=\"n2-thumbnail-dot n2-style-462cb0983aca6cda3fc34a0feea6024b-dot \" data-slide-public-id=\"11\" role=\"button\" aria-label=\"INK\" tabindex=\"0\"><picture class=\"skip-lazy\" data-skip-lazy=\"1\"><img loading=\"lazy\" decoding=\"async\" alt=\"INK\" src=\"\/\/www.galerie-schmalfuss.de\/wp-content\/uploads\/2021\/05\/Am-Himmel-sind-alle-gleich-IV.jpg\" width=\"100\" height=\"60\" loading=\"lazy\" class=\"skip-lazy\" data-skip-lazy=\"1\" title=\"\"><\/picture><\/div><div class=\"n2-thumbnail-dot n2-style-462cb0983aca6cda3fc34a0feea6024b-dot \" data-slide-public-id=\"12\" role=\"button\" aria-label=\"INK\" tabindex=\"0\"><picture class=\"skip-lazy\" data-skip-lazy=\"1\"><img loading=\"lazy\" decoding=\"async\" alt=\"INK\" src=\"\/\/www.galerie-schmalfuss.de\/wp-content\/uploads\/2021\/05\/Am-Himmel-sind-alle-gleich-III.jpg\" width=\"100\" height=\"60\" loading=\"lazy\" class=\"skip-lazy\" data-skip-lazy=\"1\" title=\"\"><\/picture><\/div><div class=\"n2-thumbnail-dot n2-style-462cb0983aca6cda3fc34a0feea6024b-dot \" data-slide-public-id=\"13\" role=\"button\" aria-label=\"INK\" tabindex=\"0\"><picture class=\"skip-lazy\" data-skip-lazy=\"1\"><img loading=\"lazy\" decoding=\"async\" alt=\"INK\" src=\"\/\/www.galerie-schmalfuss.de\/wp-content\/uploads\/2021\/05\/Am-Himmel-sind-alle-gleich-II.jpg\" width=\"100\" height=\"60\" loading=\"lazy\" class=\"skip-lazy\" data-skip-lazy=\"1\" title=\"\"><\/picture><\/div><div class=\"n2-thumbnail-dot n2-style-462cb0983aca6cda3fc34a0feea6024b-dot \" data-slide-public-id=\"14\" role=\"button\" aria-label=\"Flamenco Duende II\" tabindex=\"0\"><picture class=\"skip-lazy\" data-skip-lazy=\"1\"><img loading=\"lazy\" decoding=\"async\" alt=\"Flamenco Duende II\" src=\"\/\/www.galerie-schmalfuss.de\/wp-content\/uploads\/2011\/12\/Flamenco-Duende-II_0022_web.jpg\" width=\"100\" height=\"60\" loading=\"lazy\" class=\"skip-lazy\" data-skip-lazy=\"1\" title=\"\"><\/picture><\/div><div class=\"n2-thumbnail-dot n2-style-462cb0983aca6cda3fc34a0feea6024b-dot \" data-slide-public-id=\"15\" role=\"button\" aria-label=\"Flamenco Duende IV\" tabindex=\"0\"><picture class=\"skip-lazy\" data-skip-lazy=\"1\"><img loading=\"lazy\" decoding=\"async\" alt=\"Flamenco Duende IV\" src=\"\/\/www.galerie-schmalfuss.de\/wp-content\/uploads\/2011\/12\/Flamenco-Duende-IV_0023_web.jpg\" width=\"100\" height=\"60\" loading=\"lazy\" class=\"skip-lazy\" data-skip-lazy=\"1\" title=\"\"><\/picture><\/div><div class=\"n2-thumbnail-dot n2-style-462cb0983aca6cda3fc34a0feea6024b-dot \" data-slide-public-id=\"16\" role=\"button\" aria-label=\"Frankfurter Kaffeekr\u00e4nzchen, Ewald und Tobias\" tabindex=\"0\"><picture class=\"skip-lazy\" data-skip-lazy=\"1\"><img loading=\"lazy\" decoding=\"async\" alt=\"Frankfurter Kaffeekr\u00e4nzchen, Ewald und Tobias\" src=\"\/\/www.galerie-schmalfuss.de\/wp-content\/uploads\/2011\/12\/Frankfurter-Kaffeekr\u00e4nzchen_web.jpg\" width=\"100\" height=\"60\" loading=\"lazy\" class=\"skip-lazy\" data-skip-lazy=\"1\" title=\"\"><\/picture><\/div><div class=\"n2-thumbnail-dot n2-style-462cb0983aca6cda3fc34a0feea6024b-dot \" data-slide-public-id=\"17\" role=\"button\" aria-label=\"Gro\u00dfstadtoase\" tabindex=\"0\"><picture class=\"skip-lazy\" data-skip-lazy=\"1\"><img loading=\"lazy\" decoding=\"async\" alt=\"Gro\u00dfstadtoase\" src=\"\/\/www.galerie-schmalfuss.de\/wp-content\/uploads\/2011\/12\/Gro\u00dfstadtoase-527_web.jpg\" width=\"100\" height=\"60\" loading=\"lazy\" class=\"skip-lazy\" data-skip-lazy=\"1\" title=\"\"><\/picture><\/div><div class=\"n2-thumbnail-dot n2-style-462cb0983aca6cda3fc34a0feea6024b-dot \" data-slide-public-id=\"18\" role=\"button\" aria-label=\"Wartend II, Nevenka\" tabindex=\"0\"><picture class=\"skip-lazy\" data-skip-lazy=\"1\"><img loading=\"lazy\" decoding=\"async\" alt=\"Wartend II, Nevenka\" src=\"\/\/www.galerie-schmalfuss.de\/wp-content\/uploads\/2011\/12\/Wartend-II-Nevenka-505_web.jpg\" width=\"100\" height=\"60\" loading=\"lazy\" class=\"skip-lazy\" data-skip-lazy=\"1\" title=\"\"><\/picture><\/div><div class=\"n2-thumbnail-dot n2-style-462cb0983aca6cda3fc34a0feea6024b-dot \" data-slide-public-id=\"19\" role=\"button\" aria-label=\"reflejo y reflexi\u00f3n \u2013 duende I (Diptychon)\" tabindex=\"0\"><picture class=\"skip-lazy\" data-skip-lazy=\"1\"><img loading=\"lazy\" decoding=\"async\" alt=\"reflejo y reflexi\u00f3n \u2013 duende I (Diptychon)\" src=\"\/\/www.galerie-schmalfuss.de\/wp-content\/uploads\/2011\/12\/diptych.jpg\" width=\"100\" height=\"60\" loading=\"lazy\" class=\"skip-lazy\" data-skip-lazy=\"1\" title=\"\"><\/picture><\/div><\/div><\/div><div class=\"nextend-thumbnail-button nextend-thumbnail-previous\"><img loading=\"lazy\" decoding=\"async\" width=\"26\" height=\"26\" style=\"width:26px;transform:rotateZ(-90deg);\" loading=\"lazy\" class=\"skip-lazy\" data-skip-lazy=\"1\" src=\"data:image\/svg+xml;base64,PHN2ZyB3aWR0aD0iMjYiIGhlaWdodD0iMjYiIHhtbG5zPSJodHRwOi8vd3d3LnczLm9yZy8yMDAwL3N2ZyI+CiAgICA8ZyBmaWxsPSJub25lIiBmaWxsLXJ1bGU9ImV2ZW5vZGQiPgogICAgICAgIDxjaXJjbGUgc3Ryb2tlPSIjZmZmIiBzdHJva2Utd2lkdGg9IjIiIG9wYWNpdHk9Ii41IiBmaWxsPSIjMDAwIiBjeD0iMTMiIGN5PSIxMyIgcj0iMTIiLz4KICAgICAgICA8cGF0aCBkPSJNMTMuNDM1IDkuMTc4Yy0uMTI2LS4xMjEtLjI3LS4xODItLjQzNi0uMTgyLS4xNjQgMC0uMzA2LjA2MS0uNDI4LjE4MmwtNC4zOCA0LjE3NWMtLjEyNi4xMjEtLjE4OC4yNjItLjE4OC40MjQgMCAuMTYxLjA2Mi4zMDIuMTg4LjQyM2wuNjUuNjIyYy4xMjYuMTIxLjI3My4xODIuNDQxLjE4Mi4xNyAwIC4zMTQtLjA2MS40MzYtLjE4MmwzLjMxNC0zLjE2MSAzLjI0OSAzLjE2MWMuMTI2LjEyMS4yNjkuMTgyLjQzMi4xODIuMTY0IDAgLjMwNy0uMDYxLjQzMy0uMTgybC42NjItLjYyMmMuMTI2LS4xMjEuMTg5LS4yNjIuMTg5LS40MjMgMC0uMTYyLS4wNjMtLjMwMy0uMTg5LS40MjRsLTQuMzczLTQuMTc1eiIKICAgICAgICAgICAgICBmaWxsPSIjZmZmIi8+CiAgICA8L2c+Cjwvc3ZnPg==\" alt=\"previous arrow\" title=\"\"><\/div><div class=\"nextend-thumbnail-button nextend-thumbnail-next\"><img loading=\"lazy\" decoding=\"async\" width=\"26\" height=\"26\" style=\"width:26px;transform:rotateZ(-90deg);\" loading=\"lazy\" class=\"skip-lazy\" data-skip-lazy=\"1\" src=\"data:image\/svg+xml;base64,PHN2ZyB4bWxucz0iaHR0cDovL3d3dy53My5vcmcvMjAwMC9zdmciIHdpZHRoPSIyNiIgaGVpZ2h0PSIyNiI+CiAgICA8ZyBmaWxsPSJub25lIj4KICAgICAgICA8Y2lyY2xlIGN4PSIxMyIgY3k9IjEzIiByPSIxMiIgZmlsbD0iIzAwMCIgc3Ryb2tlPSIjZmZmIiBzdHJva2Utd2lkdGg9IjIiIG9wYWNpdHk9Ii41Ii8+CiAgICAgICAgPHBhdGggZmlsbD0iI2ZmZiIKICAgICAgICAgICAgICBkPSJNMTIuNTY1IDE2LjgyMmMuMTI2LjEyLjI3LjE4Mi40MzYuMTgyLjE2OCAwIC4zMS0uMDYuNDMtLjE4Mmw0LjM4LTQuMTc1Yy4xMjgtLjEyLjE5LS4yNjIuMTktLjQyNCAwLS4xNi0uMDYyLS4zMDItLjE5LS40MjNsLS42NS0uNjIyYy0uMTI1LS4xMi0uMjcyLS4xODItLjQ0LS4xODItLjE3IDAtLjMxNC4wNi0uNDM2LjE4MmwtMy4zMTQgMy4xNi0zLjI1LTMuMTZjLS4xMjYtLjEyLS4yNy0uMTgyLS40My0uMTgyLS4xNjYgMC0uMzEuMDYtLjQzNS4xODJsLS42NjIuNjIyYy0uMTI2LjEyLS4xOS4yNjItLjE5LjQyMyAwIC4xNjIuMDY0LjMwMy4xOS40MjRsNC4zNzMgNC4xNzV6Ii8+CiAgICA8L2c+Cjwvc3ZnPg==\" alt=\"next arrow\" title=\"\"><\/div><\/div><\/div><\/div><\/div><ss3-loader><\/ss3-loader><\/div><\/div><div class=\"n2_clear\"><\/div><\/div><\/div><\/div>\n\t\t\t\t\t\t\t\t\t<div class=\"elementor-tab-title elementor-tab-mobile-title\" aria-selected=\"false\" data-tab=\"2\" role=\"tab\" tabindex=\"-1\" aria-controls=\"elementor-tab-content-2442\" aria-expanded=\"false\">INFO<\/div>\n\t\t\t\t\t<div id=\"elementor-tab-content-2442\" class=\"elementor-tab-content elementor-clearfix\" data-tab=\"2\" role=\"tabpanel\" aria-labelledby=\"elementor-tab-title-2442\" tabindex=\"0\" hidden=\"hidden\"><p><strong>Kurzvita<\/strong><\/p><p>INK Sonntag-Ramirez Ponce ist mehrfach international und national ausgezeichnete freischaffende K\u00fcnstlerin und lebt und arbeitet im hessischen Spessart und in Andalusien\/Spanien. Ihre Kunstprojekte verbinden Menschen von New York bis Manila.<\/p><p>Einzel- und Gemeinschaftsausstellungen in Deutschland, Frankreich, den Niederlanden, \u00d6sterreich, Schweiz und Spanien<\/p><p>u.a. in Berlin, Bern, Bonn, Frankfurt\/M, Karlsruhe, Kassel, Madrid, M\u00fcnchen, Wien<br \/>u.a. ART Madrid, ART Karlsruhe<br \/>u.a. Bundesministerium f\u00fcr wirtschaftliche Zusammenarbeit und Entwicklung, in Berlin und Bonn<br \/>Arbeiten in \u00f6ffentlichen und privaten Sammlungen im In- und Ausland<\/p><p>Jurymitglied des Kulturpreises des Main-Kinzig-Kreises seit 2016<br \/>Jurymitglied des spanischen Kunstpreises Concurso pintura directa 2017 und 2019<\/p><p><strong>Auszeichnungen<\/strong><strong> und Stipendien<\/strong><\/p><p><span style=\"font-family: Didact Gothic, 'Didact Gothic', sans-serif;\">2021\u00a0 \u00a0 \u00a0 \u00a0 Br\u00fcckenstipendium der Kulturstiftung des Landes Hessen<br \/><\/span><span style=\"color: var( --e-global-color-text ); font-weight: var( --e-global-typography-text-font-weight ); font-size: 1em;\"><span style=\"font-family: Didact Gothic, Didact Gothic, sans-serif;\">2020\u00a0 \u00a0 \u00a0 \u00a0Projektstipendium der Kulturstiftung des Landes Hessen<br \/><\/span><\/span><span style=\"color: var( --e-global-color-text ); font-family: var( --e-global-typography-text-font-family ), \\'Didact Gothic\\', sans-serif; font-size: 1em; font-weight: var( --e-global-typography-text-font-weight );\">2020\u00a0\u00a0\u00a0\u00a0\u00a0\u00a0\u00a0 Aufenthaltsstipendium der Kunsthalle im Landkreis Fulda &#8211; Kunststation Kleinsassen f\u00fcr das Projekt \u201eGlaube-Hoffnung-Liebe\u201c<br \/><\/span><span style=\"color: var( --e-global-color-text ); font-family: var( --e-global-typography-text-font-family ), \\'Didact Gothic\\', sans-serif; font-weight: var( --e-global-typography-text-font-weight ); font-size: 1em;\">2020\u00a0\u00a0\u00a0\u00a0\u00a0\u00a0\u00a0 Arbeitsstipendium des Landes Hessen<br \/><\/span><span style=\"color: var( --e-global-color-text ); font-family: var( --e-global-typography-text-font-family ), \\'Didact Gothic\\', sans-serif; font-weight: var( --e-global-typography-text-font-weight ); font-size: 1em;\">2020\u00a0\u00a0\u00a0\u00a0\u00a0\u00a0\u00a0 11. Nordh\u00e4user Grafikpreis der Ilsetraut Glock-Grabe Stiftung (Publikumspreis), Nordhausen\/Th\u00fcringen<br \/><\/span><span style=\"color: var( --e-global-color-text ); font-family: var( --e-global-typography-text-font-family ), \\'Didact Gothic\\', sans-serif; font-weight: var( --e-global-typography-text-font-weight ); font-size: 1em;\">2019\u00a0\u00a0\u00a0\u00a0\u00a0\u00a0\u00a0 Internationaler Kunstpreis der Kulturstiftung der Sparkasse Karlsruhe (Dritter Preis), Karlsruhe, \u201eUnterwegs &#8211; wohin?\u201c<br \/><\/span><span style=\"color: var( --e-global-color-text ); font-family: var( --e-global-typography-text-font-family ), \\'Didact Gothic\\', sans-serif; font-weight: var( --e-global-typography-text-font-weight ); font-size: 1em;\">2018 \u00a0\u00a0\u00a0\u00a0\u00a0\u00a0 Kunstpreis der Kunststation Kleinsassen\/Fulda (Publikumspreis), &#8222;SIE und ER, WER sind WIR?&#8220;<br \/><\/span><span style=\"color: var( --e-global-color-text ); font-family: var( --e-global-typography-text-font-family ), \\'Didact Gothic\\', sans-serif; font-weight: var( --e-global-typography-text-font-weight ); font-size: 1em;\">2017\u00a0\u00a0\u00a0\u00a0\u00a0\u00a0\u00a0 Hans-J\u00fcrgen Imiela-Ged\u00e4chtnispreis des Kunstvereins Eisenturm (Zweiter Preis), Mainz, \u201eDie Gedanken sind frei\u201c<br \/><\/span><span style=\"color: var( --e-global-color-text ); font-family: var( --e-global-typography-text-font-family ), \\'Didact Gothic\\', sans-serif; font-weight: var( --e-global-typography-text-font-weight ); font-size: 1em;\">2011\u00a0\u00a0\u00a0\u00a0\u00a0\u00a0\u00a0 F\u00f6rderpreis des St. Leopold Friedenspreises f\u00fcr humanit\u00e4res Engagement in der Kunst, A \u2013 Klosterneuburg \/ Wien, Internationaler Kunstpreis \u201eGerechtigkeit schafft Frieden\u201c<br \/><\/span><span style=\"color: var( --e-global-color-text ); font-family: var( --e-global-typography-text-font-family ), \\'Didact Gothic\\', sans-serif; font-weight: var( --e-global-typography-text-font-weight ); font-size: 1em;\">2011\u00a0 \u00a0 \u00a0 \u00a0 \u00a0Internationaler Kunstpreis der Kulturstiftung der Sparkasse Karlsruhe (Erster Preis), Karlsruhe, \u201eSpiegelung und Reflexion\u201c<br \/><\/span><span style=\"color: var( --e-global-color-text ); font-family: var( --e-global-typography-text-font-family ), \\'Didact Gothic\\', sans-serif; font-weight: var( --e-global-typography-text-font-weight ); font-size: 1em;\">2009\u00a0\u00a0\u00a0\u00a0\u00a0\u00a0\u00a0 Kulturpreis des Main-Kinzig-Kreises<br \/><\/span><span style=\"color: var( --e-global-color-text ); font-family: var( --e-global-typography-text-font-family ), \\'Didact Gothic\\', sans-serif; font-weight: var( --e-global-typography-text-font-weight ); font-size: 1em;\">2008\u00a0\u00a0\u00a0\u00a0\u00a0\u00a0\u00a0 Internationaler Kunstpreis der Kulturstiftung der Sparkasse Karlsruhe (Zweiter Preis), Karlsruhe, \u201eModerne Mobilit\u00e4t\u201c<\/span><strong style=\"color: var( --e-global-color-text ); font-family: var( --e-global-typography-text-font-family ), \\'Didact Gothic\\', sans-serif; font-size: 1em;\">\u00a0<\/strong><\/p><p><strong>Projekte<\/strong><\/p><p>2020\u00a0 \u00a0 \u00a0 \u00a0 \u201eGlaube-Hoffnung-Liebe\u201c<br \/>2019\u00a0\u00a0\u00a0\u00a0\u00a0\u00a0\u00a0 Start des Projektes \u201eGrablege Christi\u201c, ein Kunstprojekt in Bild, Wort und Ton (Operns\u00e4nger\/Innen, Kammerchor, Kammerorchester und Orgel)<br \/>2018\u00a0\u00a0\u00a0\u00a0\u00a0\u00a0\u00a0 Start des Projektes \u201eZwischen den Zeiten\u201c, ein Gespr\u00e4ch zwischen Lyrik und Zeichnung<br \/>2015\u00a0\u00a0\u00a0\u00a0\u00a0\u00a0\u00a0 Start des Projektes \u201e1944\/1945\u201c<br \/>2014\u00a0\u00a0\u00a0\u00a0\u00a0\u00a0\u00a0 Start des Projektes \u201eAnother day in paradise\u201c<br \/>2013\u00a0\u00a0\u00a0\u00a0\u00a0\u00a0\u00a0 Start des Projektes \u201eDutch masters Suite\u201c in Zusammenarbeit mit dem New Yorker Komponisten Jojan de Meij<br \/>2011\u00a0\u00a0\u00a0\u00a0\u00a0\u00a0\u00a0 Start des Projektes \u201eduende de Espa\u00f1a\u201c<br \/>2010\u00a0\u00a0\u00a0\u00a0\u00a0\u00a0\u00a0 Start der Ausstellungsreihe Projekt \u201eINK trifft Grimm\u201c durch die hessischen Grimm-St\u00e4dte<br \/>2009\u00a0\u00a0\u00a0\u00a0\u00a0\u00a0\u00a0 Start des Projektes \u201eMit dem R\u00fccken zur Wand\/Stand up for their Rights\u201c zur Unterst\u00fctzung der Arbeit f\u00fcr Kinderrechte mit dem Schwerpunkt sexueller Missbrauch von Kindern und Gef\u00e4ngniskindern auf den Philippinen<\/p><p><strong>Nominierungen<\/strong><\/p><p>2021\u00a0 \u00a0 \u00a0 \u00a0 Internationaler Kunstpreis der Kulturstiftung der Sparkasse Karlsruhe, Karlsruhe, \u201eFensterbilder\u201c<br \/>2020\u00a0\u00a0\u00a0\u00a0\u00a0\u00a0\u00a0 Internationaler Kunstpreis der Kulturstiftung der Sparkasse Karlsruhe, Karlsruhe, \u201eWitz und Ironie\u201c<br \/>2018\u00a0\u00a0\u00a0\u00a0\u00a0\u00a0\u00a0 Kunstpreis \u201eWasser\u201c, Stadtwerke der Universit\u00e4tsstadt Marburg<br \/>2018\u00a0\u00a0\u00a0\u00a0\u00a0\u00a0\u00a0 Internationaler Kunstpreis der Kulturstiftung der Sparkasse Karlsruhe, Karlsruhe, \u201eDie Welt \u2026 aus den Fugen geraten?\u201c<br \/>2017\u00a0\u00a0\u00a0\u00a0\u00a0\u00a0\u00a0 \u201eArbeiten auf Papier\u201c, Kahnweiler-Preis 2017 (international), Rockenhausen\/Pfalz<br \/>2017\u00a0\u00a0\u00a0\u00a0\u00a0\u00a0\u00a0 \u201eRecht und Armut\u201c, unter der Schirmherrschaft des Bayrischen Staatsministers der Justiz, M\u00fcnchen<br \/>2017\u00a0\u00a0\u00a0\u00a0\u00a0\u00a0\u00a0 Internationaler Kunstpreis der Kulturstiftung der Sparkasse Karlsruhe, Karlsruhe, \u201eMord im Museum\u201c<br \/>2016\u00a0\u00a0\u00a0\u00a0\u00a0\u00a0\u00a0 Internationaler Perron-Kunstpreis f\u00fcr Grafik, Stadt Frankenthal\/Pfalz<br \/>2016\u00a0\u00a0\u00a0\u00a0\u00a0\u00a0\u00a0 Internationaler Kunstpreis der Kulturstiftung der Sparkasse Karlsruhe, Karlsruhe, \u201eSch\u00f6ne, b\u00f6se Bilder\u201c<br \/>2012\u00a0\u00a0\u00a0\u00a0\u00a0\u00a0\u00a0 \u00d6sterreichischer St. Leopold Friedenspreis f\u00fcr humanit\u00e4res Engagement in der Kunst, A \u2013 Klosterneuburg\/Wien, Internationaler Kunstpreis, \u201eMenschenw\u00fcrde contra Zynismus\u201c<br \/>2012\u00a0\u00a0\u00a0\u00a0\u00a0\u00a0\u00a0 Internationaler Kunstpreis der Kulturstiftung der Sparkasse Karlsruhe, Karlsruhe, \u201eDer historistische Blick-200 Jahre Fortschritt\u201c<br \/>2011\u00a0\u00a0\u00a0\u00a0\u00a0\u00a0\u00a0 Internationaler Lucas-Cranach-Kunstpreis der Stadt Kronach, \u201eMenschenbilder\u201c<br \/><span style=\"color: var( --e-global-color-text ); font-family: var( --e-global-typography-text-font-family ), \\'Didact Gothic\\', sans-serif; font-weight: var( --e-global-typography-text-font-weight );\">2010\u00a0\u00a0\u00a0\u00a0\u00a0\u00a0\u00a0 Internationaler Kunstpreis der Kulturstiftung der Sparkasse Karlsruhe, Karlsruhe, \u201eOase als Ph\u00e4nomen\u201c<br \/><\/span><span style=\"color: var( --e-global-color-text ); font-family: var( --e-global-typography-text-font-family ), \\'Didact Gothic\\', sans-serif; font-weight: var( --e-global-typography-text-font-weight );\">2009\u00a0\u00a0\u00a0\u00a0\u00a0\u00a0\u00a0 Kunstpreis der Bernd-Rosenheim-Stiftung, Rosenheim-Museum, Offenbach, \u201eWettkampf, Sieg und Niederlage\u201c<br \/><\/span><span style=\"color: var( --e-global-color-text ); font-family: var( --e-global-typography-text-font-family ), \\'Didact Gothic\\', sans-serif; font-weight: var( --e-global-typography-text-font-weight );\">2007\u00a0\u00a0\u00a0\u00a0\u00a0\u00a0\u00a0 Internationaler Kunstpreis der Kulturstiftung der Sparkasse Karlsruhe, Karlsruhe, \u201eGro\u00dfstadt\u201c<\/span><\/p><\/div>\n\t\t\t\t\t\t\t<\/div>\n\t\t<\/div>\n\t\t\t\t\t\t<\/div>\n\t\t\t\t<\/div>\n\t\t\t\t\t<\/div>\n\t\t<\/div>\n\t\t\t\t\t<\/div>\n\t\t<\/section>\n\t\t\t\t<\/div>\n\t\t","protected":false},"excerpt":{"rendered":"<p>WERK INFO WERK INFO Kurzvita INK Sonntag-Ramirez Ponce ist mehrfach&#8230; <a class=\"mor_e-link\" href=\"https:\/\/www.galerie-schmalfuss.de\/index.php\/kuenstler\/ink-sonntag-ramirez-ponce\/\">weiter<span class=\"screen-reader-text\">INK SONNTAG-RAMIREZ PONCE<\/span><\/a><\/p>\n","protected":false},"author":6,"featured_media":0,"parent":8401,"menu_order":-99,"comment_status":"closed","ping_status":"closed","template":"templates\/full-width.php","meta":{"footnotes":""},"class_list":["post-9610","page","type-page","status-publish","hentry","entry"],"_links":{"self":[{"href":"https:\/\/www.galerie-schmalfuss.de\/index.php\/wp-json\/wp\/v2\/pages\/9610","targetHints":{"allow":["GET"]}}],"collection":[{"href":"https:\/\/www.galerie-schmalfuss.de\/index.php\/wp-json\/wp\/v2\/pages"}],"about":[{"href":"https:\/\/www.galerie-schmalfuss.de\/index.php\/wp-json\/wp\/v2\/types\/page"}],"author":[{"embeddable":true,"href":"https:\/\/www.galerie-schmalfuss.de\/index.php\/wp-json\/wp\/v2\/users\/6"}],"replies":[{"embeddable":true,"href":"https:\/\/www.galerie-schmalfuss.de\/index.php\/wp-json\/wp\/v2\/comments?post=9610"}],"version-history":[{"count":0,"href":"https:\/\/www.galerie-schmalfuss.de\/index.php\/wp-json\/wp\/v2\/pages\/9610\/revisions"}],"up":[{"embeddable":true,"href":"https:\/\/www.galerie-schmalfuss.de\/index.php\/wp-json\/wp\/v2\/pages\/8401"}],"wp:attachment":[{"href":"https:\/\/www.galerie-schmalfuss.de\/index.php\/wp-json\/wp\/v2\/media?parent=9610"}],"curies":[{"name":"wp","href":"https:\/\/api.w.org\/{rel}","templated":true}]}}